{"id":4949,"date":"2022-11-21T13:24:57","date_gmt":"2022-11-21T10:24:57","guid":{"rendered":"https:\/\/gbf2021.geleceginbilimi.com\/?page_id=4949"},"modified":"2023-01-30T10:24:15","modified_gmt":"2023-01-30T07:24:15","slug":"gbf2021","status":"publish","type":"page","link":"https:\/\/forum.geleceginbilimi.com\/?page_id=4949","title":{"rendered":"GBf2021"},"content":{"rendered":"\t\t<div data-elementor-type=\"wp-page\" data-elementor-id=\"4949\" class=\"elementor elementor-4949\">\n\t\t\t\t\t\t<div class=\"elementor-inner\">\n\t\t\t\t<div class=\"elementor-section-wrap\">\n\t\t\t\t\t\t\t\t\t<section class=\"elementor-section elementor-top-section elementor-element elementor-element-7e7e7e6c elementor-section-full_width elementor-section-height-default elementor-section-height-default\" data-id=\"7e7e7e6c\" data-element_type=\"section\">\n\t\t\t\t\t\t<div class=\"elementor-container elementor-column-gap-no\">\n\t\t\t\t\t\t\t<div class=\"elementor-row\">\n\t\t\t\t\t<div class=\"elementor-column elementor-col-100 elementor-top-column elementor-element elementor-element-5f5908d2\" data-id=\"5f5908d2\" data-element_type=\"column\">\n\t\t\t<div class=\"elementor-column-wrap elementor-element-populated\">\n\t\t\t\t\t\t\t<div class=\"elementor-widget-wrap\">\n\t\t\t\t\t\t<div class=\"elementor-element elementor-element-323cf7c1 elementor--h-position-center elementor--v-position-middle elementor-widget elementor-widget-slides\" data-id=\"323cf7c1\" data-element_type=\"widget\" data-settings=\"{&quot;navigation&quot;:&quot;none&quot;,&quot;transition&quot;:&quot;slide&quot;,&quot;transition_speed&quot;:500}\" data-widget_type=\"slides.default\">\n\t\t\t\t<div class=\"elementor-widget-container\">\n\t\t\t\t\t<div class=\"elementor-swiper\">\n\t\t\t<div class=\"elementor-slides-wrapper elementor-main-swiper swiper-container\" dir=\"ltr\" data-animation=\"\">\n\t\t\t\t<div class=\"swiper-wrapper elementor-slides\">\n\t\t\t\t\t\t\t\t\t\t<div class=\"elementor-repeater-item-19b8723 swiper-slide\"><div class=\"swiper-slide-bg\"><\/div><div class=\"elementor-background-overlay\"><\/div><div class=\"swiper-slide-inner\" ><div class=\"swiper-slide-contents\"><div class=\"elementor-slide-heading\">Gbf2021<\/div><\/div><\/div><\/div>\t\t\t\t<\/div>\n\t\t\t\t\t\t\t<\/div>\n\t\t<\/div>\n\t\t\t\t<\/div>\n\t\t\t\t<\/div>\n\t\t\t\t\t\t<\/div>\n\t\t\t\t\t<\/div>\n\t\t<\/div>\n\t\t\t\t\t\t\t\t<\/div>\n\t\t\t\t\t<\/div>\n\t\t<\/section>\n\t\t\t\t<section class=\"elementor-section elementor-top-section elementor-element elementor-element-6f80998 elementor-section-boxed elementor-section-height-default elementor-section-height-default\" data-id=\"6f80998\" data-element_type=\"section\">\n\t\t\t\t\t\t<div class=\"elementor-container elementor-column-gap-default\">\n\t\t\t\t\t\t\t<div class=\"elementor-row\">\n\t\t\t\t\t<div class=\"elementor-column elementor-col-100 elementor-top-column elementor-element elementor-element-9a48c27\" data-id=\"9a48c27\" data-element_type=\"column\">\n\t\t\t<div class=\"elementor-column-wrap elementor-element-populated\">\n\t\t\t\t\t\t\t<div class=\"elementor-widget-wrap\">\n\t\t\t\t\t\t<div class=\"elementor-element elementor-element-4e1f937 elementor-widget elementor-widget-spacer\" data-id=\"4e1f937\" data-element_type=\"widget\" data-widget_type=\"spacer.default\">\n\t\t\t\t<div class=\"elementor-widget-container\">\n\t\t\t\t\t<div class=\"elementor-spacer\">\n\t\t\t<div class=\"elementor-spacer-inner\"><\/div>\n\t\t<\/div>\n\t\t\t\t<\/div>\n\t\t\t\t<\/div>\n\t\t\t\t\t\t<\/div>\n\t\t\t\t\t<\/div>\n\t\t<\/div>\n\t\t\t\t\t\t\t\t<\/div>\n\t\t\t\t\t<\/div>\n\t\t<\/section>\n\t\t\t\t<section class=\"elementor-section elementor-top-section elementor-element elementor-element-37fbdb7 elementor-section-boxed elementor-section-height-default elementor-section-height-default\" data-id=\"37fbdb7\" data-element_type=\"section\">\n\t\t\t\t\t\t<div class=\"elementor-container elementor-column-gap-default\">\n\t\t\t\t\t\t\t<div class=\"elementor-row\">\n\t\t\t\t\t<div class=\"elementor-column elementor-col-100 elementor-top-column elementor-element elementor-element-d1c0a95\" data-id=\"d1c0a95\" data-element_type=\"column\">\n\t\t\t<div class=\"elementor-column-wrap elementor-element-populated\">\n\t\t\t\t\t\t\t<div class=\"elementor-widget-wrap\">\n\t\t\t\t\t\t<div class=\"elementor-element elementor-element-02a882f elementor-widget elementor-widget-heading\" data-id=\"02a882f\" data-element_type=\"widget\" data-widget_type=\"heading.default\">\n\t\t\t\t<div class=\"elementor-widget-container\">\n\t\t\t<h2 class=\"elementor-heading-title elementor-size-default\">Yeni Bir D\u00fcnya \u0130\u00e7in Yeni Bir Dil!<\/h2>\t\t<\/div>\n\t\t\t\t<\/div>\n\t\t\t\t<div class=\"elementor-element elementor-element-3fa57a4 elementor-widget elementor-widget-spacer\" data-id=\"3fa57a4\" data-element_type=\"widget\" data-widget_type=\"spacer.default\">\n\t\t\t\t<div class=\"elementor-widget-container\">\n\t\t\t\t\t<div class=\"elementor-spacer\">\n\t\t\t<div class=\"elementor-spacer-inner\"><\/div>\n\t\t<\/div>\n\t\t\t\t<\/div>\n\t\t\t\t<\/div>\n\t\t\t\t<div class=\"elementor-element elementor-element-e425647 elementor-widget elementor-widget-text-editor\" data-id=\"e425647\" data-element_type=\"widget\" data-widget_type=\"text-editor.default\">\n\t\t\t\t<div class=\"elementor-widget-container\">\n\t\t\t\t\t\t\t\t<div class=\"elementor-text-editor elementor-clearfix\">\n\t\t\t\t<div><p>Bir d\u00fcnya tasvir edin \u015fimdi; bu d\u00fcnya sadece sizin al\u0131\u015f\u0131k oldu\u011funuz \u00e7evreden, meselelerden ibaret de\u011fil. Sizinle ayn\u0131 g\u00f6r\u00fc\u015fe, dile, \u0131rka, co\u011frafyaya, ihtisasa, me\u015fguliyete, idrak ve eyleme sahip de\u011fil. Kimi bu d\u00fcnya ile ilk kez hemhal oluyor kimisi tecr\u00fcbeli kimisi r\u00fctbeli. Peki t\u00fcm bu farkl\u0131l\u0131klar aras\u0131ndaki ba\u011f nas\u0131l kurulacak? Pekala dil ile: Yeni bir d\u00fcnyada yeni bir dil ile!<\/p><\/div><div><p>Sadece insanlar konu\u015fmaz, yaln\u0131z ku\u015flar \u015fak\u0131maz bu d\u00fcnyada. Bir d\u00f6nem mimarisi dile gelir ve y\u00fczy\u0131llar\u0131n tecr\u00fcbesini \u00fcsl\u00fbbu ile anlat\u0131r. Bir ressam renkleri konu\u015fturur, bir arkeolog ta\u015flar\u0131. Derdi olan dile gelmez sadece, derman verenin de \u015fifa vesilesi dildir. Bir \u015fair kelime kelime i\u015fler \u015fiirini, bir zanaatkar ilmek ilmek dokur hal\u0131s\u0131n\u0131. Hal\u0131 dile gelir de motif motif anlat\u0131r derdini renklerle, \u015fekillerle. Bu yeni d\u00fcnyada yeni bir dil var; bu senin dilin. Dil yaln\u0131zca konu\u015fmaz yaln\u0131zca anlatmaz. Dil \u00f6nce in\u015fa eder sonra ihya eder benlik denen k\u0131l\u0131f\u0131\u2026 Dil; bir mimarinin dokusu, bir yeme\u011fin kokusu, bir ku\u015fun sesi\u2026 Dil; g\u00fcn bat\u0131m\u0131n\u0131n alt\u0131n \u0131\u015f\u0131klar\u0131, koyu gecenin yol g\u00f6steren yald\u0131zlar\u0131\u2026 Kainat zerreler \u00fczerine kurulu, zerreler \u00fczerine nak\u0131\u015f nak\u0131\u015f i\u015fli iken bu yeni d\u00fcnyan\u0131n halini arz etmek her ademo\u011flunun kendi dil tasviri ile m\u00fcmk\u00fcn olacakt\u0131r. Yeni d\u00fcnyada dil ya yeniden tasvir edilecek ya da binbir tecr\u00fcbenin i\u00e7inden ahengi ve rengi ile yeniden temsil edilecektir. Bizler hayat\u0131m\u0131z\u0131n her an\u0131nda, her saatinde, her g\u00fcn\u00fcnde, her haftas\u0131nda\u2026\u00a0<\/p><p>Bir ba\u015fka deyi\u015fle; her yeni nefes ve ad\u0131m\u0131m\u0131zda yeni bir ufuk, yeni bir gaye, yeni bir benlik, yeni bir s\u00f6ylem, yeni bir eylem i\u00e7in harekete ge\u00e7iyor ve yeni bir d\u00fcnya \u015fablonu olu\u015fturuyoruz kendimize.\u00a0 Bu yeni d\u00fcnyay\u0131 sana, bana, bize ve di\u011fer yeni \u2018d\u00fcnyalara\u2019 aksettirmek i\u00e7in bir ayna olarak dili yeniden tasvir etmektir, gayemiz.<\/p><\/div>\t\t\t\t\t<\/div>\n\t\t\t\t\t\t<\/div>\n\t\t\t\t<\/div>\n\t\t\t\t\t\t<\/div>\n\t\t\t\t\t<\/div>\n\t\t<\/div>\n\t\t\t\t\t\t\t\t<\/div>\n\t\t\t\t\t<\/div>\n\t\t<\/section>\n\t\t\t\t<section class=\"elementor-section elementor-top-section elementor-element elementor-element-72feea8 elementor-section-boxed elementor-section-height-default elementor-section-height-default\" data-id=\"72feea8\" data-element_type=\"section\">\n\t\t\t\t\t\t<div class=\"elementor-container elementor-column-gap-default\">\n\t\t\t\t\t\t\t<div class=\"elementor-row\">\n\t\t\t\t\t<div class=\"elementor-column elementor-col-100 elementor-top-column elementor-element elementor-element-f376f64\" data-id=\"f376f64\" data-element_type=\"column\">\n\t\t\t<div class=\"elementor-column-wrap elementor-element-populated\">\n\t\t\t\t\t\t\t<div class=\"elementor-widget-wrap\">\n\t\t\t\t\t\t<div class=\"elementor-element elementor-element-31b789a0 elementor-invisible elementor-widget elementor-widget-exhibz-title\" data-id=\"31b789a0\" data-element_type=\"widget\" data-settings=\"{&quot;_animation&quot;:&quot;slideInUp&quot;}\" data-widget_type=\"exhibz-title.default\">\n\t\t\t\t<div class=\"elementor-widget-container\">\n\t\t\t\n    <div class=\"title-section-area\">\n        <h2 class=\"section-title\">\n            <span class=\"sub-title\"><\/span>\n\t\t\tEtkinlik Takvimi        <\/h2>\n\t\t                    <span class=\"title-shape\">\n                  <svg xmlns='http:\/\/www.w3.org\/2000\/svg' xmlns:xlink='http:\/\/www.w3.org\/1999\/xlink' width='71px' height='11px'> <path fill-rule='evenodd' d='M59.669,10.710 L49.164,3.306 L39.428,10.681 L29.714,3.322 L20.006,10.682 L10.295,3.322 L1.185,10.228 L-0.010,8.578 L10.295,0.765 L20.006,8.125 L29.714,0.765 L39.428,8.125 L49.122,0.781 L59.680,8.223 L69.858,1.192 L70.982,2.895 L59.669,10.710 Z'\/><\/svg>\n            <\/span>\n                    <\/div><!-- Section title -->\n    \n    \n\n    \t\t<\/div>\n\t\t\t\t<\/div>\n\t\t\t\t\t\t<\/div>\n\t\t\t\t\t<\/div>\n\t\t<\/div>\n\t\t\t\t\t\t\t\t<\/div>\n\t\t\t\t\t<\/div>\n\t\t<\/section>\n\t\t\t\t<section class=\"elementor-section elementor-top-section elementor-element elementor-element-35823c15 elementor-section-boxed elementor-section-height-default elementor-section-height-default\" data-id=\"35823c15\" data-element_type=\"section\">\n\t\t\t\t\t\t<div class=\"elementor-container elementor-column-gap-default\">\n\t\t\t\t\t\t\t<div class=\"elementor-row\">\n\t\t\t\t\t<div class=\"elementor-column elementor-col-33 elementor-top-column elementor-element elementor-element-77a21eb8\" data-id=\"77a21eb8\" data-element_type=\"column\">\n\t\t\t<div class=\"elementor-column-wrap elementor-element-populated\">\n\t\t\t\t\t\t\t<div class=\"elementor-widget-wrap\">\n\t\t\t\t\t\t<div class=\"elementor-element elementor-element-76f86d37 elementor-widget elementor-widget-heading\" data-id=\"76f86d37\" data-element_type=\"widget\" data-widget_type=\"heading.default\">\n\t\t\t\t<div class=\"elementor-widget-container\">\n\t\t\t<h4 class=\"elementor-heading-title elementor-size-default\">11 Aral\u0131k Fiziki Oturum Plan\u0131<\/h4>\t\t<\/div>\n\t\t\t\t<\/div>\n\t\t\t\t<div class=\"elementor-element elementor-element-77fbdc3b elementor-widget elementor-widget-toggle\" data-id=\"77fbdc3b\" data-element_type=\"widget\" data-widget_type=\"toggle.default\">\n\t\t\t\t<div class=\"elementor-widget-container\">\n\t\t\t\t\t<div class=\"elementor-toggle\" role=\"tablist\">\n\t\t\t\t\t\t\t<div class=\"elementor-toggle-item\">\n\t\t\t\t\t<div id=\"elementor-tab-title-2011\" class=\"elementor-tab-title\" data-tab=\"1\" role=\"tab\" aria-controls=\"elementor-tab-content-2011\" aria-expanded=\"false\">\n\t\t\t\t\t\t\t\t\t\t\t\t<span class=\"elementor-toggle-icon elementor-toggle-icon-left\" aria-hidden=\"true\">\n\t\t\t\t\t\t\t\t\t\t\t\t\t\t\t<span class=\"elementor-toggle-icon-closed\"><i class=\"fas fa-caret-right\"><\/i><\/span>\n\t\t\t\t\t\t\t\t<span class=\"elementor-toggle-icon-opened\"><i class=\"elementor-toggle-icon-opened fas fa-caret-up\"><\/i><\/span>\n\t\t\t\t\t\t\t\t\t\t\t\t\t<\/span>\n\t\t\t\t\t\t\t\t\t\t\t\t<a href=\"\" class=\"elementor-toggle-title\">09:00 - 10:00 : Kar\u015f\u0131lama, Kay\u0131t<\/a>\n\t\t\t\t\t<\/div>\n\n\t\t\t\t\t<div id=\"elementor-tab-content-2011\" class=\"elementor-tab-content elementor-clearfix\" data-tab=\"1\" role=\"tabpanel\" aria-labelledby=\"elementor-tab-title-2011\"><p>\u00a0Kar\u015f\u0131lama, Kay\u0131t.<\/p><\/div>\n\t\t\t\t<\/div>\n\t\t\t\t\t\t\t<div class=\"elementor-toggle-item\">\n\t\t\t\t\t<div id=\"elementor-tab-title-2012\" class=\"elementor-tab-title\" data-tab=\"2\" role=\"tab\" aria-controls=\"elementor-tab-content-2012\" aria-expanded=\"false\">\n\t\t\t\t\t\t\t\t\t\t\t\t<span class=\"elementor-toggle-icon elementor-toggle-icon-left\" aria-hidden=\"true\">\n\t\t\t\t\t\t\t\t\t\t\t\t\t\t\t<span class=\"elementor-toggle-icon-closed\"><i class=\"fas fa-caret-right\"><\/i><\/span>\n\t\t\t\t\t\t\t\t<span class=\"elementor-toggle-icon-opened\"><i class=\"elementor-toggle-icon-opened fas fa-caret-up\"><\/i><\/span>\n\t\t\t\t\t\t\t\t\t\t\t\t\t<\/span>\n\t\t\t\t\t\t\t\t\t\t\t\t<a href=\"\" class=\"elementor-toggle-title\">10:00 - 11:00 : Yeni Bir Dil \u00d6zel Oturum<\/a>\n\t\t\t\t\t<\/div>\n\n\t\t\t\t\t<div id=\"elementor-tab-content-2012\" class=\"elementor-tab-content elementor-clearfix\" data-tab=\"2\" role=\"tabpanel\" aria-labelledby=\"elementor-tab-title-2012\"><p>\u00a0Yeni Bir Dil A\u00e7\u0131l\u0131\u015f Konu\u015fmas\u0131 &#8211;\u00a0<em><strong>Yusuf Kaplan<\/strong><\/em><\/p><\/div>\n\t\t\t\t<\/div>\n\t\t\t\t\t\t\t<div class=\"elementor-toggle-item\">\n\t\t\t\t\t<div id=\"elementor-tab-title-2013\" class=\"elementor-tab-title\" data-tab=\"3\" role=\"tab\" aria-controls=\"elementor-tab-content-2013\" aria-expanded=\"false\">\n\t\t\t\t\t\t\t\t\t\t\t\t<span class=\"elementor-toggle-icon elementor-toggle-icon-left\" aria-hidden=\"true\">\n\t\t\t\t\t\t\t\t\t\t\t\t\t\t\t<span class=\"elementor-toggle-icon-closed\"><i class=\"fas fa-caret-right\"><\/i><\/span>\n\t\t\t\t\t\t\t\t<span class=\"elementor-toggle-icon-opened\"><i class=\"elementor-toggle-icon-opened fas fa-caret-up\"><\/i><\/span>\n\t\t\t\t\t\t\t\t\t\t\t\t\t<\/span>\n\t\t\t\t\t\t\t\t\t\t\t\t<a href=\"\" class=\"elementor-toggle-title\">11:30 - 12:30 : Sanat Tarihi Oturumu<\/a>\n\t\t\t\t\t<\/div>\n\n\t\t\t\t\t<div id=\"elementor-tab-content-2013\" class=\"elementor-tab-content elementor-clearfix\" data-tab=\"3\" role=\"tabpanel\" aria-labelledby=\"elementor-tab-title-2013\"><p>Sanat Tarihi Bizim Neyimiz Olur? &#8211; <em><strong>Fatih Sar\u0131me\u015fe, Yasin Sayg\u0131l\u0131, B\u00fc\u015fra Ayaz<\/strong><\/em><\/p><\/div>\n\t\t\t\t<\/div>\n\t\t\t\t\t\t\t<div class=\"elementor-toggle-item\">\n\t\t\t\t\t<div id=\"elementor-tab-title-2014\" class=\"elementor-tab-title\" data-tab=\"4\" role=\"tab\" aria-controls=\"elementor-tab-content-2014\" aria-expanded=\"false\">\n\t\t\t\t\t\t\t\t\t\t\t\t<span class=\"elementor-toggle-icon elementor-toggle-icon-left\" aria-hidden=\"true\">\n\t\t\t\t\t\t\t\t\t\t\t\t\t\t\t<span class=\"elementor-toggle-icon-closed\"><i class=\"fas fa-caret-right\"><\/i><\/span>\n\t\t\t\t\t\t\t\t<span class=\"elementor-toggle-icon-opened\"><i class=\"elementor-toggle-icon-opened fas fa-caret-up\"><\/i><\/span>\n\t\t\t\t\t\t\t\t\t\t\t\t\t<\/span>\n\t\t\t\t\t\t\t\t\t\t\t\t<a href=\"\" class=\"elementor-toggle-title\">12:30 - 13:00 : \u00d6\u011flen Yeme\u011fi<\/a>\n\t\t\t\t\t<\/div>\n\n\t\t\t\t\t<div id=\"elementor-tab-content-2014\" class=\"elementor-tab-content elementor-clearfix\" data-tab=\"4\" role=\"tabpanel\" aria-labelledby=\"elementor-tab-title-2014\"><\/div>\n\t\t\t\t<\/div>\n\t\t\t\t\t\t\t<div class=\"elementor-toggle-item\">\n\t\t\t\t\t<div id=\"elementor-tab-title-2015\" class=\"elementor-tab-title\" data-tab=\"5\" role=\"tab\" aria-controls=\"elementor-tab-content-2015\" aria-expanded=\"false\">\n\t\t\t\t\t\t\t\t\t\t\t\t<span class=\"elementor-toggle-icon elementor-toggle-icon-left\" aria-hidden=\"true\">\n\t\t\t\t\t\t\t\t\t\t\t\t\t\t\t<span class=\"elementor-toggle-icon-closed\"><i class=\"fas fa-caret-right\"><\/i><\/span>\n\t\t\t\t\t\t\t\t<span class=\"elementor-toggle-icon-opened\"><i class=\"elementor-toggle-icon-opened fas fa-caret-up\"><\/i><\/span>\n\t\t\t\t\t\t\t\t\t\t\t\t\t<\/span>\n\t\t\t\t\t\t\t\t\t\t\t\t<a href=\"\" class=\"elementor-toggle-title\">13:00 - 14:00 : Psikobilim Oturumu<\/a>\n\t\t\t\t\t<\/div>\n\n\t\t\t\t\t<div id=\"elementor-tab-content-2015\" class=\"elementor-tab-content elementor-clearfix\" data-tab=\"5\" role=\"tabpanel\" aria-labelledby=\"elementor-tab-title-2015\"><p>Kalbe giden yolda insano\u011flunun do\u011fu\u015ftan getirdi\u011fi mizac\u0131 ve bu mizac\u0131n kayna\u011f\u0131 &#8211; <em><strong>Esra Nur D\u00fcndar, Yelda Arslan, \u0130smail Acarkan<\/strong><\/em><\/p><\/div>\n\t\t\t\t<\/div>\n\t\t\t\t\t\t\t<div class=\"elementor-toggle-item\">\n\t\t\t\t\t<div id=\"elementor-tab-title-2016\" class=\"elementor-tab-title\" data-tab=\"6\" role=\"tab\" aria-controls=\"elementor-tab-content-2016\" aria-expanded=\"false\">\n\t\t\t\t\t\t\t\t\t\t\t\t<span class=\"elementor-toggle-icon elementor-toggle-icon-left\" aria-hidden=\"true\">\n\t\t\t\t\t\t\t\t\t\t\t\t\t\t\t<span class=\"elementor-toggle-icon-closed\"><i class=\"fas fa-caret-right\"><\/i><\/span>\n\t\t\t\t\t\t\t\t<span class=\"elementor-toggle-icon-opened\"><i class=\"elementor-toggle-icon-opened fas fa-caret-up\"><\/i><\/span>\n\t\t\t\t\t\t\t\t\t\t\t\t\t<\/span>\n\t\t\t\t\t\t\t\t\t\t\t\t<a href=\"\" class=\"elementor-toggle-title\">14.30 - 15.30 : Dijital Devrim Oturumu <\/a>\n\t\t\t\t\t<\/div>\n\n\t\t\t\t\t<div id=\"elementor-tab-content-2016\" class=\"elementor-tab-content elementor-clearfix\" data-tab=\"6\" role=\"tabpanel\" aria-labelledby=\"elementor-tab-title-2016\"><p>\u0130nsanl\u0131\u011f\u0131n Evreni Dijital Devrimi Tan\u0131yor mu?<span class=\"Apple-converted-space\">\u00a0<\/span> &#8211; <em><strong>Ramazan Sar\u0131, Said Ercan, Nurullah Mahmut D\u00fcndar<\/strong><\/em><\/p><\/div>\n\t\t\t\t<\/div>\n\t\t\t\t\t\t\t<div class=\"elementor-toggle-item\">\n\t\t\t\t\t<div id=\"elementor-tab-title-2017\" class=\"elementor-tab-title\" data-tab=\"7\" role=\"tab\" aria-controls=\"elementor-tab-content-2017\" aria-expanded=\"false\">\n\t\t\t\t\t\t\t\t\t\t\t\t<span class=\"elementor-toggle-icon elementor-toggle-icon-left\" aria-hidden=\"true\">\n\t\t\t\t\t\t\t\t\t\t\t\t\t\t\t<span class=\"elementor-toggle-icon-closed\"><i class=\"fas fa-caret-right\"><\/i><\/span>\n\t\t\t\t\t\t\t\t<span class=\"elementor-toggle-icon-opened\"><i class=\"elementor-toggle-icon-opened fas fa-caret-up\"><\/i><\/span>\n\t\t\t\t\t\t\t\t\t\t\t\t\t<\/span>\n\t\t\t\t\t\t\t\t\t\t\t\t<a href=\"\" class=\"elementor-toggle-title\">16:00 - 17:00 : Terenn\u00fcm Oturumu<\/a>\n\t\t\t\t\t<\/div>\n\n\t\t\t\t\t<div id=\"elementor-tab-content-2017\" class=\"elementor-tab-content elementor-clearfix\" data-tab=\"7\" role=\"tabpanel\" aria-labelledby=\"elementor-tab-title-2017\"><p>E\u011fitimin gelece\u011fini ve yeni d\u00fcnyada bi\u00e7imleni\u015fi &#8211;\u00a0 <em><strong>S\u00fcleyman G\u00fcnd\u00fcz, \u0130brahim \u00c7etin, \u0130lknur Bilgi Kurt<\/strong><\/em><\/p><\/div>\n\t\t\t\t<\/div>\n\t\t\t\t\t\t\t\t<\/div>\n\t\t\t\t<\/div>\n\t\t\t\t<\/div>\n\t\t\t\t<div class=\"elementor-element elementor-element-a368a1d elementor-widget elementor-widget-spacer\" data-id=\"a368a1d\" data-element_type=\"widget\" data-widget_type=\"spacer.default\">\n\t\t\t\t<div class=\"elementor-widget-container\">\n\t\t\t\t\t<div class=\"elementor-spacer\">\n\t\t\t<div class=\"elementor-spacer-inner\"><\/div>\n\t\t<\/div>\n\t\t\t\t<\/div>\n\t\t\t\t<\/div>\n\t\t\t\t<div class=\"elementor-element elementor-element-a292b26 elementor-widget elementor-widget-heading\" data-id=\"a292b26\" data-element_type=\"widget\" data-widget_type=\"heading.default\">\n\t\t\t\t<div class=\"elementor-widget-container\">\n\t\t\t<h4 class=\"elementor-heading-title elementor-size-default\">12 Aral\u0131k Fiziki Oturum Plan\u0131<\/h4>\t\t<\/div>\n\t\t\t\t<\/div>\n\t\t\t\t<div class=\"elementor-element elementor-element-0c141aa elementor-widget elementor-widget-toggle\" data-id=\"0c141aa\" data-element_type=\"widget\" data-widget_type=\"toggle.default\">\n\t\t\t\t<div class=\"elementor-widget-container\">\n\t\t\t\t\t<div class=\"elementor-toggle\" role=\"tablist\">\n\t\t\t\t\t\t\t<div class=\"elementor-toggle-item\">\n\t\t\t\t\t<div id=\"elementor-tab-title-1261\" class=\"elementor-tab-title\" data-tab=\"1\" role=\"tab\" aria-controls=\"elementor-tab-content-1261\" aria-expanded=\"false\">\n\t\t\t\t\t\t\t\t\t\t\t\t<span class=\"elementor-toggle-icon elementor-toggle-icon-left\" aria-hidden=\"true\">\n\t\t\t\t\t\t\t\t\t\t\t\t\t\t\t<span class=\"elementor-toggle-icon-closed\"><i class=\"fas fa-caret-right\"><\/i><\/span>\n\t\t\t\t\t\t\t\t<span class=\"elementor-toggle-icon-opened\"><i class=\"elementor-toggle-icon-opened fas fa-caret-up\"><\/i><\/span>\n\t\t\t\t\t\t\t\t\t\t\t\t\t<\/span>\n\t\t\t\t\t\t\t\t\t\t\t\t<a href=\"\" class=\"elementor-toggle-title\">09:00 - 10:00 : Kar\u015f\u0131lama, Kay\u0131t<\/a>\n\t\t\t\t\t<\/div>\n\n\t\t\t\t\t<div id=\"elementor-tab-content-1261\" class=\"elementor-tab-content elementor-clearfix\" data-tab=\"1\" role=\"tabpanel\" aria-labelledby=\"elementor-tab-title-1261\"><p>\u00a0Kar\u015f\u0131lama, Kay\u0131t<\/p><\/div>\n\t\t\t\t<\/div>\n\t\t\t\t\t\t\t<div class=\"elementor-toggle-item\">\n\t\t\t\t\t<div id=\"elementor-tab-title-1262\" class=\"elementor-tab-title\" data-tab=\"2\" role=\"tab\" aria-controls=\"elementor-tab-content-1262\" aria-expanded=\"false\">\n\t\t\t\t\t\t\t\t\t\t\t\t<span class=\"elementor-toggle-icon elementor-toggle-icon-left\" aria-hidden=\"true\">\n\t\t\t\t\t\t\t\t\t\t\t\t\t\t\t<span class=\"elementor-toggle-icon-closed\"><i class=\"fas fa-caret-right\"><\/i><\/span>\n\t\t\t\t\t\t\t\t<span class=\"elementor-toggle-icon-opened\"><i class=\"elementor-toggle-icon-opened fas fa-caret-up\"><\/i><\/span>\n\t\t\t\t\t\t\t\t\t\t\t\t\t<\/span>\n\t\t\t\t\t\t\t\t\t\t\t\t<a href=\"\" class=\"elementor-toggle-title\">10:00 - 11:00 : Nurettin Top\u00e7u Oturumu<\/a>\n\t\t\t\t\t<\/div>\n\n\t\t\t\t\t<div id=\"elementor-tab-content-1262\" class=\"elementor-tab-content elementor-clearfix\" data-tab=\"2\" role=\"tabpanel\" aria-labelledby=\"elementor-tab-title-1262\"><p>Nurettin Top\u00e7uyu Anlamak: \u0130syan Ahlak\u0131 &#8211; <em><strong>Altan \u00c7etin, Galip \u00c7a\u011f, Zeynep Ta\u015fk\u0131n<\/strong><\/em><\/p><\/div>\n\t\t\t\t<\/div>\n\t\t\t\t\t\t\t<div class=\"elementor-toggle-item\">\n\t\t\t\t\t<div id=\"elementor-tab-title-1263\" class=\"elementor-tab-title\" data-tab=\"3\" role=\"tab\" aria-controls=\"elementor-tab-content-1263\" aria-expanded=\"false\">\n\t\t\t\t\t\t\t\t\t\t\t\t<span class=\"elementor-toggle-icon elementor-toggle-icon-left\" aria-hidden=\"true\">\n\t\t\t\t\t\t\t\t\t\t\t\t\t\t\t<span class=\"elementor-toggle-icon-closed\"><i class=\"fas fa-caret-right\"><\/i><\/span>\n\t\t\t\t\t\t\t\t<span class=\"elementor-toggle-icon-opened\"><i class=\"elementor-toggle-icon-opened fas fa-caret-up\"><\/i><\/span>\n\t\t\t\t\t\t\t\t\t\t\t\t\t<\/span>\n\t\t\t\t\t\t\t\t\t\t\t\t<a href=\"\" class=\"elementor-toggle-title\">11:30 - 12:30 : Do\u011fan\u0131n \u015eifreleri Oturumu<\/a>\n\t\t\t\t\t<\/div>\n\n\t\t\t\t\t<div id=\"elementor-tab-content-1263\" class=\"elementor-tab-content elementor-clearfix\" data-tab=\"3\" role=\"tabpanel\" aria-labelledby=\"elementor-tab-title-1263\"><p>Do\u011fan\u0131n \u015eifreleri \u0130nsanl\u0131\u011f\u0131n Kodlar\u0131 m\u0131d\u0131r? &#8211; <em><strong>Abd\u00fcssamet Ak\u015fit, Erkan Kula, Ay\u015fe \u00c7ak\u0131r<\/strong><\/em><\/p><\/div>\n\t\t\t\t<\/div>\n\t\t\t\t\t\t\t<div class=\"elementor-toggle-item\">\n\t\t\t\t\t<div id=\"elementor-tab-title-1264\" class=\"elementor-tab-title\" data-tab=\"4\" role=\"tab\" aria-controls=\"elementor-tab-content-1264\" aria-expanded=\"false\">\n\t\t\t\t\t\t\t\t\t\t\t\t<span class=\"elementor-toggle-icon elementor-toggle-icon-left\" aria-hidden=\"true\">\n\t\t\t\t\t\t\t\t\t\t\t\t\t\t\t<span class=\"elementor-toggle-icon-closed\"><i class=\"fas fa-caret-right\"><\/i><\/span>\n\t\t\t\t\t\t\t\t<span class=\"elementor-toggle-icon-opened\"><i class=\"elementor-toggle-icon-opened fas fa-caret-up\"><\/i><\/span>\n\t\t\t\t\t\t\t\t\t\t\t\t\t<\/span>\n\t\t\t\t\t\t\t\t\t\t\t\t<a href=\"\" class=\"elementor-toggle-title\">12:30 - 13:00 : \u00d6\u011flen Yeme\u011fi<\/a>\n\t\t\t\t\t<\/div>\n\n\t\t\t\t\t<div id=\"elementor-tab-content-1264\" class=\"elementor-tab-content elementor-clearfix\" data-tab=\"4\" role=\"tabpanel\" aria-labelledby=\"elementor-tab-title-1264\"><\/div>\n\t\t\t\t<\/div>\n\t\t\t\t\t\t\t<div class=\"elementor-toggle-item\">\n\t\t\t\t\t<div id=\"elementor-tab-title-1265\" class=\"elementor-tab-title\" data-tab=\"5\" role=\"tab\" aria-controls=\"elementor-tab-content-1265\" aria-expanded=\"false\">\n\t\t\t\t\t\t\t\t\t\t\t\t<span class=\"elementor-toggle-icon elementor-toggle-icon-left\" aria-hidden=\"true\">\n\t\t\t\t\t\t\t\t\t\t\t\t\t\t\t<span class=\"elementor-toggle-icon-closed\"><i class=\"fas fa-caret-right\"><\/i><\/span>\n\t\t\t\t\t\t\t\t<span class=\"elementor-toggle-icon-opened\"><i class=\"elementor-toggle-icon-opened fas fa-caret-up\"><\/i><\/span>\n\t\t\t\t\t\t\t\t\t\t\t\t\t<\/span>\n\t\t\t\t\t\t\t\t\t\t\t\t<a href=\"\" class=\"elementor-toggle-title\">13:00 - 14:00 : Yitik Miras \u00d6zel Oturumu<\/a>\n\t\t\t\t\t<\/div>\n\n\t\t\t\t\t<div id=\"elementor-tab-content-1265\" class=\"elementor-tab-content elementor-clearfix\" data-tab=\"5\" role=\"tabpanel\" aria-labelledby=\"elementor-tab-title-1265\"><p>Yitik Miras \u00d6zel Oturum &#8211; <em><strong>Talip Alp<\/strong><\/em><\/p><\/div>\n\t\t\t\t<\/div>\n\t\t\t\t\t\t\t<div class=\"elementor-toggle-item\">\n\t\t\t\t\t<div id=\"elementor-tab-title-1266\" class=\"elementor-tab-title\" data-tab=\"6\" role=\"tab\" aria-controls=\"elementor-tab-content-1266\" aria-expanded=\"false\">\n\t\t\t\t\t\t\t\t\t\t\t\t<span class=\"elementor-toggle-icon elementor-toggle-icon-left\" aria-hidden=\"true\">\n\t\t\t\t\t\t\t\t\t\t\t\t\t\t\t<span class=\"elementor-toggle-icon-closed\"><i class=\"fas fa-caret-right\"><\/i><\/span>\n\t\t\t\t\t\t\t\t<span class=\"elementor-toggle-icon-opened\"><i class=\"elementor-toggle-icon-opened fas fa-caret-up\"><\/i><\/span>\n\t\t\t\t\t\t\t\t\t\t\t\t\t<\/span>\n\t\t\t\t\t\t\t\t\t\t\t\t<a href=\"\" class=\"elementor-toggle-title\">14:30 - 15:30 : \u015eehir  K\u00fclt\u00fcr\u00fc Oturumu <\/a>\n\t\t\t\t\t<\/div>\n\n\t\t\t\t\t<div id=\"elementor-tab-content-1266\" class=\"elementor-tab-content elementor-clearfix\" data-tab=\"6\" role=\"tabpanel\" aria-labelledby=\"elementor-tab-title-1266\"><p>Bu \u015eehrin Akl\u0131 Nerede?- <em><strong>Murat Acar, B\u00fc\u015fra Nur Bardak\u00e7\u0131, \u00d6mer Kemal Buhari<\/strong><\/em><\/p><\/div>\n\t\t\t\t<\/div>\n\t\t\t\t\t\t\t<div class=\"elementor-toggle-item\">\n\t\t\t\t\t<div id=\"elementor-tab-title-1267\" class=\"elementor-tab-title\" data-tab=\"7\" role=\"tab\" aria-controls=\"elementor-tab-content-1267\" aria-expanded=\"false\">\n\t\t\t\t\t\t\t\t\t\t\t\t<span class=\"elementor-toggle-icon elementor-toggle-icon-left\" aria-hidden=\"true\">\n\t\t\t\t\t\t\t\t\t\t\t\t\t\t\t<span class=\"elementor-toggle-icon-closed\"><i class=\"fas fa-caret-right\"><\/i><\/span>\n\t\t\t\t\t\t\t\t<span class=\"elementor-toggle-icon-opened\"><i class=\"elementor-toggle-icon-opened fas fa-caret-up\"><\/i><\/span>\n\t\t\t\t\t\t\t\t\t\t\t\t\t<\/span>\n\t\t\t\t\t\t\t\t\t\t\t\t<a href=\"\" class=\"elementor-toggle-title\">16:00 - 17:00 : Giri\u015fimcilik Oturumu<\/a>\n\t\t\t\t\t<\/div>\n\n\t\t\t\t\t<div id=\"elementor-tab-content-1267\" class=\"elementor-tab-content elementor-clearfix\" data-tab=\"7\" role=\"tabpanel\" aria-labelledby=\"elementor-tab-title-1267\"><p>Fikirden Aksiyona Ge\u00e7meye Haz\u0131r m\u0131y\u0131z?<span class=\"Apple-converted-space\">\u00a0<\/span>&#8211; <em><strong>Cihan Bu\u011fday\u0131c\u0131, Lokman \u00d6kten, Sevgi Salman \u00dcnver<\/strong><\/em><\/p><\/div>\n\t\t\t\t<\/div>\n\t\t\t\t\t\t\t\t<\/div>\n\t\t\t\t<\/div>\n\t\t\t\t<\/div>\n\t\t\t\t\t\t<\/div>\n\t\t\t\t\t<\/div>\n\t\t<\/div>\n\t\t\t\t<div class=\"elementor-column elementor-col-33 elementor-top-column elementor-element elementor-element-13443f1c\" data-id=\"13443f1c\" data-element_type=\"column\">\n\t\t\t<div class=\"elementor-column-wrap elementor-element-populated\">\n\t\t\t\t\t\t\t<div class=\"elementor-widget-wrap\">\n\t\t\t\t\t\t<div class=\"elementor-element elementor-element-679fcf3b elementor-widget elementor-widget-heading\" data-id=\"679fcf3b\" data-element_type=\"widget\" data-widget_type=\"heading.default\">\n\t\t\t\t<div class=\"elementor-widget-container\">\n\t\t\t<h4 class=\"elementor-heading-title elementor-size-default\">11 Aral\u0131k Online Oturum Plan\u0131<\/h4>\t\t<\/div>\n\t\t\t\t<\/div>\n\t\t\t\t<div class=\"elementor-element elementor-element-80445f0 elementor-widget elementor-widget-toggle\" data-id=\"80445f0\" data-element_type=\"widget\" data-widget_type=\"toggle.default\">\n\t\t\t\t<div class=\"elementor-widget-container\">\n\t\t\t\t\t<div class=\"elementor-toggle\" role=\"tablist\">\n\t\t\t\t\t\t\t<div class=\"elementor-toggle-item\">\n\t\t\t\t\t<div id=\"elementor-tab-title-1341\" class=\"elementor-tab-title\" data-tab=\"1\" role=\"tab\" aria-controls=\"elementor-tab-content-1341\" aria-expanded=\"false\">\n\t\t\t\t\t\t\t\t\t\t\t\t<span class=\"elementor-toggle-icon elementor-toggle-icon-left\" aria-hidden=\"true\">\n\t\t\t\t\t\t\t\t\t\t\t\t\t\t\t<span class=\"elementor-toggle-icon-closed\"><i class=\"fas fa-caret-right\"><\/i><\/span>\n\t\t\t\t\t\t\t\t<span class=\"elementor-toggle-icon-opened\"><i class=\"elementor-toggle-icon-opened fas fa-caret-up\"><\/i><\/span>\n\t\t\t\t\t\t\t\t\t\t\t\t\t<\/span>\n\t\t\t\t\t\t\t\t\t\t\t\t<a href=\"\" class=\"elementor-toggle-title\">10:00 - 11:00 : Yeni Bir Dil \u00d6zel Oturum<\/a>\n\t\t\t\t\t<\/div>\n\n\t\t\t\t\t<div id=\"elementor-tab-content-1341\" class=\"elementor-tab-content elementor-clearfix\" data-tab=\"1\" role=\"tabpanel\" aria-labelledby=\"elementor-tab-title-1341\"><p style=\"caret-color: #000305; color: #000305; background-color: #fdfdfd;\">\u00a0Yeni Bir Dil \u00d6zel Oturum A\u00e7\u0131l\u0131\u015f Konu\u015fmas\u0131 &#8211;\u00a0<em><strong>Yusuf Kaplan<\/strong><\/em><\/p><\/div>\n\t\t\t\t<\/div>\n\t\t\t\t\t\t\t<div class=\"elementor-toggle-item\">\n\t\t\t\t\t<div id=\"elementor-tab-title-1342\" class=\"elementor-tab-title\" data-tab=\"2\" role=\"tab\" aria-controls=\"elementor-tab-content-1342\" aria-expanded=\"false\">\n\t\t\t\t\t\t\t\t\t\t\t\t<span class=\"elementor-toggle-icon elementor-toggle-icon-left\" aria-hidden=\"true\">\n\t\t\t\t\t\t\t\t\t\t\t\t\t\t\t<span class=\"elementor-toggle-icon-closed\"><i class=\"fas fa-caret-right\"><\/i><\/span>\n\t\t\t\t\t\t\t\t<span class=\"elementor-toggle-icon-opened\"><i class=\"elementor-toggle-icon-opened fas fa-caret-up\"><\/i><\/span>\n\t\t\t\t\t\t\t\t\t\t\t\t\t<\/span>\n\t\t\t\t\t\t\t\t\t\t\t\t<a href=\"\" class=\"elementor-toggle-title\">11:30 - 12:30 : Yeni M\u00fchendisler Oturumu<\/a>\n\t\t\t\t\t<\/div>\n\n\t\t\t\t\t<div id=\"elementor-tab-content-1342\" class=\"elementor-tab-content elementor-clearfix\" data-tab=\"2\" role=\"tabpanel\" aria-labelledby=\"elementor-tab-title-1342\"><p style=\"caret-color: #000305; color: #000305; background-color: #fdfdfd;\">\u00dcretkenlik s\u00fcreci olan m\u00fchendisli\u011fe s\u00fcrd\u00fcr\u00fclebilirlik penceresinden bakarak sabitelerimizi g\u00fcncelleyip, bunlar\u0131 hayat\u0131m\u0131za nas\u0131l ge\u00e7irebiliriz &#8211;\u00a0<em><strong>Ali K\u0131l\u0131\u00e7, \u0130smail Ay, Zeynep Ta\u015fk\u0131n<\/strong><\/em><\/p><\/div>\n\t\t\t\t<\/div>\n\t\t\t\t\t\t\t<div class=\"elementor-toggle-item\">\n\t\t\t\t\t<div id=\"elementor-tab-title-1343\" class=\"elementor-tab-title\" data-tab=\"3\" role=\"tab\" aria-controls=\"elementor-tab-content-1343\" aria-expanded=\"false\">\n\t\t\t\t\t\t\t\t\t\t\t\t<span class=\"elementor-toggle-icon elementor-toggle-icon-left\" aria-hidden=\"true\">\n\t\t\t\t\t\t\t\t\t\t\t\t\t\t\t<span class=\"elementor-toggle-icon-closed\"><i class=\"fas fa-caret-right\"><\/i><\/span>\n\t\t\t\t\t\t\t\t<span class=\"elementor-toggle-icon-opened\"><i class=\"elementor-toggle-icon-opened fas fa-caret-up\"><\/i><\/span>\n\t\t\t\t\t\t\t\t\t\t\t\t\t<\/span>\n\t\t\t\t\t\t\t\t\t\t\t\t<a href=\"\" class=\"elementor-toggle-title\">13:00 - 14:00 : Yitik Miras Oturumu<\/a>\n\t\t\t\t\t<\/div>\n\n\t\t\t\t\t<div id=\"elementor-tab-content-1343\" class=\"elementor-tab-content elementor-clearfix\" data-tab=\"3\" role=\"tabpanel\" aria-labelledby=\"elementor-tab-title-1343\"><p style=\"caret-color: #000305; color: #000305; background-color: #fdfdfd;\">Ge\u00e7mi\u015fin Miras\u0131 ile Gelece\u011fin \u0130hyas\u0131 m\u00fcmk\u00fcn m\u00fcd\u00fcr? &#8211; <em><strong>S\u00fcmeyye Ceylan, Yavuz Unat, Turan K\u0131\u015flak\u00e7\u0131<\/strong><\/em><\/p><\/div>\n\t\t\t\t<\/div>\n\t\t\t\t\t\t\t<div class=\"elementor-toggle-item\">\n\t\t\t\t\t<div id=\"elementor-tab-title-1344\" class=\"elementor-tab-title\" data-tab=\"4\" role=\"tab\" aria-controls=\"elementor-tab-content-1344\" aria-expanded=\"false\">\n\t\t\t\t\t\t\t\t\t\t\t\t<span class=\"elementor-toggle-icon elementor-toggle-icon-left\" aria-hidden=\"true\">\n\t\t\t\t\t\t\t\t\t\t\t\t\t\t\t<span class=\"elementor-toggle-icon-closed\"><i class=\"fas fa-caret-right\"><\/i><\/span>\n\t\t\t\t\t\t\t\t<span class=\"elementor-toggle-icon-opened\"><i class=\"elementor-toggle-icon-opened fas fa-caret-up\"><\/i><\/span>\n\t\t\t\t\t\t\t\t\t\t\t\t\t<\/span>\n\t\t\t\t\t\t\t\t\t\t\t\t<a href=\"\" class=\"elementor-toggle-title\">14:30 - 15:30 : Mikrobiyota Oturumu <\/a>\n\t\t\t\t\t<\/div>\n\n\t\t\t\t\t<div id=\"elementor-tab-content-1344\" class=\"elementor-tab-content elementor-clearfix\" data-tab=\"4\" role=\"tabpanel\" aria-labelledby=\"elementor-tab-title-1344\"><p style=\"caret-color: #000305; color: #000305; background-color: #fdfdfd;\">G\u00f6r\u00fcnmeyen D\u00fcnyan\u0131n Dili: Mikroorganizmalar ile Tan\u0131\u015f\u0131n! &#8211; <em><strong>Tarkan Karakan, Y\u00fcksel Akkaya, Ahmet Uygun<\/strong><\/em><\/p><\/div>\n\t\t\t\t<\/div>\n\t\t\t\t\t\t\t<div class=\"elementor-toggle-item\">\n\t\t\t\t\t<div id=\"elementor-tab-title-1345\" class=\"elementor-tab-title\" data-tab=\"5\" role=\"tab\" aria-controls=\"elementor-tab-content-1345\" aria-expanded=\"false\">\n\t\t\t\t\t\t\t\t\t\t\t\t<span class=\"elementor-toggle-icon elementor-toggle-icon-left\" aria-hidden=\"true\">\n\t\t\t\t\t\t\t\t\t\t\t\t\t\t\t<span class=\"elementor-toggle-icon-closed\"><i class=\"fas fa-caret-right\"><\/i><\/span>\n\t\t\t\t\t\t\t\t<span class=\"elementor-toggle-icon-opened\"><i class=\"elementor-toggle-icon-opened fas fa-caret-up\"><\/i><\/span>\n\t\t\t\t\t\t\t\t\t\t\t\t\t<\/span>\n\t\t\t\t\t\t\t\t\t\t\t\t<a href=\"\" class=\"elementor-toggle-title\">16:00 - 17:00 : Sa\u011fl\u0131\u011f\u0131n Gelece\u011fi Oturumu<\/a>\n\t\t\t\t\t<\/div>\n\n\t\t\t\t\t<div id=\"elementor-tab-content-1345\" class=\"elementor-tab-content elementor-clearfix\" data-tab=\"5\" role=\"tabpanel\" aria-labelledby=\"elementor-tab-title-1345\"><p style=\"caret-color: #000305; color: #000305; background-color: #fdfdfd;\">Gelece\u011fin Yeni Bilimi: Sa\u011fl\u0131\u011f\u0131n Gelece\u011fi!\u00a0&#8211; <em><strong>Yavuz Selim S\u0131lay, Ali Mirzaei, Serkan Orhan<\/strong><\/em><\/p><\/div>\n\t\t\t\t<\/div>\n\t\t\t\t\t\t\t\t<\/div>\n\t\t\t\t<\/div>\n\t\t\t\t<\/div>\n\t\t\t\t<div class=\"elementor-element elementor-element-499e9ee elementor-widget elementor-widget-heading\" data-id=\"499e9ee\" data-element_type=\"widget\" data-widget_type=\"heading.default\">\n\t\t\t\t<div class=\"elementor-widget-container\">\n\t\t\t<h4 class=\"elementor-heading-title elementor-size-default\">12 Aral\u0131k Online Oturum Plan\u0131<\/h4>\t\t<\/div>\n\t\t\t\t<\/div>\n\t\t\t\t<div class=\"elementor-element elementor-element-254616ed elementor-widget elementor-widget-toggle\" data-id=\"254616ed\" data-element_type=\"widget\" data-widget_type=\"toggle.default\">\n\t\t\t\t<div class=\"elementor-widget-container\">\n\t\t\t\t\t<div class=\"elementor-toggle\" role=\"tablist\">\n\t\t\t\t\t\t\t<div class=\"elementor-toggle-item\">\n\t\t\t\t\t<div id=\"elementor-tab-title-6251\" class=\"elementor-tab-title\" data-tab=\"1\" role=\"tab\" aria-controls=\"elementor-tab-content-6251\" aria-expanded=\"false\">\n\t\t\t\t\t\t\t\t\t\t\t\t<span class=\"elementor-toggle-icon elementor-toggle-icon-left\" aria-hidden=\"true\">\n\t\t\t\t\t\t\t\t\t\t\t\t\t\t\t<span class=\"elementor-toggle-icon-closed\"><i class=\"fas fa-caret-right\"><\/i><\/span>\n\t\t\t\t\t\t\t\t<span class=\"elementor-toggle-icon-opened\"><i class=\"elementor-toggle-icon-opened fas fa-caret-up\"><\/i><\/span>\n\t\t\t\t\t\t\t\t\t\t\t\t\t<\/span>\n\t\t\t\t\t\t\t\t\t\t\t\t<a href=\"\" class=\"elementor-toggle-title\">10:00 - 11:00 : Do\u011fan\u0131n \u015eifreleri Oturumu<\/a>\n\t\t\t\t\t<\/div>\n\n\t\t\t\t\t<div id=\"elementor-tab-content-6251\" class=\"elementor-tab-content elementor-clearfix\" data-tab=\"1\" role=\"tabpanel\" aria-labelledby=\"elementor-tab-title-6251\"><p style=\"caret-color: #000305; color: #000305; background-color: #fdfdfd;\">Do\u011fan\u0131n \u015eifreleri \u0130nsanl\u0131\u011f\u0131n Kodlar\u0131 m\u0131d\u0131r?<span class=\"Apple-converted-space\"> &#8211;\u00a0<em><strong>Erdem Ye\u015filada, Seyda Ay<\/strong><\/em><\/span><\/p><\/div>\n\t\t\t\t<\/div>\n\t\t\t\t\t\t\t<div class=\"elementor-toggle-item\">\n\t\t\t\t\t<div id=\"elementor-tab-title-6252\" class=\"elementor-tab-title\" data-tab=\"2\" role=\"tab\" aria-controls=\"elementor-tab-content-6252\" aria-expanded=\"false\">\n\t\t\t\t\t\t\t\t\t\t\t\t<span class=\"elementor-toggle-icon elementor-toggle-icon-left\" aria-hidden=\"true\">\n\t\t\t\t\t\t\t\t\t\t\t\t\t\t\t<span class=\"elementor-toggle-icon-closed\"><i class=\"fas fa-caret-right\"><\/i><\/span>\n\t\t\t\t\t\t\t\t<span class=\"elementor-toggle-icon-opened\"><i class=\"elementor-toggle-icon-opened fas fa-caret-up\"><\/i><\/span>\n\t\t\t\t\t\t\t\t\t\t\t\t\t<\/span>\n\t\t\t\t\t\t\t\t\t\t\t\t<a href=\"\" class=\"elementor-toggle-title\">11:00 - 13:00 : Gelece\u011fin Mimarisi Oturumu<\/a>\n\t\t\t\t\t<\/div>\n\n\t\t\t\t\t<div id=\"elementor-tab-content-6252\" class=\"elementor-tab-content elementor-clearfix\" data-tab=\"2\" role=\"tabpanel\" aria-labelledby=\"elementor-tab-title-6252\"><p style=\"caret-color: #000305; color: #000305; background-color: #fdfdfd;\">Gelece\u011fin Mimarisi<span class=\"Apple-converted-space\"> &#8211; <em><strong>E<\/strong><\/em><em><strong>sra Tanr\u0131kulu, Serkan Ak\u0131n, Yavuz Sar\u0131<\/strong><\/em><\/span><\/p><\/div>\n\t\t\t\t<\/div>\n\t\t\t\t\t\t\t<div class=\"elementor-toggle-item\">\n\t\t\t\t\t<div id=\"elementor-tab-title-6253\" class=\"elementor-tab-title\" data-tab=\"3\" role=\"tab\" aria-controls=\"elementor-tab-content-6253\" aria-expanded=\"false\">\n\t\t\t\t\t\t\t\t\t\t\t\t<span class=\"elementor-toggle-icon elementor-toggle-icon-left\" aria-hidden=\"true\">\n\t\t\t\t\t\t\t\t\t\t\t\t\t\t\t<span class=\"elementor-toggle-icon-closed\"><i class=\"fas fa-caret-right\"><\/i><\/span>\n\t\t\t\t\t\t\t\t<span class=\"elementor-toggle-icon-opened\"><i class=\"elementor-toggle-icon-opened fas fa-caret-up\"><\/i><\/span>\n\t\t\t\t\t\t\t\t\t\t\t\t\t<\/span>\n\t\t\t\t\t\t\t\t\t\t\t\t<a href=\"\" class=\"elementor-toggle-title\">13:30 - 14:30 : Yitik Miras \u00d6zel Oturumu<\/a>\n\t\t\t\t\t<\/div>\n\n\t\t\t\t\t<div id=\"elementor-tab-content-6253\" class=\"elementor-tab-content elementor-clearfix\" data-tab=\"3\" role=\"tabpanel\" aria-labelledby=\"elementor-tab-title-6253\"><p style=\"caret-color: #000305; color: #000305; background-color: #fdfdfd;\">Yitik Miras<span class=\"Apple-converted-space\"> &#8211;\u00a0<em><strong>Talip Alp<\/strong><\/em><\/span><\/p><\/div>\n\t\t\t\t<\/div>\n\t\t\t\t\t\t\t<div class=\"elementor-toggle-item\">\n\t\t\t\t\t<div id=\"elementor-tab-title-6254\" class=\"elementor-tab-title\" data-tab=\"4\" role=\"tab\" aria-controls=\"elementor-tab-content-6254\" aria-expanded=\"false\">\n\t\t\t\t\t\t\t\t\t\t\t\t<span class=\"elementor-toggle-icon elementor-toggle-icon-left\" aria-hidden=\"true\">\n\t\t\t\t\t\t\t\t\t\t\t\t\t\t\t<span class=\"elementor-toggle-icon-closed\"><i class=\"fas fa-caret-right\"><\/i><\/span>\n\t\t\t\t\t\t\t\t<span class=\"elementor-toggle-icon-opened\"><i class=\"elementor-toggle-icon-opened fas fa-caret-up\"><\/i><\/span>\n\t\t\t\t\t\t\t\t\t\t\t\t\t<\/span>\n\t\t\t\t\t\t\t\t\t\t\t\t<a href=\"\" class=\"elementor-toggle-title\">14:30 - 15:30 : Sanat Tarihi Oturumu <\/a>\n\t\t\t\t\t<\/div>\n\n\t\t\t\t\t<div id=\"elementor-tab-content-6254\" class=\"elementor-tab-content elementor-clearfix\" data-tab=\"4\" role=\"tabpanel\" aria-labelledby=\"elementor-tab-title-6254\"><p style=\"caret-color: #000305; color: #000305; background-color: #fdfdfd;\"><span class=\"Apple-converted-space\">Sanat Tarihi Bizim Neyimiz Olur? &#8211;<em><strong> Do\u00e7. Dr. Ay\u015fe Budak, Selin \u00d6zdemir, \u00c7i\u00e7ek Ak\u00e7\u0131l Harmankaya<\/strong><\/em><\/span><\/p><\/div>\n\t\t\t\t<\/div>\n\t\t\t\t\t\t\t<div class=\"elementor-toggle-item\">\n\t\t\t\t\t<div id=\"elementor-tab-title-6255\" class=\"elementor-tab-title\" data-tab=\"5\" role=\"tab\" aria-controls=\"elementor-tab-content-6255\" aria-expanded=\"false\">\n\t\t\t\t\t\t\t\t\t\t\t\t<span class=\"elementor-toggle-icon elementor-toggle-icon-left\" aria-hidden=\"true\">\n\t\t\t\t\t\t\t\t\t\t\t\t\t\t\t<span class=\"elementor-toggle-icon-closed\"><i class=\"fas fa-caret-right\"><\/i><\/span>\n\t\t\t\t\t\t\t\t<span class=\"elementor-toggle-icon-opened\"><i class=\"elementor-toggle-icon-opened fas fa-caret-up\"><\/i><\/span>\n\t\t\t\t\t\t\t\t\t\t\t\t\t<\/span>\n\t\t\t\t\t\t\t\t\t\t\t\t<a href=\"\" class=\"elementor-toggle-title\">16:00 - 17:00 : Bilimin Gelece\u011fi Oturumu<\/a>\n\t\t\t\t\t<\/div>\n\n\t\t\t\t\t<div id=\"elementor-tab-content-6255\" class=\"elementor-tab-content elementor-clearfix\" data-tab=\"5\" role=\"tabpanel\" aria-labelledby=\"elementor-tab-title-6255\"><p style=\"caret-color: #000305; color: #000305; background-color: #fdfdfd;\"><span class=\"Apple-converted-space\">Bilimin ge\u00e7mi\u015finden ders \u00e7\u0131kararak bizi gelecekte neler bekliyor? &#8211;<b><i> <\/i><\/b><\/span><em><strong><span style=\"background-color: #ffffff; color: #333333;\">Enes Sedat Ulu\u00e7am, <\/span><span style=\"background-color: #ffffff; color: #333333;\">Ahmet Fatih Sar\u0131kaya, <\/span><span style=\"background-color: #ffffff; color: #333333;\">Ahmet Kayhan Korkusuz<\/span><\/strong><\/em><\/p><\/div>\n\t\t\t\t<\/div>\n\t\t\t\t\t\t\t\t<\/div>\n\t\t\t\t<\/div>\n\t\t\t\t<\/div>\n\t\t\t\t\t\t<\/div>\n\t\t\t\t\t<\/div>\n\t\t<\/div>\n\t\t\t\t<div class=\"elementor-column elementor-col-33 elementor-top-column elementor-element elementor-element-5fb2632c\" data-id=\"5fb2632c\" data-element_type=\"column\">\n\t\t\t<div class=\"elementor-column-wrap elementor-element-populated\">\n\t\t\t\t\t\t\t<div class=\"elementor-widget-wrap\">\n\t\t\t\t\t\t<div class=\"elementor-element elementor-element-73da1dfc elementor-widget elementor-widget-heading\" data-id=\"73da1dfc\" data-element_type=\"widget\" data-widget_type=\"heading.default\">\n\t\t\t\t<div class=\"elementor-widget-container\">\n\t\t\t<h4 class=\"elementor-heading-title elementor-size-default\">11 Aral\u0131k At\u00f6lye Plan\u0131<\/h4>\t\t<\/div>\n\t\t\t\t<\/div>\n\t\t\t\t<div class=\"elementor-element elementor-element-5763bf4a elementor-widget elementor-widget-toggle\" data-id=\"5763bf4a\" data-element_type=\"widget\" data-widget_type=\"toggle.default\">\n\t\t\t\t<div class=\"elementor-widget-container\">\n\t\t\t\t\t<div class=\"elementor-toggle\" role=\"tablist\">\n\t\t\t\t\t\t\t<div class=\"elementor-toggle-item\">\n\t\t\t\t\t<div id=\"elementor-tab-title-1461\" class=\"elementor-tab-title\" data-tab=\"1\" role=\"tab\" aria-controls=\"elementor-tab-content-1461\" aria-expanded=\"false\">\n\t\t\t\t\t\t\t\t\t\t\t\t<span class=\"elementor-toggle-icon elementor-toggle-icon-left\" aria-hidden=\"true\">\n\t\t\t\t\t\t\t\t\t\t\t\t\t\t\t<span class=\"elementor-toggle-icon-closed\"><i class=\"fas fa-caret-right\"><\/i><\/span>\n\t\t\t\t\t\t\t\t<span class=\"elementor-toggle-icon-opened\"><i class=\"elementor-toggle-icon-opened fas fa-caret-up\"><\/i><\/span>\n\t\t\t\t\t\t\t\t\t\t\t\t\t<\/span>\n\t\t\t\t\t\t\t\t\t\t\t\t<a href=\"\" class=\"elementor-toggle-title\">11:30 - 12:30 : Minyat\u00fcrlerle Kolaj At\u00f6lyesi<\/a>\n\t\t\t\t\t<\/div>\n\n\t\t\t\t\t<div id=\"elementor-tab-content-1461\" class=\"elementor-tab-content elementor-clearfix\" data-tab=\"1\" role=\"tabpanel\" aria-labelledby=\"elementor-tab-title-1461\"><\/div>\n\t\t\t\t<\/div>\n\t\t\t\t\t\t\t<div class=\"elementor-toggle-item\">\n\t\t\t\t\t<div id=\"elementor-tab-title-1462\" class=\"elementor-tab-title\" data-tab=\"2\" role=\"tab\" aria-controls=\"elementor-tab-content-1462\" aria-expanded=\"false\">\n\t\t\t\t\t\t\t\t\t\t\t\t<span class=\"elementor-toggle-icon elementor-toggle-icon-left\" aria-hidden=\"true\">\n\t\t\t\t\t\t\t\t\t\t\t\t\t\t\t<span class=\"elementor-toggle-icon-closed\"><i class=\"fas fa-caret-right\"><\/i><\/span>\n\t\t\t\t\t\t\t\t<span class=\"elementor-toggle-icon-opened\"><i class=\"elementor-toggle-icon-opened fas fa-caret-up\"><\/i><\/span>\n\t\t\t\t\t\t\t\t\t\t\t\t\t<\/span>\n\t\t\t\t\t\t\t\t\t\t\t\t<a href=\"\" class=\"elementor-toggle-title\">11:30 \u2013 12:30 : Foto\u011frafta Kompozisyon At\u00f6lyesi<\/a>\n\t\t\t\t\t<\/div>\n\n\t\t\t\t\t<div id=\"elementor-tab-content-1462\" class=\"elementor-tab-content elementor-clearfix\" data-tab=\"2\" role=\"tabpanel\" aria-labelledby=\"elementor-tab-title-1462\"><\/div>\n\t\t\t\t<\/div>\n\t\t\t\t\t\t\t<div class=\"elementor-toggle-item\">\n\t\t\t\t\t<div id=\"elementor-tab-title-1463\" class=\"elementor-tab-title\" data-tab=\"3\" role=\"tab\" aria-controls=\"elementor-tab-content-1463\" aria-expanded=\"false\">\n\t\t\t\t\t\t\t\t\t\t\t\t<span class=\"elementor-toggle-icon elementor-toggle-icon-left\" aria-hidden=\"true\">\n\t\t\t\t\t\t\t\t\t\t\t\t\t\t\t<span class=\"elementor-toggle-icon-closed\"><i class=\"fas fa-caret-right\"><\/i><\/span>\n\t\t\t\t\t\t\t\t<span class=\"elementor-toggle-icon-opened\"><i class=\"elementor-toggle-icon-opened fas fa-caret-up\"><\/i><\/span>\n\t\t\t\t\t\t\t\t\t\t\t\t\t<\/span>\n\t\t\t\t\t\t\t\t\t\t\t\t<a href=\"\" class=\"elementor-toggle-title\">13:00 \u2013 14:00 : Ekolojik Ya\u015fam At\u00f6lyesi<\/a>\n\t\t\t\t\t<\/div>\n\n\t\t\t\t\t<div id=\"elementor-tab-content-1463\" class=\"elementor-tab-content elementor-clearfix\" data-tab=\"3\" role=\"tabpanel\" aria-labelledby=\"elementor-tab-title-1463\"><\/div>\n\t\t\t\t<\/div>\n\t\t\t\t\t\t\t<div class=\"elementor-toggle-item\">\n\t\t\t\t\t<div id=\"elementor-tab-title-1464\" class=\"elementor-tab-title\" data-tab=\"4\" role=\"tab\" aria-controls=\"elementor-tab-content-1464\" aria-expanded=\"false\">\n\t\t\t\t\t\t\t\t\t\t\t\t<span class=\"elementor-toggle-icon elementor-toggle-icon-left\" aria-hidden=\"true\">\n\t\t\t\t\t\t\t\t\t\t\t\t\t\t\t<span class=\"elementor-toggle-icon-closed\"><i class=\"fas fa-caret-right\"><\/i><\/span>\n\t\t\t\t\t\t\t\t<span class=\"elementor-toggle-icon-opened\"><i class=\"elementor-toggle-icon-opened fas fa-caret-up\"><\/i><\/span>\n\t\t\t\t\t\t\t\t\t\t\t\t\t<\/span>\n\t\t\t\t\t\t\t\t\t\t\t\t<a href=\"\" class=\"elementor-toggle-title\">14:30 - 15:30 : Say\u0131lar\u0131n Dili 'Numeroloji'<\/a>\n\t\t\t\t\t<\/div>\n\n\t\t\t\t\t<div id=\"elementor-tab-content-1464\" class=\"elementor-tab-content elementor-clearfix\" data-tab=\"4\" role=\"tabpanel\" aria-labelledby=\"elementor-tab-title-1464\"><\/div>\n\t\t\t\t<\/div>\n\t\t\t\t\t\t\t<div class=\"elementor-toggle-item\">\n\t\t\t\t\t<div id=\"elementor-tab-title-1465\" class=\"elementor-tab-title\" data-tab=\"5\" role=\"tab\" aria-controls=\"elementor-tab-content-1465\" aria-expanded=\"false\">\n\t\t\t\t\t\t\t\t\t\t\t\t<span class=\"elementor-toggle-icon elementor-toggle-icon-left\" aria-hidden=\"true\">\n\t\t\t\t\t\t\t\t\t\t\t\t\t\t\t<span class=\"elementor-toggle-icon-closed\"><i class=\"fas fa-caret-right\"><\/i><\/span>\n\t\t\t\t\t\t\t\t<span class=\"elementor-toggle-icon-opened\"><i class=\"elementor-toggle-icon-opened fas fa-caret-up\"><\/i><\/span>\n\t\t\t\t\t\t\t\t\t\t\t\t\t<\/span>\n\t\t\t\t\t\t\t\t\t\t\t\t<a href=\"\" class=\"elementor-toggle-title\">16:00 - 17:00 : Dijital Devrim At\u00f6lyesi<\/a>\n\t\t\t\t\t<\/div>\n\n\t\t\t\t\t<div id=\"elementor-tab-content-1465\" class=\"elementor-tab-content elementor-clearfix\" data-tab=\"5\" role=\"tabpanel\" aria-labelledby=\"elementor-tab-title-1465\"><p>3D Art<\/p><\/div>\n\t\t\t\t<\/div>\n\t\t\t\t\t\t\t<div class=\"elementor-toggle-item\">\n\t\t\t\t\t<div id=\"elementor-tab-title-1466\" class=\"elementor-tab-title\" data-tab=\"6\" role=\"tab\" aria-controls=\"elementor-tab-content-1466\" aria-expanded=\"false\">\n\t\t\t\t\t\t\t\t\t\t\t\t<span class=\"elementor-toggle-icon elementor-toggle-icon-left\" aria-hidden=\"true\">\n\t\t\t\t\t\t\t\t\t\t\t\t\t\t\t<span class=\"elementor-toggle-icon-closed\"><i class=\"fas fa-caret-right\"><\/i><\/span>\n\t\t\t\t\t\t\t\t<span class=\"elementor-toggle-icon-opened\"><i class=\"elementor-toggle-icon-opened fas fa-caret-up\"><\/i><\/span>\n\t\t\t\t\t\t\t\t\t\t\t\t\t<\/span>\n\t\t\t\t\t\t\t\t\t\t\t\t<a href=\"\" class=\"elementor-toggle-title\">T\u00fcm G\u00fcn : Gelece\u011fin Bilimi Hikayesi<\/a>\n\t\t\t\t\t<\/div>\n\n\t\t\t\t\t<div id=\"elementor-tab-content-1466\" class=\"elementor-tab-content elementor-clearfix\" data-tab=\"6\" role=\"tabpanel\" aria-labelledby=\"elementor-tab-title-1466\"><\/div>\n\t\t\t\t<\/div>\n\t\t\t\t\t\t\t<div class=\"elementor-toggle-item\">\n\t\t\t\t\t<div id=\"elementor-tab-title-1467\" class=\"elementor-tab-title\" data-tab=\"7\" role=\"tab\" aria-controls=\"elementor-tab-content-1467\" aria-expanded=\"false\">\n\t\t\t\t\t\t\t\t\t\t\t\t<span class=\"elementor-toggle-icon elementor-toggle-icon-left\" aria-hidden=\"true\">\n\t\t\t\t\t\t\t\t\t\t\t\t\t\t\t<span class=\"elementor-toggle-icon-closed\"><i class=\"fas fa-caret-right\"><\/i><\/span>\n\t\t\t\t\t\t\t\t<span class=\"elementor-toggle-icon-opened\"><i class=\"elementor-toggle-icon-opened fas fa-caret-up\"><\/i><\/span>\n\t\t\t\t\t\t\t\t\t\t\t\t\t<\/span>\n\t\t\t\t\t\t\t\t\t\t\t\t<a href=\"\" class=\"elementor-toggle-title\">T\u00fcm G\u00fcn : \u0130yilik Battaniyesi \u00d6rg\u00fcs\u00fc<\/a>\n\t\t\t\t\t<\/div>\n\n\t\t\t\t\t<div id=\"elementor-tab-content-1467\" class=\"elementor-tab-content elementor-clearfix\" data-tab=\"7\" role=\"tabpanel\" aria-labelledby=\"elementor-tab-title-1467\"><\/div>\n\t\t\t\t<\/div>\n\t\t\t\t\t\t\t\t<\/div>\n\t\t\t\t<\/div>\n\t\t\t\t<\/div>\n\t\t\t\t<div class=\"elementor-element elementor-element-801ce9c elementor-widget elementor-widget-spacer\" data-id=\"801ce9c\" data-element_type=\"widget\" data-widget_type=\"spacer.default\">\n\t\t\t\t<div class=\"elementor-widget-container\">\n\t\t\t\t\t<div class=\"elementor-spacer\">\n\t\t\t<div class=\"elementor-spacer-inner\"><\/div>\n\t\t<\/div>\n\t\t\t\t<\/div>\n\t\t\t\t<\/div>\n\t\t\t\t<div class=\"elementor-element elementor-element-5e56bee elementor-widget elementor-widget-heading\" data-id=\"5e56bee\" data-element_type=\"widget\" data-widget_type=\"heading.default\">\n\t\t\t\t<div class=\"elementor-widget-container\">\n\t\t\t<h4 class=\"elementor-heading-title elementor-size-default\">12 Aral\u0131k At\u00f6lye Plan\u0131<\/h4>\t\t<\/div>\n\t\t\t\t<\/div>\n\t\t\t\t<div class=\"elementor-element elementor-element-349ddb1 elementor-widget elementor-widget-toggle\" data-id=\"349ddb1\" data-element_type=\"widget\" data-widget_type=\"toggle.default\">\n\t\t\t\t<div class=\"elementor-widget-container\">\n\t\t\t\t\t<div class=\"elementor-toggle\" role=\"tablist\">\n\t\t\t\t\t\t\t<div class=\"elementor-toggle-item\">\n\t\t\t\t\t<div id=\"elementor-tab-title-5511\" class=\"elementor-tab-title\" data-tab=\"1\" role=\"tab\" aria-controls=\"elementor-tab-content-5511\" aria-expanded=\"false\">\n\t\t\t\t\t\t\t\t\t\t\t\t<span class=\"elementor-toggle-icon elementor-toggle-icon-left\" aria-hidden=\"true\">\n\t\t\t\t\t\t\t\t\t\t\t\t\t\t\t<span class=\"elementor-toggle-icon-closed\"><i class=\"fas fa-caret-right\"><\/i><\/span>\n\t\t\t\t\t\t\t\t<span class=\"elementor-toggle-icon-opened\"><i class=\"elementor-toggle-icon-opened fas fa-caret-up\"><\/i><\/span>\n\t\t\t\t\t\t\t\t\t\t\t\t\t<\/span>\n\t\t\t\t\t\t\t\t\t\t\t\t<a href=\"\" class=\"elementor-toggle-title\">10:00 \u2013 11:00 : Kozmeti\u011fe Yeni Bir Bak\u0131\u015f<\/a>\n\t\t\t\t\t<\/div>\n\n\t\t\t\t\t<div id=\"elementor-tab-content-5511\" class=\"elementor-tab-content elementor-clearfix\" data-tab=\"1\" role=\"tabpanel\" aria-labelledby=\"elementor-tab-title-5511\"><\/div>\n\t\t\t\t<\/div>\n\t\t\t\t\t\t\t<div class=\"elementor-toggle-item\">\n\t\t\t\t\t<div id=\"elementor-tab-title-5512\" class=\"elementor-tab-title\" data-tab=\"2\" role=\"tab\" aria-controls=\"elementor-tab-content-5512\" aria-expanded=\"false\">\n\t\t\t\t\t\t\t\t\t\t\t\t<span class=\"elementor-toggle-icon elementor-toggle-icon-left\" aria-hidden=\"true\">\n\t\t\t\t\t\t\t\t\t\t\t\t\t\t\t<span class=\"elementor-toggle-icon-closed\"><i class=\"fas fa-caret-right\"><\/i><\/span>\n\t\t\t\t\t\t\t\t<span class=\"elementor-toggle-icon-opened\"><i class=\"elementor-toggle-icon-opened fas fa-caret-up\"><\/i><\/span>\n\t\t\t\t\t\t\t\t\t\t\t\t\t<\/span>\n\t\t\t\t\t\t\t\t\t\t\t\t<a href=\"\" class=\"elementor-toggle-title\">11:30 - 12:30 : Ge\u00e7mi\u015ften Gelece\u011fe Oyun At\u00f6lyesi<\/a>\n\t\t\t\t\t<\/div>\n\n\t\t\t\t\t<div id=\"elementor-tab-content-5512\" class=\"elementor-tab-content elementor-clearfix\" data-tab=\"2\" role=\"tabpanel\" aria-labelledby=\"elementor-tab-title-5512\"><\/div>\n\t\t\t\t<\/div>\n\t\t\t\t\t\t\t<div class=\"elementor-toggle-item\">\n\t\t\t\t\t<div id=\"elementor-tab-title-5513\" class=\"elementor-tab-title\" data-tab=\"3\" role=\"tab\" aria-controls=\"elementor-tab-content-5513\" aria-expanded=\"false\">\n\t\t\t\t\t\t\t\t\t\t\t\t<span class=\"elementor-toggle-icon elementor-toggle-icon-left\" aria-hidden=\"true\">\n\t\t\t\t\t\t\t\t\t\t\t\t\t\t\t<span class=\"elementor-toggle-icon-closed\"><i class=\"fas fa-caret-right\"><\/i><\/span>\n\t\t\t\t\t\t\t\t<span class=\"elementor-toggle-icon-opened\"><i class=\"elementor-toggle-icon-opened fas fa-caret-up\"><\/i><\/span>\n\t\t\t\t\t\t\t\t\t\t\t\t\t<\/span>\n\t\t\t\t\t\t\t\t\t\t\t\t<a href=\"\" class=\"elementor-toggle-title\">14:30 - 15:30 : S\u00f6zl\u00fc Bildiri<\/a>\n\t\t\t\t\t<\/div>\n\n\t\t\t\t\t<div id=\"elementor-tab-content-5513\" class=\"elementor-tab-content elementor-clearfix\" data-tab=\"3\" role=\"tabpanel\" aria-labelledby=\"elementor-tab-title-5513\"><\/div>\n\t\t\t\t<\/div>\n\t\t\t\t\t\t\t<div class=\"elementor-toggle-item\">\n\t\t\t\t\t<div id=\"elementor-tab-title-5514\" class=\"elementor-tab-title\" data-tab=\"4\" role=\"tab\" aria-controls=\"elementor-tab-content-5514\" aria-expanded=\"false\">\n\t\t\t\t\t\t\t\t\t\t\t\t<span class=\"elementor-toggle-icon elementor-toggle-icon-left\" aria-hidden=\"true\">\n\t\t\t\t\t\t\t\t\t\t\t\t\t\t\t<span class=\"elementor-toggle-icon-closed\"><i class=\"fas fa-caret-right\"><\/i><\/span>\n\t\t\t\t\t\t\t\t<span class=\"elementor-toggle-icon-opened\"><i class=\"elementor-toggle-icon-opened fas fa-caret-up\"><\/i><\/span>\n\t\t\t\t\t\t\t\t\t\t\t\t\t<\/span>\n\t\t\t\t\t\t\t\t\t\t\t\t<a href=\"\" class=\"elementor-toggle-title\">16:00 - 17:00 : Dijital Devrim At\u00f6lyesi<\/a>\n\t\t\t\t\t<\/div>\n\n\t\t\t\t\t<div id=\"elementor-tab-content-5514\" class=\"elementor-tab-content elementor-clearfix\" data-tab=\"4\" role=\"tabpanel\" aria-labelledby=\"elementor-tab-title-5514\"><p>3D Art<\/p><\/div>\n\t\t\t\t<\/div>\n\t\t\t\t\t\t\t<div class=\"elementor-toggle-item\">\n\t\t\t\t\t<div id=\"elementor-tab-title-5515\" class=\"elementor-tab-title\" data-tab=\"5\" role=\"tab\" aria-controls=\"elementor-tab-content-5515\" aria-expanded=\"false\">\n\t\t\t\t\t\t\t\t\t\t\t\t<span class=\"elementor-toggle-icon elementor-toggle-icon-left\" aria-hidden=\"true\">\n\t\t\t\t\t\t\t\t\t\t\t\t\t\t\t<span class=\"elementor-toggle-icon-closed\"><i class=\"fas fa-caret-right\"><\/i><\/span>\n\t\t\t\t\t\t\t\t<span class=\"elementor-toggle-icon-opened\"><i class=\"elementor-toggle-icon-opened fas fa-caret-up\"><\/i><\/span>\n\t\t\t\t\t\t\t\t\t\t\t\t\t<\/span>\n\t\t\t\t\t\t\t\t\t\t\t\t<a href=\"\" class=\"elementor-toggle-title\">T\u00fcm G\u00fcn : Gelece\u011fin Bilimi Hikayesi<\/a>\n\t\t\t\t\t<\/div>\n\n\t\t\t\t\t<div id=\"elementor-tab-content-5515\" class=\"elementor-tab-content elementor-clearfix\" data-tab=\"5\" role=\"tabpanel\" aria-labelledby=\"elementor-tab-title-5515\"><\/div>\n\t\t\t\t<\/div>\n\t\t\t\t\t\t\t<div class=\"elementor-toggle-item\">\n\t\t\t\t\t<div id=\"elementor-tab-title-5516\" class=\"elementor-tab-title\" data-tab=\"6\" role=\"tab\" aria-controls=\"elementor-tab-content-5516\" aria-expanded=\"false\">\n\t\t\t\t\t\t\t\t\t\t\t\t<span class=\"elementor-toggle-icon elementor-toggle-icon-left\" aria-hidden=\"true\">\n\t\t\t\t\t\t\t\t\t\t\t\t\t\t\t<span class=\"elementor-toggle-icon-closed\"><i class=\"fas fa-caret-right\"><\/i><\/span>\n\t\t\t\t\t\t\t\t<span class=\"elementor-toggle-icon-opened\"><i class=\"elementor-toggle-icon-opened fas fa-caret-up\"><\/i><\/span>\n\t\t\t\t\t\t\t\t\t\t\t\t\t<\/span>\n\t\t\t\t\t\t\t\t\t\t\t\t<a href=\"\" class=\"elementor-toggle-title\">T\u00fcm G\u00fcn : \u0130yilik Battaniyesi \u00d6rg\u00fcs\u00fc<\/a>\n\t\t\t\t\t<\/div>\n\n\t\t\t\t\t<div id=\"elementor-tab-content-5516\" class=\"elementor-tab-content elementor-clearfix\" data-tab=\"6\" role=\"tabpanel\" aria-labelledby=\"elementor-tab-title-5516\"><\/div>\n\t\t\t\t<\/div>\n\t\t\t\t\t\t\t\t<\/div>\n\t\t\t\t<\/div>\n\t\t\t\t<\/div>\n\t\t\t\t\t\t<\/div>\n\t\t\t\t\t<\/div>\n\t\t<\/div>\n\t\t\t\t\t\t\t\t<\/div>\n\t\t\t\t\t<\/div>\n\t\t<\/section>\n\t\t\t\t<section class=\"elementor-section elementor-top-section elementor-element elementor-element-240864e elementor-section-boxed elementor-section-height-default elementor-section-height-default\" data-id=\"240864e\" data-element_type=\"section\">\n\t\t\t\t\t\t<div class=\"elementor-container elementor-column-gap-default\">\n\t\t\t\t\t\t\t<div class=\"elementor-row\">\n\t\t\t\t\t<div class=\"elementor-column elementor-col-100 elementor-top-column elementor-element elementor-element-48320d4\" data-id=\"48320d4\" data-element_type=\"column\">\n\t\t\t<div class=\"elementor-column-wrap elementor-element-populated\">\n\t\t\t\t\t\t\t<div class=\"elementor-widget-wrap\">\n\t\t\t\t\t\t<div class=\"elementor-element elementor-element-e4724f8 elementor-invisible elementor-widget elementor-widget-exhibz-title\" data-id=\"e4724f8\" data-element_type=\"widget\" data-settings=\"{&quot;_animation&quot;:&quot;slideInUp&quot;}\" data-widget_type=\"exhibz-title.default\">\n\t\t\t\t<div class=\"elementor-widget-container\">\n\t\t\t\n    <div class=\"title-section-area\">\n        <h2 class=\"section-title\">\n            <span class=\"sub-title\"><\/span>\n\t\t\tTemalar        <\/h2>\n\t\t                    <span class=\"title-shape\">\n                  <svg xmlns='http:\/\/www.w3.org\/2000\/svg' xmlns:xlink='http:\/\/www.w3.org\/1999\/xlink' width='71px' height='11px'> <path fill-rule='evenodd' d='M59.669,10.710 L49.164,3.306 L39.428,10.681 L29.714,3.322 L20.006,10.682 L10.295,3.322 L1.185,10.228 L-0.010,8.578 L10.295,0.765 L20.006,8.125 L29.714,0.765 L39.428,8.125 L49.122,0.781 L59.680,8.223 L69.858,1.192 L70.982,2.895 L59.669,10.710 Z'\/><\/svg>\n            <\/span>\n                    <\/div><!-- Section title -->\n    \n    \n\n    \t\t<\/div>\n\t\t\t\t<\/div>\n\t\t\t\t\t\t<\/div>\n\t\t\t\t\t<\/div>\n\t\t<\/div>\n\t\t\t\t\t\t\t\t<\/div>\n\t\t\t\t\t<\/div>\n\t\t<\/section>\n\t\t\t\t<section class=\"elementor-section elementor-top-section elementor-element elementor-element-2d1abf3 elementor-section-boxed elementor-section-height-default elementor-section-height-default\" data-id=\"2d1abf3\" data-element_type=\"section\">\n\t\t\t\t\t\t<div class=\"elementor-container elementor-column-gap-default\">\n\t\t\t\t\t\t\t<div class=\"elementor-row\">\n\t\t\t\t\t<div class=\"elementor-column elementor-col-100 elementor-top-column elementor-element elementor-element-b2753b8\" data-id=\"b2753b8\" data-element_type=\"column\">\n\t\t\t<div class=\"elementor-column-wrap elementor-element-populated\">\n\t\t\t\t\t\t\t<div class=\"elementor-widget-wrap\">\n\t\t\t\t\t\t<div class=\"elementor-element elementor-element-8099c18 elementor-widget elementor-widget-image-gallery\" data-id=\"8099c18\" data-element_type=\"widget\" data-widget_type=\"image-gallery.default\">\n\t\t\t\t<div class=\"elementor-widget-container\">\n\t\t\t\t\t<div class=\"elementor-image-gallery\">\n\t\t\t<div id='gallery-1' class='gallery galleryid-4949 gallery-columns-3 gallery-size-full'><figure class='gallery-item'>\n\t\t\t<div class='gallery-icon landscape'>\n\t\t\t\t<a data-elementor-open-lightbox=\"yes\" data-elementor-lightbox-slideshow=\"8099c18\" data-elementor-lightbox-title=\"gbf2021-girisimcilik\" e-action-hash=\"#elementor-action%3Aaction%3Dlightbox%26settings%3DeyJpZCI6OTU1MywidXJsIjoiaHR0cHM6XC9cL2ZvcnVtLmdlbGVjZWdpbmJpbGltaS5jb21cL3dwLWNvbnRlbnRcL3VwbG9hZHNcLzIwMjNcLzAxXC9nYmYyMDIxLWdpcmlzaW1jaWxpay0xLmpwZyIsInNsaWRlc2hvdyI6IjgwOTljMTgifQ%3D%3D\" href='https:\/\/forum.geleceginbilimi.com\/wp-content\/uploads\/2023\/01\/gbf2021-girisimcilik-1.jpg'><img width=\"1080\" height=\"1080\" src=\"https:\/\/forum.geleceginbilimi.com\/wp-content\/uploads\/2023\/01\/gbf2021-girisimcilik-1.jpg\" class=\"attachment-full size-full\" alt=\"\" loading=\"lazy\" srcset=\"https:\/\/forum.geleceginbilimi.com\/wp-content\/uploads\/2023\/01\/gbf2021-girisimcilik-1.jpg 1080w, https:\/\/forum.geleceginbilimi.com\/wp-content\/uploads\/2023\/01\/gbf2021-girisimcilik-1-300x300.jpg 300w, https:\/\/forum.geleceginbilimi.com\/wp-content\/uploads\/2023\/01\/gbf2021-girisimcilik-1-1000x1000.jpg 1000w, https:\/\/forum.geleceginbilimi.com\/wp-content\/uploads\/2023\/01\/gbf2021-girisimcilik-1-150x150.jpg 150w, https:\/\/forum.geleceginbilimi.com\/wp-content\/uploads\/2023\/01\/gbf2021-girisimcilik-1-768x768.jpg 768w\" sizes=\"(max-width: 1080px) 100vw, 1080px\" \/><\/a>\n\t\t\t<\/div><\/figure><figure class='gallery-item'>\n\t\t\t<div class='gallery-icon landscape'>\n\t\t\t\t<a data-elementor-open-lightbox=\"yes\" data-elementor-lightbox-slideshow=\"8099c18\" data-elementor-lightbox-title=\"gbf2021-mikrobiyota\" e-action-hash=\"#elementor-action%3Aaction%3Dlightbox%26settings%3DeyJpZCI6OTU1NCwidXJsIjoiaHR0cHM6XC9cL2ZvcnVtLmdlbGVjZWdpbmJpbGltaS5jb21cL3dwLWNvbnRlbnRcL3VwbG9hZHNcLzIwMjNcLzAxXC9nYmYyMDIxLW1pa3JvYml5b3RhLTEuanBnIiwic2xpZGVzaG93IjoiODA5OWMxOCJ9\" href='https:\/\/forum.geleceginbilimi.com\/wp-content\/uploads\/2023\/01\/gbf2021-mikrobiyota-1.jpg'><img width=\"1080\" height=\"1080\" src=\"https:\/\/forum.geleceginbilimi.com\/wp-content\/uploads\/2023\/01\/gbf2021-mikrobiyota-1.jpg\" class=\"attachment-full size-full\" alt=\"\" loading=\"lazy\" srcset=\"https:\/\/forum.geleceginbilimi.com\/wp-content\/uploads\/2023\/01\/gbf2021-mikrobiyota-1.jpg 1080w, https:\/\/forum.geleceginbilimi.com\/wp-content\/uploads\/2023\/01\/gbf2021-mikrobiyota-1-300x300.jpg 300w, https:\/\/forum.geleceginbilimi.com\/wp-content\/uploads\/2023\/01\/gbf2021-mikrobiyota-1-1000x1000.jpg 1000w, https:\/\/forum.geleceginbilimi.com\/wp-content\/uploads\/2023\/01\/gbf2021-mikrobiyota-1-150x150.jpg 150w, https:\/\/forum.geleceginbilimi.com\/wp-content\/uploads\/2023\/01\/gbf2021-mikrobiyota-1-768x768.jpg 768w\" sizes=\"(max-width: 1080px) 100vw, 1080px\" \/><\/a>\n\t\t\t<\/div><\/figure><figure class='gallery-item'>\n\t\t\t<div class='gallery-icon landscape'>\n\t\t\t\t<a data-elementor-open-lightbox=\"yes\" data-elementor-lightbox-slideshow=\"8099c18\" data-elementor-lightbox-title=\"gbf2021-nurettin-topcu\" e-action-hash=\"#elementor-action%3Aaction%3Dlightbox%26settings%3DeyJpZCI6OTU1NSwidXJsIjoiaHR0cHM6XC9cL2ZvcnVtLmdlbGVjZWdpbmJpbGltaS5jb21cL3dwLWNvbnRlbnRcL3VwbG9hZHNcLzIwMjNcLzAxXC9nYmYyMDIxLW51cmV0dGluLXRvcGN1LTEuanBnIiwic2xpZGVzaG93IjoiODA5OWMxOCJ9\" href='https:\/\/forum.geleceginbilimi.com\/wp-content\/uploads\/2023\/01\/gbf2021-nurettin-topcu-1.jpg'><img width=\"1080\" height=\"1080\" src=\"https:\/\/forum.geleceginbilimi.com\/wp-content\/uploads\/2023\/01\/gbf2021-nurettin-topcu-1.jpg\" class=\"attachment-full size-full\" alt=\"\" loading=\"lazy\" srcset=\"https:\/\/forum.geleceginbilimi.com\/wp-content\/uploads\/2023\/01\/gbf2021-nurettin-topcu-1.jpg 1080w, https:\/\/forum.geleceginbilimi.com\/wp-content\/uploads\/2023\/01\/gbf2021-nurettin-topcu-1-300x300.jpg 300w, https:\/\/forum.geleceginbilimi.com\/wp-content\/uploads\/2023\/01\/gbf2021-nurettin-topcu-1-1000x1000.jpg 1000w, https:\/\/forum.geleceginbilimi.com\/wp-content\/uploads\/2023\/01\/gbf2021-nurettin-topcu-1-150x150.jpg 150w, https:\/\/forum.geleceginbilimi.com\/wp-content\/uploads\/2023\/01\/gbf2021-nurettin-topcu-1-768x768.jpg 768w\" sizes=\"(max-width: 1080px) 100vw, 1080px\" \/><\/a>\n\t\t\t<\/div><\/figure><figure class='gallery-item'>\n\t\t\t<div class='gallery-icon landscape'>\n\t\t\t\t<a data-elementor-open-lightbox=\"yes\" data-elementor-lightbox-slideshow=\"8099c18\" data-elementor-lightbox-title=\"gbf2021-psikobilim\" e-action-hash=\"#elementor-action%3Aaction%3Dlightbox%26settings%3DeyJpZCI6OTU1NiwidXJsIjoiaHR0cHM6XC9cL2ZvcnVtLmdlbGVjZWdpbmJpbGltaS5jb21cL3dwLWNvbnRlbnRcL3VwbG9hZHNcLzIwMjNcLzAxXC9nYmYyMDIxLXBzaWtvYmlsaW0tMS5qcGciLCJzbGlkZXNob3ciOiI4MDk5YzE4In0%3D\" href='https:\/\/forum.geleceginbilimi.com\/wp-content\/uploads\/2023\/01\/gbf2021-psikobilim-1.jpg'><img width=\"1080\" height=\"1080\" src=\"https:\/\/forum.geleceginbilimi.com\/wp-content\/uploads\/2023\/01\/gbf2021-psikobilim-1.jpg\" class=\"attachment-full size-full\" alt=\"\" loading=\"lazy\" srcset=\"https:\/\/forum.geleceginbilimi.com\/wp-content\/uploads\/2023\/01\/gbf2021-psikobilim-1.jpg 1080w, https:\/\/forum.geleceginbilimi.com\/wp-content\/uploads\/2023\/01\/gbf2021-psikobilim-1-300x300.jpg 300w, https:\/\/forum.geleceginbilimi.com\/wp-content\/uploads\/2023\/01\/gbf2021-psikobilim-1-1000x1000.jpg 1000w, https:\/\/forum.geleceginbilimi.com\/wp-content\/uploads\/2023\/01\/gbf2021-psikobilim-1-150x150.jpg 150w, https:\/\/forum.geleceginbilimi.com\/wp-content\/uploads\/2023\/01\/gbf2021-psikobilim-1-768x768.jpg 768w\" sizes=\"(max-width: 1080px) 100vw, 1080px\" \/><\/a>\n\t\t\t<\/div><\/figure><figure class='gallery-item'>\n\t\t\t<div class='gallery-icon landscape'>\n\t\t\t\t<a data-elementor-open-lightbox=\"yes\" data-elementor-lightbox-slideshow=\"8099c18\" data-elementor-lightbox-title=\"gbf2021-sanat-tarihi-oturumu\" e-action-hash=\"#elementor-action%3Aaction%3Dlightbox%26settings%3DeyJpZCI6OTU1NywidXJsIjoiaHR0cHM6XC9cL2ZvcnVtLmdlbGVjZWdpbmJpbGltaS5jb21cL3dwLWNvbnRlbnRcL3VwbG9hZHNcLzIwMjNcLzAxXC9nYmYyMDIxLXNhbmF0LXRhcmloaS1vdHVydW11LTEuanBnIiwic2xpZGVzaG93IjoiODA5OWMxOCJ9\" href='https:\/\/forum.geleceginbilimi.com\/wp-content\/uploads\/2023\/01\/gbf2021-sanat-tarihi-oturumu-1.jpg'><img width=\"1080\" height=\"1080\" src=\"https:\/\/forum.geleceginbilimi.com\/wp-content\/uploads\/2023\/01\/gbf2021-sanat-tarihi-oturumu-1.jpg\" class=\"attachment-full size-full\" alt=\"\" loading=\"lazy\" srcset=\"https:\/\/forum.geleceginbilimi.com\/wp-content\/uploads\/2023\/01\/gbf2021-sanat-tarihi-oturumu-1.jpg 1080w, https:\/\/forum.geleceginbilimi.com\/wp-content\/uploads\/2023\/01\/gbf2021-sanat-tarihi-oturumu-1-300x300.jpg 300w, https:\/\/forum.geleceginbilimi.com\/wp-content\/uploads\/2023\/01\/gbf2021-sanat-tarihi-oturumu-1-1000x1000.jpg 1000w, https:\/\/forum.geleceginbilimi.com\/wp-content\/uploads\/2023\/01\/gbf2021-sanat-tarihi-oturumu-1-150x150.jpg 150w, https:\/\/forum.geleceginbilimi.com\/wp-content\/uploads\/2023\/01\/gbf2021-sanat-tarihi-oturumu-1-768x768.jpg 768w\" sizes=\"(max-width: 1080px) 100vw, 1080px\" \/><\/a>\n\t\t\t<\/div><\/figure><figure class='gallery-item'>\n\t\t\t<div class='gallery-icon landscape'>\n\t\t\t\t<a data-elementor-open-lightbox=\"yes\" data-elementor-lightbox-slideshow=\"8099c18\" data-elementor-lightbox-title=\"gbf2021-terenn\u00fcm\" e-action-hash=\"#elementor-action%3Aaction%3Dlightbox%26settings%3DeyJpZCI6OTU1OCwidXJsIjoiaHR0cHM6XC9cL2ZvcnVtLmdlbGVjZWdpbmJpbGltaS5jb21cL3dwLWNvbnRlbnRcL3VwbG9hZHNcLzIwMjNcLzAxXC9nYmYyMDIxLXRlcmVubnVtLTEuanBnIiwic2xpZGVzaG93IjoiODA5OWMxOCJ9\" href='https:\/\/forum.geleceginbilimi.com\/wp-content\/uploads\/2023\/01\/gbf2021-terennum-1.jpg'><img width=\"1080\" height=\"1080\" src=\"https:\/\/forum.geleceginbilimi.com\/wp-content\/uploads\/2023\/01\/gbf2021-terennum-1.jpg\" class=\"attachment-full size-full\" alt=\"\" loading=\"lazy\" srcset=\"https:\/\/forum.geleceginbilimi.com\/wp-content\/uploads\/2023\/01\/gbf2021-terennum-1.jpg 1080w, https:\/\/forum.geleceginbilimi.com\/wp-content\/uploads\/2023\/01\/gbf2021-terennum-1-300x300.jpg 300w, https:\/\/forum.geleceginbilimi.com\/wp-content\/uploads\/2023\/01\/gbf2021-terennum-1-1000x1000.jpg 1000w, https:\/\/forum.geleceginbilimi.com\/wp-content\/uploads\/2023\/01\/gbf2021-terennum-1-150x150.jpg 150w, https:\/\/forum.geleceginbilimi.com\/wp-content\/uploads\/2023\/01\/gbf2021-terennum-1-768x768.jpg 768w\" sizes=\"(max-width: 1080px) 100vw, 1080px\" \/><\/a>\n\t\t\t<\/div><\/figure><figure class='gallery-item'>\n\t\t\t<div class='gallery-icon landscape'>\n\t\t\t\t<a data-elementor-open-lightbox=\"yes\" data-elementor-lightbox-slideshow=\"8099c18\" data-elementor-lightbox-title=\"gbf2021-yeni-muhendisler\" e-action-hash=\"#elementor-action%3Aaction%3Dlightbox%26settings%3DeyJpZCI6OTU1OSwidXJsIjoiaHR0cHM6XC9cL2ZvcnVtLmdlbGVjZWdpbmJpbGltaS5jb21cL3dwLWNvbnRlbnRcL3VwbG9hZHNcLzIwMjNcLzAxXC9nYmYyMDIxLXllbmktbXVoZW5kaXNsZXItMS5qcGciLCJzbGlkZXNob3ciOiI4MDk5YzE4In0%3D\" href='https:\/\/forum.geleceginbilimi.com\/wp-content\/uploads\/2023\/01\/gbf2021-yeni-muhendisler-1.jpg'><img width=\"1080\" height=\"1080\" src=\"https:\/\/forum.geleceginbilimi.com\/wp-content\/uploads\/2023\/01\/gbf2021-yeni-muhendisler-1.jpg\" class=\"attachment-full size-full\" alt=\"\" loading=\"lazy\" srcset=\"https:\/\/forum.geleceginbilimi.com\/wp-content\/uploads\/2023\/01\/gbf2021-yeni-muhendisler-1.jpg 1080w, https:\/\/forum.geleceginbilimi.com\/wp-content\/uploads\/2023\/01\/gbf2021-yeni-muhendisler-1-300x300.jpg 300w, https:\/\/forum.geleceginbilimi.com\/wp-content\/uploads\/2023\/01\/gbf2021-yeni-muhendisler-1-1000x1000.jpg 1000w, https:\/\/forum.geleceginbilimi.com\/wp-content\/uploads\/2023\/01\/gbf2021-yeni-muhendisler-1-150x150.jpg 150w, https:\/\/forum.geleceginbilimi.com\/wp-content\/uploads\/2023\/01\/gbf2021-yeni-muhendisler-1-768x768.jpg 768w\" sizes=\"(max-width: 1080px) 100vw, 1080px\" \/><\/a>\n\t\t\t<\/div><\/figure><figure class='gallery-item'>\n\t\t\t<div class='gallery-icon landscape'>\n\t\t\t\t<a data-elementor-open-lightbox=\"yes\" data-elementor-lightbox-slideshow=\"8099c18\" data-elementor-lightbox-title=\"gbf2021-yitik-miras\" e-action-hash=\"#elementor-action%3Aaction%3Dlightbox%26settings%3DeyJpZCI6OTU2MCwidXJsIjoiaHR0cHM6XC9cL2ZvcnVtLmdlbGVjZWdpbmJpbGltaS5jb21cL3dwLWNvbnRlbnRcL3VwbG9hZHNcLzIwMjNcLzAxXC9nYmYyMDIxLXlpdGlrLW1pcmFzLTEuanBnIiwic2xpZGVzaG93IjoiODA5OWMxOCJ9\" href='https:\/\/forum.geleceginbilimi.com\/wp-content\/uploads\/2023\/01\/gbf2021-yitik-miras-1.jpg'><img width=\"1080\" height=\"1080\" src=\"https:\/\/forum.geleceginbilimi.com\/wp-content\/uploads\/2023\/01\/gbf2021-yitik-miras-1.jpg\" class=\"attachment-full size-full\" alt=\"\" loading=\"lazy\" srcset=\"https:\/\/forum.geleceginbilimi.com\/wp-content\/uploads\/2023\/01\/gbf2021-yitik-miras-1.jpg 1080w, https:\/\/forum.geleceginbilimi.com\/wp-content\/uploads\/2023\/01\/gbf2021-yitik-miras-1-300x300.jpg 300w, https:\/\/forum.geleceginbilimi.com\/wp-content\/uploads\/2023\/01\/gbf2021-yitik-miras-1-1000x1000.jpg 1000w, https:\/\/forum.geleceginbilimi.com\/wp-content\/uploads\/2023\/01\/gbf2021-yitik-miras-1-150x150.jpg 150w, https:\/\/forum.geleceginbilimi.com\/wp-content\/uploads\/2023\/01\/gbf2021-yitik-miras-1-768x768.jpg 768w\" sizes=\"(max-width: 1080px) 100vw, 1080px\" \/><\/a>\n\t\t\t<\/div><\/figure><figure class='gallery-item'>\n\t\t\t<div class='gallery-icon landscape'>\n\t\t\t\t<a data-elementor-open-lightbox=\"yes\" data-elementor-lightbox-slideshow=\"8099c18\" data-elementor-lightbox-title=\"gbf2021-bilimin-gelecegi\" e-action-hash=\"#elementor-action%3Aaction%3Dlightbox%26settings%3DeyJpZCI6OTU2MSwidXJsIjoiaHR0cHM6XC9cL2ZvcnVtLmdlbGVjZWdpbmJpbGltaS5jb21cL3dwLWNvbnRlbnRcL3VwbG9hZHNcLzIwMjNcLzAxXC9nYmYyMDIxLWJpbGltaW4tZ2VsZWNlZ2ktMS5qcGciLCJzbGlkZXNob3ciOiI4MDk5YzE4In0%3D\" href='https:\/\/forum.geleceginbilimi.com\/wp-content\/uploads\/2023\/01\/gbf2021-bilimin-gelecegi-1.jpg'><img width=\"1080\" height=\"1080\" src=\"https:\/\/forum.geleceginbilimi.com\/wp-content\/uploads\/2023\/01\/gbf2021-bilimin-gelecegi-1.jpg\" class=\"attachment-full size-full\" alt=\"\" loading=\"lazy\" srcset=\"https:\/\/forum.geleceginbilimi.com\/wp-content\/uploads\/2023\/01\/gbf2021-bilimin-gelecegi-1.jpg 1080w, https:\/\/forum.geleceginbilimi.com\/wp-content\/uploads\/2023\/01\/gbf2021-bilimin-gelecegi-1-300x300.jpg 300w, https:\/\/forum.geleceginbilimi.com\/wp-content\/uploads\/2023\/01\/gbf2021-bilimin-gelecegi-1-1000x1000.jpg 1000w, https:\/\/forum.geleceginbilimi.com\/wp-content\/uploads\/2023\/01\/gbf2021-bilimin-gelecegi-1-150x150.jpg 150w, https:\/\/forum.geleceginbilimi.com\/wp-content\/uploads\/2023\/01\/gbf2021-bilimin-gelecegi-1-768x768.jpg 768w\" sizes=\"(max-width: 1080px) 100vw, 1080px\" \/><\/a>\n\t\t\t<\/div><\/figure><figure class='gallery-item'>\n\t\t\t<div class='gallery-icon landscape'>\n\t\t\t\t<a data-elementor-open-lightbox=\"yes\" data-elementor-lightbox-slideshow=\"8099c18\" data-elementor-lightbox-title=\"gbf2021-digital-devrim\" e-action-hash=\"#elementor-action%3Aaction%3Dlightbox%26settings%3DeyJpZCI6OTU2MiwidXJsIjoiaHR0cHM6XC9cL2ZvcnVtLmdlbGVjZWdpbmJpbGltaS5jb21cL3dwLWNvbnRlbnRcL3VwbG9hZHNcLzIwMjNcLzAxXC9nYmYyMDIxLWRpZ2l0YWwtZGV2cmltLTIuanBnIiwic2xpZGVzaG93IjoiODA5OWMxOCJ9\" href='https:\/\/forum.geleceginbilimi.com\/wp-content\/uploads\/2023\/01\/gbf2021-digital-devrim-2.jpg'><img width=\"1080\" height=\"1080\" src=\"https:\/\/forum.geleceginbilimi.com\/wp-content\/uploads\/2023\/01\/gbf2021-digital-devrim-2.jpg\" class=\"attachment-full size-full\" alt=\"\" loading=\"lazy\" srcset=\"https:\/\/forum.geleceginbilimi.com\/wp-content\/uploads\/2023\/01\/gbf2021-digital-devrim-2.jpg 1080w, https:\/\/forum.geleceginbilimi.com\/wp-content\/uploads\/2023\/01\/gbf2021-digital-devrim-2-300x300.jpg 300w, https:\/\/forum.geleceginbilimi.com\/wp-content\/uploads\/2023\/01\/gbf2021-digital-devrim-2-1000x1000.jpg 1000w, https:\/\/forum.geleceginbilimi.com\/wp-content\/uploads\/2023\/01\/gbf2021-digital-devrim-2-150x150.jpg 150w, https:\/\/forum.geleceginbilimi.com\/wp-content\/uploads\/2023\/01\/gbf2021-digital-devrim-2-768x768.jpg 768w\" sizes=\"(max-width: 1080px) 100vw, 1080px\" \/><\/a>\n\t\t\t<\/div><\/figure><figure class='gallery-item'>\n\t\t\t<div class='gallery-icon landscape'>\n\t\t\t\t<a data-elementor-open-lightbox=\"yes\" data-elementor-lightbox-slideshow=\"8099c18\" data-elementor-lightbox-title=\"gbf2021-doganin-sifreleri\" e-action-hash=\"#elementor-action%3Aaction%3Dlightbox%26settings%3DeyJpZCI6OTU2NCwidXJsIjoiaHR0cHM6XC9cL2ZvcnVtLmdlbGVjZWdpbmJpbGltaS5jb21cL3dwLWNvbnRlbnRcL3VwbG9hZHNcLzIwMjNcLzAxXC9nYmYyMDIxLWRvZ2FuaW4tc2lmcmVsZXJpLTEuanBnIiwic2xpZGVzaG93IjoiODA5OWMxOCJ9\" href='https:\/\/forum.geleceginbilimi.com\/wp-content\/uploads\/2023\/01\/gbf2021-doganin-sifreleri-1.jpg'><img width=\"1080\" height=\"1080\" src=\"https:\/\/forum.geleceginbilimi.com\/wp-content\/uploads\/2023\/01\/gbf2021-doganin-sifreleri-1.jpg\" class=\"attachment-full size-full\" alt=\"\" loading=\"lazy\" srcset=\"https:\/\/forum.geleceginbilimi.com\/wp-content\/uploads\/2023\/01\/gbf2021-doganin-sifreleri-1.jpg 1080w, https:\/\/forum.geleceginbilimi.com\/wp-content\/uploads\/2023\/01\/gbf2021-doganin-sifreleri-1-300x300.jpg 300w, https:\/\/forum.geleceginbilimi.com\/wp-content\/uploads\/2023\/01\/gbf2021-doganin-sifreleri-1-1000x1000.jpg 1000w, https:\/\/forum.geleceginbilimi.com\/wp-content\/uploads\/2023\/01\/gbf2021-doganin-sifreleri-1-150x150.jpg 150w, https:\/\/forum.geleceginbilimi.com\/wp-content\/uploads\/2023\/01\/gbf2021-doganin-sifreleri-1-768x768.jpg 768w\" sizes=\"(max-width: 1080px) 100vw, 1080px\" \/><\/a>\n\t\t\t<\/div><\/figure><figure class='gallery-item'>\n\t\t\t<div class='gallery-icon landscape'>\n\t\t\t\t<a data-elementor-open-lightbox=\"yes\" data-elementor-lightbox-slideshow=\"8099c18\" data-elementor-lightbox-title=\"gbf2021-gelecegin-mimarisi\" e-action-hash=\"#elementor-action%3Aaction%3Dlightbox%26settings%3DeyJpZCI6OTU2NSwidXJsIjoiaHR0cHM6XC9cL2ZvcnVtLmdlbGVjZWdpbmJpbGltaS5jb21cL3dwLWNvbnRlbnRcL3VwbG9hZHNcLzIwMjNcLzAxXC9nYmYyMDIxLWdlbGVjZWdpbi1taW1hcmlzaS0xLmpwZyIsInNsaWRlc2hvdyI6IjgwOTljMTgifQ%3D%3D\" href='https:\/\/forum.geleceginbilimi.com\/wp-content\/uploads\/2023\/01\/gbf2021-gelecegin-mimarisi-1.jpg'><img width=\"1080\" height=\"1080\" src=\"https:\/\/forum.geleceginbilimi.com\/wp-content\/uploads\/2023\/01\/gbf2021-gelecegin-mimarisi-1.jpg\" class=\"attachment-full size-full\" alt=\"\" loading=\"lazy\" srcset=\"https:\/\/forum.geleceginbilimi.com\/wp-content\/uploads\/2023\/01\/gbf2021-gelecegin-mimarisi-1.jpg 1080w, https:\/\/forum.geleceginbilimi.com\/wp-content\/uploads\/2023\/01\/gbf2021-gelecegin-mimarisi-1-300x300.jpg 300w, https:\/\/forum.geleceginbilimi.com\/wp-content\/uploads\/2023\/01\/gbf2021-gelecegin-mimarisi-1-1000x1000.jpg 1000w, https:\/\/forum.geleceginbilimi.com\/wp-content\/uploads\/2023\/01\/gbf2021-gelecegin-mimarisi-1-150x150.jpg 150w, https:\/\/forum.geleceginbilimi.com\/wp-content\/uploads\/2023\/01\/gbf2021-gelecegin-mimarisi-1-768x768.jpg 768w\" sizes=\"(max-width: 1080px) 100vw, 1080px\" \/><\/a>\n\t\t\t<\/div><\/figure>\n\t\t<\/div>\n\t\t<\/div>\n\t\t\t\t<\/div>\n\t\t\t\t<\/div>\n\t\t\t\t\t\t<\/div>\n\t\t\t\t\t<\/div>\n\t\t<\/div>\n\t\t\t\t\t\t\t\t<\/div>\n\t\t\t\t\t<\/div>\n\t\t<\/section>\n\t\t\t\t<section class=\"elementor-section elementor-top-section elementor-element elementor-element-65242fdf elementor-section-boxed elementor-section-height-default elementor-section-height-default\" data-id=\"65242fdf\" data-element_type=\"section\">\n\t\t\t\t\t\t<div class=\"elementor-container elementor-column-gap-default\">\n\t\t\t\t\t\t\t<div class=\"elementor-row\">\n\t\t\t\t\t<div class=\"elementor-column elementor-col-100 elementor-top-column elementor-element elementor-element-24699e27\" data-id=\"24699e27\" data-element_type=\"column\">\n\t\t\t<div class=\"elementor-column-wrap elementor-element-populated\">\n\t\t\t\t\t\t\t<div class=\"elementor-widget-wrap\">\n\t\t\t\t\t\t<div class=\"elementor-element elementor-element-279fbc30 elementor-invisible elementor-widget elementor-widget-exhibz-title\" data-id=\"279fbc30\" data-element_type=\"widget\" data-settings=\"{&quot;_animation&quot;:&quot;slideInUp&quot;}\" data-widget_type=\"exhibz-title.default\">\n\t\t\t\t<div class=\"elementor-widget-container\">\n\t\t\t\n    <div class=\"title-section-area\">\n        <h2 class=\"section-title\">\n            <span class=\"sub-title\"><\/span>\n\t\t\tKonu\u015fmac\u0131lar        <\/h2>\n\t\t                    <span class=\"title-shape\">\n                  <svg xmlns='http:\/\/www.w3.org\/2000\/svg' xmlns:xlink='http:\/\/www.w3.org\/1999\/xlink' width='71px' height='11px'> <path fill-rule='evenodd' d='M59.669,10.710 L49.164,3.306 L39.428,10.681 L29.714,3.322 L20.006,10.682 L10.295,3.322 L1.185,10.228 L-0.010,8.578 L10.295,0.765 L20.006,8.125 L29.714,0.765 L39.428,8.125 L49.122,0.781 L59.680,8.223 L69.858,1.192 L70.982,2.895 L59.669,10.710 Z'\/><\/svg>\n            <\/span>\n                    <\/div><!-- Section title -->\n    \n    \n\n    \t\t<\/div>\n\t\t\t\t<\/div>\n\t\t\t\t\t\t<\/div>\n\t\t\t\t\t<\/div>\n\t\t<\/div>\n\t\t\t\t\t\t\t\t<\/div>\n\t\t\t\t\t<\/div>\n\t\t<\/section>\n\t\t\t\t<section class=\"elementor-section elementor-top-section elementor-element elementor-element-3f02076 elementor-section-boxed elementor-section-height-default elementor-section-height-default\" data-id=\"3f02076\" data-element_type=\"section\">\n\t\t\t\t\t\t<div class=\"elementor-container elementor-column-gap-default\">\n\t\t\t\t\t\t\t<div class=\"elementor-row\">\n\t\t\t\t\t<div class=\"elementor-column elementor-col-20 elementor-top-column elementor-element elementor-element-9b95265\" data-id=\"9b95265\" data-element_type=\"column\">\n\t\t\t<div class=\"elementor-column-wrap elementor-element-populated\">\n\t\t\t\t\t\t\t<div class=\"elementor-widget-wrap\">\n\t\t\t\t\t\t<div class=\"elementor-element elementor-element-d0d019a elementor-widget elementor-widget-exhibz-speaker\" data-id=\"d0d019a\" data-element_type=\"widget\" data-widget_type=\"exhibz-speaker.default\">\n\t\t\t\t<div class=\"elementor-widget-container\">\n\t\t\t            \n\n\n            \n            \n                        <section class=\"ts-speakers-style4 ts-speakers speaker-classic\">\n                <div class=\"ts-speaker\" style=\"--speaker-color: #25cd44\">\n                    <div class=\"speaker-img\">\n                                                    <img width=\"1000\" height=\"1000\" src=\"https:\/\/forum.geleceginbilimi.com\/wp-content\/uploads\/2021\/12\/Adsiz-tasarim.png\" class=\"img-fluid\" alt=\"\" loading=\"lazy\" srcset=\"https:\/\/forum.geleceginbilimi.com\/wp-content\/uploads\/2021\/12\/Adsiz-tasarim.png 1000w, https:\/\/forum.geleceginbilimi.com\/wp-content\/uploads\/2021\/12\/Adsiz-tasarim-300x300.png 300w, https:\/\/forum.geleceginbilimi.com\/wp-content\/uploads\/2021\/12\/Adsiz-tasarim-150x150.png 150w, https:\/\/forum.geleceginbilimi.com\/wp-content\/uploads\/2021\/12\/Adsiz-tasarim-768x768.png 768w\" sizes=\"(max-width: 1000px) 100vw, 1000px\" \/>                                                <a href=\"#popup_5753\" class=\"view-speaker ts-image-popup\" data-effect=\"mfp-zoom-in\">\n                            <i class=\"icon icon-plus\"><\/i>\n                        <\/a>\n                         <!-- speaker social -->\n                        <div class=\"ts-speakers-social-4 ts-speakers-social\">\n                                                                                                                <\/div>\n                        <!-- speaker social end -->\n                    <\/div>\n                    <div class=\"ts-speaker-info text-left\">\n                        <h3 class=\"ts-title\"> <a href=\"https:\/\/forum.geleceginbilimi.com\/?ts-speaker=yusuf-kaplan\"> Yusuf Kaplan <\/a> <\/h3>\n                        <p>\n                            Yeni Bir Dil A\u00e7\u0131l\u0131\u015f Konu\u015fmas\u0131                        <\/p>\n                    <\/div>\n                    <!--- speaker info end -->\n                    <!-- popup start-->\n                    <div id=\"popup_5753\" class=\"container ts-speaker-popup mfp-hide\">\n                        <div class=\"row\">\n                            <div class=\"col-lg-6\">\n                                <div class=\"ts-speaker-popup-img\">\n                                                                            <img width=\"1000\" height=\"1000\" src=\"https:\/\/forum.geleceginbilimi.com\/wp-content\/uploads\/2021\/12\/Adsiz-tasarim.png\" class=\"attachment-full size-full\" alt=\"\" loading=\"lazy\" srcset=\"https:\/\/forum.geleceginbilimi.com\/wp-content\/uploads\/2021\/12\/Adsiz-tasarim.png 1000w, https:\/\/forum.geleceginbilimi.com\/wp-content\/uploads\/2021\/12\/Adsiz-tasarim-300x300.png 300w, https:\/\/forum.geleceginbilimi.com\/wp-content\/uploads\/2021\/12\/Adsiz-tasarim-150x150.png 150w, https:\/\/forum.geleceginbilimi.com\/wp-content\/uploads\/2021\/12\/Adsiz-tasarim-768x768.png 768w\" sizes=\"(max-width: 1000px) 100vw, 1000px\" \/>                                                                    <\/div>\n                            <\/div>\n                            <!-- col end-->\n                            <div class=\"col-lg-6\">\n                                <div class=\"ts-speaker-popup-content\">\n                                    <h3 class=\"ts-title\"><a href=\"https:\/\/forum.geleceginbilimi.com\/?ts-speaker=yusuf-kaplan\"> Yusuf Kaplan <\/a> <\/h3>\n                                    <span class=\"speakder-designation\"> Yeni Bir Dil A\u00e7\u0131l\u0131\u015f Konu\u015fmas\u0131<\/span>\n                                                                        <p>\n                                                                            <\/p>\n                                    <div class=\"ts-speakers-social\">\n                                                                                                                                                                <\/div>\n                                <\/div>\n                                <!-- ts-speaker-popup-content end-->\n                            <\/div>\n                            <!-- col end-->\n                        <\/div>\n                        <!-- row end-->\n                    <\/div>\n                    <!-- popup end-->\n                <\/div>\n            <\/section>\n            <!-- ts-speaker end  -->\n            \n\n\n\n    \t\t<\/div>\n\t\t\t\t<\/div>\n\t\t\t\t<div class=\"elementor-element elementor-element-87918af elementor-widget elementor-widget-exhibz-speaker\" data-id=\"87918af\" data-element_type=\"widget\" data-widget_type=\"exhibz-speaker.default\">\n\t\t\t\t<div class=\"elementor-widget-container\">\n\t\t\t            \n\n\n            \n            \n                        <section class=\"ts-speakers-style4 ts-speakers speaker-classic\">\n                <div class=\"ts-speaker\" style=\"--speaker-color: #25cd44\">\n                    <div class=\"speaker-img\">\n                                                    <img width=\"500\" height=\"500\" src=\"https:\/\/forum.geleceginbilimi.com\/wp-content\/uploads\/2021\/11\/Tarkan-Karakan.png\" class=\"img-fluid\" alt=\"\" loading=\"lazy\" srcset=\"https:\/\/forum.geleceginbilimi.com\/wp-content\/uploads\/2021\/11\/Tarkan-Karakan.png 500w, https:\/\/forum.geleceginbilimi.com\/wp-content\/uploads\/2021\/11\/Tarkan-Karakan-300x300.png 300w, https:\/\/forum.geleceginbilimi.com\/wp-content\/uploads\/2021\/11\/Tarkan-Karakan-150x150.png 150w\" sizes=\"(max-width: 500px) 100vw, 500px\" \/>                                                <a href=\"#popup_5068\" class=\"view-speaker ts-image-popup\" data-effect=\"mfp-zoom-in\">\n                            <i class=\"icon icon-plus\"><\/i>\n                        <\/a>\n                         <!-- speaker social -->\n                        <div class=\"ts-speakers-social-4 ts-speakers-social\">\n                                                                                                                <\/div>\n                        <!-- speaker social end -->\n                    <\/div>\n                    <div class=\"ts-speaker-info text-left\">\n                        <h3 class=\"ts-title\"> <a href=\"https:\/\/forum.geleceginbilimi.com\/?ts-speaker=tarkan-karakan\"> Tarkan Karakan <\/a> <\/h3>\n                        <p>\n                            Mikrobiyota Oturumu                        <\/p>\n                    <\/div>\n                    <!--- speaker info end -->\n                    <!-- popup start-->\n                    <div id=\"popup_5068\" class=\"container ts-speaker-popup mfp-hide\">\n                        <div class=\"row\">\n                            <div class=\"col-lg-6\">\n                                <div class=\"ts-speaker-popup-img\">\n                                                                            <img width=\"500\" height=\"500\" src=\"https:\/\/forum.geleceginbilimi.com\/wp-content\/uploads\/2021\/11\/Tarkan-Karakan.png\" class=\"attachment-full size-full\" alt=\"\" loading=\"lazy\" srcset=\"https:\/\/forum.geleceginbilimi.com\/wp-content\/uploads\/2021\/11\/Tarkan-Karakan.png 500w, https:\/\/forum.geleceginbilimi.com\/wp-content\/uploads\/2021\/11\/Tarkan-Karakan-300x300.png 300w, https:\/\/forum.geleceginbilimi.com\/wp-content\/uploads\/2021\/11\/Tarkan-Karakan-150x150.png 150w\" sizes=\"(max-width: 500px) 100vw, 500px\" \/>                                                                    <\/div>\n                            <\/div>\n                            <!-- col end-->\n                            <div class=\"col-lg-6\">\n                                <div class=\"ts-speaker-popup-content\">\n                                    <h3 class=\"ts-title\"><a href=\"https:\/\/forum.geleceginbilimi.com\/?ts-speaker=tarkan-karakan\"> Tarkan Karakan <\/a> <\/h3>\n                                    <span class=\"speakder-designation\"> Mikrobiyota Oturumu<\/span>\n                                                                        <p>\n                                        <p>Prof.Dr. Tarkan Karakan 1994 y\u0131l\u0131nda Hacettepe ingilizce T\u0131p Fak\u00fcltesinden mezun oldu, 1994 ile 2000 y\u0131llar\u0131 aras\u0131nda Gazi \u00dcniversitesi \u0130\u00e7 Hastal\u0131klar\u0131 Anabilim Dal\u0131\u2019nda ara\u015ft\u0131rma g\u00f6revlisi olarak \u00e7al\u0131\u015ft\u0131. 2000 ve 2002 aras\u0131nda Ankara Bay\u0131nd\u0131r Hastanesi Gastroenteroloji B\u00f6l\u00fcm\u00fcnde \u00e7al\u0131\u015ft\u0131. 2002-2005 y\u0131llar\u0131nda Gazi \u00dcniversitesi Gastroenteroloji Bilim Dal\u0131\u2019nda yandal asistanl\u0131\u011f\u0131n\u0131 tamamlayarak, 2005 y\u0131l\u0131ndan itibaren ayn\u0131 b\u00f6l\u00fcmde \u00e7al\u0131\u015fmalar\u0131na devam etti. 2008 y\u0131l\u0131nda \u201cDo\u00e7ent\u201d \u00fcnvan\u0131 alarak, halen Gazi \u00dcniveristesi Gastroenteroloji Bilim Dal\u0131\u2019nda \u00f6\u011fretim \u00fcyesi olarak \u00e7al\u0131\u015fmalar\u0131na devam etmektedir. 2009 ve 2010 y\u0131llar\u0131nda Br\u00fcksel\u2019de ileri endoskopi kursuna kat\u0131lm\u0131\u015f olan Prof.Dr Tarkan Karakan, 2011 y\u0131l\u0131nda 3 ay s\u00fcre ile Endoskopik ultrasonografi alan\u0131nda ABD\u2019de Johns Hopkins \u00dcniversitesi\u2019nde g\u00f6zlemci olarak bulunmu\u015ftur. \u0130lgi alanlar\u0131 endosnografi, klinik nutrisyon ve barsak floras\u0131- probiyotiklerdir.<\/p>                                    <\/p>\n                                    <div class=\"ts-speakers-social\">\n                                                                                                                                                                <\/div>\n                                <\/div>\n                                <!-- ts-speaker-popup-content end-->\n                            <\/div>\n                            <!-- col end-->\n                        <\/div>\n                        <!-- row end-->\n                    <\/div>\n                    <!-- popup end-->\n                <\/div>\n            <\/section>\n            <!-- ts-speaker end  -->\n            \n\n\n\n    \t\t<\/div>\n\t\t\t\t<\/div>\n\t\t\t\t<div class=\"elementor-element elementor-element-5808ebe elementor-widget elementor-widget-exhibz-speaker\" data-id=\"5808ebe\" data-element_type=\"widget\" data-widget_type=\"exhibz-speaker.default\">\n\t\t\t\t<div class=\"elementor-widget-container\">\n\t\t\t            \n\n\n            \n            \n                        <section class=\"ts-speakers-style4 ts-speakers speaker-classic\">\n                <div class=\"ts-speaker\" style=\"--speaker-color: #25cd44\">\n                    <div class=\"speaker-img\">\n                                                    <img width=\"1000\" height=\"1000\" src=\"https:\/\/forum.geleceginbilimi.com\/wp-content\/uploads\/2021\/12\/Adsiz-tasarim-2-1.png\" class=\"img-fluid\" alt=\"\" loading=\"lazy\" srcset=\"https:\/\/forum.geleceginbilimi.com\/wp-content\/uploads\/2021\/12\/Adsiz-tasarim-2-1.png 1000w, https:\/\/forum.geleceginbilimi.com\/wp-content\/uploads\/2021\/12\/Adsiz-tasarim-2-1-300x300.png 300w, https:\/\/forum.geleceginbilimi.com\/wp-content\/uploads\/2021\/12\/Adsiz-tasarim-2-1-150x150.png 150w, https:\/\/forum.geleceginbilimi.com\/wp-content\/uploads\/2021\/12\/Adsiz-tasarim-2-1-768x768.png 768w\" sizes=\"(max-width: 1000px) 100vw, 1000px\" \/>                                                <a href=\"#popup_6180\" class=\"view-speaker ts-image-popup\" data-effect=\"mfp-zoom-in\">\n                            <i class=\"icon icon-plus\"><\/i>\n                        <\/a>\n                         <!-- speaker social -->\n                        <div class=\"ts-speakers-social-4 ts-speakers-social\">\n                                                                                                                <\/div>\n                        <!-- speaker social end -->\n                    <\/div>\n                    <div class=\"ts-speaker-info text-left\">\n                        <h3 class=\"ts-title\"> <a href=\"https:\/\/forum.geleceginbilimi.com\/?ts-speaker=nurullah-mahmut-dundar\"> Nurullah Mahmut D\u00fcndar <\/a> <\/h3>\n                        <p>\n                            Dijital Devrim Oturumu                        <\/p>\n                    <\/div>\n                    <!--- speaker info end -->\n                    <!-- popup start-->\n                    <div id=\"popup_6180\" class=\"container ts-speaker-popup mfp-hide\">\n                        <div class=\"row\">\n                            <div class=\"col-lg-6\">\n                                <div class=\"ts-speaker-popup-img\">\n                                                                            <img width=\"1000\" height=\"1000\" src=\"https:\/\/forum.geleceginbilimi.com\/wp-content\/uploads\/2021\/12\/Adsiz-tasarim-2-1.png\" class=\"attachment-full size-full\" alt=\"\" loading=\"lazy\" srcset=\"https:\/\/forum.geleceginbilimi.com\/wp-content\/uploads\/2021\/12\/Adsiz-tasarim-2-1.png 1000w, https:\/\/forum.geleceginbilimi.com\/wp-content\/uploads\/2021\/12\/Adsiz-tasarim-2-1-300x300.png 300w, https:\/\/forum.geleceginbilimi.com\/wp-content\/uploads\/2021\/12\/Adsiz-tasarim-2-1-150x150.png 150w, https:\/\/forum.geleceginbilimi.com\/wp-content\/uploads\/2021\/12\/Adsiz-tasarim-2-1-768x768.png 768w\" sizes=\"(max-width: 1000px) 100vw, 1000px\" \/>                                                                    <\/div>\n                            <\/div>\n                            <!-- col end-->\n                            <div class=\"col-lg-6\">\n                                <div class=\"ts-speaker-popup-content\">\n                                    <h3 class=\"ts-title\"><a href=\"https:\/\/forum.geleceginbilimi.com\/?ts-speaker=nurullah-mahmut-dundar\"> Nurullah Mahmut D\u00fcndar <\/a> <\/h3>\n                                    <span class=\"speakder-designation\"> Dijital Devrim Oturumu<\/span>\n                                                                        <p>\n                                                                            <\/p>\n                                    <div class=\"ts-speakers-social\">\n                                                                                                                                                                <\/div>\n                                <\/div>\n                                <!-- ts-speaker-popup-content end-->\n                            <\/div>\n                            <!-- col end-->\n                        <\/div>\n                        <!-- row end-->\n                    <\/div>\n                    <!-- popup end-->\n                <\/div>\n            <\/section>\n            <!-- ts-speaker end  -->\n            \n\n\n\n    \t\t<\/div>\n\t\t\t\t<\/div>\n\t\t\t\t<div class=\"elementor-element elementor-element-c359e95 elementor-widget elementor-widget-exhibz-speaker\" data-id=\"c359e95\" data-element_type=\"widget\" data-widget_type=\"exhibz-speaker.default\">\n\t\t\t\t<div class=\"elementor-widget-container\">\n\t\t\t            \n\n\n            \n            \n                        <section class=\"ts-speakers-style4 ts-speakers speaker-classic\">\n                <div class=\"ts-speaker\" style=\"--speaker-color: #25cd44\">\n                    <div class=\"speaker-img\">\n                                                    <img width=\"500\" height=\"500\" src=\"https:\/\/forum.geleceginbilimi.com\/wp-content\/uploads\/2021\/11\/Cicek-Akcil-Harmankaya.png\" class=\"img-fluid\" alt=\"\" loading=\"lazy\" srcset=\"https:\/\/forum.geleceginbilimi.com\/wp-content\/uploads\/2021\/11\/Cicek-Akcil-Harmankaya.png 500w, https:\/\/forum.geleceginbilimi.com\/wp-content\/uploads\/2021\/11\/Cicek-Akcil-Harmankaya-300x300.png 300w, https:\/\/forum.geleceginbilimi.com\/wp-content\/uploads\/2021\/11\/Cicek-Akcil-Harmankaya-150x150.png 150w\" sizes=\"(max-width: 500px) 100vw, 500px\" \/>                                                <a href=\"#popup_5102\" class=\"view-speaker ts-image-popup\" data-effect=\"mfp-zoom-in\">\n                            <i class=\"icon icon-plus\"><\/i>\n                        <\/a>\n                         <!-- speaker social -->\n                        <div class=\"ts-speakers-social-4 ts-speakers-social\">\n                                                                                                                <\/div>\n                        <!-- speaker social end -->\n                    <\/div>\n                    <div class=\"ts-speaker-info text-left\">\n                        <h3 class=\"ts-title\"> <a href=\"https:\/\/forum.geleceginbilimi.com\/?ts-speaker=cicek-akcil-harmankaya\"> \u00c7i\u00e7ek Ak\u00e7\u0131l Harmankaya <\/a> <\/h3>\n                        <p>\n                            Sanat Tarihi Oturumu                        <\/p>\n                    <\/div>\n                    <!--- speaker info end -->\n                    <!-- popup start-->\n                    <div id=\"popup_5102\" class=\"container ts-speaker-popup mfp-hide\">\n                        <div class=\"row\">\n                            <div class=\"col-lg-6\">\n                                <div class=\"ts-speaker-popup-img\">\n                                                                            <img width=\"500\" height=\"500\" src=\"https:\/\/forum.geleceginbilimi.com\/wp-content\/uploads\/2021\/11\/Cicek-Akcil-Harmankaya.png\" class=\"attachment-full size-full\" alt=\"\" loading=\"lazy\" srcset=\"https:\/\/forum.geleceginbilimi.com\/wp-content\/uploads\/2021\/11\/Cicek-Akcil-Harmankaya.png 500w, https:\/\/forum.geleceginbilimi.com\/wp-content\/uploads\/2021\/11\/Cicek-Akcil-Harmankaya-300x300.png 300w, https:\/\/forum.geleceginbilimi.com\/wp-content\/uploads\/2021\/11\/Cicek-Akcil-Harmankaya-150x150.png 150w\" sizes=\"(max-width: 500px) 100vw, 500px\" \/>                                                                    <\/div>\n                            <\/div>\n                            <!-- col end-->\n                            <div class=\"col-lg-6\">\n                                <div class=\"ts-speaker-popup-content\">\n                                    <h3 class=\"ts-title\"><a href=\"https:\/\/forum.geleceginbilimi.com\/?ts-speaker=cicek-akcil-harmankaya\"> \u00c7i\u00e7ek Ak\u00e7\u0131l Harmankaya <\/a> <\/h3>\n                                    <span class=\"speakder-designation\"> Sanat Tarihi Oturumu<\/span>\n                                                                        <p>\n                                        <p>\u0130stanbul \u00dcniversitesi Sanat Tarihi b\u00f6l\u00fcm\u00fcnden mezun olduktan sonra 2007 y\u0131l\u0131nda Marmara \u00dcniversitesi T\u00fcrkiyat Ara\u015ft\u0131rmalar\u0131 Enstit\u00fcs\u00fc T\u00fcrk Sanat\u0131 Anabilim Dal\u0131\u2019nda ba\u015flad\u0131\u011f\u0131 Y\u00fcksek Lisans E\u011fitimini 2009 y\u0131l\u0131nda Prof. Dr. Sel\u00e7uk M\u00dcLAY\u0130M dan\u0131\u015fmanl\u0131\u011f\u0131nda yapt\u0131\u011f\u0131 \u201cEdirne Tekkeleri\u201d ba\u015fl\u0131kl\u0131 Y\u00fcksek Lisans tezi ile tamamlam\u0131\u015ft\u0131. Doktor unvan\u0131n\u0131 2017 y\u0131l\u0131nda Mimar Sinan G\u00fczel Sanatlar \u00dcniversitesi Sosyal Bilimler Enstit\u00fcs\u00fc Sanat Tarihi Anabilim Dal\u0131 T\u00fcrk \u0130slam Sanatlar\u0131 Program\u0131nda sunmu\u015f oldu\u011fu \u201cMimar Sinan camilerinde sembolizm\u201d ba\u015fl\u0131kl\u0131 teziyle alm\u0131\u015ft\u0131r. T\u00fcrk \u0130slam Mimarisi alan\u0131nda pek \u00e7ok ansiklopedi maddesi ile \u0130stanbul Mimarisi ve Sanat Tarihi alan\u0131nda ulusal ve uluslararas\u0131 bildiri ve makaleleri bulunmakta olup 2013 y\u0131l\u0131nda Edirne Valili\u011fi taraf\u0131ndan yay\u0131nlanan \u201cEdirne Tekkeleri\u201d adl\u0131 kitab\u0131 vard\u0131r. Ayr\u0131ca \u201cMimar Sinan camilerinde sembolizm\u201d isimli doktora tezini de kitapla\u015ft\u0131rm\u0131\u015ft\u0131r. \u0130stanbul \u00dcniversitesi Mimarl\u0131k B\u00f6l\u00fcm\u00fcnde \u00d6\u011fretim G\u00f6revlisi olarak \u00e7al\u0131\u015fmaktad\u0131r. Akademik \u00e7al\u0131\u015fmalar\u0131 Osmanl\u0131 sanat\u0131 ve mimarisi \u00fczerine yo\u011funla\u015fmaktad\u0131r.<\/p>                                    <\/p>\n                                    <div class=\"ts-speakers-social\">\n                                                                                                                                                                <\/div>\n                                <\/div>\n                                <!-- ts-speaker-popup-content end-->\n                            <\/div>\n                            <!-- col end-->\n                        <\/div>\n                        <!-- row end-->\n                    <\/div>\n                    <!-- popup end-->\n                <\/div>\n            <\/section>\n            <!-- ts-speaker end  -->\n            \n\n\n\n    \t\t<\/div>\n\t\t\t\t<\/div>\n\t\t\t\t<div class=\"elementor-element elementor-element-9bf75eb elementor-widget elementor-widget-exhibz-speaker\" data-id=\"9bf75eb\" data-element_type=\"widget\" data-widget_type=\"exhibz-speaker.default\">\n\t\t\t\t<div class=\"elementor-widget-container\">\n\t\t\t            \n\n\n            \n            \n                        <section class=\"ts-speakers-style4 ts-speakers speaker-classic\">\n                <div class=\"ts-speaker\" style=\"--speaker-color: #25cd44\">\n                    <div class=\"speaker-img\">\n                                                    <img width=\"500\" height=\"500\" src=\"https:\/\/forum.geleceginbilimi.com\/wp-content\/uploads\/2021\/12\/Erkan-Yula.png\" class=\"img-fluid\" alt=\"\" loading=\"lazy\" srcset=\"https:\/\/forum.geleceginbilimi.com\/wp-content\/uploads\/2021\/12\/Erkan-Yula.png 500w, https:\/\/forum.geleceginbilimi.com\/wp-content\/uploads\/2021\/12\/Erkan-Yula-300x300.png 300w, https:\/\/forum.geleceginbilimi.com\/wp-content\/uploads\/2021\/12\/Erkan-Yula-150x150.png 150w\" sizes=\"(max-width: 500px) 100vw, 500px\" \/>                                                <a href=\"#popup_6197\" class=\"view-speaker ts-image-popup\" data-effect=\"mfp-zoom-in\">\n                            <i class=\"icon icon-plus\"><\/i>\n                        <\/a>\n                         <!-- speaker social -->\n                        <div class=\"ts-speakers-social-4 ts-speakers-social\">\n                                                                                                                <\/div>\n                        <!-- speaker social end -->\n                    <\/div>\n                    <div class=\"ts-speaker-info text-left\">\n                        <h3 class=\"ts-title\"> <a href=\"https:\/\/forum.geleceginbilimi.com\/?ts-speaker=erkan-yula\"> Erkan Yula <\/a> <\/h3>\n                        <p>\n                            Do\u011fan\u0131n \u015eifreleri Oturumu                        <\/p>\n                    <\/div>\n                    <!--- speaker info end -->\n                    <!-- popup start-->\n                    <div id=\"popup_6197\" class=\"container ts-speaker-popup mfp-hide\">\n                        <div class=\"row\">\n                            <div class=\"col-lg-6\">\n                                <div class=\"ts-speaker-popup-img\">\n                                                                            <img width=\"500\" height=\"500\" src=\"https:\/\/forum.geleceginbilimi.com\/wp-content\/uploads\/2021\/12\/Erkan-Yula.png\" class=\"attachment-full size-full\" alt=\"\" loading=\"lazy\" srcset=\"https:\/\/forum.geleceginbilimi.com\/wp-content\/uploads\/2021\/12\/Erkan-Yula.png 500w, https:\/\/forum.geleceginbilimi.com\/wp-content\/uploads\/2021\/12\/Erkan-Yula-300x300.png 300w, https:\/\/forum.geleceginbilimi.com\/wp-content\/uploads\/2021\/12\/Erkan-Yula-150x150.png 150w\" sizes=\"(max-width: 500px) 100vw, 500px\" \/>                                                                    <\/div>\n                            <\/div>\n                            <!-- col end-->\n                            <div class=\"col-lg-6\">\n                                <div class=\"ts-speaker-popup-content\">\n                                    <h3 class=\"ts-title\"><a href=\"https:\/\/forum.geleceginbilimi.com\/?ts-speaker=erkan-yula\"> Erkan Yula <\/a> <\/h3>\n                                    <span class=\"speakder-designation\"> Do\u011fan\u0131n \u015eifreleri Oturumu<\/span>\n                                                                        <p>\n                                        <p>Do\u00e7. Dr. Erkan Yula, klinik mikrobiyoloji uzman\u0131, mikrobiyom terapi derne\u011fi ba\u015fkan\u0131, uluslararas\u0131 hakemli akademik dergi olan journal of immunology and clinical microbiology adl\u0131 derginin ba\u015f edit\u00f6r\u00fc, b\u00fct\u00fcnc\u00fcl t\u0131p konular\u0131nda e\u011fitimlerin verildi\u011fi uluslararas\u0131 akredite bir kurulu\u015f olan QMEL Medicine &amp; Publishing kurucusudur. Dr. Yula, immunity clinic ad\u0131nda kurdu\u011fu \u00f6zel muayenesinde kronik a\u011fr\u0131 ve otoimmun hastal\u0131klar grubunda hasta kabul etmektedir. Tedavilerinde daha \u00e7ok do\u011fal y\u00f6ntemleri tercih etmekte ve b\u00fct\u00fcnc\u00fcl t\u0131bbi yakla\u015f\u0131m uygulamaktad\u0131r.<\/p>                                    <\/p>\n                                    <div class=\"ts-speakers-social\">\n                                                                                                                                                                <\/div>\n                                <\/div>\n                                <!-- ts-speaker-popup-content end-->\n                            <\/div>\n                            <!-- col end-->\n                        <\/div>\n                        <!-- row end-->\n                    <\/div>\n                    <!-- popup end-->\n                <\/div>\n            <\/section>\n            <!-- ts-speaker end  -->\n            \n\n\n\n    \t\t<\/div>\n\t\t\t\t<\/div>\n\t\t\t\t<div class=\"elementor-element elementor-element-5e01483 elementor-widget elementor-widget-exhibz-speaker\" data-id=\"5e01483\" data-element_type=\"widget\" data-widget_type=\"exhibz-speaker.default\">\n\t\t\t\t<div class=\"elementor-widget-container\">\n\t\t\t            \n\n\n            \n            \n                        <section class=\"ts-speakers-style4 ts-speakers speaker-classic\">\n                <div class=\"ts-speaker\" style=\"--speaker-color: #25cd44\">\n                    <div class=\"speaker-img\">\n                                                    <img width=\"500\" height=\"500\" src=\"https:\/\/forum.geleceginbilimi.com\/wp-content\/uploads\/2021\/11\/Selin-Ozdemir.png\" class=\"img-fluid\" alt=\"\" loading=\"lazy\" srcset=\"https:\/\/forum.geleceginbilimi.com\/wp-content\/uploads\/2021\/11\/Selin-Ozdemir.png 500w, https:\/\/forum.geleceginbilimi.com\/wp-content\/uploads\/2021\/11\/Selin-Ozdemir-300x300.png 300w, https:\/\/forum.geleceginbilimi.com\/wp-content\/uploads\/2021\/11\/Selin-Ozdemir-150x150.png 150w\" sizes=\"(max-width: 500px) 100vw, 500px\" \/>                                                <a href=\"#popup_5100\" class=\"view-speaker ts-image-popup\" data-effect=\"mfp-zoom-in\">\n                            <i class=\"icon icon-plus\"><\/i>\n                        <\/a>\n                         <!-- speaker social -->\n                        <div class=\"ts-speakers-social-4 ts-speakers-social\">\n                                                                                                                <\/div>\n                        <!-- speaker social end -->\n                    <\/div>\n                    <div class=\"ts-speaker-info text-left\">\n                        <h3 class=\"ts-title\"> <a href=\"https:\/\/forum.geleceginbilimi.com\/?ts-speaker=selin-ozdemir\"> Selin \u00d6zdemir <\/a> <\/h3>\n                        <p>\n                            Sanat Tarihi Oturumu                        <\/p>\n                    <\/div>\n                    <!--- speaker info end -->\n                    <!-- popup start-->\n                    <div id=\"popup_5100\" class=\"container ts-speaker-popup mfp-hide\">\n                        <div class=\"row\">\n                            <div class=\"col-lg-6\">\n                                <div class=\"ts-speaker-popup-img\">\n                                                                            <img width=\"500\" height=\"500\" src=\"https:\/\/forum.geleceginbilimi.com\/wp-content\/uploads\/2021\/11\/Selin-Ozdemir.png\" class=\"attachment-full size-full\" alt=\"\" loading=\"lazy\" srcset=\"https:\/\/forum.geleceginbilimi.com\/wp-content\/uploads\/2021\/11\/Selin-Ozdemir.png 500w, https:\/\/forum.geleceginbilimi.com\/wp-content\/uploads\/2021\/11\/Selin-Ozdemir-300x300.png 300w, https:\/\/forum.geleceginbilimi.com\/wp-content\/uploads\/2021\/11\/Selin-Ozdemir-150x150.png 150w\" sizes=\"(max-width: 500px) 100vw, 500px\" \/>                                                                    <\/div>\n                            <\/div>\n                            <!-- col end-->\n                            <div class=\"col-lg-6\">\n                                <div class=\"ts-speaker-popup-content\">\n                                    <h3 class=\"ts-title\"><a href=\"https:\/\/forum.geleceginbilimi.com\/?ts-speaker=selin-ozdemir\"> Selin \u00d6zdemir <\/a> <\/h3>\n                                    <span class=\"speakder-designation\"> Sanat Tarihi Oturumu<\/span>\n                                                                        <p>\n                                        <p>Selin \u00d6zdemir, 2005 y\u0131l\u0131nda Marmara \u00dcniversitesi Resim E\u011fitimi b\u00f6l\u00fcm\u00fcne girdi. Lisans e\u011fitimini bitirdikten sonra yine Marmara \u00dcniversitesi Resim E\u011fitimi b\u00f6l\u00fcm\u00fcnde Y\u00fcksek Lisansa ba\u015flad\u0131. Y\u00fcksek Lisans e\u011fitimini s\u00fcrd\u00fcr\u00fcrken yine ayn\u0131 b\u00f6l\u00fcmde \u00d6\u011fretim G\u00f6revlisi olarak \u00e7al\u0131\u015fmaya ba\u015flad\u0131. 2005 y\u0131l\u0131ndan beri gerek sanatsal \u00e7al\u0131\u015fmalar gerekse akademik \u00e7al\u0131\u015fmalarla hem sanat hem akademi d\u00fcnyas\u0131n\u0131n i\u00e7inde olup, 2013 y\u0131l\u0131nda gitti\u011fi Japonya\u2019da, Tohoku \u00dcniversitesi\u2019nde Uzak Do\u011fu ve Japon Sanat\u0131 Tarihi Ana Bilim dal\u0131nda doktora \u00e7al\u0131\u015fmalar\u0131na devam etmektedir. \u00c7al\u0131\u015fma alanlar\u0131; Japon Sanat\u0131 ve Tarihi, Japonya\u2019da Budizm ve Sanat, Japon Sanat\u0131nda aktif bir \u015fekilde rol alan kad\u0131nlar ve antik d\u00f6nem Japoncas\u0131 olan Kanbun, m\u00fczecilik ve eser foto\u011fraf\u00e7\u0131l\u0131\u011f\u0131d\u0131r. Ayr\u0131ca Sendai, Nara, Kyoto ve Tokyo M\u00fczeleri ve Japonya\u2019da \u00e7e\u015fitli tap\u0131naklarda ara\u015ft\u0131rma ekibinde \u00e7al\u0131\u015fan ilk T\u00fcrk akademisyendir.<\/p>                                    <\/p>\n                                    <div class=\"ts-speakers-social\">\n                                                                                                                                                                <\/div>\n                                <\/div>\n                                <!-- ts-speaker-popup-content end-->\n                            <\/div>\n                            <!-- col end-->\n                        <\/div>\n                        <!-- row end-->\n                    <\/div>\n                    <!-- popup end-->\n                <\/div>\n            <\/section>\n            <!-- ts-speaker end  -->\n            \n\n\n\n    \t\t<\/div>\n\t\t\t\t<\/div>\n\t\t\t\t<div class=\"elementor-element elementor-element-8226023 elementor-widget elementor-widget-exhibz-speaker\" data-id=\"8226023\" data-element_type=\"widget\" data-widget_type=\"exhibz-speaker.default\">\n\t\t\t\t<div class=\"elementor-widget-container\">\n\t\t\t            \n\n\n            \n            \n                        <section class=\"ts-speakers-style4 ts-speakers speaker-classic\">\n                <div class=\"ts-speaker\" style=\"--speaker-color: #25cd44\">\n                    <div class=\"speaker-img\">\n                                                    <img width=\"500\" height=\"500\" src=\"https:\/\/forum.geleceginbilimi.com\/wp-content\/uploads\/2021\/12\/Lokman-Okten.png\" class=\"img-fluid\" alt=\"\" loading=\"lazy\" srcset=\"https:\/\/forum.geleceginbilimi.com\/wp-content\/uploads\/2021\/12\/Lokman-Okten.png 500w, https:\/\/forum.geleceginbilimi.com\/wp-content\/uploads\/2021\/12\/Lokman-Okten-300x300.png 300w, https:\/\/forum.geleceginbilimi.com\/wp-content\/uploads\/2021\/12\/Lokman-Okten-150x150.png 150w\" sizes=\"(max-width: 500px) 100vw, 500px\" \/>                                                <a href=\"#popup_6218\" class=\"view-speaker ts-image-popup\" data-effect=\"mfp-zoom-in\">\n                            <i class=\"icon icon-plus\"><\/i>\n                        <\/a>\n                         <!-- speaker social -->\n                        <div class=\"ts-speakers-social-4 ts-speakers-social\">\n                                                                                                                <\/div>\n                        <!-- speaker social end -->\n                    <\/div>\n                    <div class=\"ts-speaker-info text-left\">\n                        <h3 class=\"ts-title\"> <a href=\"https:\/\/forum.geleceginbilimi.com\/?ts-speaker=lokman-okten\"> Lokman \u00d6kten <\/a> <\/h3>\n                        <p>\n                            Giri\u015fimcilik Oturumu                        <\/p>\n                    <\/div>\n                    <!--- speaker info end -->\n                    <!-- popup start-->\n                    <div id=\"popup_6218\" class=\"container ts-speaker-popup mfp-hide\">\n                        <div class=\"row\">\n                            <div class=\"col-lg-6\">\n                                <div class=\"ts-speaker-popup-img\">\n                                                                            <img width=\"500\" height=\"500\" src=\"https:\/\/forum.geleceginbilimi.com\/wp-content\/uploads\/2021\/12\/Lokman-Okten.png\" class=\"attachment-full size-full\" alt=\"\" loading=\"lazy\" srcset=\"https:\/\/forum.geleceginbilimi.com\/wp-content\/uploads\/2021\/12\/Lokman-Okten.png 500w, https:\/\/forum.geleceginbilimi.com\/wp-content\/uploads\/2021\/12\/Lokman-Okten-300x300.png 300w, https:\/\/forum.geleceginbilimi.com\/wp-content\/uploads\/2021\/12\/Lokman-Okten-150x150.png 150w\" sizes=\"(max-width: 500px) 100vw, 500px\" \/>                                                                    <\/div>\n                            <\/div>\n                            <!-- col end-->\n                            <div class=\"col-lg-6\">\n                                <div class=\"ts-speaker-popup-content\">\n                                    <h3 class=\"ts-title\"><a href=\"https:\/\/forum.geleceginbilimi.com\/?ts-speaker=lokman-okten\"> Lokman \u00d6kten <\/a> <\/h3>\n                                    <span class=\"speakder-designation\"> Giri\u015fimcilik Oturumu<\/span>\n                                                                        <p>\n                                        <p>\u0130lk giri\u015fimini \u0130T\u00dc\u2019de \u00f6\u011frenciyken 2003 yolunda kuran Lokman \u00d6kten, 2008-2013 y\u0131llar\u0131 aras\u0131nda Eticaret sekt\u00f6r\u00fcnde farkl\u0131 giri\u015fimlerde bulundu. 2013 y\u0131l\u0131nda Etohum\u2019da Y\u00f6netici olarak ba\u015flam\u0131\u015f ve 2 y\u0131l boyunca yat\u0131r\u0131mc\u0131 ve Mentor olarak giri\u015fimlere destek olmu\u015ftur. Ard\u0131ndan bir d\u00f6nem M\u00dcS\u0130AD Genel Sekreteri olarak g\u00f6rev yapt\u0131ktan sonra Kuveyt T\u00fcrk Kat\u0131l\u0131m Bankas\u0131\u2019na ge\u00e7mi\u015ftir. Halen Kuveyt T\u00fcrk \u00e7at\u0131s\u0131 alt\u0131nda Lonca Giri\u015fimcilik Merkezi Kurucu Koordinat\u00f6r\u00fc ve Lonca Giri\u015fim Sermayesi Yat\u0131r\u0131m Fonu\u2019nda Dan\u0131\u015fma Komitesi \u00dcyesi olarak \u00e7al\u0131\u015fmaktad\u0131r.<\/p>                                    <\/p>\n                                    <div class=\"ts-speakers-social\">\n                                                                                                                                                                <\/div>\n                                <\/div>\n                                <!-- ts-speaker-popup-content end-->\n                            <\/div>\n                            <!-- col end-->\n                        <\/div>\n                        <!-- row end-->\n                    <\/div>\n                    <!-- popup end-->\n                <\/div>\n            <\/section>\n            <!-- ts-speaker end  -->\n            \n\n\n\n    \t\t<\/div>\n\t\t\t\t<\/div>\n\t\t\t\t<div class=\"elementor-element elementor-element-dc77166 elementor-widget elementor-widget-exhibz-speaker\" data-id=\"dc77166\" data-element_type=\"widget\" data-widget_type=\"exhibz-speaker.default\">\n\t\t\t\t<div class=\"elementor-widget-container\">\n\t\t\t            \n\n\n            \n            \n                        <section class=\"ts-speakers-style4 ts-speakers speaker-classic\">\n                <div class=\"ts-speaker\" style=\"--speaker-color: #25cd44\">\n                    <div class=\"speaker-img\">\n                                                    <img width=\"500\" height=\"500\" src=\"https:\/\/forum.geleceginbilimi.com\/wp-content\/uploads\/2021\/12\/Sevgi-Salman-Unver.png\" class=\"img-fluid\" alt=\"\" loading=\"lazy\" srcset=\"https:\/\/forum.geleceginbilimi.com\/wp-content\/uploads\/2021\/12\/Sevgi-Salman-Unver.png 500w, https:\/\/forum.geleceginbilimi.com\/wp-content\/uploads\/2021\/12\/Sevgi-Salman-Unver-300x300.png 300w, https:\/\/forum.geleceginbilimi.com\/wp-content\/uploads\/2021\/12\/Sevgi-Salman-Unver-150x150.png 150w\" sizes=\"(max-width: 500px) 100vw, 500px\" \/>                                                <a href=\"#popup_6221\" class=\"view-speaker ts-image-popup\" data-effect=\"mfp-zoom-in\">\n                            <i class=\"icon icon-plus\"><\/i>\n                        <\/a>\n                         <!-- speaker social -->\n                        <div class=\"ts-speakers-social-4 ts-speakers-social\">\n                                                                                                                <\/div>\n                        <!-- speaker social end -->\n                    <\/div>\n                    <div class=\"ts-speaker-info text-left\">\n                        <h3 class=\"ts-title\"> <a href=\"https:\/\/forum.geleceginbilimi.com\/?ts-speaker=sevgi-salman-unver\"> Sevgi Salman \u00dcnver <\/a> <\/h3>\n                        <p>\n                            Giri\u015fimcilik Oturumu                        <\/p>\n                    <\/div>\n                    <!--- speaker info end -->\n                    <!-- popup start-->\n                    <div id=\"popup_6221\" class=\"container ts-speaker-popup mfp-hide\">\n                        <div class=\"row\">\n                            <div class=\"col-lg-6\">\n                                <div class=\"ts-speaker-popup-img\">\n                                                                            <img width=\"500\" height=\"500\" src=\"https:\/\/forum.geleceginbilimi.com\/wp-content\/uploads\/2021\/12\/Sevgi-Salman-Unver.png\" class=\"attachment-full size-full\" alt=\"\" loading=\"lazy\" srcset=\"https:\/\/forum.geleceginbilimi.com\/wp-content\/uploads\/2021\/12\/Sevgi-Salman-Unver.png 500w, https:\/\/forum.geleceginbilimi.com\/wp-content\/uploads\/2021\/12\/Sevgi-Salman-Unver-300x300.png 300w, https:\/\/forum.geleceginbilimi.com\/wp-content\/uploads\/2021\/12\/Sevgi-Salman-Unver-150x150.png 150w\" sizes=\"(max-width: 500px) 100vw, 500px\" \/>                                                                    <\/div>\n                            <\/div>\n                            <!-- col end-->\n                            <div class=\"col-lg-6\">\n                                <div class=\"ts-speaker-popup-content\">\n                                    <h3 class=\"ts-title\"><a href=\"https:\/\/forum.geleceginbilimi.com\/?ts-speaker=sevgi-salman-unver\"> Sevgi Salman \u00dcnver <\/a> <\/h3>\n                                    <span class=\"speakder-designation\"> Giri\u015fimcilik Oturumu<\/span>\n                                                                        <p>\n                                        <p>(Genomedis Biyoteknoloji Kurucusu\/\u00d6\u011fretim G\u00f6revlisi\/Biyogiri\u015fimci\/\u0130la\u00e7 ve Biyoteknoloji Dan\u0131\u015fman\u0131) 1998 y\u0131l\u0131nda Bo\u011fazi\u00e7i \u00dcniversitesi Molek\u00fcler Biyoloji ve Genetik B\u00f6l\u00fcm\u00fcnden Lisans ve 2000 y\u0131l\u0131nda da Y\u00fcksek Lisans derecesini alm\u0131\u015ft\u0131r. Dupont \u015firketinin \u2018Gen\u00e7 Bilim \u0130nsan\u0131 Geli\u015ftirme\u2019 bursu ile ABD\u2019de University of Delaware\u2019de PhD program\u0131na devam etmi\u015ftir. \u0130la\u00e7 sekt\u00f6r\u00fcnde \u00e7al\u0131\u015fma hayat\u0131na Pharmarcia\/Pfizer \u0130la\u00e7\u2019da Klinik Ara\u015ft\u0131rmalar Sorumlusu olarak ba\u015flayan Sevgi Salman \u00dcnver, 16 y\u0131l boyunca ila\u00e7 sekt\u00f6r\u00fcn\u00fcn \u00f6nemli uluslararas\u0131 firmalar\u0131nda (Pharmarcia\/Pfizer \u0130la\u00e7, Serono, Merck Serono, MSD \u0130la\u00e7) medikal, klinik ara\u015ft\u0131rmalar, pazarlama, sat\u0131\u015f ve i\u015f geli\u015ftirme b\u00f6l\u00fcmlerinde \u00fcst d\u00fczey y\u00f6netici pozisyonlar\u0131nda \u00e7al\u0131\u015fm\u0131\u015f, Montero A.\u015e.\u2019de Genel M\u00fcd\u00fcrl\u00fck yapm\u0131\u015ft\u0131r. Bilim ve Teknoloji Giri\u015fimcili\u011fi, Sa\u011fl\u0131k, Bili\u015fim ve Biyoteknoloji konular\u0131nda h\u0131zland\u0131r\u0131c\u0131 programlarda (\u00fcr\u00fcn geli\u015ftirme, i\u015f modeli olu\u015fturma, pazarlama ve i\u015f plan\u0131 haz\u0131rlama, pazara eri\u015fim, pazarlama y\u00f6netimi, dijital pazarlama, uluslararas\u0131 pazarlara a\u00e7\u0131lma ve i\u015fbirli\u011fi geli\u015ftirme modelleri alanlar\u0131nda) e\u011fitmenlik ve mentorl\u00fck yapmaktad\u0131r. Gebze Teknik \u00dcniversitesi Biyoteknoloji Enstit\u00fcs\u00fc\u2019nde Biyogiri\u015fimcilik lisans\u00fcst\u00fc program\u0131nda biyogiri\u015fimcilik dersini vermi\u015ftir. Bo\u011fazi\u00e7i \u00dcniversitesi\u2019nde Biyogiri\u015fimcilik dersi vermeye devam etmektedir. \u201cAd\u0131m Ad\u0131m Biyogiri\u015fimcilik: Biyoteknoloji Giri\u015fimci Ve Yat\u0131r\u0131mc\u0131lar\u0131na Yol Haritas\u0131\u201d ve pandemi s\u00fcrecinde yay\u0131nlanan \u201cBiyoteknoloji \u00c7a\u011f\u0131na Ho\u015fgeldiniz\u201d isimli kitaplar\u0131n edit\u00f6rl\u00fc\u011f\u00fcn\u00fc Prof. Dr. I\u015f\u0131l Aksan Kurnaz ile birlikte yapm\u0131\u015ft\u0131r.<\/p>                                    <\/p>\n                                    <div class=\"ts-speakers-social\">\n                                                                                                                                                                <\/div>\n                                <\/div>\n                                <!-- ts-speaker-popup-content end-->\n                            <\/div>\n                            <!-- col end-->\n                        <\/div>\n                        <!-- row end-->\n                    <\/div>\n                    <!-- popup end-->\n                <\/div>\n            <\/section>\n            <!-- ts-speaker end  -->\n            \n\n\n\n    \t\t<\/div>\n\t\t\t\t<\/div>\n\t\t\t\t\t\t<\/div>\n\t\t\t\t\t<\/div>\n\t\t<\/div>\n\t\t\t\t<div class=\"elementor-column elementor-col-20 elementor-top-column elementor-element elementor-element-dcd922b\" data-id=\"dcd922b\" data-element_type=\"column\">\n\t\t\t<div class=\"elementor-column-wrap elementor-element-populated\">\n\t\t\t\t\t\t\t<div class=\"elementor-widget-wrap\">\n\t\t\t\t\t\t<div class=\"elementor-element elementor-element-e1a6540 elementor-widget elementor-widget-exhibz-speaker\" data-id=\"e1a6540\" data-element_type=\"widget\" data-widget_type=\"exhibz-speaker.default\">\n\t\t\t\t<div class=\"elementor-widget-container\">\n\t\t\t            \n\n\n            \n            \n                        <section class=\"ts-speakers-style4 ts-speakers speaker-classic\">\n                <div class=\"ts-speaker\" style=\"--speaker-color: #25cd44\">\n                    <div class=\"speaker-img\">\n                                                    <img width=\"500\" height=\"500\" src=\"https:\/\/forum.geleceginbilimi.com\/wp-content\/uploads\/2021\/12\/Ismail-Ay.png\" class=\"img-fluid\" alt=\"\" loading=\"lazy\" srcset=\"https:\/\/forum.geleceginbilimi.com\/wp-content\/uploads\/2021\/12\/Ismail-Ay.png 500w, https:\/\/forum.geleceginbilimi.com\/wp-content\/uploads\/2021\/12\/Ismail-Ay-300x300.png 300w, https:\/\/forum.geleceginbilimi.com\/wp-content\/uploads\/2021\/12\/Ismail-Ay-150x150.png 150w\" sizes=\"(max-width: 500px) 100vw, 500px\" \/>                                                <a href=\"#popup_6095\" class=\"view-speaker ts-image-popup\" data-effect=\"mfp-zoom-in\">\n                            <i class=\"icon icon-plus\"><\/i>\n                        <\/a>\n                         <!-- speaker social -->\n                        <div class=\"ts-speakers-social-4 ts-speakers-social\">\n                                                                                                                <\/div>\n                        <!-- speaker social end -->\n                    <\/div>\n                    <div class=\"ts-speaker-info text-left\">\n                        <h3 class=\"ts-title\"> <a href=\"https:\/\/forum.geleceginbilimi.com\/?ts-speaker=ismail-ay\"> \u0130smail Ay <\/a> <\/h3>\n                        <p>\n                            Yeni M\u00fchendisler Oturumu                        <\/p>\n                    <\/div>\n                    <!--- speaker info end -->\n                    <!-- popup start-->\n                    <div id=\"popup_6095\" class=\"container ts-speaker-popup mfp-hide\">\n                        <div class=\"row\">\n                            <div class=\"col-lg-6\">\n                                <div class=\"ts-speaker-popup-img\">\n                                                                            <img width=\"500\" height=\"500\" src=\"https:\/\/forum.geleceginbilimi.com\/wp-content\/uploads\/2021\/12\/Ismail-Ay.png\" class=\"attachment-full size-full\" alt=\"\" loading=\"lazy\" srcset=\"https:\/\/forum.geleceginbilimi.com\/wp-content\/uploads\/2021\/12\/Ismail-Ay.png 500w, https:\/\/forum.geleceginbilimi.com\/wp-content\/uploads\/2021\/12\/Ismail-Ay-300x300.png 300w, https:\/\/forum.geleceginbilimi.com\/wp-content\/uploads\/2021\/12\/Ismail-Ay-150x150.png 150w\" sizes=\"(max-width: 500px) 100vw, 500px\" \/>                                                                    <\/div>\n                            <\/div>\n                            <!-- col end-->\n                            <div class=\"col-lg-6\">\n                                <div class=\"ts-speaker-popup-content\">\n                                    <h3 class=\"ts-title\"><a href=\"https:\/\/forum.geleceginbilimi.com\/?ts-speaker=ismail-ay\"> \u0130smail Ay <\/a> <\/h3>\n                                    <span class=\"speakder-designation\"> Yeni M\u00fchendisler Oturumu<\/span>\n                                                                        <p>\n                                                                            <\/p>\n                                    <div class=\"ts-speakers-social\">\n                                                                                                                                                                <\/div>\n                                <\/div>\n                                <!-- ts-speaker-popup-content end-->\n                            <\/div>\n                            <!-- col end-->\n                        <\/div>\n                        <!-- row end-->\n                    <\/div>\n                    <!-- popup end-->\n                <\/div>\n            <\/section>\n            <!-- ts-speaker end  -->\n            \n\n\n\n    \t\t<\/div>\n\t\t\t\t<\/div>\n\t\t\t\t<div class=\"elementor-element elementor-element-b3254c2 elementor-widget elementor-widget-exhibz-speaker\" data-id=\"b3254c2\" data-element_type=\"widget\" data-widget_type=\"exhibz-speaker.default\">\n\t\t\t\t<div class=\"elementor-widget-container\">\n\t\t\t            \n\n\n            \n            \n                        <section class=\"ts-speakers-style4 ts-speakers speaker-classic\">\n                <div class=\"ts-speaker\" style=\"--speaker-color: #25cd44\">\n                    <div class=\"speaker-img\">\n                                                    <img width=\"500\" height=\"500\" src=\"https:\/\/forum.geleceginbilimi.com\/wp-content\/uploads\/2021\/11\/Fatih-Sarimese.png\" class=\"img-fluid\" alt=\"\" loading=\"lazy\" srcset=\"https:\/\/forum.geleceginbilimi.com\/wp-content\/uploads\/2021\/11\/Fatih-Sarimese.png 500w, https:\/\/forum.geleceginbilimi.com\/wp-content\/uploads\/2021\/11\/Fatih-Sarimese-300x300.png 300w, https:\/\/forum.geleceginbilimi.com\/wp-content\/uploads\/2021\/11\/Fatih-Sarimese-150x150.png 150w\" sizes=\"(max-width: 500px) 100vw, 500px\" \/>                                                <a href=\"#popup_4827\" class=\"view-speaker ts-image-popup\" data-effect=\"mfp-zoom-in\">\n                            <i class=\"icon icon-plus\"><\/i>\n                        <\/a>\n                         <!-- speaker social -->\n                        <div class=\"ts-speakers-social-4 ts-speakers-social\">\n                                                                                                                <\/div>\n                        <!-- speaker social end -->\n                    <\/div>\n                    <div class=\"ts-speaker-info text-left\">\n                        <h3 class=\"ts-title\"> <a href=\"https:\/\/forum.geleceginbilimi.com\/?ts-speaker=fatih-sarimese\"> Fatih Sar\u0131me\u015fe <\/a> <\/h3>\n                        <p>\n                            Sanat Tarihi Oturumu                        <\/p>\n                    <\/div>\n                    <!--- speaker info end -->\n                    <!-- popup start-->\n                    <div id=\"popup_4827\" class=\"container ts-speaker-popup mfp-hide\">\n                        <div class=\"row\">\n                            <div class=\"col-lg-6\">\n                                <div class=\"ts-speaker-popup-img\">\n                                                                            <img width=\"500\" height=\"500\" src=\"https:\/\/forum.geleceginbilimi.com\/wp-content\/uploads\/2021\/11\/Fatih-Sarimese.png\" class=\"attachment-full size-full\" alt=\"\" loading=\"lazy\" srcset=\"https:\/\/forum.geleceginbilimi.com\/wp-content\/uploads\/2021\/11\/Fatih-Sarimese.png 500w, https:\/\/forum.geleceginbilimi.com\/wp-content\/uploads\/2021\/11\/Fatih-Sarimese-300x300.png 300w, https:\/\/forum.geleceginbilimi.com\/wp-content\/uploads\/2021\/11\/Fatih-Sarimese-150x150.png 150w\" sizes=\"(max-width: 500px) 100vw, 500px\" \/>                                                                    <\/div>\n                            <\/div>\n                            <!-- col end-->\n                            <div class=\"col-lg-6\">\n                                <div class=\"ts-speaker-popup-content\">\n                                    <h3 class=\"ts-title\"><a href=\"https:\/\/forum.geleceginbilimi.com\/?ts-speaker=fatih-sarimese\"> Fatih Sar\u0131me\u015fe <\/a> <\/h3>\n                                    <span class=\"speakder-designation\"> Sanat Tarihi Oturumu<\/span>\n                                                                        <p>\n                                        <p>Lisans e\u011fitimini \u0130stanbul \u00dcniversitesi Sanat Tarihi B\u00f6l\u00fcm\u00fc\u2019nde tamamlam\u0131\u015ft\u0131r. Y\u00fcksek Lisans e\u011fitimini ise Marmara \u00dcniversitesi T\u00fcrkiyat Ara\u015ft\u0131rmalar\u0131 Enstit\u00fcs\u00fcnde Do\u00e7. Dr. Selman CAN dan\u0131\u015fmanl\u0131\u011f\u0131nda \u201c18. ve 19. Y\u00fczy\u0131l \u0130stanbul Surlar\u0131nda \u0130n\u015fa ve Onar\u0131mlar\u201d ba\u015fl\u0131kl\u0131 teziyle bitirmi\u015ftir. \u0130stanbul \u00dcniversitesi Sanat Tarihi B\u00f6l\u00fcm\u00fc\u2019nde ba\u015flad\u0131\u011f\u0131 doktora e\u011fitimine Dr. \u00d6\u011fr. \u00dcyesi Ahmet Vefa \u00c7OBANO\u011eLU dan\u0131\u015fmanl\u0131\u011f\u0131nda devam etmektedir. \u0130stanbul Esenyurt \u00dcniversitesi\u2019nde Mimarl\u0131k, \u0130\u00e7 Mimarl\u0131k ve Turist Rehberli\u011fi b\u00f6l\u00fcmlerinde kendi alan\u0131nda ders vermektedir. El sanatlar\u0131 i\u00e7erisinde \u00f6nemli bir yere sahip olan sedef sanat\u0131 \u00fczerine Hilmi EMEKL\u0130 ile birlikte \u00e7al\u0131\u015fmalar yapmaktad\u0131r. Sedef sanat\u0131 \u00fczerine bir monografi \u00e7al\u0131\u015fmas\u0131n\u0131 y\u00fcr\u00fctmektedir. Belediye ve sivil toplum kurulu\u015flar\u0131n\u0131n k\u00fclt\u00fcrel programlar\u0131nda e\u011fitmen olarak g\u00f6rev almaktad\u0131r. T\u00fcrkiye An\u0131t \u00c7evre Turizm De\u011ferlerini Koruma Vakf\u0131\u2019nda en gen\u00e7 ya\u015fta se\u00e7ilen \u015feref \u00fcyesi olmakla birlikte vakf\u0131n Denetim Kurulu \u00fcyesidir. \u00c7e\u015fitli dergilerde yaz\u0131lar kaleme alan Fatih SARIM\u015eE T\u00fcrk mimarisi ve T\u00fcrk sanat\u0131 \u00fczerine akademik \u00e7al\u0131\u015fmalar\u0131n\u0131 devam ettirmektedir.<\/p>                                    <\/p>\n                                    <div class=\"ts-speakers-social\">\n                                                                                                                                                                <\/div>\n                                <\/div>\n                                <!-- ts-speaker-popup-content end-->\n                            <\/div>\n                            <!-- col end-->\n                        <\/div>\n                        <!-- row end-->\n                    <\/div>\n                    <!-- popup end-->\n                <\/div>\n            <\/section>\n            <!-- ts-speaker end  -->\n            \n\n\n\n    \t\t<\/div>\n\t\t\t\t<\/div>\n\t\t\t\t<div class=\"elementor-element elementor-element-94b74a5 elementor-widget elementor-widget-exhibz-speaker\" data-id=\"94b74a5\" data-element_type=\"widget\" data-widget_type=\"exhibz-speaker.default\">\n\t\t\t\t<div class=\"elementor-widget-container\">\n\t\t\t            \n\n\n            \n            \n                        <section class=\"ts-speakers-style4 ts-speakers speaker-classic\">\n                <div class=\"ts-speaker\" style=\"--speaker-color: #25cd44\">\n                    <div class=\"speaker-img\">\n                                                    <img width=\"500\" height=\"500\" src=\"https:\/\/forum.geleceginbilimi.com\/wp-content\/uploads\/2021\/12\/Erdem-Yesilada.png\" class=\"img-fluid\" alt=\"\" loading=\"lazy\" srcset=\"https:\/\/forum.geleceginbilimi.com\/wp-content\/uploads\/2021\/12\/Erdem-Yesilada.png 500w, https:\/\/forum.geleceginbilimi.com\/wp-content\/uploads\/2021\/12\/Erdem-Yesilada-300x300.png 300w, https:\/\/forum.geleceginbilimi.com\/wp-content\/uploads\/2021\/12\/Erdem-Yesilada-150x150.png 150w\" sizes=\"(max-width: 500px) 100vw, 500px\" \/>                                                <a href=\"#popup_6195\" class=\"view-speaker ts-image-popup\" data-effect=\"mfp-zoom-in\">\n                            <i class=\"icon icon-plus\"><\/i>\n                        <\/a>\n                         <!-- speaker social -->\n                        <div class=\"ts-speakers-social-4 ts-speakers-social\">\n                                                                                                                <\/div>\n                        <!-- speaker social end -->\n                    <\/div>\n                    <div class=\"ts-speaker-info text-left\">\n                        <h3 class=\"ts-title\"> <a href=\"https:\/\/forum.geleceginbilimi.com\/?ts-speaker=erdem-yesilada\"> Erdem Ye\u015filada <\/a> <\/h3>\n                        <p>\n                            Do\u011fan\u0131n \u015eifreleri Oturumu                        <\/p>\n                    <\/div>\n                    <!--- speaker info end -->\n                    <!-- popup start-->\n                    <div id=\"popup_6195\" class=\"container ts-speaker-popup mfp-hide\">\n                        <div class=\"row\">\n                            <div class=\"col-lg-6\">\n                                <div class=\"ts-speaker-popup-img\">\n                                                                            <img width=\"500\" height=\"500\" src=\"https:\/\/forum.geleceginbilimi.com\/wp-content\/uploads\/2021\/12\/Erdem-Yesilada.png\" class=\"attachment-full size-full\" alt=\"\" loading=\"lazy\" srcset=\"https:\/\/forum.geleceginbilimi.com\/wp-content\/uploads\/2021\/12\/Erdem-Yesilada.png 500w, https:\/\/forum.geleceginbilimi.com\/wp-content\/uploads\/2021\/12\/Erdem-Yesilada-300x300.png 300w, https:\/\/forum.geleceginbilimi.com\/wp-content\/uploads\/2021\/12\/Erdem-Yesilada-150x150.png 150w\" sizes=\"(max-width: 500px) 100vw, 500px\" \/>                                                                    <\/div>\n                            <\/div>\n                            <!-- col end-->\n                            <div class=\"col-lg-6\">\n                                <div class=\"ts-speaker-popup-content\">\n                                    <h3 class=\"ts-title\"><a href=\"https:\/\/forum.geleceginbilimi.com\/?ts-speaker=erdem-yesilada\"> Erdem Ye\u015filada <\/a> <\/h3>\n                                    <span class=\"speakder-designation\"> Do\u011fan\u0131n \u015eifreleri Oturumu<\/span>\n                                                                        <p>\n                                        <p>Prof. Dr. Erdem Ye\u015filada, 1949'da Zonguldak'ta do\u011fdu. Hacettepe \u00dcniversitesi Eczac\u0131l\u0131k Fak\u00fcltesi'nde 1972'de lisans e\u011fitimini tamamlad\u0131.Do\u011fal kaynakl\u0131 ila\u00e7 bilimi olan Farmakognozi dal\u0131nda e\u011fitim ve ara\u015ft\u0131rma faaliyetlerini 1972-1988 y\u0131llar\u0131 aras\u0131nda Hacettepe \u00dcniversitesi Eczac\u0131l\u0131k Fak\u00fcltesi'nde, 1988-2005 y\u0131llar\u0131 aras\u0131nda da Gazi \u00dcniversitesi Eczac\u0131l\u0131k Fak\u00fcltesi'nde s\u00fcrd\u00fcrd\u00fc. 2005 y\u0131l\u0131ndan itibaren Yeditepe \u00dcniversitesi Eczac\u0131l\u0131k Fak\u00fcltesi'nde g\u00f6rev yapmaya ba\u015flad\u0131.1987 y\u0131l\u0131nda Do\u00e7ent ve 1993'te Profes\u00f6r unvan\u0131 ald\u0131. Halen Yeditepe \u00dcniversitesi Eczac\u0131l\u0131k Fak\u00fcltesi Farmakognozi ve Fitoterapi Ana Bilim Dal\u0131 Ba\u015fkanl\u0131\u011f\u0131 g\u00f6revini s\u00fcrd\u00fcrmektedir. Japonya (Kyoto University ve Tokushima University), \u0130ngiltere (University of London), \u0130sve\u00e7 (Uppsala University) ve \u00d6zbekistan'da ara\u015ft\u0131rma faaliyetlerinde bulundu. Halk ila\u00e7lar\u0131 ile ilgili saha \u00e7al\u0131\u015fmalar\u0131 (Etnobotanik), halk ila\u00e7lar\u0131n\u0131n biyolojik etkileri (Etnofarmakolojik), kimyasal bile\u015fimleri (Fitokimyasal) ve Fitoterapi \u00fczerinde ulusal ve uluslararas\u0131 bilimsel dergilerde yay\u0131mlanm\u0131\u015f 340 kadar makalesi bulunmaktad\u0131r. Stanford \u00dcniversitesi de\u011ferlendirmesinde, Erdem Ye\u015filada \"En etkili bilim insanlar\u0131\" aras\u0131nda yer alm\u0131\u015ft\u0131r.Prof.Dr. Erdem Ye\u015filada hocam\u0131z \"T\u00fcrkiye ve D\u00fcnyada Fitoterapi Ger\u00e7ekleri\" konusundaki bilgi birikimi ile GBf2021'de Do\u011fan\u0131n \u015eifreleri oturumumuzda bizlerle...<\/p>                                    <\/p>\n                                    <div class=\"ts-speakers-social\">\n                                                                                                                                                                <\/div>\n                                <\/div>\n                                <!-- ts-speaker-popup-content end-->\n                            <\/div>\n                            <!-- col end-->\n                        <\/div>\n                        <!-- row end-->\n                    <\/div>\n                    <!-- popup end-->\n                <\/div>\n            <\/section>\n            <!-- ts-speaker end  -->\n            \n\n\n\n    \t\t<\/div>\n\t\t\t\t<\/div>\n\t\t\t\t<div class=\"elementor-element elementor-element-1b07166 elementor-widget elementor-widget-exhibz-speaker\" data-id=\"1b07166\" data-element_type=\"widget\" data-widget_type=\"exhibz-speaker.default\">\n\t\t\t\t<div class=\"elementor-widget-container\">\n\t\t\t            \n\n\n            \n            \n                        <section class=\"ts-speakers-style4 ts-speakers speaker-classic\">\n                <div class=\"ts-speaker\" style=\"--speaker-color: #25cd44\">\n                    <div class=\"speaker-img\">\n                                                    <img width=\"500\" height=\"500\" src=\"https:\/\/forum.geleceginbilimi.com\/wp-content\/uploads\/2021\/12\/Enes-Sedat-Ulucam.png\" class=\"img-fluid\" alt=\"\" loading=\"lazy\" srcset=\"https:\/\/forum.geleceginbilimi.com\/wp-content\/uploads\/2021\/12\/Enes-Sedat-Ulucam.png 500w, https:\/\/forum.geleceginbilimi.com\/wp-content\/uploads\/2021\/12\/Enes-Sedat-Ulucam-300x300.png 300w, https:\/\/forum.geleceginbilimi.com\/wp-content\/uploads\/2021\/12\/Enes-Sedat-Ulucam-150x150.png 150w\" sizes=\"(max-width: 500px) 100vw, 500px\" \/>                                                <a href=\"#popup_6210\" class=\"view-speaker ts-image-popup\" data-effect=\"mfp-zoom-in\">\n                            <i class=\"icon icon-plus\"><\/i>\n                        <\/a>\n                         <!-- speaker social -->\n                        <div class=\"ts-speakers-social-4 ts-speakers-social\">\n                                                                                                                <\/div>\n                        <!-- speaker social end -->\n                    <\/div>\n                    <div class=\"ts-speaker-info text-left\">\n                        <h3 class=\"ts-title\"> <a href=\"https:\/\/forum.geleceginbilimi.com\/?ts-speaker=enes-sedat-ulucam\"> Enes Sedat Ulu\u00e7am <\/a> <\/h3>\n                        <p>\n                            Bilimin Gelece\u011fi Oturumu                        <\/p>\n                    <\/div>\n                    <!--- speaker info end -->\n                    <!-- popup start-->\n                    <div id=\"popup_6210\" class=\"container ts-speaker-popup mfp-hide\">\n                        <div class=\"row\">\n                            <div class=\"col-lg-6\">\n                                <div class=\"ts-speaker-popup-img\">\n                                                                            <img width=\"500\" height=\"500\" src=\"https:\/\/forum.geleceginbilimi.com\/wp-content\/uploads\/2021\/12\/Enes-Sedat-Ulucam.png\" class=\"attachment-full size-full\" alt=\"\" loading=\"lazy\" srcset=\"https:\/\/forum.geleceginbilimi.com\/wp-content\/uploads\/2021\/12\/Enes-Sedat-Ulucam.png 500w, https:\/\/forum.geleceginbilimi.com\/wp-content\/uploads\/2021\/12\/Enes-Sedat-Ulucam-300x300.png 300w, https:\/\/forum.geleceginbilimi.com\/wp-content\/uploads\/2021\/12\/Enes-Sedat-Ulucam-150x150.png 150w\" sizes=\"(max-width: 500px) 100vw, 500px\" \/>                                                                    <\/div>\n                            <\/div>\n                            <!-- col end-->\n                            <div class=\"col-lg-6\">\n                                <div class=\"ts-speaker-popup-content\">\n                                    <h3 class=\"ts-title\"><a href=\"https:\/\/forum.geleceginbilimi.com\/?ts-speaker=enes-sedat-ulucam\"> Enes Sedat Ulu\u00e7am <\/a> <\/h3>\n                                    <span class=\"speakder-designation\"> Bilimin Gelece\u011fi Oturumu<\/span>\n                                                                        <p>\n                                        <p>\u0130stanbul Medipol \u00dcniversitesi T\u0131p Fak\u00fcltesi b\u00f6l\u00fcm\u00fc \u00f6\u011frencisi olan Enes Sedat Ulu\u00e7am ayn\u0131 zamanda Medipol Bilimsel Ara\u015ft\u0131rma Toplulu\u011fu'nun kurucu ba\u015fkan yard\u0131mc\u0131s\u0131d\u0131r. \u0130stanbul Medipol \u00dcniversitesi REMER Ara\u015ft\u0131rma Merkezi'nde de Epilepsi ve Parkinson Hastal\u0131klar\u0131 \u00fczerine halen \u00e7al\u0131\u015fmalar\u0131 devam etmekte olan Hocam\u0131z Bilim Tarihi ve Bilimdeki Kritik Geli\u015fmeleri konu alan sunumuyla GBf2021 de Bilimin Gelece\u011fi Oturumumuzda bizlerle...<\/p>                                    <\/p>\n                                    <div class=\"ts-speakers-social\">\n                                                                                                                                                                <\/div>\n                                <\/div>\n                                <!-- ts-speaker-popup-content end-->\n                            <\/div>\n                            <!-- col end-->\n                        <\/div>\n                        <!-- row end-->\n                    <\/div>\n                    <!-- popup end-->\n                <\/div>\n            <\/section>\n            <!-- ts-speaker end  -->\n            \n\n\n\n    \t\t<\/div>\n\t\t\t\t<\/div>\n\t\t\t\t<div class=\"elementor-element elementor-element-c4aee95 elementor-widget elementor-widget-exhibz-speaker\" data-id=\"c4aee95\" data-element_type=\"widget\" data-widget_type=\"exhibz-speaker.default\">\n\t\t\t\t<div class=\"elementor-widget-container\">\n\t\t\t            \n\n\n            \n            \n                        <section class=\"ts-speakers-style4 ts-speakers speaker-classic\">\n                <div class=\"ts-speaker\" style=\"--speaker-color: #25cd44\">\n                    <div class=\"speaker-img\">\n                                                    <img width=\"500\" height=\"500\" src=\"https:\/\/forum.geleceginbilimi.com\/wp-content\/uploads\/2021\/12\/Cihan-Bugdayci.png\" class=\"img-fluid\" alt=\"\" loading=\"lazy\" srcset=\"https:\/\/forum.geleceginbilimi.com\/wp-content\/uploads\/2021\/12\/Cihan-Bugdayci.png 500w, https:\/\/forum.geleceginbilimi.com\/wp-content\/uploads\/2021\/12\/Cihan-Bugdayci-300x300.png 300w, https:\/\/forum.geleceginbilimi.com\/wp-content\/uploads\/2021\/12\/Cihan-Bugdayci-150x150.png 150w\" sizes=\"(max-width: 500px) 100vw, 500px\" \/>                                                <a href=\"#popup_6216\" class=\"view-speaker ts-image-popup\" data-effect=\"mfp-zoom-in\">\n                            <i class=\"icon icon-plus\"><\/i>\n                        <\/a>\n                         <!-- speaker social -->\n                        <div class=\"ts-speakers-social-4 ts-speakers-social\">\n                                                                                                                <\/div>\n                        <!-- speaker social end -->\n                    <\/div>\n                    <div class=\"ts-speaker-info text-left\">\n                        <h3 class=\"ts-title\"> <a href=\"https:\/\/forum.geleceginbilimi.com\/?ts-speaker=cihan-bugdayci\"> Cihan Bu\u011fdayc\u0131 <\/a> <\/h3>\n                        <p>\n                            Giri\u015fimcilik Oturumu                        <\/p>\n                    <\/div>\n                    <!--- speaker info end -->\n                    <!-- popup start-->\n                    <div id=\"popup_6216\" class=\"container ts-speaker-popup mfp-hide\">\n                        <div class=\"row\">\n                            <div class=\"col-lg-6\">\n                                <div class=\"ts-speaker-popup-img\">\n                                                                            <img width=\"500\" height=\"500\" src=\"https:\/\/forum.geleceginbilimi.com\/wp-content\/uploads\/2021\/12\/Cihan-Bugdayci.png\" class=\"attachment-full size-full\" alt=\"\" loading=\"lazy\" srcset=\"https:\/\/forum.geleceginbilimi.com\/wp-content\/uploads\/2021\/12\/Cihan-Bugdayci.png 500w, https:\/\/forum.geleceginbilimi.com\/wp-content\/uploads\/2021\/12\/Cihan-Bugdayci-300x300.png 300w, https:\/\/forum.geleceginbilimi.com\/wp-content\/uploads\/2021\/12\/Cihan-Bugdayci-150x150.png 150w\" sizes=\"(max-width: 500px) 100vw, 500px\" \/>                                                                    <\/div>\n                            <\/div>\n                            <!-- col end-->\n                            <div class=\"col-lg-6\">\n                                <div class=\"ts-speaker-popup-content\">\n                                    <h3 class=\"ts-title\"><a href=\"https:\/\/forum.geleceginbilimi.com\/?ts-speaker=cihan-bugdayci\"> Cihan Bu\u011fdayc\u0131 <\/a> <\/h3>\n                                    <span class=\"speakder-designation\"> Giri\u015fimcilik Oturumu<\/span>\n                                                                        <p>\n                                        <p>Psikolog, yazar ve Kolektif Future kurucu orta\u011f\u0131d\u0131r. 2015 y\u0131l\u0131nda e\u011fitim, k\u00fclt\u00fcr ve sanat \u00e7al\u0131\u015fmalar\u0131 yapmak \u00fczere Kitapla\u015fan \u0130nsanlar\u2019\u0131 kurdu. Ekibiyle birlikte k\u00f6y okullar\u0131nda k\u00fct\u00fcphaneler kurup k\u00f6y \u00f6\u011frencilerinin e\u011fitim masraflar\u0131n\u0131 kar\u015f\u0131lad\u0131. 2016 y\u0131l\u0131nda Bilim, \u0130nsan ve Gelecek ad\u0131n\u0131 konu\u015fmalar\u0131n ve ilham verici fikirlerin payla\u015f\u0131ld\u0131\u011f\u0131 Big Passions sahnesini kurdu. Elde etti\u011fi uluslararas\u0131 ba\u015far\u0131lar\u0131ndan dolay\u0131 2017 y\u0131l\u0131nda En Yenilik\u00e7i \u0130nsan \u00d6d\u00fcl\u00fc\u2019ne lay\u0131k g\u00f6r\u00fcld\u00fc. 2018 y\u0131l\u0131nda Lise \u00f6\u011frencilerinin 21.Y\u00fczy\u0131l\u0131n yetkinliklerini kazand\u0131\u011f\u0131 Hayali Olan Liseli\u2019yi kurdu. 2018 y\u0131l\u0131nda haz\u0131rlam\u0131\u015f oldu\u011fu okul \u00f6ncesi projesi ile Hamdi Ulukaya Giri\u015fiminde 7489 ki\u015fi aras\u0131ndan en ba\u015far\u0131l\u0131 ilk 24 giri\u015fimci aday\u0131 aras\u0131na se\u00e7ilip Amerika\u2019ya davet edildi. Bu\u011fdayc\u0131, 2018 y\u0131l\u0131nda GSB \u0130stanbul \u0130l M\u00fcd\u00fcrl\u00fc\u011f\u00fc taraf\u0131ndan Y\u0131l\u0131n Gen\u00e7 Giri\u015fimci \u00d6d\u00fcl\u00fc\u2019ne lay\u0131k g\u00f6r\u00fcld\u00fc. 2020 y\u0131l\u0131nda kurumlar\u0131n, kurum \u00e7al\u0131\u015fanlar\u0131n\u0131n ve kurum \u00e7al\u0131\u015fan \u00e7ocuklar\u0131n\u0131n e\u011fitimsel ihtiya\u00e7lar\u0131na cevap verecek Kolektif Future kurucu ortakl\u0131\u011f\u0131n\u0131 yapt\u0131. \"Varl\u0131\u011f\u0131m\u0131n Kabul Edildi\u011fi G\u00fcn\" ve \"Se\u00e7ilmi\u015f Huzursuzluk\" olmak \u00fczere iki kitab\u0131 bulunmaktad\u0131r. Ge\u00e7ti\u011fimiz g\u00fcnlerde T\u00fcrkiye\u2019nin en ba\u015far\u0131l\u0131 10 gencinin se\u00e7ildi\u011fi TOYP (Ten Outstanding Young Persons) Program\u0131nda, bulundu\u011fu kategoride birinci olarak \u00f6d\u00fcl ald\u0131.<\/p>                                    <\/p>\n                                    <div class=\"ts-speakers-social\">\n                                                                                                                                                                <\/div>\n                                <\/div>\n                                <!-- ts-speaker-popup-content end-->\n                            <\/div>\n                            <!-- col end-->\n                        <\/div>\n                        <!-- row end-->\n                    <\/div>\n                    <!-- popup end-->\n                <\/div>\n            <\/section>\n            <!-- ts-speaker end  -->\n            \n\n\n\n    \t\t<\/div>\n\t\t\t\t<\/div>\n\t\t\t\t<div class=\"elementor-element elementor-element-753a9a8 elementor-widget elementor-widget-exhibz-speaker\" data-id=\"753a9a8\" data-element_type=\"widget\" data-widget_type=\"exhibz-speaker.default\">\n\t\t\t\t<div class=\"elementor-widget-container\">\n\t\t\t            \n\n\n            \n            \n                        <section class=\"ts-speakers-style4 ts-speakers speaker-classic\">\n                <div class=\"ts-speaker\" style=\"--speaker-color: #25cd44\">\n                    <div class=\"speaker-img\">\n                                                    <img width=\"500\" height=\"500\" src=\"https:\/\/forum.geleceginbilimi.com\/wp-content\/uploads\/2021\/11\/Prof.-Dr.-Altan-Cetin.png\" class=\"img-fluid\" alt=\"\" loading=\"lazy\" srcset=\"https:\/\/forum.geleceginbilimi.com\/wp-content\/uploads\/2021\/11\/Prof.-Dr.-Altan-Cetin.png 500w, https:\/\/forum.geleceginbilimi.com\/wp-content\/uploads\/2021\/11\/Prof.-Dr.-Altan-Cetin-300x300.png 300w, https:\/\/forum.geleceginbilimi.com\/wp-content\/uploads\/2021\/11\/Prof.-Dr.-Altan-Cetin-150x150.png 150w\" sizes=\"(max-width: 500px) 100vw, 500px\" \/>                                                <a href=\"#popup_5084\" class=\"view-speaker ts-image-popup\" data-effect=\"mfp-zoom-in\">\n                            <i class=\"icon icon-plus\"><\/i>\n                        <\/a>\n                         <!-- speaker social -->\n                        <div class=\"ts-speakers-social-4 ts-speakers-social\">\n                                                                                                                <\/div>\n                        <!-- speaker social end -->\n                    <\/div>\n                    <div class=\"ts-speaker-info text-left\">\n                        <h3 class=\"ts-title\"> <a href=\"https:\/\/forum.geleceginbilimi.com\/?ts-speaker=altan-cetin\"> Altan \u00c7etin <\/a> <\/h3>\n                        <p>\n                            Nurettin Top\u00e7u Oturumu                        <\/p>\n                    <\/div>\n                    <!--- speaker info end -->\n                    <!-- popup start-->\n                    <div id=\"popup_5084\" class=\"container ts-speaker-popup mfp-hide\">\n                        <div class=\"row\">\n                            <div class=\"col-lg-6\">\n                                <div class=\"ts-speaker-popup-img\">\n                                                                            <img width=\"500\" height=\"500\" src=\"https:\/\/forum.geleceginbilimi.com\/wp-content\/uploads\/2021\/11\/Prof.-Dr.-Altan-Cetin.png\" class=\"attachment-full size-full\" alt=\"\" loading=\"lazy\" srcset=\"https:\/\/forum.geleceginbilimi.com\/wp-content\/uploads\/2021\/11\/Prof.-Dr.-Altan-Cetin.png 500w, https:\/\/forum.geleceginbilimi.com\/wp-content\/uploads\/2021\/11\/Prof.-Dr.-Altan-Cetin-300x300.png 300w, https:\/\/forum.geleceginbilimi.com\/wp-content\/uploads\/2021\/11\/Prof.-Dr.-Altan-Cetin-150x150.png 150w\" sizes=\"(max-width: 500px) 100vw, 500px\" \/>                                                                    <\/div>\n                            <\/div>\n                            <!-- col end-->\n                            <div class=\"col-lg-6\">\n                                <div class=\"ts-speaker-popup-content\">\n                                    <h3 class=\"ts-title\"><a href=\"https:\/\/forum.geleceginbilimi.com\/?ts-speaker=altan-cetin\"> Altan \u00c7etin <\/a> <\/h3>\n                                    <span class=\"speakder-designation\"> Nurettin Top\u00e7u Oturumu<\/span>\n                                                                        <p>\n                                        <p>Altan \u00c7etin 1972 y\u0131l\u0131nda \u0130stanbul'da d\u00fcnyaya gelmi\u015ftir. Gazi \u00dcniversitesi Fen Edebiyat Fak\u00fcltesi Tarih B\u00f6l\u00fcm\u00fcnden mezun olmu\u015ftur. 1998 y\u0131l\u0131nda Gazi \u00dcniversitesi Sosyal Bilimler Enstit\u00fcs\u00fcnde y\u00fcksek lisans, 2002 y\u0131l\u0131nda doktora e\u011fitimini tamamlam\u0131\u015ft\u0131r. 2003 y\u0131l\u0131nda \u0130ran'a giderek akademik \u00e7al\u0131\u015fmalar\u0131n\u0131 burada s\u00fcrd\u00fcrm\u00fc\u015ft\u00fcr. 2007 y\u0131l\u0131nda do\u00e7ent unvan\u0131n\u0131 alm\u0131\u015ft\u0131r. Alan\u0131nda yapt\u0131\u011f\u0131 bir\u00e7ok \u00e7al\u0131\u015fmas\u0131 yay\u0131mlanm\u0131\u015ft\u0131r. Yazar Anadolu \u00dcniversitesi Edebiyat Fak\u00fcltesi Tarih B\u00f6l\u00fcm\u00fc'nde \u00e7al\u0131\u015fmaktad\u0131r.<\/p>                                    <\/p>\n                                    <div class=\"ts-speakers-social\">\n                                                                                                                                                                <\/div>\n                                <\/div>\n                                <!-- ts-speaker-popup-content end-->\n                            <\/div>\n                            <!-- col end-->\n                        <\/div>\n                        <!-- row end-->\n                    <\/div>\n                    <!-- popup end-->\n                <\/div>\n            <\/section>\n            <!-- ts-speaker end  -->\n            \n\n\n\n    \t\t<\/div>\n\t\t\t\t<\/div>\n\t\t\t\t<div class=\"elementor-element elementor-element-6da292f elementor-widget elementor-widget-exhibz-speaker\" data-id=\"6da292f\" data-element_type=\"widget\" data-widget_type=\"exhibz-speaker.default\">\n\t\t\t\t<div class=\"elementor-widget-container\">\n\t\t\t            \n\n\n            \n            \n                        <section class=\"ts-speakers-style4 ts-speakers speaker-classic\">\n                <div class=\"ts-speaker\" style=\"--speaker-color: #25cd44\">\n                    <div class=\"speaker-img\">\n                                                    <img width=\"500\" height=\"500\" src=\"https:\/\/forum.geleceginbilimi.com\/wp-content\/uploads\/2021\/11\/Murat-Acar.png\" class=\"img-fluid\" alt=\"\" loading=\"lazy\" srcset=\"https:\/\/forum.geleceginbilimi.com\/wp-content\/uploads\/2021\/11\/Murat-Acar.png 500w, https:\/\/forum.geleceginbilimi.com\/wp-content\/uploads\/2021\/11\/Murat-Acar-300x300.png 300w, https:\/\/forum.geleceginbilimi.com\/wp-content\/uploads\/2021\/11\/Murat-Acar-150x150.png 150w\" sizes=\"(max-width: 500px) 100vw, 500px\" \/>                                                <a href=\"#popup_5088\" class=\"view-speaker ts-image-popup\" data-effect=\"mfp-zoom-in\">\n                            <i class=\"icon icon-plus\"><\/i>\n                        <\/a>\n                         <!-- speaker social -->\n                        <div class=\"ts-speakers-social-4 ts-speakers-social\">\n                                                                                                                <\/div>\n                        <!-- speaker social end -->\n                    <\/div>\n                    <div class=\"ts-speaker-info text-left\">\n                        <h3 class=\"ts-title\"> <a href=\"https:\/\/forum.geleceginbilimi.com\/?ts-speaker=murat-acar\"> Murat Acar <\/a> <\/h3>\n                        <p>\n                            \u015eehir K\u00fclt\u00fcr\u00fc Oturumu                        <\/p>\n                    <\/div>\n                    <!--- speaker info end -->\n                    <!-- popup start-->\n                    <div id=\"popup_5088\" class=\"container ts-speaker-popup mfp-hide\">\n                        <div class=\"row\">\n                            <div class=\"col-lg-6\">\n                                <div class=\"ts-speaker-popup-img\">\n                                                                            <img width=\"500\" height=\"500\" src=\"https:\/\/forum.geleceginbilimi.com\/wp-content\/uploads\/2021\/11\/Murat-Acar.png\" class=\"attachment-full size-full\" alt=\"\" loading=\"lazy\" srcset=\"https:\/\/forum.geleceginbilimi.com\/wp-content\/uploads\/2021\/11\/Murat-Acar.png 500w, https:\/\/forum.geleceginbilimi.com\/wp-content\/uploads\/2021\/11\/Murat-Acar-300x300.png 300w, https:\/\/forum.geleceginbilimi.com\/wp-content\/uploads\/2021\/11\/Murat-Acar-150x150.png 150w\" sizes=\"(max-width: 500px) 100vw, 500px\" \/>                                                                    <\/div>\n                            <\/div>\n                            <!-- col end-->\n                            <div class=\"col-lg-6\">\n                                <div class=\"ts-speaker-popup-content\">\n                                    <h3 class=\"ts-title\"><a href=\"https:\/\/forum.geleceginbilimi.com\/?ts-speaker=murat-acar\"> Murat Acar <\/a> <\/h3>\n                                    <span class=\"speakder-designation\"> \u015eehir K\u00fclt\u00fcr\u00fc Oturumu<\/span>\n                                                                        <p>\n                                        <p>Mimar Sinan G\u00fczel Sanatlar \u00dcniversitesi \u015eehir ve B\u00f6lge Planlama b\u00f6l\u00fcm\u00fcnde lisans, Sakarya \u00dcniversitesi Mahalli \u0130dareler ve \u015eehircilik B\u00f6l\u00fcm\u00fc\u2019nde y\u00fcksek lisans e\u011fitimini tamamlad\u0131. Erasmus \u00d6\u011frenci De\u011fi\u015fimi Program\u0131 kapsam\u0131nda Almanya\u2019n\u0131n Leibniz Hannover \u00dcniversitesi\u2019nde bir y\u0131l Kentsel Tasar\u0131m b\u00f6l\u00fcm\u00fcnde \u00f6\u011frenim g\u00f6rd\u00fc. Halen Marmara \u00dcniversitesi Yerel Y\u00f6netimler ve Kent Politikalar\u0131 doktora program\u0131na devam etmekte olup; kamusal mekan olu\u015fturma prati\u011fi olarak \u0130stanbul K\u00fclliyelerini ele ald\u0131\u011f\u0131 tezini yazmaktad\u0131r. Ayn\u0131 zamanda Fatih Belediyesi Afet Y\u00f6netimi Sorumlusudur. 2017 y\u0131l\u0131ndan bug\u00fcne \u015eehirli Derne\u011fi\u2019nin ba\u015fkanl\u0131\u011f\u0131n\u0131 y\u00fcr\u00fctmekte olan Murat Acar Hocam\u0131z \u015fehircilik, kat\u0131l\u0131m, sivil toplum konular\u0131ndaki birikimi ile GBf2021 de \u015eehir K\u00fclt\u00fcr\u00fc Oturumuzda bizlerle...<\/p>                                    <\/p>\n                                    <div class=\"ts-speakers-social\">\n                                                                                                                                                                <\/div>\n                                <\/div>\n                                <!-- ts-speaker-popup-content end-->\n                            <\/div>\n                            <!-- col end-->\n                        <\/div>\n                        <!-- row end-->\n                    <\/div>\n                    <!-- popup end-->\n                <\/div>\n            <\/section>\n            <!-- ts-speaker end  -->\n            \n\n\n\n    \t\t<\/div>\n\t\t\t\t<\/div>\n\t\t\t\t<div class=\"elementor-element elementor-element-3a56006 elementor-widget elementor-widget-exhibz-speaker\" data-id=\"3a56006\" data-element_type=\"widget\" data-widget_type=\"exhibz-speaker.default\">\n\t\t\t\t<div class=\"elementor-widget-container\">\n\t\t\t            \n\n\n            \n            \n                        <section class=\"ts-speakers-style4 ts-speakers speaker-classic\">\n                <div class=\"ts-speaker\" style=\"--speaker-color: #25cd44\">\n                    <div class=\"speaker-img\">\n                                                    <img width=\"500\" height=\"500\" src=\"https:\/\/forum.geleceginbilimi.com\/wp-content\/uploads\/2021\/11\/Omer-Kemal-Buhari.png\" class=\"img-fluid\" alt=\"\" loading=\"lazy\" srcset=\"https:\/\/forum.geleceginbilimi.com\/wp-content\/uploads\/2021\/11\/Omer-Kemal-Buhari.png 500w, https:\/\/forum.geleceginbilimi.com\/wp-content\/uploads\/2021\/11\/Omer-Kemal-Buhari-300x300.png 300w, https:\/\/forum.geleceginbilimi.com\/wp-content\/uploads\/2021\/11\/Omer-Kemal-Buhari-150x150.png 150w\" sizes=\"(max-width: 500px) 100vw, 500px\" \/>                                                <a href=\"#popup_5090\" class=\"view-speaker ts-image-popup\" data-effect=\"mfp-zoom-in\">\n                            <i class=\"icon icon-plus\"><\/i>\n                        <\/a>\n                         <!-- speaker social -->\n                        <div class=\"ts-speakers-social-4 ts-speakers-social\">\n                                                                                                                <\/div>\n                        <!-- speaker social end -->\n                    <\/div>\n                    <div class=\"ts-speaker-info text-left\">\n                        <h3 class=\"ts-title\"> <a href=\"https:\/\/forum.geleceginbilimi.com\/?ts-speaker=omer-kemal-buhari\"> \u00d6mer Kemal Buhari <\/a> <\/h3>\n                        <p>\n                            \u015eehir K\u00fclt\u00fcr\u00fc Oturumu                        <\/p>\n                    <\/div>\n                    <!--- speaker info end -->\n                    <!-- popup start-->\n                    <div id=\"popup_5090\" class=\"container ts-speaker-popup mfp-hide\">\n                        <div class=\"row\">\n                            <div class=\"col-lg-6\">\n                                <div class=\"ts-speaker-popup-img\">\n                                                                            <img width=\"500\" height=\"500\" src=\"https:\/\/forum.geleceginbilimi.com\/wp-content\/uploads\/2021\/11\/Omer-Kemal-Buhari.png\" class=\"attachment-full size-full\" alt=\"\" loading=\"lazy\" srcset=\"https:\/\/forum.geleceginbilimi.com\/wp-content\/uploads\/2021\/11\/Omer-Kemal-Buhari.png 500w, https:\/\/forum.geleceginbilimi.com\/wp-content\/uploads\/2021\/11\/Omer-Kemal-Buhari-300x300.png 300w, https:\/\/forum.geleceginbilimi.com\/wp-content\/uploads\/2021\/11\/Omer-Kemal-Buhari-150x150.png 150w\" sizes=\"(max-width: 500px) 100vw, 500px\" \/>                                                                    <\/div>\n                            <\/div>\n                            <!-- col end-->\n                            <div class=\"col-lg-6\">\n                                <div class=\"ts-speaker-popup-content\">\n                                    <h3 class=\"ts-title\"><a href=\"https:\/\/forum.geleceginbilimi.com\/?ts-speaker=omer-kemal-buhari\"> \u00d6mer Kemal Buhari <\/a> <\/h3>\n                                    <span class=\"speakder-designation\"> \u015eehir K\u00fclt\u00fcr\u00fc Oturumu<\/span>\n                                                                        <p>\n                                        <p>Ruprecht- Karls Heidelberg \u00dcniversitesi\u2019nde Felsefe ve Siyaset Bilimi b\u00f6l\u00fcm\u00fcnde lisans ve y\u00fcksek lisans e\u011fitimini tamamlad\u0131. Latince, Eksi ve Modern Yunanca, Rus\u00e7a, Japonca, \u00c7ince, ve Arap\u00e7a dil e\u011fitimleri ald\u0131. Malezya Uluslararas\u0131 \u0130slam \u00dcniversitesi\u2019ndeki (IIUM) Uluslararas\u0131 \u0130slam D\u00fc\u015f\u00fcncesi ve Medeniyet Enstit\u00fcs\u00fc\u2019nde (ISTAC) \u2018\u2019Bat\u0131\u2019n\u0131n \u0130slam D\u00fc\u015fmanl\u0131\u011f\u0131n\u0131n K\u00f6k Sebepleri: Yahudilik, Hristiyanl\u0131k ve Sek\u00fcler\u2019\u2019 ( Root Causes of Western Anti-Islamic Antagonism: Judaism, Christianity and the Secular) ba\u015fl\u0131kl\u0131 tezi ile doktora \u00e7al\u0131\u015fmas\u0131n\u0131 tamamlad\u0131. Varolu\u015fsal Tehcir ve Komplo Teorileri kitaplar\u0131n\u0131n yazar\u0131 olup Halen \u0130stanbul Sabahattin Zaim \u00dcniversitesi\u2019nde doktor \u00f6\u011fretim \u00fcyesidir. \u00d6mer Kemal Buhari Hocam\u0131z dijital ve \u015fehir kavramlar\u0131ndaki birikimi ile GBf2021\u2019de \u015eehir K\u00fclt\u00fcr\u00fc Oturumumuzda bizlerle\u2026<\/p>                                    <\/p>\n                                    <div class=\"ts-speakers-social\">\n                                                                                                                                                                <\/div>\n                                <\/div>\n                                <!-- ts-speaker-popup-content end-->\n                            <\/div>\n                            <!-- col end-->\n                        <\/div>\n                        <!-- row end-->\n                    <\/div>\n                    <!-- popup end-->\n                <\/div>\n            <\/section>\n            <!-- ts-speaker end  -->\n            \n\n\n\n    \t\t<\/div>\n\t\t\t\t<\/div>\n\t\t\t\t\t\t<\/div>\n\t\t\t\t\t<\/div>\n\t\t<\/div>\n\t\t\t\t<div class=\"elementor-column elementor-col-20 elementor-top-column elementor-element elementor-element-b330fea\" data-id=\"b330fea\" data-element_type=\"column\">\n\t\t\t<div class=\"elementor-column-wrap elementor-element-populated\">\n\t\t\t\t\t\t\t<div class=\"elementor-widget-wrap\">\n\t\t\t\t\t\t<div class=\"elementor-element elementor-element-a8fc345 elementor-widget elementor-widget-exhibz-speaker\" data-id=\"a8fc345\" data-element_type=\"widget\" data-widget_type=\"exhibz-speaker.default\">\n\t\t\t\t<div class=\"elementor-widget-container\">\n\t\t\t            \n\n\n            \n            \n                        <section class=\"ts-speakers-style4 ts-speakers speaker-classic\">\n                <div class=\"ts-speaker\" style=\"--speaker-color: #25cd44\">\n                    <div class=\"speaker-img\">\n                                                    <img width=\"500\" height=\"500\" src=\"https:\/\/forum.geleceginbilimi.com\/wp-content\/uploads\/2021\/12\/Suleyman-Gunduz.png\" class=\"img-fluid\" alt=\"\" loading=\"lazy\" srcset=\"https:\/\/forum.geleceginbilimi.com\/wp-content\/uploads\/2021\/12\/Suleyman-Gunduz.png 500w, https:\/\/forum.geleceginbilimi.com\/wp-content\/uploads\/2021\/12\/Suleyman-Gunduz-300x300.png 300w, https:\/\/forum.geleceginbilimi.com\/wp-content\/uploads\/2021\/12\/Suleyman-Gunduz-150x150.png 150w\" sizes=\"(max-width: 500px) 100vw, 500px\" \/>                                                <a href=\"#popup_6171\" class=\"view-speaker ts-image-popup\" data-effect=\"mfp-zoom-in\">\n                            <i class=\"icon icon-plus\"><\/i>\n                        <\/a>\n                         <!-- speaker social -->\n                        <div class=\"ts-speakers-social-4 ts-speakers-social\">\n                                                                                                                <\/div>\n                        <!-- speaker social end -->\n                    <\/div>\n                    <div class=\"ts-speaker-info text-left\">\n                        <h3 class=\"ts-title\"> <a href=\"https:\/\/forum.geleceginbilimi.com\/?ts-speaker=suleyman-gunduz\"> S\u00fcleyman G\u00fcnd\u00fcz <\/a> <\/h3>\n                        <p>\n                            Terenn\u00fcm Oturumu                        <\/p>\n                    <\/div>\n                    <!--- speaker info end -->\n                    <!-- popup start-->\n                    <div id=\"popup_6171\" class=\"container ts-speaker-popup mfp-hide\">\n                        <div class=\"row\">\n                            <div class=\"col-lg-6\">\n                                <div class=\"ts-speaker-popup-img\">\n                                                                            <img width=\"500\" height=\"500\" src=\"https:\/\/forum.geleceginbilimi.com\/wp-content\/uploads\/2021\/12\/Suleyman-Gunduz.png\" class=\"attachment-full size-full\" alt=\"\" loading=\"lazy\" srcset=\"https:\/\/forum.geleceginbilimi.com\/wp-content\/uploads\/2021\/12\/Suleyman-Gunduz.png 500w, https:\/\/forum.geleceginbilimi.com\/wp-content\/uploads\/2021\/12\/Suleyman-Gunduz-300x300.png 300w, https:\/\/forum.geleceginbilimi.com\/wp-content\/uploads\/2021\/12\/Suleyman-Gunduz-150x150.png 150w\" sizes=\"(max-width: 500px) 100vw, 500px\" \/>                                                                    <\/div>\n                            <\/div>\n                            <!-- col end-->\n                            <div class=\"col-lg-6\">\n                                <div class=\"ts-speaker-popup-content\">\n                                    <h3 class=\"ts-title\"><a href=\"https:\/\/forum.geleceginbilimi.com\/?ts-speaker=suleyman-gunduz\"> S\u00fcleyman G\u00fcnd\u00fcz <\/a> <\/h3>\n                                    <span class=\"speakder-designation\"> Terenn\u00fcm Oturumu<\/span>\n                                                                        <p>\n                                        <p>1961 Trabzon \u00c7aykara do\u011fumlu S\u00fcleyman G\u00fcnd\u00fcz, Atat\u00fcrk \u00dcniversitesi Di\u015f Hekimli\u011fi b\u00f6l\u00fcm\u00fcnde lisans\u0131n\u0131 tamamlad\u0131ktan sonra Sakarya \u00dcniversitesi Sosyoloji y\u00fcksek lisans\u0131n\u0131 tamamlam\u0131\u015ft\u0131r. \u0130lgi alanlar\u0131 uluslararas\u0131 ili\u015fkiler olan S\u00fcleyman G\u00fcnd\u00fcz hocam\u0131z \"E\u011fitim yetmez terenn\u00fcm \u015fart!\" temas\u0131 \u00e7er\u00e7evesinde GBf21 de Terenn\u00fcm Oturumu ile bizlerle...<\/p>                                    <\/p>\n                                    <div class=\"ts-speakers-social\">\n                                                                                                                                                                <\/div>\n                                <\/div>\n                                <!-- ts-speaker-popup-content end-->\n                            <\/div>\n                            <!-- col end-->\n                        <\/div>\n                        <!-- row end-->\n                    <\/div>\n                    <!-- popup end-->\n                <\/div>\n            <\/section>\n            <!-- ts-speaker end  -->\n            \n\n\n\n    \t\t<\/div>\n\t\t\t\t<\/div>\n\t\t\t\t<div class=\"elementor-element elementor-element-d8edb6a elementor-widget elementor-widget-exhibz-speaker\" data-id=\"d8edb6a\" data-element_type=\"widget\" data-widget_type=\"exhibz-speaker.default\">\n\t\t\t\t<div class=\"elementor-widget-container\">\n\t\t\t            \n\n\n            \n            \n                        <section class=\"ts-speakers-style4 ts-speakers speaker-classic\">\n                <div class=\"ts-speaker\" style=\"--speaker-color: #25cd44\">\n                    <div class=\"speaker-img\">\n                                                    <img width=\"500\" height=\"500\" src=\"https:\/\/forum.geleceginbilimi.com\/wp-content\/uploads\/2021\/11\/Sumeyye-Ceylan-1.png\" class=\"img-fluid\" alt=\"\" loading=\"lazy\" srcset=\"https:\/\/forum.geleceginbilimi.com\/wp-content\/uploads\/2021\/11\/Sumeyye-Ceylan-1.png 500w, https:\/\/forum.geleceginbilimi.com\/wp-content\/uploads\/2021\/11\/Sumeyye-Ceylan-1-300x300.png 300w, https:\/\/forum.geleceginbilimi.com\/wp-content\/uploads\/2021\/11\/Sumeyye-Ceylan-1-150x150.png 150w\" sizes=\"(max-width: 500px) 100vw, 500px\" \/>                                                <a href=\"#popup_5063\" class=\"view-speaker ts-image-popup\" data-effect=\"mfp-zoom-in\">\n                            <i class=\"icon icon-plus\"><\/i>\n                        <\/a>\n                         <!-- speaker social -->\n                        <div class=\"ts-speakers-social-4 ts-speakers-social\">\n                                                                                                                <\/div>\n                        <!-- speaker social end -->\n                    <\/div>\n                    <div class=\"ts-speaker-info text-left\">\n                        <h3 class=\"ts-title\"> <a href=\"https:\/\/forum.geleceginbilimi.com\/?ts-speaker=sumeyye-ceylan\"> S\u00fcmeyye Ceylan <\/a> <\/h3>\n                        <p>\n                            Yitik Miras Oturumu                        <\/p>\n                    <\/div>\n                    <!--- speaker info end -->\n                    <!-- popup start-->\n                    <div id=\"popup_5063\" class=\"container ts-speaker-popup mfp-hide\">\n                        <div class=\"row\">\n                            <div class=\"col-lg-6\">\n                                <div class=\"ts-speaker-popup-img\">\n                                                                            <img width=\"500\" height=\"500\" src=\"https:\/\/forum.geleceginbilimi.com\/wp-content\/uploads\/2021\/11\/Sumeyye-Ceylan-1.png\" class=\"attachment-full size-full\" alt=\"\" loading=\"lazy\" srcset=\"https:\/\/forum.geleceginbilimi.com\/wp-content\/uploads\/2021\/11\/Sumeyye-Ceylan-1.png 500w, https:\/\/forum.geleceginbilimi.com\/wp-content\/uploads\/2021\/11\/Sumeyye-Ceylan-1-300x300.png 300w, https:\/\/forum.geleceginbilimi.com\/wp-content\/uploads\/2021\/11\/Sumeyye-Ceylan-1-150x150.png 150w\" sizes=\"(max-width: 500px) 100vw, 500px\" \/>                                                                    <\/div>\n                            <\/div>\n                            <!-- col end-->\n                            <div class=\"col-lg-6\">\n                                <div class=\"ts-speaker-popup-content\">\n                                    <h3 class=\"ts-title\"><a href=\"https:\/\/forum.geleceginbilimi.com\/?ts-speaker=sumeyye-ceylan\"> S\u00fcmeyye Ceylan <\/a> <\/h3>\n                                    <span class=\"speakder-designation\"> Yitik Miras Oturumu<\/span>\n                                                                        <p>\n                                        <p>Viyana \u00dcniversitesi Matematik B\u00f6l\u00fcm\u00fc'nde lisans e\u011fitimini tamamlad\u0131. H\u0131zl\u0131 Fourier D\u00f6n\u00fc\u015f\u00fcm\u00fc ile Pedagoji alanlar\u0131nda iki ayr\u0131 y\u00fcksek lisans \u00e7al\u0131\u015fmas\u0131 ger\u00e7ekle\u015ftirdi. Do\u011fa ve oyun temelli bilim e\u011fitimi, matematik felsefesi, mant\u0131k, bilim tarihi, STEAM e\u011fitimi ve sosyal giri\u015fimcilik alanlar\u0131nda akademik \u00e7al\u0131\u015fmalar\u0131 bulunan S\u00fcmeyye Ceylan 2012 y\u0131l\u0131nda kurdu\u011fu Usturlab\u2019\u0131n faaliyetlerine aktif olarak devam etmektedir. Ayn\u0131 zamanda \u00e7e\u015fitli e\u011fitim kurumlar\u0131, kamu kurulu\u015flar\u0131 ve \u00f6zel \u015firketler i\u00e7in dan\u0131\u015fmanl\u0131k vermeye devam etmektedir. T\u00fcrkiye genelinde 100.000'den fazla \u00e7ocu\u011fun astronomi, ekoloji, biyoloji, mikrobiyoloji, matematik, kodlama, robotik, sanat ve felsefe alanlar\u0131nda e\u011fitim almas\u0131na \u00f6nc\u00fcl\u00fck eden S\u00fcmeyye Ceylan GBf2021\u2019de Yitik Miras Oturumumuzda tecr\u00fcbe ve deneyimlerini aktarmak \u00fczere bizlerle...<\/p>                                    <\/p>\n                                    <div class=\"ts-speakers-social\">\n                                                                                                                                                                <\/div>\n                                <\/div>\n                                <!-- ts-speaker-popup-content end-->\n                            <\/div>\n                            <!-- col end-->\n                        <\/div>\n                        <!-- row end-->\n                    <\/div>\n                    <!-- popup end-->\n                <\/div>\n            <\/section>\n            <!-- ts-speaker end  -->\n            \n\n\n\n    \t\t<\/div>\n\t\t\t\t<\/div>\n\t\t\t\t<div class=\"elementor-element elementor-element-366f93b elementor-widget elementor-widget-exhibz-speaker\" data-id=\"366f93b\" data-element_type=\"widget\" data-widget_type=\"exhibz-speaker.default\">\n\t\t\t\t<div class=\"elementor-widget-container\">\n\t\t\t            \n\n\n            \n            \n                        <section class=\"ts-speakers-style4 ts-speakers speaker-classic\">\n                <div class=\"ts-speaker\" style=\"--speaker-color: #25cd44\">\n                    <div class=\"speaker-img\">\n                                                    <img width=\"500\" height=\"500\" src=\"https:\/\/forum.geleceginbilimi.com\/wp-content\/uploads\/2021\/11\/Yuksel-Akkaya.png\" class=\"img-fluid\" alt=\"\" loading=\"lazy\" srcset=\"https:\/\/forum.geleceginbilimi.com\/wp-content\/uploads\/2021\/11\/Yuksel-Akkaya.png 500w, https:\/\/forum.geleceginbilimi.com\/wp-content\/uploads\/2021\/11\/Yuksel-Akkaya-300x300.png 300w, https:\/\/forum.geleceginbilimi.com\/wp-content\/uploads\/2021\/11\/Yuksel-Akkaya-150x150.png 150w\" sizes=\"(max-width: 500px) 100vw, 500px\" \/>                                                <a href=\"#popup_5073\" class=\"view-speaker ts-image-popup\" data-effect=\"mfp-zoom-in\">\n                            <i class=\"icon icon-plus\"><\/i>\n                        <\/a>\n                         <!-- speaker social -->\n                        <div class=\"ts-speakers-social-4 ts-speakers-social\">\n                                                                                                                <\/div>\n                        <!-- speaker social end -->\n                    <\/div>\n                    <div class=\"ts-speaker-info text-left\">\n                        <h3 class=\"ts-title\"> <a href=\"https:\/\/forum.geleceginbilimi.com\/?ts-speaker=yuksel-akkaya\"> Y\u00fcksel Akkaya <\/a> <\/h3>\n                        <p>\n                            Mikrobiyota Oturumu                        <\/p>\n                    <\/div>\n                    <!--- speaker info end -->\n                    <!-- popup start-->\n                    <div id=\"popup_5073\" class=\"container ts-speaker-popup mfp-hide\">\n                        <div class=\"row\">\n                            <div class=\"col-lg-6\">\n                                <div class=\"ts-speaker-popup-img\">\n                                                                            <img width=\"500\" height=\"500\" src=\"https:\/\/forum.geleceginbilimi.com\/wp-content\/uploads\/2021\/11\/Yuksel-Akkaya.png\" class=\"attachment-full size-full\" alt=\"\" loading=\"lazy\" srcset=\"https:\/\/forum.geleceginbilimi.com\/wp-content\/uploads\/2021\/11\/Yuksel-Akkaya.png 500w, https:\/\/forum.geleceginbilimi.com\/wp-content\/uploads\/2021\/11\/Yuksel-Akkaya-300x300.png 300w, https:\/\/forum.geleceginbilimi.com\/wp-content\/uploads\/2021\/11\/Yuksel-Akkaya-150x150.png 150w\" sizes=\"(max-width: 500px) 100vw, 500px\" \/>                                                                    <\/div>\n                            <\/div>\n                            <!-- col end-->\n                            <div class=\"col-lg-6\">\n                                <div class=\"ts-speaker-popup-content\">\n                                    <h3 class=\"ts-title\"><a href=\"https:\/\/forum.geleceginbilimi.com\/?ts-speaker=yuksel-akkaya\"> Y\u00fcksel Akkaya <\/a> <\/h3>\n                                    <span class=\"speakder-designation\"> Mikrobiyota Oturumu<\/span>\n                                                                        <p>\n                                        <p>Uzm. Dr. \u00d6\u011fretim \u00dcyesi Y\u00fcksel AKKAYA 1973\u2019de \u015eanl\u0131urfa\u2019da do\u011fdu. 1997 y\u0131l\u0131nda F\u0131rat \u00dcniversitesi T\u0131p Fak\u00fcltesi\u2019nde t\u0131p e\u011fitimini tamamlamas\u0131n\u0131n ard\u0131ndan 2011 y\u0131l\u0131nda Pamukkale \u00dcniversitesi T\u0131p Fak\u00fcltesi Mikrobiyoloji Anabilim Dal\u0131\u2019nda T\u0131bbi Mikrobiyoloji alan\u0131nda uzmanl\u0131k e\u011fitimini tamamlad\u0131. 15-19 Haziran 2010 tarihlerinde Ankara\u2019da yap\u0131lan VI. Ulusal Molek\u00fcler ve Tan\u0131sal Mikrobiyoloji Kongre\u2019sinde Kongre Bilimsel Kurulu\u2019nun de\u011ferlendirmeleri sonucunda \u201cIFAT ile Anti-Bartonella Henselae Antikorlar\u0131n\u0131n Saptanmas\u0131nda HELA ve VERO H\u00fccrelerinin Kar\u015f\u0131la\u015ft\u0131r\u0131lmas\u0131\u201d ba\u015fl\u0131kl\u0131 \u00e7al\u0131\u015fma ile en iyi ara\u015ft\u0131rma \u00fc\u00e7\u00fcnc\u00fcl\u00fck \u00f6d\u00fcl\u00fcn\u00fc ald\u0131. Ulusal ve uluslararas\u0131 dergilerde bir\u00e7ok makalesi yay\u0131nland\u0131. K\u0131rsal b\u00f6lgelerde risk olu\u015fturan meslek gruplar\u0131nda \u00e7al\u0131\u015fan yeti\u015fkinlerde Bartonella henselae ve Bartonella bacilliformis\u2019e kar\u015f\u0131 antikor seroprevalans\u0131n\u0131n ara\u015ft\u0131r\u0131lmas\u0131 projesi ile BAP Proje ba\u015fvuru\u015funda bulundu. 2021 y\u0131l\u0131nda Avrupa Birli\u011fi\u2019nin yay\u0131nlam\u0131\u015f oldu\u011fu HORIZON-HLTH-DISEASE-04-07 \u00e7a\u011fr\u0131s\u0131na, Personalized Treatment Methods With Interaction Map Of Microbiota \/ Viral Infections projesi ile ba\u015fvuru yapt\u0131. Sa\u011fl\u0131k Bilimleri \u00dcniversitesi Hamidiye T\u0131p Fak\u00fcltesi\u2019nde Dr. \u00f6\u011fretim \u00fcyesi olan Dr. Y\u00fcksel Akkaya, Sa\u011fl\u0131k Bilimleri \u00dcniversitesi Teknoloji Geli\u015ftirme B\u00f6lgesi Sa\u011fl\u0131k Teknokenti Teknopol \u0130stanbul b\u00fcnyerinde kurulan T\u0131bbi Mikrobiyoloji ve Mikrobiyota Laboratuvar\u0131nda laboratuvarlar birimi sorumlusu olarak da g\u00f6rev almaktad\u0131r.<\/p>                                    <\/p>\n                                    <div class=\"ts-speakers-social\">\n                                                                                                                                                                <\/div>\n                                <\/div>\n                                <!-- ts-speaker-popup-content end-->\n                            <\/div>\n                            <!-- col end-->\n                        <\/div>\n                        <!-- row end-->\n                    <\/div>\n                    <!-- popup end-->\n                <\/div>\n            <\/section>\n            <!-- ts-speaker end  -->\n            \n\n\n\n    \t\t<\/div>\n\t\t\t\t<\/div>\n\t\t\t\t<div class=\"elementor-element elementor-element-56ae12e elementor-widget elementor-widget-exhibz-speaker\" data-id=\"56ae12e\" data-element_type=\"widget\" data-widget_type=\"exhibz-speaker.default\">\n\t\t\t\t<div class=\"elementor-widget-container\">\n\t\t\t            \n\n\n            \n            \n                        <section class=\"ts-speakers-style4 ts-speakers speaker-classic\">\n                <div class=\"ts-speaker\" style=\"--speaker-color: #25cd44\">\n                    <div class=\"speaker-img\">\n                                                    <img width=\"500\" height=\"500\" src=\"https:\/\/forum.geleceginbilimi.com\/wp-content\/uploads\/2021\/11\/Yasin-Saygili.png\" class=\"img-fluid\" alt=\"\" loading=\"lazy\" srcset=\"https:\/\/forum.geleceginbilimi.com\/wp-content\/uploads\/2021\/11\/Yasin-Saygili.png 500w, https:\/\/forum.geleceginbilimi.com\/wp-content\/uploads\/2021\/11\/Yasin-Saygili-300x300.png 300w, https:\/\/forum.geleceginbilimi.com\/wp-content\/uploads\/2021\/11\/Yasin-Saygili-150x150.png 150w\" sizes=\"(max-width: 500px) 100vw, 500px\" \/>                                                <a href=\"#popup_4826\" class=\"view-speaker ts-image-popup\" data-effect=\"mfp-zoom-in\">\n                            <i class=\"icon icon-plus\"><\/i>\n                        <\/a>\n                         <!-- speaker social -->\n                        <div class=\"ts-speakers-social-4 ts-speakers-social\">\n                                                                                                                <\/div>\n                        <!-- speaker social end -->\n                    <\/div>\n                    <div class=\"ts-speaker-info text-left\">\n                        <h3 class=\"ts-title\"> <a href=\"https:\/\/forum.geleceginbilimi.com\/?ts-speaker=yasin-saygili\"> Yasin Sayg\u0131l\u0131 <\/a> <\/h3>\n                        <p>\n                            Sanat Tarihi Oturumu                        <\/p>\n                    <\/div>\n                    <!--- speaker info end -->\n                    <!-- popup start-->\n                    <div id=\"popup_4826\" class=\"container ts-speaker-popup mfp-hide\">\n                        <div class=\"row\">\n                            <div class=\"col-lg-6\">\n                                <div class=\"ts-speaker-popup-img\">\n                                                                            <img width=\"500\" height=\"500\" src=\"https:\/\/forum.geleceginbilimi.com\/wp-content\/uploads\/2021\/11\/Yasin-Saygili.png\" class=\"attachment-full size-full\" alt=\"\" loading=\"lazy\" srcset=\"https:\/\/forum.geleceginbilimi.com\/wp-content\/uploads\/2021\/11\/Yasin-Saygili.png 500w, https:\/\/forum.geleceginbilimi.com\/wp-content\/uploads\/2021\/11\/Yasin-Saygili-300x300.png 300w, https:\/\/forum.geleceginbilimi.com\/wp-content\/uploads\/2021\/11\/Yasin-Saygili-150x150.png 150w\" sizes=\"(max-width: 500px) 100vw, 500px\" \/>                                                                    <\/div>\n                            <\/div>\n                            <!-- col end-->\n                            <div class=\"col-lg-6\">\n                                <div class=\"ts-speaker-popup-content\">\n                                    <h3 class=\"ts-title\"><a href=\"https:\/\/forum.geleceginbilimi.com\/?ts-speaker=yasin-saygili\"> Yasin Sayg\u0131l\u0131 <\/a> <\/h3>\n                                    <span class=\"speakder-designation\"> Sanat Tarihi Oturumu<\/span>\n                                                                        <p>\n                                        <p>Mimar Sanat G\u00fczel Sanatlar \u00dcniversitesinde Sanat Tarihi b\u00f6l\u00fcm\u00fc mezunudur. Mezuniyet sonras\u0131 Y\u00fcksek lisansa ba\u015flad\u0131ktan sonra \u0130stanbul Medeniyet \u00dcniversitesi Sanat Tarihi B\u00f6l\u00fcm\u00fcnde ara\u015ft\u0131rma g\u00f6revlisi olmu\u015ftur. 2016 y\u0131l\u0131nda Sanat Tarih\u00e7ileri Derne\u011fini kurup ilk ba\u015fkanl\u0131\u011f\u0131n\u0131 \u00fcstlenmi\u015ftir. 2018 y\u0131l\u0131nda profesyonel turist rehberi olup an itibar\u0131yla akademisyenlik ve rehberlik yap\u0131p, \u0130M\u00dc Sanat Tarihi Toplulu\u011funun dan\u0131\u015fmanl\u0131\u011f\u0131n\u0131 y\u00fcr\u00fctmektedir. Edirne Eski Saray Kaz\u0131s\u0131, Be\u00e7in Kalesi Kaz\u0131s\u0131, Fo\u00e7a Osmanl\u0131 Mezarl\u0131\u011f\u0131 Kaz\u0131s\u0131 ve Fethiye Kalesi Kaz\u0131s\u0131nda g\u00f6rev alm\u0131\u015ft\u0131r.<\/p>                                    <\/p>\n                                    <div class=\"ts-speakers-social\">\n                                                                                                                                                                <\/div>\n                                <\/div>\n                                <!-- ts-speaker-popup-content end-->\n                            <\/div>\n                            <!-- col end-->\n                        <\/div>\n                        <!-- row end-->\n                    <\/div>\n                    <!-- popup end-->\n                <\/div>\n            <\/section>\n            <!-- ts-speaker end  -->\n            \n\n\n\n    \t\t<\/div>\n\t\t\t\t<\/div>\n\t\t\t\t<div class=\"elementor-element elementor-element-8896491 elementor-widget elementor-widget-exhibz-speaker\" data-id=\"8896491\" data-element_type=\"widget\" data-widget_type=\"exhibz-speaker.default\">\n\t\t\t\t<div class=\"elementor-widget-container\">\n\t\t\t            \n\n\n            \n            \n                        <section class=\"ts-speakers-style4 ts-speakers speaker-classic\">\n                <div class=\"ts-speaker\" style=\"--speaker-color: #25cd44\">\n                    <div class=\"speaker-img\">\n                                                    <img width=\"500\" height=\"500\" src=\"https:\/\/forum.geleceginbilimi.com\/wp-content\/uploads\/2021\/12\/Ramazan-Sari.png\" class=\"img-fluid\" alt=\"\" loading=\"lazy\" srcset=\"https:\/\/forum.geleceginbilimi.com\/wp-content\/uploads\/2021\/12\/Ramazan-Sari.png 500w, https:\/\/forum.geleceginbilimi.com\/wp-content\/uploads\/2021\/12\/Ramazan-Sari-300x300.png 300w, https:\/\/forum.geleceginbilimi.com\/wp-content\/uploads\/2021\/12\/Ramazan-Sari-150x150.png 150w\" sizes=\"(max-width: 500px) 100vw, 500px\" \/>                                                <a href=\"#popup_6161\" class=\"view-speaker ts-image-popup\" data-effect=\"mfp-zoom-in\">\n                            <i class=\"icon icon-plus\"><\/i>\n                        <\/a>\n                         <!-- speaker social -->\n                        <div class=\"ts-speakers-social-4 ts-speakers-social\">\n                                                                                                                <\/div>\n                        <!-- speaker social end -->\n                    <\/div>\n                    <div class=\"ts-speaker-info text-left\">\n                        <h3 class=\"ts-title\"> <a href=\"https:\/\/forum.geleceginbilimi.com\/?ts-speaker=ramazan-sari\"> Ramazan Sar\u0131 <\/a> <\/h3>\n                        <p>\n                            Dijital Devrim Oturumu                        <\/p>\n                    <\/div>\n                    <!--- speaker info end -->\n                    <!-- popup start-->\n                    <div id=\"popup_6161\" class=\"container ts-speaker-popup mfp-hide\">\n                        <div class=\"row\">\n                            <div class=\"col-lg-6\">\n                                <div class=\"ts-speaker-popup-img\">\n                                                                            <img width=\"500\" height=\"500\" src=\"https:\/\/forum.geleceginbilimi.com\/wp-content\/uploads\/2021\/12\/Ramazan-Sari.png\" class=\"attachment-full size-full\" alt=\"\" loading=\"lazy\" srcset=\"https:\/\/forum.geleceginbilimi.com\/wp-content\/uploads\/2021\/12\/Ramazan-Sari.png 500w, https:\/\/forum.geleceginbilimi.com\/wp-content\/uploads\/2021\/12\/Ramazan-Sari-300x300.png 300w, https:\/\/forum.geleceginbilimi.com\/wp-content\/uploads\/2021\/12\/Ramazan-Sari-150x150.png 150w\" sizes=\"(max-width: 500px) 100vw, 500px\" \/>                                                                    <\/div>\n                            <\/div>\n                            <!-- col end-->\n                            <div class=\"col-lg-6\">\n                                <div class=\"ts-speaker-popup-content\">\n                                    <h3 class=\"ts-title\"><a href=\"https:\/\/forum.geleceginbilimi.com\/?ts-speaker=ramazan-sari\"> Ramazan Sar\u0131 <\/a> <\/h3>\n                                    <span class=\"speakder-designation\"> Dijital Devrim Oturumu<\/span>\n                                                                        <p>\n                                                                            <\/p>\n                                    <div class=\"ts-speakers-social\">\n                                                                                                                                                                <\/div>\n                                <\/div>\n                                <!-- ts-speaker-popup-content end-->\n                            <\/div>\n                            <!-- col end-->\n                        <\/div>\n                        <!-- row end-->\n                    <\/div>\n                    <!-- popup end-->\n                <\/div>\n            <\/section>\n            <!-- ts-speaker end  -->\n            \n\n\n\n    \t\t<\/div>\n\t\t\t\t<\/div>\n\t\t\t\t<div class=\"elementor-element elementor-element-2b9048e elementor-widget elementor-widget-exhibz-speaker\" data-id=\"2b9048e\" data-element_type=\"widget\" data-widget_type=\"exhibz-speaker.default\">\n\t\t\t\t<div class=\"elementor-widget-container\">\n\t\t\t            \n\n\n            \n            \n                        <section class=\"ts-speakers-style4 ts-speakers speaker-classic\">\n                <div class=\"ts-speaker\" style=\"--speaker-color: #25cd44\">\n                    <div class=\"speaker-img\">\n                                                    <img width=\"1000\" height=\"1000\" src=\"https:\/\/forum.geleceginbilimi.com\/wp-content\/uploads\/2021\/12\/Adsiz-tasarim-3.png\" class=\"img-fluid\" alt=\"\" loading=\"lazy\" srcset=\"https:\/\/forum.geleceginbilimi.com\/wp-content\/uploads\/2021\/12\/Adsiz-tasarim-3.png 1000w, https:\/\/forum.geleceginbilimi.com\/wp-content\/uploads\/2021\/12\/Adsiz-tasarim-3-300x300.png 300w, https:\/\/forum.geleceginbilimi.com\/wp-content\/uploads\/2021\/12\/Adsiz-tasarim-3-150x150.png 150w, https:\/\/forum.geleceginbilimi.com\/wp-content\/uploads\/2021\/12\/Adsiz-tasarim-3-768x768.png 768w\" sizes=\"(max-width: 1000px) 100vw, 1000px\" \/>                                                <a href=\"#popup_6328\" class=\"view-speaker ts-image-popup\" data-effect=\"mfp-zoom-in\">\n                            <i class=\"icon icon-plus\"><\/i>\n                        <\/a>\n                         <!-- speaker social -->\n                        <div class=\"ts-speakers-social-4 ts-speakers-social\">\n                                                                                                                <\/div>\n                        <!-- speaker social end -->\n                    <\/div>\n                    <div class=\"ts-speaker-info text-left\">\n                        <h3 class=\"ts-title\"> <a href=\"https:\/\/forum.geleceginbilimi.com\/?ts-speaker=esra-tanrikulu\"> Esra Tanr\u0131kulu <\/a> <\/h3>\n                        <p>\n                            Gelece\u011fin Mimarisi Oturumu                        <\/p>\n                    <\/div>\n                    <!--- speaker info end -->\n                    <!-- popup start-->\n                    <div id=\"popup_6328\" class=\"container ts-speaker-popup mfp-hide\">\n                        <div class=\"row\">\n                            <div class=\"col-lg-6\">\n                                <div class=\"ts-speaker-popup-img\">\n                                                                            <img width=\"1000\" height=\"1000\" src=\"https:\/\/forum.geleceginbilimi.com\/wp-content\/uploads\/2021\/12\/Adsiz-tasarim-3.png\" class=\"attachment-full size-full\" alt=\"\" loading=\"lazy\" srcset=\"https:\/\/forum.geleceginbilimi.com\/wp-content\/uploads\/2021\/12\/Adsiz-tasarim-3.png 1000w, https:\/\/forum.geleceginbilimi.com\/wp-content\/uploads\/2021\/12\/Adsiz-tasarim-3-300x300.png 300w, https:\/\/forum.geleceginbilimi.com\/wp-content\/uploads\/2021\/12\/Adsiz-tasarim-3-150x150.png 150w, https:\/\/forum.geleceginbilimi.com\/wp-content\/uploads\/2021\/12\/Adsiz-tasarim-3-768x768.png 768w\" sizes=\"(max-width: 1000px) 100vw, 1000px\" \/>                                                                    <\/div>\n                            <\/div>\n                            <!-- col end-->\n                            <div class=\"col-lg-6\">\n                                <div class=\"ts-speaker-popup-content\">\n                                    <h3 class=\"ts-title\"><a href=\"https:\/\/forum.geleceginbilimi.com\/?ts-speaker=esra-tanrikulu\"> Esra Tanr\u0131kulu <\/a> <\/h3>\n                                    <span class=\"speakder-designation\"> Gelece\u011fin Mimarisi Oturumu<\/span>\n                                                                        <p>\n                                        <p>Lisans ve Y\u00fcksek Lisans \u00f6\u011frenimini Viyana Teknik \u00dcniversitesi mimarl\u0131k b\u00f6l\u00fcm\u00fcnde tamamlam\u0131\u015ft\u0131r. Almanya ve Avusturya'da mimarl\u0131k ofislerinde \u00e7al\u0131\u015fmalar y\u00fcr\u00fctm\u00fc\u015f, 2016-2020 y\u0131llar\u0131 aras\u0131nda \u0130stanbul B\u00fcy\u00fck\u015fehir Belediyesi Sosyal Konut projelerinde g\u00f6rev alm\u0131\u015ft\u0131r. Halen \u0130stanbul Medipol \u00dcniversitesi Mimari Restorasyon b\u00f6l\u00fcm\u00fcnde \u00f6\u011fretim g\u00f6revlisi olan Tanr\u0131kulu, ayn\u0131 zamanda Fatih Sultan Mehmet \u00dcniversitesi'nde \"Z Ku\u015fa\u011f\u0131 ve Gele\u011fin Konutlar\u0131\" \u00fczerine tez \u00e7al\u0131\u015fmas\u0131n\u0131 s\u00fcrd\u00fcrmekte olan hocam\u0131z GBf2021'de Gelece\u011fin Mimarisi Oturumunda 'Gelece\u011fin Konut Tasar\u0131mlar\u0131nda Z Ku\u015fa\u011f\u0131n\u0131n Beklentisi' konu ba\u015fl\u0131\u011f\u0131 ile bizlerle...<\/p>                                    <\/p>\n                                    <div class=\"ts-speakers-social\">\n                                                                                                                                                                <\/div>\n                                <\/div>\n                                <!-- ts-speaker-popup-content end-->\n                            <\/div>\n                            <!-- col end-->\n                        <\/div>\n                        <!-- row end-->\n                    <\/div>\n                    <!-- popup end-->\n                <\/div>\n            <\/section>\n            <!-- ts-speaker end  -->\n            \n\n\n\n    \t\t<\/div>\n\t\t\t\t<\/div>\n\t\t\t\t<div class=\"elementor-element elementor-element-4dab98f elementor-widget elementor-widget-exhibz-speaker\" data-id=\"4dab98f\" data-element_type=\"widget\" data-widget_type=\"exhibz-speaker.default\">\n\t\t\t\t<div class=\"elementor-widget-container\">\n\t\t\t            \n\n\n            \n            \n                        <section class=\"ts-speakers-style4 ts-speakers speaker-classic\">\n                <div class=\"ts-speaker\" style=\"--speaker-color: #25cd44\">\n                    <div class=\"speaker-img\">\n                                                    <img width=\"500\" height=\"500\" src=\"https:\/\/forum.geleceginbilimi.com\/wp-content\/uploads\/2021\/11\/Busra-Nur-Bardakci.png\" class=\"img-fluid\" alt=\"\" loading=\"lazy\" srcset=\"https:\/\/forum.geleceginbilimi.com\/wp-content\/uploads\/2021\/11\/Busra-Nur-Bardakci.png 500w, https:\/\/forum.geleceginbilimi.com\/wp-content\/uploads\/2021\/11\/Busra-Nur-Bardakci-300x300.png 300w, https:\/\/forum.geleceginbilimi.com\/wp-content\/uploads\/2021\/11\/Busra-Nur-Bardakci-150x150.png 150w\" sizes=\"(max-width: 500px) 100vw, 500px\" \/>                                                <a href=\"#popup_5086\" class=\"view-speaker ts-image-popup\" data-effect=\"mfp-zoom-in\">\n                            <i class=\"icon icon-plus\"><\/i>\n                        <\/a>\n                         <!-- speaker social -->\n                        <div class=\"ts-speakers-social-4 ts-speakers-social\">\n                                                                                                                <\/div>\n                        <!-- speaker social end -->\n                    <\/div>\n                    <div class=\"ts-speaker-info text-left\">\n                        <h3 class=\"ts-title\"> <a href=\"https:\/\/forum.geleceginbilimi.com\/?ts-speaker=busra-nur-bardakci\"> B\u00fc\u015fra Nur Bardak\u00e7\u0131 <\/a> <\/h3>\n                        <p>\n                            \u015eehir K\u00fclt\u00fcr\u00fc Oturumu                        <\/p>\n                    <\/div>\n                    <!--- speaker info end -->\n                    <!-- popup start-->\n                    <div id=\"popup_5086\" class=\"container ts-speaker-popup mfp-hide\">\n                        <div class=\"row\">\n                            <div class=\"col-lg-6\">\n                                <div class=\"ts-speaker-popup-img\">\n                                                                            <img width=\"500\" height=\"500\" src=\"https:\/\/forum.geleceginbilimi.com\/wp-content\/uploads\/2021\/11\/Busra-Nur-Bardakci.png\" class=\"attachment-full size-full\" alt=\"\" loading=\"lazy\" srcset=\"https:\/\/forum.geleceginbilimi.com\/wp-content\/uploads\/2021\/11\/Busra-Nur-Bardakci.png 500w, https:\/\/forum.geleceginbilimi.com\/wp-content\/uploads\/2021\/11\/Busra-Nur-Bardakci-300x300.png 300w, https:\/\/forum.geleceginbilimi.com\/wp-content\/uploads\/2021\/11\/Busra-Nur-Bardakci-150x150.png 150w\" sizes=\"(max-width: 500px) 100vw, 500px\" \/>                                                                    <\/div>\n                            <\/div>\n                            <!-- col end-->\n                            <div class=\"col-lg-6\">\n                                <div class=\"ts-speaker-popup-content\">\n                                    <h3 class=\"ts-title\"><a href=\"https:\/\/forum.geleceginbilimi.com\/?ts-speaker=busra-nur-bardakci\"> B\u00fc\u015fra Nur Bardak\u00e7\u0131 <\/a> <\/h3>\n                                    <span class=\"speakder-designation\"> \u015eehir K\u00fclt\u00fcr\u00fc Oturumu<\/span>\n                                                                        <p>\n                                        <p>Konya Sel\u00e7uk \u00dcniversitesi \u015eehir ve B\u00f6lge Planlama b\u00f6l\u00fcm\u00fcnde lisans e\u011fitimini tamamlad\u0131. Halen Konya Teknik \u00dcniversitesi \u015eehir ve B\u00f6lge Planlama Anabilim Dal\u0131nda Y\u00fcksek Lisans e\u011fitimi devam etmekte olup; Sosyal Mahalle kurgusunu ele ald\u0131\u011f\u0131 tezini yazmaktad\u0131r. Ayn\u0131 zamanda Konya Teknik \u00dcniversitesi Bilimsel Ara\u015ft\u0131rma Projesi kapsam\u0131nda \u2018Mahalle-M\u2019 projesini y\u00fcr\u00fctmektedir. \u0130lk Profesyonel Mahalle Y\u00f6neti\u015fim \u00fcr\u00fcn\u00fc olan 'Mahalle-M' Mobil Uygulamas\u0131n\u0131n tasar\u0131mc\u0131s\u0131 ve y\u00f6neticisi olan B\u00fc\u015fra Nur Bardak\u00e7\u0131 Hocam\u0131z ak\u0131ll\u0131 mahalle ve mobil uygulama konular\u0131ndaki birikim ve deneyimleri ile GBf2021 de \u015eehir K\u00fclt\u00fcr\u00fc Oturumuzda bizlerle...<\/p>                                    <\/p>\n                                    <div class=\"ts-speakers-social\">\n                                                                                                                                                                <\/div>\n                                <\/div>\n                                <!-- ts-speaker-popup-content end-->\n                            <\/div>\n                            <!-- col end-->\n                        <\/div>\n                        <!-- row end-->\n                    <\/div>\n                    <!-- popup end-->\n                <\/div>\n            <\/section>\n            <!-- ts-speaker end  -->\n            \n\n\n\n    \t\t<\/div>\n\t\t\t\t<\/div>\n\t\t\t\t<div class=\"elementor-element elementor-element-c6a30d7 elementor-widget elementor-widget-exhibz-speaker\" data-id=\"c6a30d7\" data-element_type=\"widget\" data-widget_type=\"exhibz-speaker.default\">\n\t\t\t\t<div class=\"elementor-widget-container\">\n\t\t\t            \n\n\n            \n            \n                        <section class=\"ts-speakers-style4 ts-speakers speaker-classic\">\n                <div class=\"ts-speaker\" style=\"--speaker-color: #25cd44\">\n                    <div class=\"speaker-img\">\n                                                    <img width=\"500\" height=\"500\" src=\"https:\/\/forum.geleceginbilimi.com\/wp-content\/uploads\/2021\/12\/Abdussamet-Aksit.png\" class=\"img-fluid\" alt=\"\" loading=\"lazy\" srcset=\"https:\/\/forum.geleceginbilimi.com\/wp-content\/uploads\/2021\/12\/Abdussamet-Aksit.png 500w, https:\/\/forum.geleceginbilimi.com\/wp-content\/uploads\/2021\/12\/Abdussamet-Aksit-300x300.png 300w, https:\/\/forum.geleceginbilimi.com\/wp-content\/uploads\/2021\/12\/Abdussamet-Aksit-150x150.png 150w\" sizes=\"(max-width: 500px) 100vw, 500px\" \/>                                                <a href=\"#popup_6199\" class=\"view-speaker ts-image-popup\" data-effect=\"mfp-zoom-in\">\n                            <i class=\"icon icon-plus\"><\/i>\n                        <\/a>\n                         <!-- speaker social -->\n                        <div class=\"ts-speakers-social-4 ts-speakers-social\">\n                                                                                                                <\/div>\n                        <!-- speaker social end -->\n                    <\/div>\n                    <div class=\"ts-speaker-info text-left\">\n                        <h3 class=\"ts-title\"> <a href=\"https:\/\/forum.geleceginbilimi.com\/?ts-speaker=abdussamet-aksit\"> Abd\u00fcssamet Ak\u015fit <\/a> <\/h3>\n                        <p>\n                            Do\u011fan\u0131n \u015eifreleri Oturumu                        <\/p>\n                    <\/div>\n                    <!--- speaker info end -->\n                    <!-- popup start-->\n                    <div id=\"popup_6199\" class=\"container ts-speaker-popup mfp-hide\">\n                        <div class=\"row\">\n                            <div class=\"col-lg-6\">\n                                <div class=\"ts-speaker-popup-img\">\n                                                                            <img width=\"500\" height=\"500\" src=\"https:\/\/forum.geleceginbilimi.com\/wp-content\/uploads\/2021\/12\/Abdussamet-Aksit.png\" class=\"attachment-full size-full\" alt=\"\" loading=\"lazy\" srcset=\"https:\/\/forum.geleceginbilimi.com\/wp-content\/uploads\/2021\/12\/Abdussamet-Aksit.png 500w, https:\/\/forum.geleceginbilimi.com\/wp-content\/uploads\/2021\/12\/Abdussamet-Aksit-300x300.png 300w, https:\/\/forum.geleceginbilimi.com\/wp-content\/uploads\/2021\/12\/Abdussamet-Aksit-150x150.png 150w\" sizes=\"(max-width: 500px) 100vw, 500px\" \/>                                                                    <\/div>\n                            <\/div>\n                            <!-- col end-->\n                            <div class=\"col-lg-6\">\n                                <div class=\"ts-speaker-popup-content\">\n                                    <h3 class=\"ts-title\"><a href=\"https:\/\/forum.geleceginbilimi.com\/?ts-speaker=abdussamet-aksit\"> Abd\u00fcssamet Ak\u015fit <\/a> <\/h3>\n                                    <span class=\"speakder-designation\"> Do\u011fan\u0131n \u015eifreleri Oturumu<\/span>\n                                                                        <p>\n                                        <p>Doktor Eczac\u0131 Abd\u00fcssamed AK\u015e\u0130T, Erciyes \u00dcniversitesi Eczac\u0131l\u0131k Fak\u00fcltesinden birincilikle mezun oldu. Anadolu \u00dcniversitesi Kamu Y\u00f6netimi Lisans Derecesini ba\u015far\u0131 ile tamamlad\u0131. Erciyes \u00dcniversitesi T\u0131p Fak\u00fcltesi T\u0131bbi Parazitoloji Anabilim Dal\u0131nda Doktora e\u011fitimine ba\u015flad\u0131 ve ard\u0131ndan T\u0131bbi Mikrobiyoloji ve Parazitoloji Bilim Doktoru unvan\u0131n\u0131 ald\u0131. \u00d6\u011frencilik y\u0131llar\u0131ndan itibaren T\u00fcrk Eczac\u0131lar\u0131 Birli\u011fi Gen\u00e7lik Komisyonu Mali Koordinat\u00f6rl\u00fc\u011f\u00fc, Erciyes \u00dcniversitesi Sa\u011fl\u0131k Bilimleri Enstit\u00fcs\u00fc \u00d6\u011frenci Temsilcili\u011fi, Erciyes \u00dcniversitesi T\u0131p Fak\u00fcltesi Ara\u015ft\u0131rma G\u00f6revlisi Temsilcili\u011fi gibi g\u00f6revlerde bulundu. Akademik olarak T\u00fcrkiye'nin ilk milli a\u015f\u0131 projelerinden olan Leishmaniasis ve Toxoplasmosise'ya kar\u015f\u0131 a\u015f\u0131 geli\u015ftirme \u00e7al\u0131\u015fmalar\u0131nda yer ald\u0131. Bitki Okulu Projesini ba\u015flatarak B\u00fct\u00fcnc\u00fcl T\u0131p ve Fitoterapi alan\u0131nda e\u011fitimler verdi. 2017 y\u0131l\u0131nda E\u015fi Ecz. Seren AK\u015e\u0130T ile birlikte Pharmoils Bitkisel ve Do\u011fal \u00dcr\u00fcnler Firmas\u0131n\u0131 kuran Dr. AK\u015e\u0130T, \u00fcretti\u011fi 200'\u00fc a\u015fk\u0131n \u00fcr\u00fcnle T\u00fcrk T\u0131bb\u0131na ve Eczac\u0131l\u0131\u011f\u0131na hizmet etmektedir.Abd\u00fcssamet Ak\u015fit hocam\u0131z \"Otoimm\u00fcn Hastal\u0131klar ve Kronik Rahatsz\u0131l\u0131klarda Fitoterapi\" konusundaki bilgi birikimi ile GBf2021'de Do\u011fan\u0131n \u015eifreleri oturumumuzda bizlerle...<\/p>                                    <\/p>\n                                    <div class=\"ts-speakers-social\">\n                                                                                                                                                                <\/div>\n                                <\/div>\n                                <!-- ts-speaker-popup-content end-->\n                            <\/div>\n                            <!-- col end-->\n                        <\/div>\n                        <!-- row end-->\n                    <\/div>\n                    <!-- popup end-->\n                <\/div>\n            <\/section>\n            <!-- ts-speaker end  -->\n            \n\n\n\n    \t\t<\/div>\n\t\t\t\t<\/div>\n\t\t\t\t\t\t<\/div>\n\t\t\t\t\t<\/div>\n\t\t<\/div>\n\t\t\t\t<div class=\"elementor-column elementor-col-20 elementor-top-column elementor-element elementor-element-fa6f03b\" data-id=\"fa6f03b\" data-element_type=\"column\">\n\t\t\t<div class=\"elementor-column-wrap elementor-element-populated\">\n\t\t\t\t\t\t\t<div class=\"elementor-widget-wrap\">\n\t\t\t\t\t\t<div class=\"elementor-element elementor-element-e84966a elementor-widget elementor-widget-exhibz-speaker\" data-id=\"e84966a\" data-element_type=\"widget\" data-widget_type=\"exhibz-speaker.default\">\n\t\t\t\t<div class=\"elementor-widget-container\">\n\t\t\t            \n\n\n            \n            \n                        <section class=\"ts-speakers-style4 ts-speakers speaker-classic\">\n                <div class=\"ts-speaker\" style=\"--speaker-color: #25cd44\">\n                    <div class=\"speaker-img\">\n                                                    <img width=\"1000\" height=\"1000\" src=\"https:\/\/forum.geleceginbilimi.com\/wp-content\/uploads\/2021\/12\/Adsiz-tasarim-1.png\" class=\"img-fluid\" alt=\"\" loading=\"lazy\" srcset=\"https:\/\/forum.geleceginbilimi.com\/wp-content\/uploads\/2021\/12\/Adsiz-tasarim-1.png 1000w, https:\/\/forum.geleceginbilimi.com\/wp-content\/uploads\/2021\/12\/Adsiz-tasarim-1-300x300.png 300w, https:\/\/forum.geleceginbilimi.com\/wp-content\/uploads\/2021\/12\/Adsiz-tasarim-1-150x150.png 150w, https:\/\/forum.geleceginbilimi.com\/wp-content\/uploads\/2021\/12\/Adsiz-tasarim-1-768x768.png 768w\" sizes=\"(max-width: 1000px) 100vw, 1000px\" \/>                                                <a href=\"#popup_5062\" class=\"view-speaker ts-image-popup\" data-effect=\"mfp-zoom-in\">\n                            <i class=\"icon icon-plus\"><\/i>\n                        <\/a>\n                         <!-- speaker social -->\n                        <div class=\"ts-speakers-social-4 ts-speakers-social\">\n                                                                                                                <\/div>\n                        <!-- speaker social end -->\n                    <\/div>\n                    <div class=\"ts-speaker-info text-left\">\n                        <h3 class=\"ts-title\"> <a href=\"https:\/\/forum.geleceginbilimi.com\/?ts-speaker=talip-alp\"> Talip Alp <\/a> <\/h3>\n                        <p>\n                            Yitik Miras \u00d6zel Oturumu                        <\/p>\n                    <\/div>\n                    <!--- speaker info end -->\n                    <!-- popup start-->\n                    <div id=\"popup_5062\" class=\"container ts-speaker-popup mfp-hide\">\n                        <div class=\"row\">\n                            <div class=\"col-lg-6\">\n                                <div class=\"ts-speaker-popup-img\">\n                                                                            <img width=\"1000\" height=\"1000\" src=\"https:\/\/forum.geleceginbilimi.com\/wp-content\/uploads\/2021\/12\/Adsiz-tasarim-1.png\" class=\"attachment-full size-full\" alt=\"\" loading=\"lazy\" srcset=\"https:\/\/forum.geleceginbilimi.com\/wp-content\/uploads\/2021\/12\/Adsiz-tasarim-1.png 1000w, https:\/\/forum.geleceginbilimi.com\/wp-content\/uploads\/2021\/12\/Adsiz-tasarim-1-300x300.png 300w, https:\/\/forum.geleceginbilimi.com\/wp-content\/uploads\/2021\/12\/Adsiz-tasarim-1-150x150.png 150w, https:\/\/forum.geleceginbilimi.com\/wp-content\/uploads\/2021\/12\/Adsiz-tasarim-1-768x768.png 768w\" sizes=\"(max-width: 1000px) 100vw, 1000px\" \/>                                                                    <\/div>\n                            <\/div>\n                            <!-- col end-->\n                            <div class=\"col-lg-6\">\n                                <div class=\"ts-speaker-popup-content\">\n                                    <h3 class=\"ts-title\"><a href=\"https:\/\/forum.geleceginbilimi.com\/?ts-speaker=talip-alp\"> Talip Alp <\/a> <\/h3>\n                                    <span class=\"speakder-designation\"> Yitik Miras \u00d6zel Oturumu<\/span>\n                                                                        <p>\n                                        <p>Talip Alp, lise \u00fcst\u00fc tahsilini \u0130ngiltere\u2019de alm\u0131\u015ft\u0131r. Londra\u2019da The Pitman College of English ve Londra \u00dcniversitesi, North-Western Polytechnic\u2019te okumu\u015ftur. Manchester \u00dcniversitesi Metal\u00fcrji B\u00f6l\u00fcm\u00fcnden 1966 y\u0131l\u0131nda metal\u00fcrji m\u00fchendisi, 1970 y\u0131l\u0131nda doktora unvanlar\u0131n\u0131 alm\u0131\u015ft\u0131r. T\u00fcrkiye\u2019de bir\u00e7ok sanayi yat\u0131r\u0131m\u0131n\u0131 ger\u00e7ekle\u015ftirmi\u015ftir. T\u00fcrkiye i\u00e7inde ve d\u0131\u015f\u0131nda bir\u00e7ok \u00fcniversitede \u00f6\u011fretim ve ara\u015ft\u0131rma Ar-Ge faaliyetlerinin yan\u0131 s\u0131ra tarih ve \u0130slami ilimler alanlar\u0131nda da incelemeleri vard\u0131r. Halen \u0130stanbul Medipol \u00dcniversitesi, M\u00fchendislik ve Do\u011fa Bilimleri Fak\u00fcltesinde \u00f6\u011fretim \u00fcyesidir. T\u00fcbitak Bilim ve Teknoloji Kurulu \u00fcyesidir. American Society for Materials, Heat Treatment Society\u2019nin kurucu \u00fcyelerindendir.<\/p><p>&nbsp;<\/p><p>Talip Alp hocam\u0131z; yitik miras\u0131m\u0131z\u0131, g\u00fcn\u00fcm\u00fcz bilimine katmak birikimleriyle GBf2021\u2019de Yitik Miras At\u00f6lyesinde bizlerle\u2026<\/p>                                    <\/p>\n                                    <div class=\"ts-speakers-social\">\n                                                                                                                                                                <\/div>\n                                <\/div>\n                                <!-- ts-speaker-popup-content end-->\n                            <\/div>\n                            <!-- col end-->\n                        <\/div>\n                        <!-- row end-->\n                    <\/div>\n                    <!-- popup end-->\n                <\/div>\n            <\/section>\n            <!-- ts-speaker end  -->\n            \n\n\n\n    \t\t<\/div>\n\t\t\t\t<\/div>\n\t\t\t\t<div class=\"elementor-element elementor-element-c4a5fa0 elementor-widget elementor-widget-exhibz-speaker\" data-id=\"c4a5fa0\" data-element_type=\"widget\" data-widget_type=\"exhibz-speaker.default\">\n\t\t\t\t<div class=\"elementor-widget-container\">\n\t\t\t            \n\n\n            \n            \n                        <section class=\"ts-speakers-style4 ts-speakers speaker-classic\">\n                <div class=\"ts-speaker\" style=\"--speaker-color: #25cd44\">\n                    <div class=\"speaker-img\">\n                                                    <img width=\"500\" height=\"500\" src=\"https:\/\/forum.geleceginbilimi.com\/wp-content\/uploads\/2021\/11\/Yavuz-Unat-1.png\" class=\"img-fluid\" alt=\"\" loading=\"lazy\" srcset=\"https:\/\/forum.geleceginbilimi.com\/wp-content\/uploads\/2021\/11\/Yavuz-Unat-1.png 500w, https:\/\/forum.geleceginbilimi.com\/wp-content\/uploads\/2021\/11\/Yavuz-Unat-1-300x300.png 300w, https:\/\/forum.geleceginbilimi.com\/wp-content\/uploads\/2021\/11\/Yavuz-Unat-1-150x150.png 150w\" sizes=\"(max-width: 500px) 100vw, 500px\" \/>                                                <a href=\"#popup_5065\" class=\"view-speaker ts-image-popup\" data-effect=\"mfp-zoom-in\">\n                            <i class=\"icon icon-plus\"><\/i>\n                        <\/a>\n                         <!-- speaker social -->\n                        <div class=\"ts-speakers-social-4 ts-speakers-social\">\n                                                                                                                <\/div>\n                        <!-- speaker social end -->\n                    <\/div>\n                    <div class=\"ts-speaker-info text-left\">\n                        <h3 class=\"ts-title\"> <a href=\"https:\/\/forum.geleceginbilimi.com\/?ts-speaker=yavuz-unat\"> Yavuz Unat <\/a> <\/h3>\n                        <p>\n                            Yitik Miras Oturumu                        <\/p>\n                    <\/div>\n                    <!--- speaker info end -->\n                    <!-- popup start-->\n                    <div id=\"popup_5065\" class=\"container ts-speaker-popup mfp-hide\">\n                        <div class=\"row\">\n                            <div class=\"col-lg-6\">\n                                <div class=\"ts-speaker-popup-img\">\n                                                                            <img width=\"500\" height=\"500\" src=\"https:\/\/forum.geleceginbilimi.com\/wp-content\/uploads\/2021\/11\/Yavuz-Unat-1.png\" class=\"attachment-full size-full\" alt=\"\" loading=\"lazy\" srcset=\"https:\/\/forum.geleceginbilimi.com\/wp-content\/uploads\/2021\/11\/Yavuz-Unat-1.png 500w, https:\/\/forum.geleceginbilimi.com\/wp-content\/uploads\/2021\/11\/Yavuz-Unat-1-300x300.png 300w, https:\/\/forum.geleceginbilimi.com\/wp-content\/uploads\/2021\/11\/Yavuz-Unat-1-150x150.png 150w\" sizes=\"(max-width: 500px) 100vw, 500px\" \/>                                                                    <\/div>\n                            <\/div>\n                            <!-- col end-->\n                            <div class=\"col-lg-6\">\n                                <div class=\"ts-speaker-popup-content\">\n                                    <h3 class=\"ts-title\"><a href=\"https:\/\/forum.geleceginbilimi.com\/?ts-speaker=yavuz-unat\"> Yavuz Unat <\/a> <\/h3>\n                                    <span class=\"speakder-designation\"> Yitik Miras Oturumu<\/span>\n                                                                        <p>\n                                        <p>Bir Bilim Tarihi ara\u015ft\u0131rmac\u0131s\u0131 olan Prof Dr. Yavuz Unat, Ankara \u00dcniversitesi, Dil ve Tarih Co\u011frafya Fak\u00fcltesi, Felsefe B\u00f6l\u00fcm\u00fc, Bilim Tarihi Anabilim Dal\u0131\u2019nda Lisans ve Y\u00fcksek Lisans\u0131n\u0131 tamamlad\u0131. Y\u00fcksek Lisans\u0131 s\u0131ras\u0131nda ayn\u0131 anabilim dal\u0131nda Ara\u015ft\u0131rma G\u00f6revlisi olarak \u00e7al\u0131\u015fmaya ba\u015flad\u0131. 1990 y\u0131l\u0131nda Ankara \u00dcniversitesi Sosyal Bilimler Enstit\u00fcs\u00fc Felsefe B\u00f6l\u00fcm\u00fc doktora program\u0131n\u0131 kazand\u0131. 1996 y\u0131l\u0131nda \u201cFerg\u00e2ni\u2019nin \u2018Kit\u00e2b el-Fus\u00fbl\u2019 Adl\u0131 Kitab\u0131 \u00dczerine Bir \u0130nceleme\u201d konulu doktora tezini tamamlad\u0131. Bu doktora tezi 1998 y\u0131l\u0131nda, Amerika\u2019da Harvard \u00dcniversitesi\u2019nde \u0130ngilizce olarak El-Ferg\u00e2n\u00ee, The Elements of Astronomy ad\u0131yla yay\u0131mland\u0131. Ankara \u00dcniversitesi, Dil ve Tarih-Co\u011frafya Fak\u00fcltesi, Felsefe B\u00f6l\u00fcm\u00fc, Bilim Tarihi Anabilim Dal\u0131'nda 2000-2003 y\u0131llar\u0131 aras\u0131nda Yard\u0131mc\u0131 Do\u00e7ent ve 2003-2009 y\u0131llar\u0131 aras\u0131nda da Do\u00e7ent olarak g\u00f6rev yapt\u0131. 2009 y\u0131l\u0131nda Kastamonu \u00dcniversitesi, Fen Edebiyat Fak\u00fcltesi, Felsefe B\u00f6l\u00fcm\u00fc\u2019ne Profes\u00f6r olarak atand\u0131. Bilim Tarihi, Astronomi Tarihi, Teknoloji Tarihi ve Felsefe alan\u0131nda \u00e7e\u015fitli \u00e7al\u0131\u015fmalar\u0131, yaz\u0131lar\u0131 ve eserleri olan Prof. Dr. Yavuz Unat, Kastamonu \u00dcniversitesi Fen Edebiyat Fak\u00fcltesi Felsefe B\u00f6l\u00fcm Ba\u015fkan\u0131 olarak g\u00f6revini s\u00fcrd\u00fcrmektedir.<\/p>                                    <\/p>\n                                    <div class=\"ts-speakers-social\">\n                                                                                                                                                                <\/div>\n                                <\/div>\n                                <!-- ts-speaker-popup-content end-->\n                            <\/div>\n                            <!-- col end-->\n                        <\/div>\n                        <!-- row end-->\n                    <\/div>\n                    <!-- popup end-->\n                <\/div>\n            <\/section>\n            <!-- ts-speaker end  -->\n            \n\n\n\n    \t\t<\/div>\n\t\t\t\t<\/div>\n\t\t\t\t<div class=\"elementor-element elementor-element-940d06d elementor-widget elementor-widget-exhibz-speaker\" data-id=\"940d06d\" data-element_type=\"widget\" data-widget_type=\"exhibz-speaker.default\">\n\t\t\t\t<div class=\"elementor-widget-container\">\n\t\t\t            \n\n\n            \n            \n                        <section class=\"ts-speakers-style4 ts-speakers speaker-classic\">\n                <div class=\"ts-speaker\" style=\"--speaker-color: #25cd44\">\n                    <div class=\"speaker-img\">\n                                                    <img width=\"500\" height=\"500\" src=\"https:\/\/forum.geleceginbilimi.com\/wp-content\/uploads\/2021\/11\/Ali-Mirzaei.png\" class=\"img-fluid\" alt=\"\" loading=\"lazy\" srcset=\"https:\/\/forum.geleceginbilimi.com\/wp-content\/uploads\/2021\/11\/Ali-Mirzaei.png 500w, https:\/\/forum.geleceginbilimi.com\/wp-content\/uploads\/2021\/11\/Ali-Mirzaei-300x300.png 300w, https:\/\/forum.geleceginbilimi.com\/wp-content\/uploads\/2021\/11\/Ali-Mirzaei-150x150.png 150w\" sizes=\"(max-width: 500px) 100vw, 500px\" \/>                                                <a href=\"#popup_5080\" class=\"view-speaker ts-image-popup\" data-effect=\"mfp-zoom-in\">\n                            <i class=\"icon icon-plus\"><\/i>\n                        <\/a>\n                         <!-- speaker social -->\n                        <div class=\"ts-speakers-social-4 ts-speakers-social\">\n                                                                                                                <\/div>\n                        <!-- speaker social end -->\n                    <\/div>\n                    <div class=\"ts-speaker-info text-left\">\n                        <h3 class=\"ts-title\"> <a href=\"https:\/\/forum.geleceginbilimi.com\/?ts-speaker=ali-mirzaei\"> Ali Mirzaei <\/a> <\/h3>\n                        <p>\n                            Sa\u011fl\u0131\u011f\u0131n Gelece\u011fi Oturumu                        <\/p>\n                    <\/div>\n                    <!--- speaker info end -->\n                    <!-- popup start-->\n                    <div id=\"popup_5080\" class=\"container ts-speaker-popup mfp-hide\">\n                        <div class=\"row\">\n                            <div class=\"col-lg-6\">\n                                <div class=\"ts-speaker-popup-img\">\n                                                                            <img width=\"500\" height=\"500\" src=\"https:\/\/forum.geleceginbilimi.com\/wp-content\/uploads\/2021\/11\/Ali-Mirzaei.png\" class=\"attachment-full size-full\" alt=\"\" loading=\"lazy\" srcset=\"https:\/\/forum.geleceginbilimi.com\/wp-content\/uploads\/2021\/11\/Ali-Mirzaei.png 500w, https:\/\/forum.geleceginbilimi.com\/wp-content\/uploads\/2021\/11\/Ali-Mirzaei-300x300.png 300w, https:\/\/forum.geleceginbilimi.com\/wp-content\/uploads\/2021\/11\/Ali-Mirzaei-150x150.png 150w\" sizes=\"(max-width: 500px) 100vw, 500px\" \/>                                                                    <\/div>\n                            <\/div>\n                            <!-- col end-->\n                            <div class=\"col-lg-6\">\n                                <div class=\"ts-speaker-popup-content\">\n                                    <h3 class=\"ts-title\"><a href=\"https:\/\/forum.geleceginbilimi.com\/?ts-speaker=ali-mirzaei\"> Ali Mirzaei <\/a> <\/h3>\n                                    <span class=\"speakder-designation\"> Sa\u011fl\u0131\u011f\u0131n Gelece\u011fi Oturumu<\/span>\n                                                                        <p>\n                                        <p>Arkada\u015flar\u0131yla kurdu\u011fu PharmaIno Science ile eczac\u0131l\u0131\u011f\u0131 teknolojiyle birle\u015ftirerek Eczac\u0131l\u0131k 4.0 kavram\u0131n\u0131n taban\u0131n\u0131 olu\u015fturdu. Sanal ger\u00e7eklikle bireylerin ya\u015fam kalitesini s\u00fcrekli y\u00fcksek tutmay\u0131 hedefleyen gen\u00e7 bir sa\u011fl\u0131k giri\u015fimcisi Sa\u011fl\u0131k Bilimleri \u00dcniversitesi Eczac\u0131l\u0131k \u00f6\u011frencisi Ali Mirzaei Gelece\u011fin Bilimi 2021 Fuar\u0131'nda bizlerle..<\/p>                                    <\/p>\n                                    <div class=\"ts-speakers-social\">\n                                                                                                                                                                <\/div>\n                                <\/div>\n                                <!-- ts-speaker-popup-content end-->\n                            <\/div>\n                            <!-- col end-->\n                        <\/div>\n                        <!-- row end-->\n                    <\/div>\n                    <!-- popup end-->\n                <\/div>\n            <\/section>\n            <!-- ts-speaker end  -->\n            \n\n\n\n    \t\t<\/div>\n\t\t\t\t<\/div>\n\t\t\t\t<div class=\"elementor-element elementor-element-81f21ce elementor-widget elementor-widget-exhibz-speaker\" data-id=\"81f21ce\" data-element_type=\"widget\" data-widget_type=\"exhibz-speaker.default\">\n\t\t\t\t<div class=\"elementor-widget-container\">\n\t\t\t            \n\n\n            \n            \n                        <section class=\"ts-speakers-style4 ts-speakers speaker-classic\">\n                <div class=\"ts-speaker\" style=\"--speaker-color: #25cd44\">\n                    <div class=\"speaker-img\">\n                                                    <img width=\"500\" height=\"500\" src=\"https:\/\/forum.geleceginbilimi.com\/wp-content\/uploads\/2021\/12\/Ismail-Acarkan.png\" class=\"img-fluid\" alt=\"\" loading=\"lazy\" srcset=\"https:\/\/forum.geleceginbilimi.com\/wp-content\/uploads\/2021\/12\/Ismail-Acarkan.png 500w, https:\/\/forum.geleceginbilimi.com\/wp-content\/uploads\/2021\/12\/Ismail-Acarkan-300x300.png 300w, https:\/\/forum.geleceginbilimi.com\/wp-content\/uploads\/2021\/12\/Ismail-Acarkan-150x150.png 150w\" sizes=\"(max-width: 500px) 100vw, 500px\" \/>                                                <a href=\"#popup_6151\" class=\"view-speaker ts-image-popup\" data-effect=\"mfp-zoom-in\">\n                            <i class=\"icon icon-plus\"><\/i>\n                        <\/a>\n                         <!-- speaker social -->\n                        <div class=\"ts-speakers-social-4 ts-speakers-social\">\n                                                                                                                <\/div>\n                        <!-- speaker social end -->\n                    <\/div>\n                    <div class=\"ts-speaker-info text-left\">\n                        <h3 class=\"ts-title\"> <a href=\"https:\/\/forum.geleceginbilimi.com\/?ts-speaker=ismail-acarkan\"> \u0130smail Acarkan <\/a> <\/h3>\n                        <p>\n                            Psikobilim Oturumu                        <\/p>\n                    <\/div>\n                    <!--- speaker info end -->\n                    <!-- popup start-->\n                    <div id=\"popup_6151\" class=\"container ts-speaker-popup mfp-hide\">\n                        <div class=\"row\">\n                            <div class=\"col-lg-6\">\n                                <div class=\"ts-speaker-popup-img\">\n                                                                            <img width=\"500\" height=\"500\" src=\"https:\/\/forum.geleceginbilimi.com\/wp-content\/uploads\/2021\/12\/Ismail-Acarkan.png\" class=\"attachment-full size-full\" alt=\"\" loading=\"lazy\" srcset=\"https:\/\/forum.geleceginbilimi.com\/wp-content\/uploads\/2021\/12\/Ismail-Acarkan.png 500w, https:\/\/forum.geleceginbilimi.com\/wp-content\/uploads\/2021\/12\/Ismail-Acarkan-300x300.png 300w, https:\/\/forum.geleceginbilimi.com\/wp-content\/uploads\/2021\/12\/Ismail-Acarkan-150x150.png 150w\" sizes=\"(max-width: 500px) 100vw, 500px\" \/>                                                                    <\/div>\n                            <\/div>\n                            <!-- col end-->\n                            <div class=\"col-lg-6\">\n                                <div class=\"ts-speaker-popup-content\">\n                                    <h3 class=\"ts-title\"><a href=\"https:\/\/forum.geleceginbilimi.com\/?ts-speaker=ismail-acarkan\"> \u0130smail Acarkan <\/a> <\/h3>\n                                    <span class=\"speakder-designation\"> Psikobilim Oturumu<\/span>\n                                                                        <p>\n                                        <p>\u0130smail Acarkan, 1967 Mardin do\u011fumludur. 1972 y\u0131l\u0131nda \u0130stanbul'a geldi ilk, orta ve lise e\u011fitimini \u0130stanbul'da tamamlad\u0131.<\/p><p>1984 y\u0131l\u0131nda \u0130\u00dc Veteriner Fak\u00fcltesine, 1989 y\u0131l\u0131nda Bo\u011fazi\u00e7i \u00dcniversitesine, 1992 y\u0131l\u0131nda da MS\u00dc T\u00fcrk Dili ve Edebiyat\u0131 B\u00f6l\u00fcm\u00fcne girdi.<\/p><p>\u0130smail Acarkan, \u00dcniversite hayat\u0131ndan itibaren tasavvuf, din, felsefe ve psikoloji konusundaki merak\u0131 nedeniyle okumalar\u0131 yapt\u0131.<\/p><p>Mecazi A\u015fk\u0131n S\u00fcre\u00e7leri, \u0130lahi A\u015fk, Dua ve Miza\u00e7-Ki\u015filik farkl\u0131l\u0131klar\u0131 \u00fczerine yay\u0131nlanm\u0131\u015f eserleri bulunmakta ve bu konular \u00fczerinde halen \u00e7al\u0131\u015fmalar\u0131 devam etmektedir.<\/p><p>\u0130smail Acarkan, taraf\u0131ndan kaleme al\u0131nan son kitap \"Enneagram \u0130le Kendini Ke\u015ffet\" Tima\u015f Yay\u0131nlar\u0131 taraf\u0131ndan okurlar\u0131n be\u011fenisine sunulmu\u015ftur.<\/p>                                    <\/p>\n                                    <div class=\"ts-speakers-social\">\n                                                                                                                                                                <\/div>\n                                <\/div>\n                                <!-- ts-speaker-popup-content end-->\n                            <\/div>\n                            <!-- col end-->\n                        <\/div>\n                        <!-- row end-->\n                    <\/div>\n                    <!-- popup end-->\n                <\/div>\n            <\/section>\n            <!-- ts-speaker end  -->\n            \n\n\n\n    \t\t<\/div>\n\t\t\t\t<\/div>\n\t\t\t\t<div class=\"elementor-element elementor-element-777907a elementor-widget elementor-widget-exhibz-speaker\" data-id=\"777907a\" data-element_type=\"widget\" data-widget_type=\"exhibz-speaker.default\">\n\t\t\t\t<div class=\"elementor-widget-container\">\n\t\t\t            \n\n\n            \n            \n                        <section class=\"ts-speakers-style4 ts-speakers speaker-classic\">\n                <div class=\"ts-speaker\" style=\"--speaker-color: #25cd44\">\n                    <div class=\"speaker-img\">\n                                                    <img width=\"500\" height=\"500\" src=\"https:\/\/forum.geleceginbilimi.com\/wp-content\/uploads\/2021\/12\/Said-Ercan.png\" class=\"img-fluid\" alt=\"\" loading=\"lazy\" srcset=\"https:\/\/forum.geleceginbilimi.com\/wp-content\/uploads\/2021\/12\/Said-Ercan.png 500w, https:\/\/forum.geleceginbilimi.com\/wp-content\/uploads\/2021\/12\/Said-Ercan-300x300.png 300w, https:\/\/forum.geleceginbilimi.com\/wp-content\/uploads\/2021\/12\/Said-Ercan-150x150.png 150w\" sizes=\"(max-width: 500px) 100vw, 500px\" \/>                                                <a href=\"#popup_6163\" class=\"view-speaker ts-image-popup\" data-effect=\"mfp-zoom-in\">\n                            <i class=\"icon icon-plus\"><\/i>\n                        <\/a>\n                         <!-- speaker social -->\n                        <div class=\"ts-speakers-social-4 ts-speakers-social\">\n                                                                                                                <\/div>\n                        <!-- speaker social end -->\n                    <\/div>\n                    <div class=\"ts-speaker-info text-left\">\n                        <h3 class=\"ts-title\"> <a href=\"https:\/\/forum.geleceginbilimi.com\/?ts-speaker=said-ercan\"> Said Ercan <\/a> <\/h3>\n                        <p>\n                            Dijital Devrim Oturumu                        <\/p>\n                    <\/div>\n                    <!--- speaker info end -->\n                    <!-- popup start-->\n                    <div id=\"popup_6163\" class=\"container ts-speaker-popup mfp-hide\">\n                        <div class=\"row\">\n                            <div class=\"col-lg-6\">\n                                <div class=\"ts-speaker-popup-img\">\n                                                                            <img width=\"500\" height=\"500\" src=\"https:\/\/forum.geleceginbilimi.com\/wp-content\/uploads\/2021\/12\/Said-Ercan.png\" class=\"attachment-full size-full\" alt=\"\" loading=\"lazy\" srcset=\"https:\/\/forum.geleceginbilimi.com\/wp-content\/uploads\/2021\/12\/Said-Ercan.png 500w, https:\/\/forum.geleceginbilimi.com\/wp-content\/uploads\/2021\/12\/Said-Ercan-300x300.png 300w, https:\/\/forum.geleceginbilimi.com\/wp-content\/uploads\/2021\/12\/Said-Ercan-150x150.png 150w\" sizes=\"(max-width: 500px) 100vw, 500px\" \/>                                                                    <\/div>\n                            <\/div>\n                            <!-- col end-->\n                            <div class=\"col-lg-6\">\n                                <div class=\"ts-speaker-popup-content\">\n                                    <h3 class=\"ts-title\"><a href=\"https:\/\/forum.geleceginbilimi.com\/?ts-speaker=said-ercan\"> Said Ercan <\/a> <\/h3>\n                                    <span class=\"speakder-designation\"> Dijital Devrim Oturumu<\/span>\n                                                                        <p>\n                                        <p>\u0130stanbul \u00dcniversitesi Siyaset Bilimi ve Uluslararas\u0131 \u0130li\u015fkiler b\u00f6l\u00fcm\u00fcnde lisans e\u011fitimini tamamlad\u0131. 2011 y\u0131l\u0131nda T\u00fcrkiye\u2019nin ilk sosyal medya haber blo\u011fu sosyalmedyahaber.com \u2019u kurdu. 2012 Y\u0131l\u0131nda D\u00fcnyan\u0131n \u0130lk Sosyal Medya Sivil Toplum Kurulu\u015fu olan Uluslararas\u0131 Sosyal Medya Derne\u011fi (USMED) kurucu y\u00f6netim kurulu ba\u015fkan\u0131 oldu. USMED Akademi kapsam\u0131nda T\u00fcrkiye\u2019de 70 ilde ve D\u00fcnyan\u0131n bir\u00e7ok \u00fclkesinde 1000\u2019den fazla konferans ve e\u011fitim verdi. 2015 Y\u0131l\u0131nda DiGiSOS Dijital Dan\u0131\u015fmanl\u0131k ve E\u011fitim Ajans\u0131\u2019n\u0131 kurdu. 2018\u2019de Marmara \u00dcniversitesi b\u00fcnyesinde kurulan Uluslararas\u0131 Sosyal Ara\u015ft\u0131rmalar Merkezi (USOMER) Ba\u015fkan yard\u0131mc\u0131s\u0131 oldu. Dijitalizm adl\u0131 kitab\u0131 2019 ba\u015f\u0131nda yay\u0131nland\u0131. Halen Marmara \u00dcniversitesi ileti\u015fim Fak\u00fcltesi Ki\u015filer Aras\u0131 \u0130leti\u015fim B\u00f6l\u00fcm\u00fcnde akademik kariyerine devam etmektedir. \u0130stanbul \u00dcniversitesi Mezun ve Mensuplar Derne\u011fi (\u0130\u00dcDER) Kurumsal \u0130leti\u015fim Ba\u015fkanl\u0131\u011f\u0131n\u0131 s\u00fcr\u00fcyor. T\u00fcrkiye Maarif VAKFI Kurumsal \u0130leti\u015fim Daire Ba\u015fkan\u0131d\u0131r. Yay\u0131nlanm\u0131\u015f 2 kitab\u0131 olan Said Ercan \"Dijitalizm\" konusu \u00fczerine GBf21'de Dijital Devrim Oturumu'nda bizlerle olacak.<\/p>                                    <\/p>\n                                    <div class=\"ts-speakers-social\">\n                                                                                                                                                                <\/div>\n                                <\/div>\n                                <!-- ts-speaker-popup-content end-->\n                            <\/div>\n                            <!-- col end-->\n                        <\/div>\n                        <!-- row end-->\n                    <\/div>\n                    <!-- popup end-->\n                <\/div>\n            <\/section>\n            <!-- ts-speaker end  -->\n            \n\n\n\n    \t\t<\/div>\n\t\t\t\t<\/div>\n\t\t\t\t<div class=\"elementor-element elementor-element-e90e2ec elementor-widget elementor-widget-exhibz-speaker\" data-id=\"e90e2ec\" data-element_type=\"widget\" data-widget_type=\"exhibz-speaker.default\">\n\t\t\t\t<div class=\"elementor-widget-container\">\n\t\t\t            \n\n\n            \n            \n                        <section class=\"ts-speakers-style4 ts-speakers speaker-classic\">\n                <div class=\"ts-speaker\" style=\"--speaker-color: #25cd44\">\n                    <div class=\"speaker-img\">\n                                                    <img width=\"500\" height=\"500\" src=\"https:\/\/forum.geleceginbilimi.com\/wp-content\/uploads\/2021\/12\/Serkan-Akin.png\" class=\"img-fluid\" alt=\"\" loading=\"lazy\" srcset=\"https:\/\/forum.geleceginbilimi.com\/wp-content\/uploads\/2021\/12\/Serkan-Akin.png 500w, https:\/\/forum.geleceginbilimi.com\/wp-content\/uploads\/2021\/12\/Serkan-Akin-300x300.png 300w, https:\/\/forum.geleceginbilimi.com\/wp-content\/uploads\/2021\/12\/Serkan-Akin-150x150.png 150w\" sizes=\"(max-width: 500px) 100vw, 500px\" \/>                                                <a href=\"#popup_6207\" class=\"view-speaker ts-image-popup\" data-effect=\"mfp-zoom-in\">\n                            <i class=\"icon icon-plus\"><\/i>\n                        <\/a>\n                         <!-- speaker social -->\n                        <div class=\"ts-speakers-social-4 ts-speakers-social\">\n                                                                                                                <\/div>\n                        <!-- speaker social end -->\n                    <\/div>\n                    <div class=\"ts-speaker-info text-left\">\n                        <h3 class=\"ts-title\"> <a href=\"https:\/\/forum.geleceginbilimi.com\/?ts-speaker=serkan-akin\"> Serkan Ak\u0131n <\/a> <\/h3>\n                        <p>\n                            Gelece\u011fin Mimarisi Oturumu                        <\/p>\n                    <\/div>\n                    <!--- speaker info end -->\n                    <!-- popup start-->\n                    <div id=\"popup_6207\" class=\"container ts-speaker-popup mfp-hide\">\n                        <div class=\"row\">\n                            <div class=\"col-lg-6\">\n                                <div class=\"ts-speaker-popup-img\">\n                                                                            <img width=\"500\" height=\"500\" src=\"https:\/\/forum.geleceginbilimi.com\/wp-content\/uploads\/2021\/12\/Serkan-Akin.png\" class=\"attachment-full size-full\" alt=\"\" loading=\"lazy\" srcset=\"https:\/\/forum.geleceginbilimi.com\/wp-content\/uploads\/2021\/12\/Serkan-Akin.png 500w, https:\/\/forum.geleceginbilimi.com\/wp-content\/uploads\/2021\/12\/Serkan-Akin-300x300.png 300w, https:\/\/forum.geleceginbilimi.com\/wp-content\/uploads\/2021\/12\/Serkan-Akin-150x150.png 150w\" sizes=\"(max-width: 500px) 100vw, 500px\" \/>                                                                    <\/div>\n                            <\/div>\n                            <!-- col end-->\n                            <div class=\"col-lg-6\">\n                                <div class=\"ts-speaker-popup-content\">\n                                    <h3 class=\"ts-title\"><a href=\"https:\/\/forum.geleceginbilimi.com\/?ts-speaker=serkan-akin\"> Serkan Ak\u0131n <\/a> <\/h3>\n                                    <span class=\"speakder-designation\"> Gelece\u011fin Mimarisi Oturumu<\/span>\n                                                                        <p>\n                                        <p>Karadeniz Ere\u011fli \u0130l\u00e7esi'nde d\u00fcnyaya gelen Serkan Ak\u0131n, Kabata\u015f Erkek Lisesi ve \u0130stanbul Teknik \u00dcniversitesi Mimarl\u0131k B\u00f6l\u00fcm\u00fcn\u00fc bitirdi. Mezun olduktan sonra bir y\u0131l in\u015faat firmas\u0131nda \u00e7al\u0131\u015ft\u0131. 1994 1998 y\u0131llar\u0131 aras\u0131 \u0130stanbul B\u00fcy\u00fck\u015fehir Belediyesinde \u00e7al\u0131\u015ft\u0131. 1998 y\u0131l\u0131nda Konak Mimarl\u0131k ve Sanat Hizmetleri \u015eirketini kurdu. \u0130stanbul\u2019da ve T\u00fcrkiye\u2019nin muhtelif yerlerinde pek \u00e7ok yap\u0131n\u0131n mimari projeleri ile eski eser yap\u0131lar\u0131n restorasyon projelerini haz\u0131rlad\u0131. Bununla birlikte in\u015faat, dekorasyon, m\u00fc\u015favirlik ve restorasyon i\u015fleri yapmaktad\u0131r. STK\u2019larda ve derneklerde aktif olarak g\u00f6rev almaktad\u0131r. T\u00dcM\u0130P Y\u00f6netim Kurulu \u00dcyeli\u011fi, ZONS\u0130AD Kurucu \u00dcyeli\u011fi, MMG, TEKDER ile Ara\u015ft\u0131rma ve K\u00fclt\u00fcr Vakf\u0131'na \u00fcyedir. 2013-18 y\u0131llar\u0131 aras\u0131 \u0130Z\u00dc Mimarl\u0131k Fak\u00fcltesi\u2019nde Mimari Proje dersleri verdi. 2017-20 y\u0131llar\u0131 aras\u0131 \u0130stanbul 5, \u0130stanbul 1 ve Hatay K\u00fclt\u00fcr Varl\u0131klar\u0131n\u0131 Koruma B\u00f6lge Kurulu \u00fcyeli\u011fi yapt\u0131. 2019 y\u0131l\u0131ndan itibaren \u0130T\u0130C\u00dc Mimarl\u0131k ve Tasar\u0131m Fak\u00fcltesi\u2019nde T\u00fcrk \u0130slam Mimarisi dersi, 2021 y\u0131l\u0131ndan itibaren Hali\u00e7 \u00dcniversitesi Mimarl\u0131k Fak\u00fcltesi'nde Mimari Proje dersi vermektedir. 2016-19 y\u0131llar\u0131 aras\u0131nda Yenis\u00f6z ve Milat gazetelerinde k\u00f6\u015fe yaz\u0131lar\u0131 yazd\u0131. Muhtelif dergi ve kitaplarda yaz\u0131lar\u0131 bulunmaktad\u0131r. Mimarl\u0131k, kent ve geleneksel yap\u0131lar konular\u0131nda konferanslar vermekte olan hocam\u0131z GBf2021'de Gelece\u011fin Mimarisi Oturumunda 'Modern Zamanlar Sonras\u0131 \u0130\u00e7in T\u00fcrk Evinin Yeniden \u0130n\u015fa \u00d6nerisi' konu ba\u015fl\u0131\u011f\u0131 ile bizlerle...<\/p>                                    <\/p>\n                                    <div class=\"ts-speakers-social\">\n                                                                                                                                                                <\/div>\n                                <\/div>\n                                <!-- ts-speaker-popup-content end-->\n                            <\/div>\n                            <!-- col end-->\n                        <\/div>\n                        <!-- row end-->\n                    <\/div>\n                    <!-- popup end-->\n                <\/div>\n            <\/section>\n            <!-- ts-speaker end  -->\n            \n\n\n\n    \t\t<\/div>\n\t\t\t\t<\/div>\n\t\t\t\t<div class=\"elementor-element elementor-element-9ba7a24 elementor-widget elementor-widget-exhibz-speaker\" data-id=\"9ba7a24\" data-element_type=\"widget\" data-widget_type=\"exhibz-speaker.default\">\n\t\t\t\t<div class=\"elementor-widget-container\">\n\t\t\t            \n\n\n            \n            \n                        <section class=\"ts-speakers-style4 ts-speakers speaker-classic\">\n                <div class=\"ts-speaker\" style=\"--speaker-color: #25cd44\">\n                    <div class=\"speaker-img\">\n                                                    <img width=\"500\" height=\"500\" src=\"https:\/\/forum.geleceginbilimi.com\/wp-content\/uploads\/2021\/12\/Ahmet-Fatih-Sarikaya.png\" class=\"img-fluid\" alt=\"\" loading=\"lazy\" srcset=\"https:\/\/forum.geleceginbilimi.com\/wp-content\/uploads\/2021\/12\/Ahmet-Fatih-Sarikaya.png 500w, https:\/\/forum.geleceginbilimi.com\/wp-content\/uploads\/2021\/12\/Ahmet-Fatih-Sarikaya-300x300.png 300w, https:\/\/forum.geleceginbilimi.com\/wp-content\/uploads\/2021\/12\/Ahmet-Fatih-Sarikaya-150x150.png 150w\" sizes=\"(max-width: 500px) 100vw, 500px\" \/>                                                <a href=\"#popup_6214\" class=\"view-speaker ts-image-popup\" data-effect=\"mfp-zoom-in\">\n                            <i class=\"icon icon-plus\"><\/i>\n                        <\/a>\n                         <!-- speaker social -->\n                        <div class=\"ts-speakers-social-4 ts-speakers-social\">\n                                                                                                                <\/div>\n                        <!-- speaker social end -->\n                    <\/div>\n                    <div class=\"ts-speaker-info text-left\">\n                        <h3 class=\"ts-title\"> <a href=\"https:\/\/forum.geleceginbilimi.com\/?ts-speaker=ahmet-fatih-sarikaya\"> Ahmet Fatih Sar\u0131kaya <\/a> <\/h3>\n                        <p>\n                            Bilimin Gelece\u011fi Oturumu                        <\/p>\n                    <\/div>\n                    <!--- speaker info end -->\n                    <!-- popup start-->\n                    <div id=\"popup_6214\" class=\"container ts-speaker-popup mfp-hide\">\n                        <div class=\"row\">\n                            <div class=\"col-lg-6\">\n                                <div class=\"ts-speaker-popup-img\">\n                                                                            <img width=\"500\" height=\"500\" src=\"https:\/\/forum.geleceginbilimi.com\/wp-content\/uploads\/2021\/12\/Ahmet-Fatih-Sarikaya.png\" class=\"attachment-full size-full\" alt=\"\" loading=\"lazy\" srcset=\"https:\/\/forum.geleceginbilimi.com\/wp-content\/uploads\/2021\/12\/Ahmet-Fatih-Sarikaya.png 500w, https:\/\/forum.geleceginbilimi.com\/wp-content\/uploads\/2021\/12\/Ahmet-Fatih-Sarikaya-300x300.png 300w, https:\/\/forum.geleceginbilimi.com\/wp-content\/uploads\/2021\/12\/Ahmet-Fatih-Sarikaya-150x150.png 150w\" sizes=\"(max-width: 500px) 100vw, 500px\" \/>                                                                    <\/div>\n                            <\/div>\n                            <!-- col end-->\n                            <div class=\"col-lg-6\">\n                                <div class=\"ts-speaker-popup-content\">\n                                    <h3 class=\"ts-title\"><a href=\"https:\/\/forum.geleceginbilimi.com\/?ts-speaker=ahmet-fatih-sarikaya\"> Ahmet Fatih Sar\u0131kaya <\/a> <\/h3>\n                                    <span class=\"speakder-designation\"> Bilimin Gelece\u011fi Oturumu<\/span>\n                                                                        <p>\n                                        <p>\u0130stanbul Sa\u011fl\u0131k Bilimleri \u00dcniversitesi Psikoloji b\u00f6l\u00fcm\u00fc \u00f6\u011frencisi olan Ahmet Fatih Sar\u0131kaya ayn\u0131 zamanda Sa\u011fl\u0131k Bilimleri \u00dcniversitesi \u0130nsan ve Davran\u0131\u015f Kul\u00fcb\u00fc Y\u00f6netiminde Etkinlik Birimi Ba\u015fkanl\u0131\u011f\u0131 ve Ruh Sa\u011fl\u0131\u011f\u0131 Derne\u011fi \u00d6\u011frenci Meclisi Y\u00f6netim Kurulu Ba\u015fkanl\u0131\u011f\u0131n\u0131 y\u00fcr\u00fctmektedir. Sinir Bilim, Evrimsel Psikoloji ve Sosyal Psikoloji alanlar\u0131nda \u00e7al\u0131\u015fmalar\u0131na devam etmekte olan Hocam\u0131z Ge\u00e7mi\u015ften Gelece\u011fe Psikoloji konulu sunumuyla GBf2021'de Bilimin Gelece\u011fi oturumumuzda bizlerle...<\/p>                                    <\/p>\n                                    <div class=\"ts-speakers-social\">\n                                                                                                                                                                <\/div>\n                                <\/div>\n                                <!-- ts-speaker-popup-content end-->\n                            <\/div>\n                            <!-- col end-->\n                        <\/div>\n                        <!-- row end-->\n                    <\/div>\n                    <!-- popup end-->\n                <\/div>\n            <\/section>\n            <!-- ts-speaker end  -->\n            \n\n\n\n    \t\t<\/div>\n\t\t\t\t<\/div>\n\t\t\t\t<div class=\"elementor-element elementor-element-2ef80dd elementor-widget elementor-widget-exhibz-speaker\" data-id=\"2ef80dd\" data-element_type=\"widget\" data-widget_type=\"exhibz-speaker.default\">\n\t\t\t\t<div class=\"elementor-widget-container\">\n\t\t\t            \n\n\n            \n            \n                        <section class=\"ts-speakers-style4 ts-speakers speaker-classic\">\n                <div class=\"ts-speaker\" style=\"--speaker-color: #25cd44\">\n                    <div class=\"speaker-img\">\n                                                    <img width=\"500\" height=\"500\" src=\"https:\/\/forum.geleceginbilimi.com\/wp-content\/uploads\/2021\/11\/Galip-Cag.png\" class=\"img-fluid\" alt=\"\" loading=\"lazy\" srcset=\"https:\/\/forum.geleceginbilimi.com\/wp-content\/uploads\/2021\/11\/Galip-Cag.png 500w, https:\/\/forum.geleceginbilimi.com\/wp-content\/uploads\/2021\/11\/Galip-Cag-300x300.png 300w, https:\/\/forum.geleceginbilimi.com\/wp-content\/uploads\/2021\/11\/Galip-Cag-150x150.png 150w\" sizes=\"(max-width: 500px) 100vw, 500px\" \/>                                                <a href=\"#popup_5082\" class=\"view-speaker ts-image-popup\" data-effect=\"mfp-zoom-in\">\n                            <i class=\"icon icon-plus\"><\/i>\n                        <\/a>\n                         <!-- speaker social -->\n                        <div class=\"ts-speakers-social-4 ts-speakers-social\">\n                                                                                                                <\/div>\n                        <!-- speaker social end -->\n                    <\/div>\n                    <div class=\"ts-speaker-info text-left\">\n                        <h3 class=\"ts-title\"> <a href=\"https:\/\/forum.geleceginbilimi.com\/?ts-speaker=galip-cag\"> Galip \u00c7a\u011f <\/a> <\/h3>\n                        <p>\n                            Nurettin Top\u00e7u Oturumu                        <\/p>\n                    <\/div>\n                    <!--- speaker info end -->\n                    <!-- popup start-->\n                    <div id=\"popup_5082\" class=\"container ts-speaker-popup mfp-hide\">\n                        <div class=\"row\">\n                            <div class=\"col-lg-6\">\n                                <div class=\"ts-speaker-popup-img\">\n                                                                            <img width=\"500\" height=\"500\" src=\"https:\/\/forum.geleceginbilimi.com\/wp-content\/uploads\/2021\/11\/Galip-Cag.png\" class=\"attachment-full size-full\" alt=\"\" loading=\"lazy\" srcset=\"https:\/\/forum.geleceginbilimi.com\/wp-content\/uploads\/2021\/11\/Galip-Cag.png 500w, https:\/\/forum.geleceginbilimi.com\/wp-content\/uploads\/2021\/11\/Galip-Cag-300x300.png 300w, https:\/\/forum.geleceginbilimi.com\/wp-content\/uploads\/2021\/11\/Galip-Cag-150x150.png 150w\" sizes=\"(max-width: 500px) 100vw, 500px\" \/>                                                                    <\/div>\n                            <\/div>\n                            <!-- col end-->\n                            <div class=\"col-lg-6\">\n                                <div class=\"ts-speaker-popup-content\">\n                                    <h3 class=\"ts-title\"><a href=\"https:\/\/forum.geleceginbilimi.com\/?ts-speaker=galip-cag\"> Galip \u00c7a\u011f <\/a> <\/h3>\n                                    <span class=\"speakder-designation\"> Nurettin Top\u00e7u Oturumu<\/span>\n                                                                        <p>\n                                        <p>1979 y\u0131l\u0131nda Adapazar\u0131\u2019nda do\u011fdu. Aslen Makedonya, K\u0131r\u00e7oval\u0131d\u0131r. Adapazar\u0131\u2019nda, Hakk\u0131 Demir \u0130lkokulu, Mithatpa\u015fa Ortaokulu ve Arifiye Anadolu \u00d6\u011fretmen Lisesi\u2019ni bitirdi. Gazi \u00dcniversitesi Fen-Edebiyat Fak\u00fcltesi Tarih B\u00f6l\u00fcm\u00fc\u2019nde lisans, Sakarya \u00dcniversitesi\u2019nde de y\u00fcksek lisans (Yeni\u00e7a\u011f) ve doktora (Tarih Anabilim Dal\u0131) e\u011fitimlerini tamamlad\u0131. 217. Nolu Tapu Tahrir Defterine G\u00f6re Pa\u015fa Sanca\u011f\u0131 ve 16.-17. Y\u00fczy\u0131llarda Osmanl\u0131 H\u00e2kimiyetinde Manast\u0131r (Bitola) ba\u015fl\u0131kl\u0131 tezleri haz\u0131rlad\u0131. Sakarya, \u00c7ank\u0131r\u0131 Karatekin ve Gazi \u00dcniversitelerinde b\u00f6l\u00fcm ba\u015fkanl\u0131\u011f\u0131 ve anabilim dal\u0131 ba\u015fkanl\u0131klar\u0131 yan\u0131nda dekan yard\u0131mc\u0131l\u0131\u011f\u0131 g\u00f6revlerini y\u00fcr\u00fctt\u00fc. Ba\u015fta Balkanlar olmak \u00fczere tarihin farkl\u0131 alanlar\u0131na dair dersler verdi. Bir\u00e7ok makale ve 4 adet akademik kitap kaleme ald\u0131. Halen Bolu Abant \u0130zzet Baysal \u00dcniversitesi, Fen Edebiyat Fak\u00fcltesi, Tarih B\u00f6l\u00fcm\u00fc, Yeni\u00e7a\u011f Anabilim Dal\u0131\u2019nda lisans, y\u00fcksek lisans ve doktora a\u015famalar\u0131nda dersler vermektedir. Dr. Galip \u00c7a\u011f\u2019\u0131n akademik \u00e7al\u0131\u015fmalar\u0131n\u0131n yan\u0131nda yaz\u0131nsal \u00fcr\u00fcnleri de mevcuttur.<\/p>                                    <\/p>\n                                    <div class=\"ts-speakers-social\">\n                                                                                                                                                                <\/div>\n                                <\/div>\n                                <!-- ts-speaker-popup-content end-->\n                            <\/div>\n                            <!-- col end-->\n                        <\/div>\n                        <!-- row end-->\n                    <\/div>\n                    <!-- popup end-->\n                <\/div>\n            <\/section>\n            <!-- ts-speaker end  -->\n            \n\n\n\n    \t\t<\/div>\n\t\t\t\t<\/div>\n\t\t\t\t\t\t<\/div>\n\t\t\t\t\t<\/div>\n\t\t<\/div>\n\t\t\t\t<div class=\"elementor-column elementor-col-20 elementor-top-column elementor-element elementor-element-9ac590e\" data-id=\"9ac590e\" data-element_type=\"column\">\n\t\t\t<div class=\"elementor-column-wrap elementor-element-populated\">\n\t\t\t\t\t\t\t<div class=\"elementor-widget-wrap\">\n\t\t\t\t\t\t<div class=\"elementor-element elementor-element-63f3cea elementor-widget elementor-widget-exhibz-speaker\" data-id=\"63f3cea\" data-element_type=\"widget\" data-widget_type=\"exhibz-speaker.default\">\n\t\t\t\t<div class=\"elementor-widget-container\">\n\t\t\t            \n\n\n            \n            \n                        <section class=\"ts-speakers-style4 ts-speakers speaker-classic\">\n                <div class=\"ts-speaker\" style=\"--speaker-color: #25cd44\">\n                    <div class=\"speaker-img\">\n                                                    <img width=\"500\" height=\"500\" src=\"https:\/\/forum.geleceginbilimi.com\/wp-content\/uploads\/2021\/12\/Ali-Kilic.png\" class=\"img-fluid\" alt=\"\" loading=\"lazy\" srcset=\"https:\/\/forum.geleceginbilimi.com\/wp-content\/uploads\/2021\/12\/Ali-Kilic.png 500w, https:\/\/forum.geleceginbilimi.com\/wp-content\/uploads\/2021\/12\/Ali-Kilic-300x300.png 300w, https:\/\/forum.geleceginbilimi.com\/wp-content\/uploads\/2021\/12\/Ali-Kilic-150x150.png 150w\" sizes=\"(max-width: 500px) 100vw, 500px\" \/>                                                <a href=\"#popup_6144\" class=\"view-speaker ts-image-popup\" data-effect=\"mfp-zoom-in\">\n                            <i class=\"icon icon-plus\"><\/i>\n                        <\/a>\n                         <!-- speaker social -->\n                        <div class=\"ts-speakers-social-4 ts-speakers-social\">\n                                                                                                                <\/div>\n                        <!-- speaker social end -->\n                    <\/div>\n                    <div class=\"ts-speaker-info text-left\">\n                        <h3 class=\"ts-title\"> <a href=\"https:\/\/forum.geleceginbilimi.com\/?ts-speaker=ali-kilic\"> Ali K\u0131l\u0131\u00e7 <\/a> <\/h3>\n                        <p>\n                            Yeni M\u00fchendisler Oturumu                        <\/p>\n                    <\/div>\n                    <!--- speaker info end -->\n                    <!-- popup start-->\n                    <div id=\"popup_6144\" class=\"container ts-speaker-popup mfp-hide\">\n                        <div class=\"row\">\n                            <div class=\"col-lg-6\">\n                                <div class=\"ts-speaker-popup-img\">\n                                                                            <img width=\"500\" height=\"500\" src=\"https:\/\/forum.geleceginbilimi.com\/wp-content\/uploads\/2021\/12\/Ali-Kilic.png\" class=\"attachment-full size-full\" alt=\"\" loading=\"lazy\" srcset=\"https:\/\/forum.geleceginbilimi.com\/wp-content\/uploads\/2021\/12\/Ali-Kilic.png 500w, https:\/\/forum.geleceginbilimi.com\/wp-content\/uploads\/2021\/12\/Ali-Kilic-300x300.png 300w, https:\/\/forum.geleceginbilimi.com\/wp-content\/uploads\/2021\/12\/Ali-Kilic-150x150.png 150w\" sizes=\"(max-width: 500px) 100vw, 500px\" \/>                                                                    <\/div>\n                            <\/div>\n                            <!-- col end-->\n                            <div class=\"col-lg-6\">\n                                <div class=\"ts-speaker-popup-content\">\n                                    <h3 class=\"ts-title\"><a href=\"https:\/\/forum.geleceginbilimi.com\/?ts-speaker=ali-kilic\"> Ali K\u0131l\u0131\u00e7 <\/a> <\/h3>\n                                    <span class=\"speakder-designation\"> Yeni M\u00fchendisler Oturumu<\/span>\n                                                                        <p>\n                                        <p>1976 y\u0131l\u0131nda \u0130stanbul\u2019da do\u011fdu. 1997 y\u0131l\u0131nda YT\u00dc Elektrik-Elektronik Fak\u00fcltesi, Elektrik M\u00fchendisli\u011fi b\u00f6l\u00fcm\u00fcnden mezun oldu. 2001 y\u0131l\u0131nda YT\u00dc Elektrik-Elektronik Fak\u00fcltesi, Elektrik M\u00fchendisli\u011fi y\u00fcksek lisans\u0131n\u0131 ve Gebze Teknik \u00dcniversitesi, \u0130\u015fletme Anabilim Dal\u0131 \u0130\u015fletme y\u00fcksek lisans\u0131n\u0131 tamamlad\u0131. Halen Gebze Teknik \u00dcniversitesi, \u0130\u015fletme Anabilim Dal\u0131 \u0130\u015fletme doktora program\u0131na devam etmektedir. 2020 y\u0131l\u0131nda, Harvard \u00dcniversitesi\u2019nden \u201cTeknoloji Giri\u015fimcili\u011fi: Laboratuvardan Markete\u201d e\u011fitimi ald\u0131. \u00c7al\u0131\u015fma hayat\u0131na, 1999 y\u0131l\u0131nda Unilever A.\u015e.\u2019de bili\u015fim teknolojileri dan\u0131\u015fman\u0131 olarak ba\u015flad\u0131. 2001-2009 y\u0131llar\u0131 aras\u0131nda kurucular\u0131ndan oldu\u011fu Eretim Bilgisayar Hizmetleri ve Dan\u0131\u015fmanl\u0131k Ltd. \u015eti. firmas\u0131nda, bili\u015fim sekt\u00f6r\u00fcnde ulusal ve uluslararas\u0131 projelerde dan\u0131\u015fman ve y\u00f6netici ortak olarak 2009 y\u0131l\u0131na kadar \u00e7al\u0131\u015fm\u0131\u015f ve yabanc\u0131 ortakl\u0131k sonras\u0131nda firmas\u0131ndan genel m\u00fcd\u00fcr yard\u0131mc\u0131l\u0131\u011f\u0131 g\u00f6revini devrederek, \u00e7\u0131k\u0131\u015f yapt\u0131. 2009 y\u0131l\u0131nda Intellium Bili\u015fim Teknolojileri firmas\u0131n\u0131 kurmu\u015f ve halen ayn\u0131 firmada genel m\u00fcd\u00fcr olarak ulusal ve uluslararas\u0131 \u00e7al\u0131\u015fmalar\u0131 y\u00fcr\u00fctmektedir. \u00c7al\u0131\u015fma hayat\u0131nda bir\u00e7ok farkl\u0131 firman\u0131n kurucusu ve y\u00f6netici orta\u011f\u0131 oldu. 2009-2011 y\u0131llar\u0131 aras\u0131nda MMG, Bili\u015fim Konseyi kurucu ba\u015fkanl\u0131\u011f\u0131n\u0131 y\u00fcr\u00fctti, halen 12. d\u00f6nem MMG y\u00f6netim kurulu \u00fcyesidir. 2013-2018 y\u0131llar\u0131 aras\u0131nda Giri\u015fimci \u0130\u015fadamlar\u0131 Vakf\u0131 icra kurulu \u00fcyesi olarak Gen\u00e7lik Konseyi Ba\u015fkanl\u0131\u011f\u0131\u2019n\u0131 y\u00fcr\u00fctt\u00fc. G\u0130V \u00e7at\u0131s\u0131 alt\u0131nda kurulan Bahariye Melek Yat\u0131r\u0131m A\u011f\u0131 kurulu\u015f \u00e7al\u0131\u015fmalar\u0131nda g\u00f6rev ald\u0131 ve Mayalabs Yat\u0131r\u0131m A.\u015e.\u2019nin Y\u00f6netim Kurulu Ba\u015fkanl\u0131\u011f\u0131\u2019n\u0131 y\u00fcr\u00fctt\u00fc. Evli, ve d\u00f6rt erkek \u00e7ocuk babas\u0131 olan hocam\u0131z GBf2021'de Yeni M\u00fchendisler Oturumunda 'De\u011fi\u015fen D\u00fcnyada Yeni M\u00fchendislik' konu ba\u015fl\u0131\u011f\u0131 ile bizlerle...<\/p>                                    <\/p>\n                                    <div class=\"ts-speakers-social\">\n                                                                                                                                                                <\/div>\n                                <\/div>\n                                <!-- ts-speaker-popup-content end-->\n                            <\/div>\n                            <!-- col end-->\n                        <\/div>\n                        <!-- row end-->\n                    <\/div>\n                    <!-- popup end-->\n                <\/div>\n            <\/section>\n            <!-- ts-speaker end  -->\n            \n\n\n\n    \t\t<\/div>\n\t\t\t\t<\/div>\n\t\t\t\t<div class=\"elementor-element elementor-element-3cf7a27 elementor-widget elementor-widget-exhibz-speaker\" data-id=\"3cf7a27\" data-element_type=\"widget\" data-widget_type=\"exhibz-speaker.default\">\n\t\t\t\t<div class=\"elementor-widget-container\">\n\t\t\t            \n\n\n            \n            \n                        <section class=\"ts-speakers-style4 ts-speakers speaker-classic\">\n                <div class=\"ts-speaker\" style=\"--speaker-color: #25cd44\">\n                    <div class=\"speaker-img\">\n                                                    <img width=\"500\" height=\"500\" src=\"https:\/\/forum.geleceginbilimi.com\/wp-content\/uploads\/2021\/12\/Ahmet-Uygun.png\" class=\"img-fluid\" alt=\"\" loading=\"lazy\" srcset=\"https:\/\/forum.geleceginbilimi.com\/wp-content\/uploads\/2021\/12\/Ahmet-Uygun.png 500w, https:\/\/forum.geleceginbilimi.com\/wp-content\/uploads\/2021\/12\/Ahmet-Uygun-300x300.png 300w, https:\/\/forum.geleceginbilimi.com\/wp-content\/uploads\/2021\/12\/Ahmet-Uygun-150x150.png 150w\" sizes=\"(max-width: 500px) 100vw, 500px\" \/>                                                <a href=\"#popup_6159\" class=\"view-speaker ts-image-popup\" data-effect=\"mfp-zoom-in\">\n                            <i class=\"icon icon-plus\"><\/i>\n                        <\/a>\n                         <!-- speaker social -->\n                        <div class=\"ts-speakers-social-4 ts-speakers-social\">\n                                                                                                                <\/div>\n                        <!-- speaker social end -->\n                    <\/div>\n                    <div class=\"ts-speaker-info text-left\">\n                        <h3 class=\"ts-title\"> <a href=\"https:\/\/forum.geleceginbilimi.com\/?ts-speaker=ahmet-uygun\"> Ahmet Uygun <\/a> <\/h3>\n                        <p>\n                            Mikrobiyota Oturumu                        <\/p>\n                    <\/div>\n                    <!--- speaker info end -->\n                    <!-- popup start-->\n                    <div id=\"popup_6159\" class=\"container ts-speaker-popup mfp-hide\">\n                        <div class=\"row\">\n                            <div class=\"col-lg-6\">\n                                <div class=\"ts-speaker-popup-img\">\n                                                                            <img width=\"500\" height=\"500\" src=\"https:\/\/forum.geleceginbilimi.com\/wp-content\/uploads\/2021\/12\/Ahmet-Uygun.png\" class=\"attachment-full size-full\" alt=\"\" loading=\"lazy\" srcset=\"https:\/\/forum.geleceginbilimi.com\/wp-content\/uploads\/2021\/12\/Ahmet-Uygun.png 500w, https:\/\/forum.geleceginbilimi.com\/wp-content\/uploads\/2021\/12\/Ahmet-Uygun-300x300.png 300w, https:\/\/forum.geleceginbilimi.com\/wp-content\/uploads\/2021\/12\/Ahmet-Uygun-150x150.png 150w\" sizes=\"(max-width: 500px) 100vw, 500px\" \/>                                                                    <\/div>\n                            <\/div>\n                            <!-- col end-->\n                            <div class=\"col-lg-6\">\n                                <div class=\"ts-speaker-popup-content\">\n                                    <h3 class=\"ts-title\"><a href=\"https:\/\/forum.geleceginbilimi.com\/?ts-speaker=ahmet-uygun\"> Ahmet Uygun <\/a> <\/h3>\n                                    <span class=\"speakder-designation\"> Mikrobiyota Oturumu<\/span>\n                                                                        <p>\n                                        <p>Y\u0131ld\u0131z Teknik \u00dcniversitesi Elektirik M\u00fchendisli\u011fi ve GATA T\u0131p Fak\u00fcltesi lisanslar\u0131n\u0131 tamamlam\u0131\u015f, Diyarbak\u0131r'da Ba\u015ftabiplik yapm\u0131\u015ft\u0131r. Sonras\u0131nda da GATA \u0130\u00e7 Hastal\u0131klar\u0131nda Uzmanl\u0131\u011f\u0131n\u0131 tamamlayarak Mevki Asker Hastanesi Dahiliye'de Klinik \u015eefi olarak g\u00f6rev yapm\u0131\u015ft\u0131r. GATA Gastroenteroloji Bilim Dal\u0131nda uzmanla\u015farak Profes\u00f6rl\u00fc\u011fe kadar y\u00fckselmi\u015ftir. Halen G\u00fclhane T\u0131p Fak\u00fcltesi Gastroenteroloji Bilim Dal\u0131nda \u00f6\u011fretim \u00fcyesi olarak \u00e7al\u0131\u015fmalar\u0131na devam etmektedir. T\u00fcrkiye'de ilk kez 6 y\u0131l \u00f6nce resmi olarak ba\u015flayan Fekal Transplantasyon uygulamas\u0131n\u0131n \u00f6nc\u00fcs\u00fc Prof. Dr. Ahmet Uygun, \"Hastal\u0131klar ve Fekal Mikrobiyota Transplantasyonu\" konusuyla Mikrobiyota Oturumu'nda bizlerle olacak.<\/p>                                    <\/p>\n                                    <div class=\"ts-speakers-social\">\n                                                                                                                                                                <\/div>\n                                <\/div>\n                                <!-- ts-speaker-popup-content end-->\n                            <\/div>\n                            <!-- col end-->\n                        <\/div>\n                        <!-- row end-->\n                    <\/div>\n                    <!-- popup end-->\n                <\/div>\n            <\/section>\n            <!-- ts-speaker end  -->\n            \n\n\n\n    \t\t<\/div>\n\t\t\t\t<\/div>\n\t\t\t\t<div class=\"elementor-element elementor-element-657b2e1 elementor-widget elementor-widget-exhibz-speaker\" data-id=\"657b2e1\" data-element_type=\"widget\" data-widget_type=\"exhibz-speaker.default\">\n\t\t\t\t<div class=\"elementor-widget-container\">\n\t\t\t            \n\n\n            \n            \n                        <section class=\"ts-speakers-style4 ts-speakers speaker-classic\">\n                <div class=\"ts-speaker\" style=\"--speaker-color: #25cd44\">\n                    <div class=\"speaker-img\">\n                                                    <img width=\"500\" height=\"500\" src=\"https:\/\/forum.geleceginbilimi.com\/wp-content\/uploads\/2021\/11\/Yavuz-Selim-Silay.png\" class=\"img-fluid\" alt=\"\" loading=\"lazy\" srcset=\"https:\/\/forum.geleceginbilimi.com\/wp-content\/uploads\/2021\/11\/Yavuz-Selim-Silay.png 500w, https:\/\/forum.geleceginbilimi.com\/wp-content\/uploads\/2021\/11\/Yavuz-Selim-Silay-300x300.png 300w, https:\/\/forum.geleceginbilimi.com\/wp-content\/uploads\/2021\/11\/Yavuz-Selim-Silay-150x150.png 150w\" sizes=\"(max-width: 500px) 100vw, 500px\" \/>                                                <a href=\"#popup_5078\" class=\"view-speaker ts-image-popup\" data-effect=\"mfp-zoom-in\">\n                            <i class=\"icon icon-plus\"><\/i>\n                        <\/a>\n                         <!-- speaker social -->\n                        <div class=\"ts-speakers-social-4 ts-speakers-social\">\n                                                                                                                <\/div>\n                        <!-- speaker social end -->\n                    <\/div>\n                    <div class=\"ts-speaker-info text-left\">\n                        <h3 class=\"ts-title\"> <a href=\"https:\/\/forum.geleceginbilimi.com\/?ts-speaker=yavuz-selim-silay\"> Yavuz Selim S\u0131lay <\/a> <\/h3>\n                        <p>\n                            Sa\u011fl\u0131\u011f\u0131n Gelece\u011fi Oturumu                        <\/p>\n                    <\/div>\n                    <!--- speaker info end -->\n                    <!-- popup start-->\n                    <div id=\"popup_5078\" class=\"container ts-speaker-popup mfp-hide\">\n                        <div class=\"row\">\n                            <div class=\"col-lg-6\">\n                                <div class=\"ts-speaker-popup-img\">\n                                                                            <img width=\"500\" height=\"500\" src=\"https:\/\/forum.geleceginbilimi.com\/wp-content\/uploads\/2021\/11\/Yavuz-Selim-Silay.png\" class=\"attachment-full size-full\" alt=\"\" loading=\"lazy\" srcset=\"https:\/\/forum.geleceginbilimi.com\/wp-content\/uploads\/2021\/11\/Yavuz-Selim-Silay.png 500w, https:\/\/forum.geleceginbilimi.com\/wp-content\/uploads\/2021\/11\/Yavuz-Selim-Silay-300x300.png 300w, https:\/\/forum.geleceginbilimi.com\/wp-content\/uploads\/2021\/11\/Yavuz-Selim-Silay-150x150.png 150w\" sizes=\"(max-width: 500px) 100vw, 500px\" \/>                                                                    <\/div>\n                            <\/div>\n                            <!-- col end-->\n                            <div class=\"col-lg-6\">\n                                <div class=\"ts-speaker-popup-content\">\n                                    <h3 class=\"ts-title\"><a href=\"https:\/\/forum.geleceginbilimi.com\/?ts-speaker=yavuz-selim-silay\"> Yavuz Selim S\u0131lay <\/a> <\/h3>\n                                    <span class=\"speakder-designation\"> Sa\u011fl\u0131\u011f\u0131n Gelece\u011fi Oturumu<\/span>\n                                                                        <p>\n                                        <p>Uluslararas\u0131 Televizyon Programc\u0131l\u0131\u011f\u0131n\u0131n ve Sa\u011fl\u0131k Giri\u015fimcili\u011finin \u00f6nc\u00fc isimlerinden Dr. Yavuz Selim S\u0131lay D\u00fcnya Bankas\u0131 Projesi kapsam\u0131nda TC Sa\u011fl\u0131k Bakanl\u0131\u011f\u0131\u2019nda dan\u0131\u015fmanl\u0131k yapt\u0131. Siemens Healthcare\u2019in distrib\u00fct\u00f6r\u00fc olan firmada genel m\u00fcd\u00fcrl\u00fck yapt\u0131. Y\u00f6netici orta\u011f\u0131 olarak 900 Milyonu a\u015fk\u0131n izleyiciye ve 42 \u00fclkeye moderat\u00f6rl\u00fc\u011f\u00fcn\u00fc yapt\u0131\u011f\u0131 5TN ( 5 Technology News) , WHN ( World Health News) , News + , Social Health, Special Report ve ITB ( Idea To Business &amp; Innovation To Brand &amp; Interest Free To Barakah) adl\u0131 programlar\u0131yla bulu\u015fturmaya devam etmektedir.<\/p>                                    <\/p>\n                                    <div class=\"ts-speakers-social\">\n                                                                                                                                                                <\/div>\n                                <\/div>\n                                <!-- ts-speaker-popup-content end-->\n                            <\/div>\n                            <!-- col end-->\n                        <\/div>\n                        <!-- row end-->\n                    <\/div>\n                    <!-- popup end-->\n                <\/div>\n            <\/section>\n            <!-- ts-speaker end  -->\n            \n\n\n\n    \t\t<\/div>\n\t\t\t\t<\/div>\n\t\t\t\t<div class=\"elementor-element elementor-element-73d51f3 elementor-widget elementor-widget-exhibz-speaker\" data-id=\"73d51f3\" data-element_type=\"widget\" data-widget_type=\"exhibz-speaker.default\">\n\t\t\t\t<div class=\"elementor-widget-container\">\n\t\t\t            \n\n\n            \n            \n                        <section class=\"ts-speakers-style4 ts-speakers speaker-classic\">\n                <div class=\"ts-speaker\" style=\"--speaker-color: #25cd44\">\n                    <div class=\"speaker-img\">\n                                                    <img width=\"500\" height=\"500\" src=\"https:\/\/forum.geleceginbilimi.com\/wp-content\/uploads\/2021\/12\/Yelda-Arslan.png\" class=\"img-fluid\" alt=\"\" loading=\"lazy\" srcset=\"https:\/\/forum.geleceginbilimi.com\/wp-content\/uploads\/2021\/12\/Yelda-Arslan.png 500w, https:\/\/forum.geleceginbilimi.com\/wp-content\/uploads\/2021\/12\/Yelda-Arslan-300x300.png 300w, https:\/\/forum.geleceginbilimi.com\/wp-content\/uploads\/2021\/12\/Yelda-Arslan-150x150.png 150w\" sizes=\"(max-width: 500px) 100vw, 500px\" \/>                                                <a href=\"#popup_6155\" class=\"view-speaker ts-image-popup\" data-effect=\"mfp-zoom-in\">\n                            <i class=\"icon icon-plus\"><\/i>\n                        <\/a>\n                         <!-- speaker social -->\n                        <div class=\"ts-speakers-social-4 ts-speakers-social\">\n                                                                                                                <\/div>\n                        <!-- speaker social end -->\n                    <\/div>\n                    <div class=\"ts-speaker-info text-left\">\n                        <h3 class=\"ts-title\"> <a href=\"https:\/\/forum.geleceginbilimi.com\/?ts-speaker=yelda-arslan\"> Yelda Arslan <\/a> <\/h3>\n                        <p>\n                            Psikobilim Oturumu                        <\/p>\n                    <\/div>\n                    <!--- speaker info end -->\n                    <!-- popup start-->\n                    <div id=\"popup_6155\" class=\"container ts-speaker-popup mfp-hide\">\n                        <div class=\"row\">\n                            <div class=\"col-lg-6\">\n                                <div class=\"ts-speaker-popup-img\">\n                                                                            <img width=\"500\" height=\"500\" src=\"https:\/\/forum.geleceginbilimi.com\/wp-content\/uploads\/2021\/12\/Yelda-Arslan.png\" class=\"attachment-full size-full\" alt=\"\" loading=\"lazy\" srcset=\"https:\/\/forum.geleceginbilimi.com\/wp-content\/uploads\/2021\/12\/Yelda-Arslan.png 500w, https:\/\/forum.geleceginbilimi.com\/wp-content\/uploads\/2021\/12\/Yelda-Arslan-300x300.png 300w, https:\/\/forum.geleceginbilimi.com\/wp-content\/uploads\/2021\/12\/Yelda-Arslan-150x150.png 150w\" sizes=\"(max-width: 500px) 100vw, 500px\" \/>                                                                    <\/div>\n                            <\/div>\n                            <!-- col end-->\n                            <div class=\"col-lg-6\">\n                                <div class=\"ts-speaker-popup-content\">\n                                    <h3 class=\"ts-title\"><a href=\"https:\/\/forum.geleceginbilimi.com\/?ts-speaker=yelda-arslan\"> Yelda Arslan <\/a> <\/h3>\n                                    <span class=\"speakder-designation\"> Psikobilim Oturumu<\/span>\n                                                                        <p>\n                                        <p>\u0130stanbul \u00dcniversitesi Rehberlik ve Psikolojik Dan\u0131\u015fmanl\u0131k B\u00f6l\u00fcm\u00fc\u2019nden 1998 y\u0131l\u0131nda mezun oldu. Gerek yurt i\u00e7inde gerekse yurt d\u0131\u015f\u0131nda<br \/>\u00e7e\u015fitli e\u011fitimler ald\u0131. 2002 y\u0131l\u0131ndan beri T\u00fcrkiye\u2019nin say\u0131l\u0131 \u00f6zel okullar\u0131nda psikolojik dan\u0131\u015fmanl\u0131k hizmeti vermekte. 2014 y\u0131l\u0131ndan itibaren de,<br \/>\u201cAileden Okula\u201d \u00e7at\u0131s\u0131 alt\u0131nda mesleki bilgisini annelik deneyimleri ile harmanlay\u0131p kaleme al\u0131yor, anne babalar ve e\u011fitimcilere y\u00f6nelik<br \/>e\u011fitimler, \u00e7al\u0131\u015ftaylar ve online dan\u0131\u015fmanl\u0131k veriyor.<\/p>                                    <\/p>\n                                    <div class=\"ts-speakers-social\">\n                                                                                                                                                                <\/div>\n                                <\/div>\n                                <!-- ts-speaker-popup-content end-->\n                            <\/div>\n                            <!-- col end-->\n                        <\/div>\n                        <!-- row end-->\n                    <\/div>\n                    <!-- popup end-->\n                <\/div>\n            <\/section>\n            <!-- ts-speaker end  -->\n            \n\n\n\n    \t\t<\/div>\n\t\t\t\t<\/div>\n\t\t\t\t<div class=\"elementor-element elementor-element-721cf8c elementor-widget elementor-widget-exhibz-speaker\" data-id=\"721cf8c\" data-element_type=\"widget\" data-widget_type=\"exhibz-speaker.default\">\n\t\t\t\t<div class=\"elementor-widget-container\">\n\t\t\t            \n\n\n            \n            \n                        <section class=\"ts-speakers-style4 ts-speakers speaker-classic\">\n                <div class=\"ts-speaker\" style=\"--speaker-color: #25cd44\">\n                    <div class=\"speaker-img\">\n                                                    <img width=\"500\" height=\"500\" src=\"https:\/\/forum.geleceginbilimi.com\/wp-content\/uploads\/2021\/12\/Ibrahim-Cetin.png\" class=\"img-fluid\" alt=\"\" loading=\"lazy\" srcset=\"https:\/\/forum.geleceginbilimi.com\/wp-content\/uploads\/2021\/12\/Ibrahim-Cetin.png 500w, https:\/\/forum.geleceginbilimi.com\/wp-content\/uploads\/2021\/12\/Ibrahim-Cetin-300x300.png 300w, https:\/\/forum.geleceginbilimi.com\/wp-content\/uploads\/2021\/12\/Ibrahim-Cetin-150x150.png 150w\" sizes=\"(max-width: 500px) 100vw, 500px\" \/>                                                <a href=\"#popup_6175\" class=\"view-speaker ts-image-popup\" data-effect=\"mfp-zoom-in\">\n                            <i class=\"icon icon-plus\"><\/i>\n                        <\/a>\n                         <!-- speaker social -->\n                        <div class=\"ts-speakers-social-4 ts-speakers-social\">\n                                                                                                                <\/div>\n                        <!-- speaker social end -->\n                    <\/div>\n                    <div class=\"ts-speaker-info text-left\">\n                        <h3 class=\"ts-title\"> <a href=\"https:\/\/forum.geleceginbilimi.com\/?ts-speaker=ibrahim-cetin\"> \u0130brahim \u00c7etin <\/a> <\/h3>\n                        <p>\n                            Terenn\u00fcm Oturumu                        <\/p>\n                    <\/div>\n                    <!--- speaker info end -->\n                    <!-- popup start-->\n                    <div id=\"popup_6175\" class=\"container ts-speaker-popup mfp-hide\">\n                        <div class=\"row\">\n                            <div class=\"col-lg-6\">\n                                <div class=\"ts-speaker-popup-img\">\n                                                                            <img width=\"500\" height=\"500\" src=\"https:\/\/forum.geleceginbilimi.com\/wp-content\/uploads\/2021\/12\/Ibrahim-Cetin.png\" class=\"attachment-full size-full\" alt=\"\" loading=\"lazy\" srcset=\"https:\/\/forum.geleceginbilimi.com\/wp-content\/uploads\/2021\/12\/Ibrahim-Cetin.png 500w, https:\/\/forum.geleceginbilimi.com\/wp-content\/uploads\/2021\/12\/Ibrahim-Cetin-300x300.png 300w, https:\/\/forum.geleceginbilimi.com\/wp-content\/uploads\/2021\/12\/Ibrahim-Cetin-150x150.png 150w\" sizes=\"(max-width: 500px) 100vw, 500px\" \/>                                                                    <\/div>\n                            <\/div>\n                            <!-- col end-->\n                            <div class=\"col-lg-6\">\n                                <div class=\"ts-speaker-popup-content\">\n                                    <h3 class=\"ts-title\"><a href=\"https:\/\/forum.geleceginbilimi.com\/?ts-speaker=ibrahim-cetin\"> \u0130brahim \u00c7etin <\/a> <\/h3>\n                                    <span class=\"speakder-designation\"> Terenn\u00fcm Oturumu<\/span>\n                                                                        <p>\n                                        <p>2004 y\u0131l\u0131nda \u0130n\u00f6n\u00fc \u00dcniversitesi E\u011fitim Fak\u00fcltesi \u0130lk\u00f6\u011fretim Matematik E\u011fitimi Anabilim Dal\u0131\u2019nda lisans, 2009 y\u0131l\u0131nda Sel\u00e7uk \u00dcniversitesi Matematik E\u011fitimi Bilim Dal\u0131\u2019nda y\u00fcksek lisans ve 2017 y\u0131l\u0131nda Necmettin Erbakan \u00dcniversitesi E\u011fitim Bilimleri Enstit\u00fcs\u00fc \u0130lk\u00f6\u011fretim Matematik E\u011fitimi Bilim Dal\u0131\u2019nda doktora e\u011fitimini tamamlad\u0131. 2004-2018 y\u0131llar\u0131 aras\u0131nda Milli E\u011fitim Bakanl\u0131\u011f\u0131na ba\u011fl\u0131 okullarda matematik \u00f6\u011fretmeni olarak \u00e7al\u0131\u015ft\u0131. 2018 y\u0131l\u0131nda Necmettin Erbakan \u00dcniversitesi Ahmet Kele\u015fo\u011flu E\u011fitim Fak\u00fcltesi Matematik ve Fen Bilimleri E\u011fitimi B\u00f6l\u00fcm\u00fc Matematik E\u011fitimi Ana Bilim Dal\u0131nda Dr. \u00d6\u011fr. \u00dcyesi olarak g\u00f6reve ba\u015flad\u0131. Matematik e\u011fitimi alan\u0131nda \u00e7al\u0131\u015fmalar\u0131nda devam eden \u00c7ET\u0130N\u2019in ilgi ve \u00e7al\u0131\u015fma alanlar\u0131 aras\u0131nda matematik \u00f6\u011fretmen ve \u00f6\u011fretmen adaylar\u0131n\u0131n teknolojik pedagojik alan bilgisi, matematik e\u011fitiminde teknoloji kullan\u0131m\u0131, teknoloji destekli matematiksel modelleme, matematik e\u011fitiminde \u00fcst d\u00fczey d\u00fc\u015f\u00fcnme becerileri ve matematik e\u011fitiminde nicel ara\u015ft\u0131rma y\u00f6ntemleri \u00f6zellikle \u00f6n plana \u00e7\u0131kmaktad\u0131r. \u00d6zel de End\u00fcstri 4.0, E\u011fitim 4.0 alanlar\u0131nda ara\u015ft\u0131rmalar yapt\u0131 ve bu konularda farkl\u0131 \u00fcniversitelerde ve MEB\u2019deki \u00f6\u011fretmenlere \u00e7ok say\u0131da konferans ve seminer verdi. Sekiz y\u0131ld\u0131r bir TV kanal\u0131nda her hafta yay\u0131nlanan E\u011fitim G\u00fcnl\u00fc\u011f\u00fc adl\u0131 programla her hafta e\u011fitim sistemine ili\u015fkin konular\u0131 ele alan programlar yapmaktad\u0131r. Matematik e\u011fitimi ve teknoloji konulu Ulusal ve Uluslararas\u0131 projelerde onbe\u015fe yak\u0131n \u00fclkede y\u00fcr\u00fct\u00fcc\u00fc ve ara\u015ft\u0131rmac\u0131 olarak g\u00f6rev ald\u0131. Ayn\u0131 zamanda futbol hakemi g\u00f6zlemcisi ve hakem e\u011fitimcisi olarakta g\u00f6rev yapan \u00c7ET\u0130N, evli ve 2 k\u0131z \u00e7ocuk babas\u0131d\u0131r. De\u011ferli \u0130brahim \u00c7etin hocam\u0131z GBf 21'de Terenn\u00fcm Oturumu ile bizlerle...<\/p>                                    <\/p>\n                                    <div class=\"ts-speakers-social\">\n                                                                                                                                                                <\/div>\n                                <\/div>\n                                <!-- ts-speaker-popup-content end-->\n                            <\/div>\n                            <!-- col end-->\n                        <\/div>\n                        <!-- row end-->\n                    <\/div>\n                    <!-- popup end-->\n                <\/div>\n            <\/section>\n            <!-- ts-speaker end  -->\n            \n\n\n\n    \t\t<\/div>\n\t\t\t\t<\/div>\n\t\t\t\t<div class=\"elementor-element elementor-element-a1c8cf1 elementor-widget elementor-widget-exhibz-speaker\" data-id=\"a1c8cf1\" data-element_type=\"widget\" data-widget_type=\"exhibz-speaker.default\">\n\t\t\t\t<div class=\"elementor-widget-container\">\n\t\t\t            \n\n\n            \n            \n                        <section class=\"ts-speakers-style4 ts-speakers speaker-classic\">\n                <div class=\"ts-speaker\" style=\"--speaker-color: #25cd44\">\n                    <div class=\"speaker-img\">\n                                                    <img width=\"500\" height=\"500\" src=\"https:\/\/forum.geleceginbilimi.com\/wp-content\/uploads\/2021\/11\/Ayse-Budak.png\" class=\"img-fluid\" alt=\"\" loading=\"lazy\" srcset=\"https:\/\/forum.geleceginbilimi.com\/wp-content\/uploads\/2021\/11\/Ayse-Budak.png 500w, https:\/\/forum.geleceginbilimi.com\/wp-content\/uploads\/2021\/11\/Ayse-Budak-300x300.png 300w, https:\/\/forum.geleceginbilimi.com\/wp-content\/uploads\/2021\/11\/Ayse-Budak-150x150.png 150w\" sizes=\"(max-width: 500px) 100vw, 500px\" \/>                                                <a href=\"#popup_5097\" class=\"view-speaker ts-image-popup\" data-effect=\"mfp-zoom-in\">\n                            <i class=\"icon icon-plus\"><\/i>\n                        <\/a>\n                         <!-- speaker social -->\n                        <div class=\"ts-speakers-social-4 ts-speakers-social\">\n                                                                                                                <\/div>\n                        <!-- speaker social end -->\n                    <\/div>\n                    <div class=\"ts-speaker-info text-left\">\n                        <h3 class=\"ts-title\"> <a href=\"https:\/\/forum.geleceginbilimi.com\/?ts-speaker=doc-dr-ayse-budak\"> Do\u00e7. Dr. Ay\u015fe Budak <\/a> <\/h3>\n                        <p>\n                            Sanat Tarihi Oturumu                        <\/p>\n                    <\/div>\n                    <!--- speaker info end -->\n                    <!-- popup start-->\n                    <div id=\"popup_5097\" class=\"container ts-speaker-popup mfp-hide\">\n                        <div class=\"row\">\n                            <div class=\"col-lg-6\">\n                                <div class=\"ts-speaker-popup-img\">\n                                                                            <img width=\"500\" height=\"500\" src=\"https:\/\/forum.geleceginbilimi.com\/wp-content\/uploads\/2021\/11\/Ayse-Budak.png\" class=\"attachment-full size-full\" alt=\"\" loading=\"lazy\" srcset=\"https:\/\/forum.geleceginbilimi.com\/wp-content\/uploads\/2021\/11\/Ayse-Budak.png 500w, https:\/\/forum.geleceginbilimi.com\/wp-content\/uploads\/2021\/11\/Ayse-Budak-300x300.png 300w, https:\/\/forum.geleceginbilimi.com\/wp-content\/uploads\/2021\/11\/Ayse-Budak-150x150.png 150w\" sizes=\"(max-width: 500px) 100vw, 500px\" \/>                                                                    <\/div>\n                            <\/div>\n                            <!-- col end-->\n                            <div class=\"col-lg-6\">\n                                <div class=\"ts-speaker-popup-content\">\n                                    <h3 class=\"ts-title\"><a href=\"https:\/\/forum.geleceginbilimi.com\/?ts-speaker=doc-dr-ayse-budak\"> Do\u00e7. Dr. Ay\u015fe Budak <\/a> <\/h3>\n                                    <span class=\"speakder-designation\"> Sanat Tarihi Oturumu<\/span>\n                                                                        <p>\n                                        <p>Lisans, Y\u00fcksek Lisans \u00f6\u011frenimini Erciyes \u00dcniversitesi Sanat Tarihi B\u00f6l\u00fcm\u00fc ve Sanat Tarihi Anabilim Dal\u0131nda tamamlanm\u0131\u015ft\u0131r. Doktora unvan\u0131n\u0131 2015 y\u0131l\u0131nda yine Erciyes \u00dcniversitesinde Sanat Tarihi Anabilim Dal\u0131nda sunmu\u015f oldu\u011fu \u201cG\u00fcc\u00fc Besleyen Mimarl\u0131k: Osmanl\u0131 \u0130maretleri\u201d ba\u015fl\u0131kl\u0131 teziyle alm\u0131\u015ft\u0131r. \u00d6yp program\u0131 kapsam\u0131nda ara\u015ft\u0131rma g\u00f6revlisi olarak ba\u015flad\u0131\u011f\u0131 akademik hayat\u0131mda, ilk olarak Ad\u0131yaman \u00dcniversitesi\u2019nde (2010-2012) ard\u0131ndan Nev\u015fehir \u00dcniversitesi\u2019nde ara\u015ft\u0131rma g\u00f6revlisi olarak g\u00f6rev yapm\u0131\u015f (2012-2016). 2016 y\u0131l\u0131nda yard\u0131mc\u0131 do\u00e7ent, 2019 y\u0131l\u0131nda do\u00e7ent unvan\u0131n\u0131 alm\u0131\u015ft\u0131r. Halen ayn\u0131 \u00fcniversitede g\u00f6revimi s\u00fcrd\u00fcrmektedir. Mimars\u0131z Mimarl\u0131k: Kapadokya B\u00f6lgesi Kaya Oyma Camileri (2018) ba\u015fl\u0131kl\u0131 kitab\u0131n yazar\u0131 olup, Osmanl\u0131 Sanat\u0131nda De\u011fi\u015fim ve D\u00f6n\u00fc\u015f\u00fcm (2019) ve Fetih \u00d6ncesi Osmanl\u0131 Sanat\u0131 ve Mimarisi (2020) adl\u0131 kitaplar\u0131n edit\u00f6rl\u00fc\u011f\u00fcn\u00fc \u00fcstlenmi\u015ftir. Akademik \u00e7al\u0131\u015fmalar\u0131 Osmanl\u0131 sanat\u0131 ve mimarisi ile k\u0131rsal mimarl\u0131k \u00fczerinde yo\u011funla\u015fmaktad\u0131r.<\/p>                                    <\/p>\n                                    <div class=\"ts-speakers-social\">\n                                                                                                                                                                <\/div>\n                                <\/div>\n                                <!-- ts-speaker-popup-content end-->\n                            <\/div>\n                            <!-- col end-->\n                        <\/div>\n                        <!-- row end-->\n                    <\/div>\n                    <!-- popup end-->\n                <\/div>\n            <\/section>\n            <!-- ts-speaker end  -->\n            \n\n\n\n    \t\t<\/div>\n\t\t\t\t<\/div>\n\t\t\t\t<div class=\"elementor-element elementor-element-541c22f elementor-widget elementor-widget-exhibz-speaker\" data-id=\"541c22f\" data-element_type=\"widget\" data-widget_type=\"exhibz-speaker.default\">\n\t\t\t\t<div class=\"elementor-widget-container\">\n\t\t\t            \n\n\n            \n            \n                        <section class=\"ts-speakers-style4 ts-speakers speaker-classic\">\n                <div class=\"ts-speaker\" style=\"--speaker-color: #25cd44\">\n                    <div class=\"speaker-img\">\n                                                    <img width=\"500\" height=\"500\" src=\"https:\/\/forum.geleceginbilimi.com\/wp-content\/uploads\/2021\/12\/Ahmet-Kayhan-Korkusuz.png\" class=\"img-fluid\" alt=\"\" loading=\"lazy\" srcset=\"https:\/\/forum.geleceginbilimi.com\/wp-content\/uploads\/2021\/12\/Ahmet-Kayhan-Korkusuz.png 500w, https:\/\/forum.geleceginbilimi.com\/wp-content\/uploads\/2021\/12\/Ahmet-Kayhan-Korkusuz-300x300.png 300w, https:\/\/forum.geleceginbilimi.com\/wp-content\/uploads\/2021\/12\/Ahmet-Kayhan-Korkusuz-150x150.png 150w\" sizes=\"(max-width: 500px) 100vw, 500px\" \/>                                                <a href=\"#popup_6212\" class=\"view-speaker ts-image-popup\" data-effect=\"mfp-zoom-in\">\n                            <i class=\"icon icon-plus\"><\/i>\n                        <\/a>\n                         <!-- speaker social -->\n                        <div class=\"ts-speakers-social-4 ts-speakers-social\">\n                                                                                                                <\/div>\n                        <!-- speaker social end -->\n                    <\/div>\n                    <div class=\"ts-speaker-info text-left\">\n                        <h3 class=\"ts-title\"> <a href=\"https:\/\/forum.geleceginbilimi.com\/?ts-speaker=ahmet-kayhan-korkusuz\"> Ahmet Kayhan Korkusuz <\/a> <\/h3>\n                        <p>\n                            Bilimin Gelece\u011fi Oturumu                        <\/p>\n                    <\/div>\n                    <!--- speaker info end -->\n                    <!-- popup start-->\n                    <div id=\"popup_6212\" class=\"container ts-speaker-popup mfp-hide\">\n                        <div class=\"row\">\n                            <div class=\"col-lg-6\">\n                                <div class=\"ts-speaker-popup-img\">\n                                                                            <img width=\"500\" height=\"500\" src=\"https:\/\/forum.geleceginbilimi.com\/wp-content\/uploads\/2021\/12\/Ahmet-Kayhan-Korkusuz.png\" class=\"attachment-full size-full\" alt=\"\" loading=\"lazy\" srcset=\"https:\/\/forum.geleceginbilimi.com\/wp-content\/uploads\/2021\/12\/Ahmet-Kayhan-Korkusuz.png 500w, https:\/\/forum.geleceginbilimi.com\/wp-content\/uploads\/2021\/12\/Ahmet-Kayhan-Korkusuz-300x300.png 300w, https:\/\/forum.geleceginbilimi.com\/wp-content\/uploads\/2021\/12\/Ahmet-Kayhan-Korkusuz-150x150.png 150w\" sizes=\"(max-width: 500px) 100vw, 500px\" \/>                                                                    <\/div>\n                            <\/div>\n                            <!-- col end-->\n                            <div class=\"col-lg-6\">\n                                <div class=\"ts-speaker-popup-content\">\n                                    <h3 class=\"ts-title\"><a href=\"https:\/\/forum.geleceginbilimi.com\/?ts-speaker=ahmet-kayhan-korkusuz\"> Ahmet Kayhan Korkusuz <\/a> <\/h3>\n                                    <span class=\"speakder-designation\"> Bilimin Gelece\u011fi Oturumu<\/span>\n                                                                        <p>\n                                        <p>\u0130stanbul Medipol \u00dcniversitesi T\u0131p Fak\u00fcltesi b\u00f6l\u00fcm\u00fc \u00f6\u011frencisi olan Ahmet Kayhan KORKUSUZ, Medipol \u00dcniversitesi Bilimsel Ara\u015ft\u0131rma Toplulu\u011fu\u2019nun kurucu ba\u015fkan\u0131d\u0131r.\u0130stanbul Medipol \u00dcniversitesi REMER Ara\u015ft\u0131rma Merkezi'nde de \u0130skemik Beyin Hasar\u0131 ve Epilepsi Hastal\u0131\u011f\u0131 \u00fczerine \u00e7al\u0131\u015fmalar\u0131 devam etmekte olan Hocam\u0131z Sa\u011fl\u0131k Alan\u0131nda Yapay Zekan\u0131n Gelece\u011fini konu alan sunumuyla GBf2021\u2019de Bilimin Gelece\u011fi Oturumumuzda bizlerle\u2026<\/p>                                    <\/p>\n                                    <div class=\"ts-speakers-social\">\n                                                                                                                                                                <\/div>\n                                <\/div>\n                                <!-- ts-speaker-popup-content end-->\n                            <\/div>\n                            <!-- col end-->\n                        <\/div>\n                        <!-- row end-->\n                    <\/div>\n                    <!-- popup end-->\n                <\/div>\n            <\/section>\n            <!-- ts-speaker end  -->\n            \n\n\n\n    \t\t<\/div>\n\t\t\t\t<\/div>\n\t\t\t\t\t\t<\/div>\n\t\t\t\t\t<\/div>\n\t\t<\/div>\n\t\t\t\t\t\t\t\t<\/div>\n\t\t\t\t\t<\/div>\n\t\t<\/section>\n\t\t\t\t<section class=\"elementor-section elementor-top-section elementor-element elementor-element-377c3608 elementor-section-boxed elementor-section-height-default elementor-section-height-default\" data-id=\"377c3608\" data-element_type=\"section\" data-settings=\"{&quot;background_background&quot;:&quot;classic&quot;}\">\n\t\t\t\t\t\t<div class=\"elementor-container elementor-column-gap-default\">\n\t\t\t\t\t\t\t<div class=\"elementor-row\">\n\t\t\t\t\t<div class=\"elementor-column elementor-col-100 elementor-top-column elementor-element elementor-element-2b353630\" data-id=\"2b353630\" data-element_type=\"column\">\n\t\t\t<div class=\"elementor-column-wrap elementor-element-populated\">\n\t\t\t\t\t\t\t<div class=\"elementor-widget-wrap\">\n\t\t\t\t\t\t<div class=\"elementor-element elementor-element-484db211 elementor-invisible elementor-widget elementor-widget-exhibz-title\" data-id=\"484db211\" data-element_type=\"widget\" data-settings=\"{&quot;_animation&quot;:&quot;slideInUp&quot;}\" data-widget_type=\"exhibz-title.default\">\n\t\t\t\t<div class=\"elementor-widget-container\">\n\t\t\t\n    <div class=\"title-section-area\">\n        <h2 class=\"section-title\">\n            <span class=\"sub-title\"><\/span>\n\t\t\tAna Sponsorumuz        <\/h2>\n\t\t                    <span class=\"title-shape\">\n                  <svg xmlns='http:\/\/www.w3.org\/2000\/svg' xmlns:xlink='http:\/\/www.w3.org\/1999\/xlink' width='71px' height='11px'> <path fill-rule='evenodd' d='M59.669,10.710 L49.164,3.306 L39.428,10.681 L29.714,3.322 L20.006,10.682 L10.295,3.322 L1.185,10.228 L-0.010,8.578 L10.295,0.765 L20.006,8.125 L29.714,0.765 L39.428,8.125 L49.122,0.781 L59.680,8.223 L69.858,1.192 L70.982,2.895 L59.669,10.710 Z'\/><\/svg>\n            <\/span>\n                    <\/div><!-- Section title -->\n    \n    \n\n    \t\t<\/div>\n\t\t\t\t<\/div>\n\t\t\t\t<section class=\"elementor-section elementor-inner-section elementor-element elementor-element-6a9618f5 elementor-section-content-middle elementor-section-boxed elementor-section-height-default elementor-section-height-default elementor-invisible\" data-id=\"6a9618f5\" data-element_type=\"section\" data-settings=\"{&quot;animation&quot;:&quot;fadeInUp&quot;,&quot;animation_delay&quot;:400}\">\n\t\t\t\t\t\t<div class=\"elementor-container elementor-column-gap-default\">\n\t\t\t\t\t\t\t<div class=\"elementor-row\">\n\t\t\t\t\t<div class=\"elementor-column elementor-col-100 elementor-inner-column elementor-element elementor-element-3299ade8\" data-id=\"3299ade8\" data-element_type=\"column\">\n\t\t\t<div class=\"elementor-column-wrap elementor-element-populated\">\n\t\t\t\t\t\t\t<div class=\"elementor-widget-wrap\">\n\t\t\t\t\t\t<div class=\"elementor-element elementor-element-2700cfa1 elementor-widget elementor-widget-image\" data-id=\"2700cfa1\" data-element_type=\"widget\" data-widget_type=\"image.default\">\n\t\t\t\t<div class=\"elementor-widget-container\">\n\t\t\t\t\t\t\t\t<div class=\"elementor-image\">\n\t\t\t\t\t\t\t\t\t\t\t\t\t<a href=\"https:\/\/www.medipol.edu.tr\/\">\n\t\t\t\t\t\t\t<img width=\"300\" height=\"140\" src=\"https:\/\/forum.geleceginbilimi.com\/wp-content\/uploads\/2021\/11\/medipol.png\" class=\"attachment-large size-large\" alt=\"\" loading=\"lazy\" \/>\t\t\t\t\t\t\t\t<\/a>\n\t\t\t\t\t\t\t\t\t\t\t\t\t\t<\/div>\n\t\t\t\t\t\t<\/div>\n\t\t\t\t<\/div>\n\t\t\t\t\t\t<\/div>\n\t\t\t\t\t<\/div>\n\t\t<\/div>\n\t\t\t\t\t\t\t\t<\/div>\n\t\t\t\t\t<\/div>\n\t\t<\/section>\n\t\t\t\t<div class=\"elementor-element elementor-element-68e995f4 elementor-invisible elementor-widget elementor-widget-exhibz-title\" data-id=\"68e995f4\" data-element_type=\"widget\" data-settings=\"{&quot;_animation&quot;:&quot;slideInUp&quot;}\" data-widget_type=\"exhibz-title.default\">\n\t\t\t\t<div class=\"elementor-widget-container\">\n\t\t\t\n    <div class=\"title-section-area\">\n        <h2 class=\"section-title\">\n            <span class=\"sub-title\"><\/span>\n\t\t\tHizmet Sponsorlar\u0131m\u0131z        <\/h2>\n\t\t                    <span class=\"title-shape\">\n                  <svg xmlns='http:\/\/www.w3.org\/2000\/svg' xmlns:xlink='http:\/\/www.w3.org\/1999\/xlink' width='71px' height='11px'> <path fill-rule='evenodd' d='M59.669,10.710 L49.164,3.306 L39.428,10.681 L29.714,3.322 L20.006,10.682 L10.295,3.322 L1.185,10.228 L-0.010,8.578 L10.295,0.765 L20.006,8.125 L29.714,0.765 L39.428,8.125 L49.122,0.781 L59.680,8.223 L69.858,1.192 L70.982,2.895 L59.669,10.710 Z'\/><\/svg>\n            <\/span>\n                    <\/div><!-- Section title -->\n    \n    \n\n    \t\t<\/div>\n\t\t\t\t<\/div>\n\t\t\t\t<section class=\"elementor-section elementor-inner-section elementor-element elementor-element-76273b56 elementor-section-content-middle elementor-section-boxed elementor-section-height-default elementor-section-height-default elementor-invisible\" data-id=\"76273b56\" data-element_type=\"section\" data-settings=\"{&quot;animation&quot;:&quot;fadeInUp&quot;,&quot;animation_delay&quot;:400}\">\n\t\t\t\t\t\t<div class=\"elementor-container elementor-column-gap-default\">\n\t\t\t\t\t\t\t<div class=\"elementor-row\">\n\t\t\t\t\t<div class=\"elementor-column elementor-col-33 elementor-inner-column elementor-element elementor-element-44de4076\" data-id=\"44de4076\" data-element_type=\"column\">\n\t\t\t<div class=\"elementor-column-wrap elementor-element-populated\">\n\t\t\t\t\t\t\t<div class=\"elementor-widget-wrap\">\n\t\t\t\t\t\t<div class=\"elementor-element elementor-element-1fbd53f7 elementor-widget elementor-widget-image\" data-id=\"1fbd53f7\" data-element_type=\"widget\" data-widget_type=\"image.default\">\n\t\t\t\t<div class=\"elementor-widget-container\">\n\t\t\t\t\t\t\t\t<div class=\"elementor-image\">\n\t\t\t\t\t\t\t\t\t\t\t\t\t<a href=\"https:\/\/ekspoturk.com\">\n\t\t\t\t\t\t\t<img width=\"250\" height=\"120\" src=\"https:\/\/forum.geleceginbilimi.com\/wp-content\/uploads\/2021\/12\/3.png\" class=\"attachment-large size-large\" alt=\"\" loading=\"lazy\" \/>\t\t\t\t\t\t\t\t<\/a>\n\t\t\t\t\t\t\t\t\t\t\t\t\t\t<\/div>\n\t\t\t\t\t\t<\/div>\n\t\t\t\t<\/div>\n\t\t\t\t<div class=\"elementor-element elementor-element-223c1036 elementor-widget elementor-widget-heading\" data-id=\"223c1036\" data-element_type=\"widget\" data-widget_type=\"heading.default\">\n\t\t\t\t<div class=\"elementor-widget-container\">\n\t\t\t<h6 class=\"elementor-heading-title elementor-size-default\">EKSPOTURK<\/h6>\t\t<\/div>\n\t\t\t\t<\/div>\n\t\t\t\t\t\t<\/div>\n\t\t\t\t\t<\/div>\n\t\t<\/div>\n\t\t\t\t<div class=\"elementor-column elementor-col-33 elementor-inner-column elementor-element elementor-element-3267502a\" data-id=\"3267502a\" data-element_type=\"column\">\n\t\t\t<div class=\"elementor-column-wrap elementor-element-populated\">\n\t\t\t\t\t\t\t<div class=\"elementor-widget-wrap\">\n\t\t\t\t\t\t<div class=\"elementor-element elementor-element-54711462 elementor-widget elementor-widget-image\" data-id=\"54711462\" data-element_type=\"widget\" data-widget_type=\"image.default\">\n\t\t\t\t<div class=\"elementor-widget-container\">\n\t\t\t\t\t\t\t\t<div class=\"elementor-image\">\n\t\t\t\t\t\t\t\t\t\t\t\t\t<a href=\"https:\/\/www.uskudar.bel.tr\/tr\">\n\t\t\t\t\t\t\t<img width=\"250\" height=\"120\" src=\"https:\/\/forum.geleceginbilimi.com\/wp-content\/uploads\/2021\/12\/Adsiz-tasarim-2.png\" class=\"attachment-large size-large\" alt=\"\" loading=\"lazy\" \/>\t\t\t\t\t\t\t\t<\/a>\n\t\t\t\t\t\t\t\t\t\t\t\t\t\t<\/div>\n\t\t\t\t\t\t<\/div>\n\t\t\t\t<\/div>\n\t\t\t\t<div class=\"elementor-element elementor-element-58b134bf elementor-widget elementor-widget-heading\" data-id=\"58b134bf\" data-element_type=\"widget\" data-widget_type=\"heading.default\">\n\t\t\t\t<div class=\"elementor-widget-container\">\n\t\t\t<h6 class=\"elementor-heading-title elementor-size-default\">\u00dcsk\u00fcdar Belediyesi<\/h6>\t\t<\/div>\n\t\t\t\t<\/div>\n\t\t\t\t\t\t<\/div>\n\t\t\t\t\t<\/div>\n\t\t<\/div>\n\t\t\t\t<div class=\"elementor-column elementor-col-33 elementor-inner-column elementor-element elementor-element-15e597d\" data-id=\"15e597d\" data-element_type=\"column\">\n\t\t\t<div class=\"elementor-column-wrap elementor-element-populated\">\n\t\t\t\t\t\t\t<div class=\"elementor-widget-wrap\">\n\t\t\t\t\t\t<div class=\"elementor-element elementor-element-51e3318d elementor-widget elementor-widget-image\" data-id=\"51e3318d\" data-element_type=\"widget\" data-widget_type=\"image.default\">\n\t\t\t\t<div class=\"elementor-widget-container\">\n\t\t\t\t\t\t\t\t<div class=\"elementor-image\">\n\t\t\t\t\t\t\t\t\t\t\t\t\t<a href=\"https:\/\/kasam.org\">\n\t\t\t\t\t\t\t<img width=\"250\" height=\"120\" src=\"https:\/\/forum.geleceginbilimi.com\/wp-content\/uploads\/2021\/12\/1.png\" class=\"attachment-large size-large\" alt=\"\" loading=\"lazy\" \/>\t\t\t\t\t\t\t\t<\/a>\n\t\t\t\t\t\t\t\t\t\t\t\t\t\t<\/div>\n\t\t\t\t\t\t<\/div>\n\t\t\t\t<\/div>\n\t\t\t\t<div class=\"elementor-element elementor-element-15e9d9ca elementor-widget elementor-widget-heading\" data-id=\"15e9d9ca\" data-element_type=\"widget\" data-widget_type=\"heading.default\">\n\t\t\t\t<div class=\"elementor-widget-container\">\n\t\t\t<h6 class=\"elementor-heading-title elementor-size-default\">KASAM<\/h6>\t\t<\/div>\n\t\t\t\t<\/div>\n\t\t\t\t\t\t<\/div>\n\t\t\t\t\t<\/div>\n\t\t<\/div>\n\t\t\t\t\t\t\t\t<\/div>\n\t\t\t\t\t<\/div>\n\t\t<\/section>\n\t\t\t\t<section class=\"elementor-section elementor-inner-section elementor-element elementor-element-1129aeaa elementor-section-content-middle elementor-section-boxed elementor-section-height-default elementor-section-height-default elementor-invisible\" data-id=\"1129aeaa\" data-element_type=\"section\" data-settings=\"{&quot;animation&quot;:&quot;fadeInUp&quot;,&quot;animation_delay&quot;:400}\">\n\t\t\t\t\t\t<div class=\"elementor-container elementor-column-gap-default\">\n\t\t\t\t\t\t\t<div class=\"elementor-row\">\n\t\t\t\t\t<div class=\"elementor-column elementor-col-33 elementor-inner-column elementor-element elementor-element-754337ae\" data-id=\"754337ae\" data-element_type=\"column\">\n\t\t\t<div class=\"elementor-column-wrap elementor-element-populated\">\n\t\t\t\t\t\t\t<div class=\"elementor-widget-wrap\">\n\t\t\t\t\t\t<div class=\"elementor-element elementor-element-72328d17 elementor-widget elementor-widget-image\" data-id=\"72328d17\" data-element_type=\"widget\" data-widget_type=\"image.default\">\n\t\t\t\t<div class=\"elementor-widget-container\">\n\t\t\t\t\t\t\t\t<div class=\"elementor-image\">\n\t\t\t\t\t\t\t\t\t\t\t\t\t<a href=\"https:\/\/bkiw.com.tr\">\n\t\t\t\t\t\t\t<img width=\"250\" height=\"120\" src=\"https:\/\/forum.geleceginbilimi.com\/wp-content\/uploads\/2021\/12\/5.png\" class=\"attachment-large size-large\" alt=\"\" loading=\"lazy\" \/>\t\t\t\t\t\t\t\t<\/a>\n\t\t\t\t\t\t\t\t\t\t\t\t\t\t<\/div>\n\t\t\t\t\t\t<\/div>\n\t\t\t\t<\/div>\n\t\t\t\t<div class=\"elementor-element elementor-element-795850ce elementor-widget elementor-widget-heading\" data-id=\"795850ce\" data-element_type=\"widget\" data-widget_type=\"heading.default\">\n\t\t\t\t<div class=\"elementor-widget-container\">\n\t\t\t<h6 class=\"elementor-heading-title elementor-size-default\">BKIW<\/h6>\t\t<\/div>\n\t\t\t\t<\/div>\n\t\t\t\t\t\t<\/div>\n\t\t\t\t\t<\/div>\n\t\t<\/div>\n\t\t\t\t<div class=\"elementor-column elementor-col-33 elementor-inner-column elementor-element elementor-element-695705f3\" data-id=\"695705f3\" data-element_type=\"column\">\n\t\t\t<div class=\"elementor-column-wrap elementor-element-populated\">\n\t\t\t\t\t\t\t<div class=\"elementor-widget-wrap\">\n\t\t\t\t\t\t<div class=\"elementor-element elementor-element-d3a207e elementor-widget elementor-widget-image\" data-id=\"d3a207e\" data-element_type=\"widget\" data-widget_type=\"image.default\">\n\t\t\t\t<div class=\"elementor-widget-container\">\n\t\t\t\t\t\t\t\t<div class=\"elementor-image\">\n\t\t\t\t\t\t\t\t\t\t\t\t<img width=\"250\" height=\"120\" src=\"https:\/\/forum.geleceginbilimi.com\/wp-content\/uploads\/2021\/12\/4.png\" class=\"attachment-large size-large\" alt=\"\" loading=\"lazy\" \/>\t\t\t\t\t\t\t\t\t\t\t\t\t\t<\/div>\n\t\t\t\t\t\t<\/div>\n\t\t\t\t<\/div>\n\t\t\t\t<div class=\"elementor-element elementor-element-71b9197e elementor-widget elementor-widget-heading\" data-id=\"71b9197e\" data-element_type=\"widget\" data-widget_type=\"heading.default\">\n\t\t\t\t<div class=\"elementor-widget-container\">\n\t\t\t<h6 class=\"elementor-heading-title elementor-size-default\">Eventrise<\/h6>\t\t<\/div>\n\t\t\t\t<\/div>\n\t\t\t\t\t\t<\/div>\n\t\t\t\t\t<\/div>\n\t\t<\/div>\n\t\t\t\t<div class=\"elementor-column elementor-col-33 elementor-inner-column elementor-element elementor-element-bb1f69a\" data-id=\"bb1f69a\" data-element_type=\"column\">\n\t\t\t<div class=\"elementor-column-wrap elementor-element-populated\">\n\t\t\t\t\t\t\t<div class=\"elementor-widget-wrap\">\n\t\t\t\t\t\t<div class=\"elementor-element elementor-element-23f0093a elementor-widget elementor-widget-image\" data-id=\"23f0093a\" data-element_type=\"widget\" data-widget_type=\"image.default\">\n\t\t\t\t<div class=\"elementor-widget-container\">\n\t\t\t\t\t\t\t\t<div class=\"elementor-image\">\n\t\t\t\t\t\t\t\t\t\t\t\t<img width=\"250\" height=\"120\" src=\"https:\/\/forum.geleceginbilimi.com\/wp-content\/uploads\/2021\/12\/2.png\" class=\"attachment-large size-large\" alt=\"\" loading=\"lazy\" \/>\t\t\t\t\t\t\t\t\t\t\t\t\t\t<\/div>\n\t\t\t\t\t\t<\/div>\n\t\t\t\t<\/div>\n\t\t\t\t<div class=\"elementor-element elementor-element-f9543ce elementor-widget elementor-widget-heading\" data-id=\"f9543ce\" data-element_type=\"widget\" data-widget_type=\"heading.default\">\n\t\t\t\t<div class=\"elementor-widget-container\">\n\t\t\t<h6 class=\"elementor-heading-title elementor-size-default\">K\u00fcl\u00fcnko\u011flu<\/h6>\t\t<\/div>\n\t\t\t\t<\/div>\n\t\t\t\t\t\t<\/div>\n\t\t\t\t\t<\/div>\n\t\t<\/div>\n\t\t\t\t\t\t\t\t<\/div>\n\t\t\t\t\t<\/div>\n\t\t<\/section>\n\t\t\t\t<section class=\"elementor-section elementor-inner-section elementor-element elementor-element-11a6576f elementor-section-content-middle elementor-section-boxed elementor-section-height-default elementor-section-height-default elementor-invisible\" data-id=\"11a6576f\" data-element_type=\"section\" data-settings=\"{&quot;animation&quot;:&quot;fadeInUp&quot;,&quot;animation_delay&quot;:400}\">\n\t\t\t\t\t\t<div class=\"elementor-container elementor-column-gap-default\">\n\t\t\t\t\t\t\t<div class=\"elementor-row\">\n\t\t\t\t\t<div class=\"elementor-column elementor-col-100 elementor-inner-column elementor-element elementor-element-210efbf8\" data-id=\"210efbf8\" data-element_type=\"column\">\n\t\t\t<div class=\"elementor-column-wrap elementor-element-populated\">\n\t\t\t\t\t\t\t<div class=\"elementor-widget-wrap\">\n\t\t\t\t\t\t<div class=\"elementor-element elementor-element-39055558 elementor-widget elementor-widget-image\" data-id=\"39055558\" data-element_type=\"widget\" data-widget_type=\"image.default\">\n\t\t\t\t<div class=\"elementor-widget-container\">\n\t\t\t\t\t\t\t\t<div class=\"elementor-image\">\n\t\t\t\t\t\t\t\t\t\t\t\t<img width=\"250\" height=\"120\" src=\"https:\/\/forum.geleceginbilimi.com\/wp-content\/uploads\/2021\/12\/6.png\" class=\"attachment-large size-large\" alt=\"\" loading=\"lazy\" \/>\t\t\t\t\t\t\t\t\t\t\t\t\t\t<\/div>\n\t\t\t\t\t\t<\/div>\n\t\t\t\t<\/div>\n\t\t\t\t<div class=\"elementor-element elementor-element-7097af0b elementor-widget elementor-widget-heading\" data-id=\"7097af0b\" data-element_type=\"widget\" data-widget_type=\"heading.default\">\n\t\t\t\t<div class=\"elementor-widget-container\">\n\t\t\t<h6 class=\"elementor-heading-title elementor-size-default\">INSPIRA<\/h6>\t\t<\/div>\n\t\t\t\t<\/div>\n\t\t\t\t\t\t<\/div>\n\t\t\t\t\t<\/div>\n\t\t<\/div>\n\t\t\t\t\t\t\t\t<\/div>\n\t\t\t\t\t<\/div>\n\t\t<\/section>\n\t\t\t\t<div class=\"elementor-element elementor-element-641150f3 elementor-invisible elementor-widget elementor-widget-exhibz-title\" data-id=\"641150f3\" data-element_type=\"widget\" data-settings=\"{&quot;_animation&quot;:&quot;slideInUp&quot;}\" data-widget_type=\"exhibz-title.default\">\n\t\t\t\t<div class=\"elementor-widget-container\">\n\t\t\t\n    <div class=\"title-section-area\">\n        <h2 class=\"section-title\">\n            <span class=\"sub-title\"><\/span>\n\t\t\tHayal Ortaklar\u0131m\u0131z        <\/h2>\n\t\t                    <span class=\"title-shape\">\n                  <svg xmlns='http:\/\/www.w3.org\/2000\/svg' xmlns:xlink='http:\/\/www.w3.org\/1999\/xlink' width='71px' height='11px'> <path fill-rule='evenodd' d='M59.669,10.710 L49.164,3.306 L39.428,10.681 L29.714,3.322 L20.006,10.682 L10.295,3.322 L1.185,10.228 L-0.010,8.578 L10.295,0.765 L20.006,8.125 L29.714,0.765 L39.428,8.125 L49.122,0.781 L59.680,8.223 L69.858,1.192 L70.982,2.895 L59.669,10.710 Z'\/><\/svg>\n            <\/span>\n                    <\/div><!-- Section title -->\n    \n    \n\n    \t\t<\/div>\n\t\t\t\t<\/div>\n\t\t\t\t<section class=\"elementor-section elementor-inner-section elementor-element elementor-element-5243339c elementor-section-content-middle elementor-section-boxed elementor-section-height-default elementor-section-height-default elementor-invisible\" data-id=\"5243339c\" data-element_type=\"section\" data-settings=\"{&quot;animation&quot;:&quot;fadeInUp&quot;,&quot;animation_delay&quot;:400}\">\n\t\t\t\t\t\t<div class=\"elementor-container elementor-column-gap-default\">\n\t\t\t\t\t\t\t<div class=\"elementor-row\">\n\t\t\t\t\t<div class=\"elementor-column elementor-col-25 elementor-inner-column elementor-element elementor-element-5b35398d\" data-id=\"5b35398d\" data-element_type=\"column\">\n\t\t\t<div class=\"elementor-column-wrap elementor-element-populated\">\n\t\t\t\t\t\t\t<div class=\"elementor-widget-wrap\">\n\t\t\t\t\t\t<div class=\"elementor-element elementor-element-42c0b9d9 elementor-widget elementor-widget-image\" data-id=\"42c0b9d9\" data-element_type=\"widget\" data-widget_type=\"image.default\">\n\t\t\t\t<div class=\"elementor-widget-container\">\n\t\t\t\t\t\t\t\t<div class=\"elementor-image\">\n\t\t\t\t\t\t\t\t\t\t\t\t\t<a href=\"https:\/\/www.usmed.org.tr\">\n\t\t\t\t\t\t\t<img width=\"200\" height=\"100\" src=\"https:\/\/forum.geleceginbilimi.com\/wp-content\/uploads\/2021\/11\/Adsiz-tasarim-2.png\" class=\"attachment-large size-large\" alt=\"\" loading=\"lazy\" \/>\t\t\t\t\t\t\t\t<\/a>\n\t\t\t\t\t\t\t\t\t\t\t\t\t\t<\/div>\n\t\t\t\t\t\t<\/div>\n\t\t\t\t<\/div>\n\t\t\t\t<div class=\"elementor-element elementor-element-6d0e94c2 elementor-widget elementor-widget-heading\" data-id=\"6d0e94c2\" data-element_type=\"widget\" data-widget_type=\"heading.default\">\n\t\t\t\t<div class=\"elementor-widget-container\">\n\t\t\t<h6 class=\"elementor-heading-title elementor-size-default\">USMED<\/h6>\t\t<\/div>\n\t\t\t\t<\/div>\n\t\t\t\t\t\t<\/div>\n\t\t\t\t\t<\/div>\n\t\t<\/div>\n\t\t\t\t<div class=\"elementor-column elementor-col-25 elementor-inner-column elementor-element elementor-element-68ac7d8a\" data-id=\"68ac7d8a\" data-element_type=\"column\">\n\t\t\t<div class=\"elementor-column-wrap elementor-element-populated\">\n\t\t\t\t\t\t\t<div class=\"elementor-widget-wrap\">\n\t\t\t\t\t\t<div class=\"elementor-element elementor-element-2962c074 elementor-widget elementor-widget-image\" data-id=\"2962c074\" data-element_type=\"widget\" data-widget_type=\"image.default\">\n\t\t\t\t<div class=\"elementor-widget-container\">\n\t\t\t\t\t\t\t\t<div class=\"elementor-image\">\n\t\t\t\t\t\t\t\t\t\t\t\t\t<a href=\"https:\/\/tgsp.org.tr\/tr\">\n\t\t\t\t\t\t\t<img width=\"200\" height=\"100\" src=\"https:\/\/forum.geleceginbilimi.com\/wp-content\/uploads\/2021\/11\/7.png\" class=\"attachment-large size-large\" alt=\"\" loading=\"lazy\" \/>\t\t\t\t\t\t\t\t<\/a>\n\t\t\t\t\t\t\t\t\t\t\t\t\t\t<\/div>\n\t\t\t\t\t\t<\/div>\n\t\t\t\t<\/div>\n\t\t\t\t<div class=\"elementor-element elementor-element-933c479 elementor-widget elementor-widget-heading\" data-id=\"933c479\" data-element_type=\"widget\" data-widget_type=\"heading.default\">\n\t\t\t\t<div class=\"elementor-widget-container\">\n\t\t\t<h6 class=\"elementor-heading-title elementor-size-default\">TGSP<\/h6>\t\t<\/div>\n\t\t\t\t<\/div>\n\t\t\t\t\t\t<\/div>\n\t\t\t\t\t<\/div>\n\t\t<\/div>\n\t\t\t\t<div class=\"elementor-column elementor-col-25 elementor-inner-column elementor-element elementor-element-3a7400ef\" data-id=\"3a7400ef\" data-element_type=\"column\">\n\t\t\t<div class=\"elementor-column-wrap elementor-element-populated\">\n\t\t\t\t\t\t\t<div class=\"elementor-widget-wrap\">\n\t\t\t\t\t\t<div class=\"elementor-element elementor-element-632cbe10 elementor-widget elementor-widget-image\" data-id=\"632cbe10\" data-element_type=\"widget\" data-widget_type=\"image.default\">\n\t\t\t\t<div class=\"elementor-widget-container\">\n\t\t\t\t\t\t\t\t<div class=\"elementor-image\">\n\t\t\t\t\t\t\t\t\t\t\t\t<img width=\"200\" height=\"100\" src=\"https:\/\/forum.geleceginbilimi.com\/wp-content\/uploads\/2021\/11\/Adsiz-tasarim.png\" class=\"attachment-large size-large\" alt=\"\" loading=\"lazy\" \/>\t\t\t\t\t\t\t\t\t\t\t\t\t\t<\/div>\n\t\t\t\t\t\t<\/div>\n\t\t\t\t<\/div>\n\t\t\t\t<div class=\"elementor-element elementor-element-2c17d02e elementor-widget elementor-widget-heading\" data-id=\"2c17d02e\" data-element_type=\"widget\" data-widget_type=\"heading.default\">\n\t\t\t\t<div class=\"elementor-widget-container\">\n\t\t\t<h6 class=\"elementor-heading-title elementor-size-default\">Gen\u00e7lik Kurulu\u015flar\u0131 Birli\u011fi<\/h6>\t\t<\/div>\n\t\t\t\t<\/div>\n\t\t\t\t\t\t<\/div>\n\t\t\t\t\t<\/div>\n\t\t<\/div>\n\t\t\t\t<div class=\"elementor-column elementor-col-25 elementor-inner-column elementor-element elementor-element-5c315c1c\" data-id=\"5c315c1c\" data-element_type=\"column\">\n\t\t\t<div class=\"elementor-column-wrap elementor-element-populated\">\n\t\t\t\t\t\t\t<div class=\"elementor-widget-wrap\">\n\t\t\t\t\t\t<div class=\"elementor-element elementor-element-46bfe4f0 elementor-widget elementor-widget-image\" data-id=\"46bfe4f0\" data-element_type=\"widget\" data-widget_type=\"image.default\">\n\t\t\t\t<div class=\"elementor-widget-container\">\n\t\t\t\t\t\t\t\t<div class=\"elementor-image\">\n\t\t\t\t\t\t\t\t\t\t\t\t\t<a href=\"https:\/\/www.mmg.org.tr\">\n\t\t\t\t\t\t\t<img width=\"200\" height=\"100\" src=\"https:\/\/forum.geleceginbilimi.com\/wp-content\/uploads\/2021\/12\/9.png\" class=\"attachment-large size-large\" alt=\"\" loading=\"lazy\" \/>\t\t\t\t\t\t\t\t<\/a>\n\t\t\t\t\t\t\t\t\t\t\t\t\t\t<\/div>\n\t\t\t\t\t\t<\/div>\n\t\t\t\t<\/div>\n\t\t\t\t<div class=\"elementor-element elementor-element-7e6e78ae elementor-widget elementor-widget-heading\" data-id=\"7e6e78ae\" data-element_type=\"widget\" data-widget_type=\"heading.default\">\n\t\t\t\t<div class=\"elementor-widget-container\">\n\t\t\t<h6 class=\"elementor-heading-title elementor-size-default\">Mimar ve M\u00fchendisler Grubu<\/h6>\t\t<\/div>\n\t\t\t\t<\/div>\n\t\t\t\t\t\t<\/div>\n\t\t\t\t\t<\/div>\n\t\t<\/div>\n\t\t\t\t\t\t\t\t<\/div>\n\t\t\t\t\t<\/div>\n\t\t<\/section>\n\t\t\t\t<section class=\"elementor-section elementor-inner-section elementor-element elementor-element-6d792a1c elementor-section-content-middle elementor-section-boxed elementor-section-height-default elementor-section-height-default elementor-invisible\" data-id=\"6d792a1c\" data-element_type=\"section\" data-settings=\"{&quot;animation&quot;:&quot;fadeInUp&quot;,&quot;animation_delay&quot;:400}\">\n\t\t\t\t\t\t<div class=\"elementor-container elementor-column-gap-default\">\n\t\t\t\t\t\t\t<div class=\"elementor-row\">\n\t\t\t\t\t<div class=\"elementor-column elementor-col-25 elementor-inner-column elementor-element elementor-element-17d8fa5c\" data-id=\"17d8fa5c\" data-element_type=\"column\">\n\t\t\t<div class=\"elementor-column-wrap elementor-element-populated\">\n\t\t\t\t\t\t\t<div class=\"elementor-widget-wrap\">\n\t\t\t\t\t\t<div class=\"elementor-element elementor-element-17301f93 elementor-widget elementor-widget-image\" data-id=\"17301f93\" data-element_type=\"widget\" data-widget_type=\"image.default\">\n\t\t\t\t<div class=\"elementor-widget-container\">\n\t\t\t\t\t\t\t\t<div class=\"elementor-image\">\n\t\t\t\t\t\t\t\t\t\t\t\t\t<a href=\"https:\/\/www.udef.org.tr\">\n\t\t\t\t\t\t\t<img width=\"200\" height=\"100\" src=\"https:\/\/forum.geleceginbilimi.com\/wp-content\/uploads\/2021\/12\/13.png\" class=\"attachment-large size-large\" alt=\"\" loading=\"lazy\" \/>\t\t\t\t\t\t\t\t<\/a>\n\t\t\t\t\t\t\t\t\t\t\t\t\t\t<\/div>\n\t\t\t\t\t\t<\/div>\n\t\t\t\t<\/div>\n\t\t\t\t<div class=\"elementor-element elementor-element-33572476 elementor-widget elementor-widget-heading\" data-id=\"33572476\" data-element_type=\"widget\" data-widget_type=\"heading.default\">\n\t\t\t\t<div class=\"elementor-widget-container\">\n\t\t\t<h6 class=\"elementor-heading-title elementor-size-default\">UDEF<\/h6>\t\t<\/div>\n\t\t\t\t<\/div>\n\t\t\t\t\t\t<\/div>\n\t\t\t\t\t<\/div>\n\t\t<\/div>\n\t\t\t\t<div class=\"elementor-column elementor-col-25 elementor-inner-column elementor-element elementor-element-384a7ccd\" data-id=\"384a7ccd\" data-element_type=\"column\">\n\t\t\t<div class=\"elementor-column-wrap elementor-element-populated\">\n\t\t\t\t\t\t\t<div class=\"elementor-widget-wrap\">\n\t\t\t\t\t\t<div class=\"elementor-element elementor-element-20741f00 elementor-widget elementor-widget-image\" data-id=\"20741f00\" data-element_type=\"widget\" data-widget_type=\"image.default\">\n\t\t\t\t<div class=\"elementor-widget-container\">\n\t\t\t\t\t\t\t\t<div class=\"elementor-image\">\n\t\t\t\t\t\t\t\t\t\t\t\t\t<a href=\"https:\/\/usturlab.com.tr\">\n\t\t\t\t\t\t\t<img width=\"200\" height=\"100\" src=\"https:\/\/forum.geleceginbilimi.com\/wp-content\/uploads\/2021\/11\/1.png\" class=\"attachment-large size-large\" alt=\"\" loading=\"lazy\" \/>\t\t\t\t\t\t\t\t<\/a>\n\t\t\t\t\t\t\t\t\t\t\t\t\t\t<\/div>\n\t\t\t\t\t\t<\/div>\n\t\t\t\t<\/div>\n\t\t\t\t<div class=\"elementor-element elementor-element-2f321636 elementor-widget elementor-widget-heading\" data-id=\"2f321636\" data-element_type=\"widget\" data-widget_type=\"heading.default\">\n\t\t\t\t<div class=\"elementor-widget-container\">\n\t\t\t<h6 class=\"elementor-heading-title elementor-size-default\">Usturlab<\/h6>\t\t<\/div>\n\t\t\t\t<\/div>\n\t\t\t\t\t\t<\/div>\n\t\t\t\t\t<\/div>\n\t\t<\/div>\n\t\t\t\t<div class=\"elementor-column elementor-col-25 elementor-inner-column elementor-element elementor-element-37c2e344\" data-id=\"37c2e344\" data-element_type=\"column\">\n\t\t\t<div class=\"elementor-column-wrap elementor-element-populated\">\n\t\t\t\t\t\t\t<div class=\"elementor-widget-wrap\">\n\t\t\t\t\t\t<div class=\"elementor-element elementor-element-d4b40ad elementor-widget elementor-widget-image\" data-id=\"d4b40ad\" data-element_type=\"widget\" data-widget_type=\"image.default\">\n\t\t\t\t<div class=\"elementor-widget-container\">\n\t\t\t\t\t\t\t\t<div class=\"elementor-image\">\n\t\t\t\t\t\t\t\t\t\t\t\t\t<a href=\"https:\/\/www.instagram.com\/tdvgenclikmerkezist\/?hl=en\">\n\t\t\t\t\t\t\t<img width=\"200\" height=\"100\" src=\"https:\/\/forum.geleceginbilimi.com\/wp-content\/uploads\/2021\/11\/2.png\" class=\"attachment-large size-large\" alt=\"\" loading=\"lazy\" \/>\t\t\t\t\t\t\t\t<\/a>\n\t\t\t\t\t\t\t\t\t\t\t\t\t\t<\/div>\n\t\t\t\t\t\t<\/div>\n\t\t\t\t<\/div>\n\t\t\t\t<div class=\"elementor-element elementor-element-25e5ffd elementor-widget elementor-widget-heading\" data-id=\"25e5ffd\" data-element_type=\"widget\" data-widget_type=\"heading.default\">\n\t\t\t\t<div class=\"elementor-widget-container\">\n\t\t\t<h6 class=\"elementor-heading-title elementor-size-default\">TDV Gen\u00e7lik Merkezi<\/h6>\t\t<\/div>\n\t\t\t\t<\/div>\n\t\t\t\t\t\t<\/div>\n\t\t\t\t\t<\/div>\n\t\t<\/div>\n\t\t\t\t<div class=\"elementor-column elementor-col-25 elementor-inner-column elementor-element elementor-element-3bac2f7b\" data-id=\"3bac2f7b\" data-element_type=\"column\">\n\t\t\t<div class=\"elementor-column-wrap elementor-element-populated\">\n\t\t\t\t\t\t\t<div class=\"elementor-widget-wrap\">\n\t\t\t\t\t\t<div class=\"elementor-element elementor-element-7196b76c elementor-widget elementor-widget-image\" data-id=\"7196b76c\" data-element_type=\"widget\" data-widget_type=\"image.default\">\n\t\t\t\t<div class=\"elementor-widget-container\">\n\t\t\t\t\t\t\t\t<div class=\"elementor-image\">\n\t\t\t\t\t\t\t\t\t\t\t\t\t<a href=\"https:\/\/gencivek.org\">\n\t\t\t\t\t\t\t<img width=\"200\" height=\"100\" src=\"https:\/\/forum.geleceginbilimi.com\/wp-content\/uploads\/2021\/12\/10.png\" class=\"attachment-large size-large\" alt=\"\" loading=\"lazy\" \/>\t\t\t\t\t\t\t\t<\/a>\n\t\t\t\t\t\t\t\t\t\t\t\t\t\t<\/div>\n\t\t\t\t\t\t<\/div>\n\t\t\t\t<\/div>\n\t\t\t\t<div class=\"elementor-element elementor-element-55d9e81e elementor-widget elementor-widget-heading\" data-id=\"55d9e81e\" data-element_type=\"widget\" data-widget_type=\"heading.default\">\n\t\t\t\t<div class=\"elementor-widget-container\">\n\t\t\t<h6 class=\"elementor-heading-title elementor-size-default\">Gen\u00e7 \u0130vek<\/h6>\t\t<\/div>\n\t\t\t\t<\/div>\n\t\t\t\t\t\t<\/div>\n\t\t\t\t\t<\/div>\n\t\t<\/div>\n\t\t\t\t\t\t\t\t<\/div>\n\t\t\t\t\t<\/div>\n\t\t<\/section>\n\t\t\t\t<section class=\"elementor-section elementor-inner-section elementor-element elementor-element-4981d55b elementor-section-content-middle elementor-section-boxed elementor-section-height-default elementor-section-height-default elementor-invisible\" data-id=\"4981d55b\" data-element_type=\"section\" data-settings=\"{&quot;animation&quot;:&quot;fadeInUp&quot;,&quot;animation_delay&quot;:400}\">\n\t\t\t\t\t\t<div class=\"elementor-container elementor-column-gap-default\">\n\t\t\t\t\t\t\t<div class=\"elementor-row\">\n\t\t\t\t\t<div class=\"elementor-column elementor-col-25 elementor-inner-column elementor-element elementor-element-4d5d88d6\" data-id=\"4d5d88d6\" data-element_type=\"column\">\n\t\t\t<div class=\"elementor-column-wrap elementor-element-populated\">\n\t\t\t\t\t\t\t<div class=\"elementor-widget-wrap\">\n\t\t\t\t\t\t<div class=\"elementor-element elementor-element-14e0e1f2 elementor-widget elementor-widget-image\" data-id=\"14e0e1f2\" data-element_type=\"widget\" data-widget_type=\"image.default\">\n\t\t\t\t<div class=\"elementor-widget-container\">\n\t\t\t\t\t\t\t\t<div class=\"elementor-image\">\n\t\t\t\t\t\t\t\t\t\t\t\t\t<a href=\"https:\/\/www.gencmusiad.org.tr\/\">\n\t\t\t\t\t\t\t<img width=\"200\" height=\"100\" src=\"https:\/\/forum.geleceginbilimi.com\/wp-content\/uploads\/2021\/12\/genc-musiad-1-1.png\" class=\"attachment-large size-large\" alt=\"\" loading=\"lazy\" \/>\t\t\t\t\t\t\t\t<\/a>\n\t\t\t\t\t\t\t\t\t\t\t\t\t\t<\/div>\n\t\t\t\t\t\t<\/div>\n\t\t\t\t<\/div>\n\t\t\t\t<div class=\"elementor-element elementor-element-2e83fc9 elementor-widget elementor-widget-heading\" data-id=\"2e83fc9\" data-element_type=\"widget\" data-widget_type=\"heading.default\">\n\t\t\t\t<div class=\"elementor-widget-container\">\n\t\t\t<h6 class=\"elementor-heading-title elementor-size-default\">Gen\u00e7 M\u00fcsiad<\/h6>\t\t<\/div>\n\t\t\t\t<\/div>\n\t\t\t\t\t\t<\/div>\n\t\t\t\t\t<\/div>\n\t\t<\/div>\n\t\t\t\t<div class=\"elementor-column elementor-col-25 elementor-inner-column elementor-element elementor-element-7c0c72f1\" data-id=\"7c0c72f1\" data-element_type=\"column\">\n\t\t\t<div class=\"elementor-column-wrap elementor-element-populated\">\n\t\t\t\t\t\t\t<div class=\"elementor-widget-wrap\">\n\t\t\t\t\t\t<div class=\"elementor-element elementor-element-44c0c802 elementor-widget elementor-widget-image\" data-id=\"44c0c802\" data-element_type=\"widget\" data-widget_type=\"image.default\">\n\t\t\t\t<div class=\"elementor-widget-container\">\n\t\t\t\t\t\t\t\t<div class=\"elementor-image\">\n\t\t\t\t\t\t\t\t\t\t\t\t\t<a href=\"https:\/\/sehirli.istanbul\">\n\t\t\t\t\t\t\t<img width=\"200\" height=\"100\" src=\"https:\/\/forum.geleceginbilimi.com\/wp-content\/uploads\/2021\/11\/5.png\" class=\"attachment-large size-large\" alt=\"\" loading=\"lazy\" \/>\t\t\t\t\t\t\t\t<\/a>\n\t\t\t\t\t\t\t\t\t\t\t\t\t\t<\/div>\n\t\t\t\t\t\t<\/div>\n\t\t\t\t<\/div>\n\t\t\t\t<div class=\"elementor-element elementor-element-3b703e30 elementor-widget elementor-widget-heading\" data-id=\"3b703e30\" data-element_type=\"widget\" data-widget_type=\"heading.default\">\n\t\t\t\t<div class=\"elementor-widget-container\">\n\t\t\t<h6 class=\"elementor-heading-title elementor-size-default\">\u015eehirli Derne\u011fi<\/h6>\t\t<\/div>\n\t\t\t\t<\/div>\n\t\t\t\t\t\t<\/div>\n\t\t\t\t\t<\/div>\n\t\t<\/div>\n\t\t\t\t<div class=\"elementor-column elementor-col-25 elementor-inner-column elementor-element elementor-element-563569b9\" data-id=\"563569b9\" data-element_type=\"column\">\n\t\t\t<div class=\"elementor-column-wrap elementor-element-populated\">\n\t\t\t\t\t\t\t<div class=\"elementor-widget-wrap\">\n\t\t\t\t\t\t<div class=\"elementor-element elementor-element-340598d6 elementor-widget elementor-widget-image\" data-id=\"340598d6\" data-element_type=\"widget\" data-widget_type=\"image.default\">\n\t\t\t\t<div class=\"elementor-widget-container\">\n\t\t\t\t\t\t\t\t<div class=\"elementor-image\">\n\t\t\t\t\t\t\t\t\t\t\t\t<img width=\"200\" height=\"100\" src=\"https:\/\/forum.geleceginbilimi.com\/wp-content\/uploads\/2021\/12\/11.png\" class=\"attachment-large size-large\" alt=\"\" loading=\"lazy\" \/>\t\t\t\t\t\t\t\t\t\t\t\t\t\t<\/div>\n\t\t\t\t\t\t<\/div>\n\t\t\t\t<\/div>\n\t\t\t\t<div class=\"elementor-element elementor-element-2d49026a elementor-widget elementor-widget-heading\" data-id=\"2d49026a\" data-element_type=\"widget\" data-widget_type=\"heading.default\">\n\t\t\t\t<div class=\"elementor-widget-container\">\n\t\t\t<h6 class=\"elementor-heading-title elementor-size-default\">Mahallem Uygulamas\u0131<\/h6>\t\t<\/div>\n\t\t\t\t<\/div>\n\t\t\t\t\t\t<\/div>\n\t\t\t\t\t<\/div>\n\t\t<\/div>\n\t\t\t\t<div class=\"elementor-column elementor-col-25 elementor-inner-column elementor-element elementor-element-59464c4e\" data-id=\"59464c4e\" data-element_type=\"column\">\n\t\t\t<div class=\"elementor-column-wrap elementor-element-populated\">\n\t\t\t\t\t\t\t<div class=\"elementor-widget-wrap\">\n\t\t\t\t\t\t<div class=\"elementor-element elementor-element-3c173d94 elementor-widget elementor-widget-image\" data-id=\"3c173d94\" data-element_type=\"widget\" data-widget_type=\"image.default\">\n\t\t\t\t<div class=\"elementor-widget-container\">\n\t\t\t\t\t\t\t\t<div class=\"elementor-image\">\n\t\t\t\t\t\t\t\t\t\t\t\t\t<a href=\"https:\/\/www.instagram.com\/pimayakademi\/?hl=en\">\n\t\t\t\t\t\t\t<img width=\"200\" height=\"100\" src=\"https:\/\/forum.geleceginbilimi.com\/wp-content\/uploads\/2021\/12\/12.png\" class=\"attachment-large size-large\" alt=\"\" loading=\"lazy\" \/>\t\t\t\t\t\t\t\t<\/a>\n\t\t\t\t\t\t\t\t\t\t\t\t\t\t<\/div>\n\t\t\t\t\t\t<\/div>\n\t\t\t\t<\/div>\n\t\t\t\t<div class=\"elementor-element elementor-element-ab7133c elementor-widget elementor-widget-heading\" data-id=\"ab7133c\" data-element_type=\"widget\" data-widget_type=\"heading.default\">\n\t\t\t\t<div class=\"elementor-widget-container\">\n\t\t\t<h6 class=\"elementor-heading-title elementor-size-default\">Pimay Akademi<\/h6>\t\t<\/div>\n\t\t\t\t<\/div>\n\t\t\t\t\t\t<\/div>\n\t\t\t\t\t<\/div>\n\t\t<\/div>\n\t\t\t\t\t\t\t\t<\/div>\n\t\t\t\t\t<\/div>\n\t\t<\/section>\n\t\t\t\t<section class=\"elementor-section elementor-inner-section elementor-element elementor-element-25ff887b elementor-section-content-middle elementor-section-boxed elementor-section-height-default elementor-section-height-default elementor-invisible\" data-id=\"25ff887b\" data-element_type=\"section\" data-settings=\"{&quot;animation&quot;:&quot;fadeInUp&quot;,&quot;animation_delay&quot;:400}\">\n\t\t\t\t\t\t<div class=\"elementor-container elementor-column-gap-default\">\n\t\t\t\t\t\t\t<div class=\"elementor-row\">\n\t\t\t\t\t<div class=\"elementor-column elementor-col-25 elementor-inner-column elementor-element elementor-element-77749094\" data-id=\"77749094\" data-element_type=\"column\">\n\t\t\t<div class=\"elementor-column-wrap elementor-element-populated\">\n\t\t\t\t\t\t\t<div class=\"elementor-widget-wrap\">\n\t\t\t\t\t\t<div class=\"elementor-element elementor-element-797529b9 elementor-widget elementor-widget-image\" data-id=\"797529b9\" data-element_type=\"widget\" data-widget_type=\"image.default\">\n\t\t\t\t<div class=\"elementor-widget-container\">\n\t\t\t\t\t\t\t\t<div class=\"elementor-image\">\n\t\t\t\t\t\t\t\t\t\t\t\t\t<a href=\"https:\/\/atolyeuskudar.com\/\">\n\t\t\t\t\t\t\t<img width=\"200\" height=\"100\" src=\"https:\/\/forum.geleceginbilimi.com\/wp-content\/uploads\/2021\/12\/atolye-uskudar.png\" class=\"attachment-large size-large\" alt=\"\" loading=\"lazy\" \/>\t\t\t\t\t\t\t\t<\/a>\n\t\t\t\t\t\t\t\t\t\t\t\t\t\t<\/div>\n\t\t\t\t\t\t<\/div>\n\t\t\t\t<\/div>\n\t\t\t\t<div class=\"elementor-element elementor-element-71fcdb48 elementor-widget elementor-widget-heading\" data-id=\"71fcdb48\" data-element_type=\"widget\" data-widget_type=\"heading.default\">\n\t\t\t\t<div class=\"elementor-widget-container\">\n\t\t\t<h6 class=\"elementor-heading-title elementor-size-default\">At\u00f6lye \u00dcsk\u00fcdar<\/h6>\t\t<\/div>\n\t\t\t\t<\/div>\n\t\t\t\t\t\t<\/div>\n\t\t\t\t\t<\/div>\n\t\t<\/div>\n\t\t\t\t<div class=\"elementor-column elementor-col-25 elementor-inner-column elementor-element elementor-element-4455f106\" data-id=\"4455f106\" data-element_type=\"column\">\n\t\t\t<div class=\"elementor-column-wrap elementor-element-populated\">\n\t\t\t\t\t\t\t<div class=\"elementor-widget-wrap\">\n\t\t\t\t\t\t<div class=\"elementor-element elementor-element-5b514cc0 elementor-widget elementor-widget-image\" data-id=\"5b514cc0\" data-element_type=\"widget\" data-widget_type=\"image.default\">\n\t\t\t\t<div class=\"elementor-widget-container\">\n\t\t\t\t\t\t\t\t<div class=\"elementor-image\">\n\t\t\t\t\t\t\t\t\t\t\t\t\t<a href=\"https:\/\/www.kbm.org.tr\/\">\n\t\t\t\t\t\t\t<img width=\"200\" height=\"100\" src=\"https:\/\/forum.geleceginbilimi.com\/wp-content\/uploads\/2021\/12\/konya-bilim-merkezi.png\" class=\"attachment-large size-large\" alt=\"\" loading=\"lazy\" \/>\t\t\t\t\t\t\t\t<\/a>\n\t\t\t\t\t\t\t\t\t\t\t\t\t\t<\/div>\n\t\t\t\t\t\t<\/div>\n\t\t\t\t<\/div>\n\t\t\t\t<div class=\"elementor-element elementor-element-33d0677b elementor-widget elementor-widget-heading\" data-id=\"33d0677b\" data-element_type=\"widget\" data-widget_type=\"heading.default\">\n\t\t\t\t<div class=\"elementor-widget-container\">\n\t\t\t<h6 class=\"elementor-heading-title elementor-size-default\">Gelecek Hareketi<\/h6>\t\t<\/div>\n\t\t\t\t<\/div>\n\t\t\t\t\t\t<\/div>\n\t\t\t\t\t<\/div>\n\t\t<\/div>\n\t\t\t\t<div class=\"elementor-column elementor-col-25 elementor-inner-column elementor-element elementor-element-6e6368c4\" data-id=\"6e6368c4\" data-element_type=\"column\">\n\t\t\t<div class=\"elementor-column-wrap elementor-element-populated\">\n\t\t\t\t\t\t\t<div class=\"elementor-widget-wrap\">\n\t\t\t\t\t\t<div class=\"elementor-element elementor-element-43c86571 elementor-widget elementor-widget-image\" data-id=\"43c86571\" data-element_type=\"widget\" data-widget_type=\"image.default\">\n\t\t\t\t<div class=\"elementor-widget-container\">\n\t\t\t\t\t\t\t\t<div class=\"elementor-image\">\n\t\t\t\t\t\t\t\t\t\t\t\t<img width=\"200\" height=\"100\" src=\"https:\/\/forum.geleceginbilimi.com\/wp-content\/uploads\/2021\/12\/medipol-unv-bat.png\" class=\"attachment-large size-large\" alt=\"\" loading=\"lazy\" \/>\t\t\t\t\t\t\t\t\t\t\t\t\t\t<\/div>\n\t\t\t\t\t\t<\/div>\n\t\t\t\t<\/div>\n\t\t\t\t<div class=\"elementor-element elementor-element-4953a7fd elementor-widget elementor-widget-heading\" data-id=\"4953a7fd\" data-element_type=\"widget\" data-widget_type=\"heading.default\">\n\t\t\t\t<div class=\"elementor-widget-container\">\n\t\t\t<h6 class=\"elementor-heading-title elementor-size-default\">Medipol \u00dcniversitesi Bilimsel Ara\u015ft\u0131rma Toplulu\u011fu<\/h6>\t\t<\/div>\n\t\t\t\t<\/div>\n\t\t\t\t\t\t<\/div>\n\t\t\t\t\t<\/div>\n\t\t<\/div>\n\t\t\t\t<div class=\"elementor-column elementor-col-25 elementor-inner-column elementor-element elementor-element-7811b51b\" data-id=\"7811b51b\" data-element_type=\"column\">\n\t\t\t<div class=\"elementor-column-wrap elementor-element-populated\">\n\t\t\t\t\t\t\t<div class=\"elementor-widget-wrap\">\n\t\t\t\t\t\t<div class=\"elementor-element elementor-element-6353de9b elementor-widget elementor-widget-image\" data-id=\"6353de9b\" data-element_type=\"widget\" data-widget_type=\"image.default\">\n\t\t\t\t<div class=\"elementor-widget-container\">\n\t\t\t\t\t\t\t\t<div class=\"elementor-image\">\n\t\t\t\t\t\t\t\t\t\t\t\t\t<a href=\"https:\/\/loonca.com\">\n\t\t\t\t\t\t\t<img width=\"200\" height=\"100\" src=\"https:\/\/forum.geleceginbilimi.com\/wp-content\/uploads\/2021\/12\/14.png\" class=\"attachment-large size-large\" alt=\"\" loading=\"lazy\" \/>\t\t\t\t\t\t\t\t<\/a>\n\t\t\t\t\t\t\t\t\t\t\t\t\t\t<\/div>\n\t\t\t\t\t\t<\/div>\n\t\t\t\t<\/div>\n\t\t\t\t<div class=\"elementor-element elementor-element-407060c4 elementor-widget elementor-widget-heading\" data-id=\"407060c4\" data-element_type=\"widget\" data-widget_type=\"heading.default\">\n\t\t\t\t<div class=\"elementor-widget-container\">\n\t\t\t<h6 class=\"elementor-heading-title elementor-size-default\">Loonca<\/h6>\t\t<\/div>\n\t\t\t\t<\/div>\n\t\t\t\t\t\t<\/div>\n\t\t\t\t\t<\/div>\n\t\t<\/div>\n\t\t\t\t\t\t\t\t<\/div>\n\t\t\t\t\t<\/div>\n\t\t<\/section>\n\t\t\t\t<section class=\"elementor-section elementor-inner-section elementor-element elementor-element-3b4b83b1 elementor-section-content-middle elementor-section-boxed elementor-section-height-default elementor-section-height-default elementor-invisible\" data-id=\"3b4b83b1\" data-element_type=\"section\" data-settings=\"{&quot;animation&quot;:&quot;fadeInUp&quot;,&quot;animation_delay&quot;:400}\">\n\t\t\t\t\t\t<div class=\"elementor-container elementor-column-gap-default\">\n\t\t\t\t\t\t\t<div class=\"elementor-row\">\n\t\t\t\t\t<div class=\"elementor-column elementor-col-25 elementor-inner-column elementor-element elementor-element-5369f503\" data-id=\"5369f503\" data-element_type=\"column\">\n\t\t\t<div class=\"elementor-column-wrap elementor-element-populated\">\n\t\t\t\t\t\t\t<div class=\"elementor-widget-wrap\">\n\t\t\t\t\t\t<div class=\"elementor-element elementor-element-6ae6a4dd elementor-widget elementor-widget-image\" data-id=\"6ae6a4dd\" data-element_type=\"widget\" data-widget_type=\"image.default\">\n\t\t\t\t<div class=\"elementor-widget-container\">\n\t\t\t\t\t\t\t\t<div class=\"elementor-image\">\n\t\t\t\t\t\t\t\t\t\t\t\t\t<a href=\"https:\/\/gelecekhareketi.com\">\n\t\t\t\t\t\t\t<img width=\"200\" height=\"100\" src=\"https:\/\/forum.geleceginbilimi.com\/wp-content\/uploads\/2021\/12\/15.png\" class=\"attachment-large size-large\" alt=\"\" loading=\"lazy\" \/>\t\t\t\t\t\t\t\t<\/a>\n\t\t\t\t\t\t\t\t\t\t\t\t\t\t<\/div>\n\t\t\t\t\t\t<\/div>\n\t\t\t\t<\/div>\n\t\t\t\t<div class=\"elementor-element elementor-element-51a1939a elementor-widget elementor-widget-heading\" data-id=\"51a1939a\" data-element_type=\"widget\" data-widget_type=\"heading.default\">\n\t\t\t\t<div class=\"elementor-widget-container\">\n\t\t\t<h6 class=\"elementor-heading-title elementor-size-default\">Gelecek Hareketi<\/h6>\t\t<\/div>\n\t\t\t\t<\/div>\n\t\t\t\t\t\t<\/div>\n\t\t\t\t\t<\/div>\n\t\t<\/div>\n\t\t\t\t<div class=\"elementor-column elementor-col-25 elementor-inner-column elementor-element elementor-element-507ac6f2\" data-id=\"507ac6f2\" data-element_type=\"column\">\n\t\t\t<div class=\"elementor-column-wrap\">\n\t\t\t\t\t\t\t<div class=\"elementor-widget-wrap\">\n\t\t\t\t\t\t\t\t<\/div>\n\t\t\t\t\t<\/div>\n\t\t<\/div>\n\t\t\t\t<div class=\"elementor-column elementor-col-25 elementor-inner-column elementor-element elementor-element-551fdc26\" data-id=\"551fdc26\" data-element_type=\"column\">\n\t\t\t<div class=\"elementor-column-wrap\">\n\t\t\t\t\t\t\t<div class=\"elementor-widget-wrap\">\n\t\t\t\t\t\t\t\t<\/div>\n\t\t\t\t\t<\/div>\n\t\t<\/div>\n\t\t\t\t<div class=\"elementor-column elementor-col-25 elementor-inner-column elementor-element elementor-element-50ff1be0\" data-id=\"50ff1be0\" data-element_type=\"column\">\n\t\t\t<div class=\"elementor-column-wrap\">\n\t\t\t\t\t\t\t<div class=\"elementor-widget-wrap\">\n\t\t\t\t\t\t\t\t<\/div>\n\t\t\t\t\t<\/div>\n\t\t<\/div>\n\t\t\t\t\t\t\t\t<\/div>\n\t\t\t\t\t<\/div>\n\t\t<\/section>\n\t\t\t\t\t\t<\/div>\n\t\t\t\t\t<\/div>\n\t\t<\/div>\n\t\t\t\t\t\t\t\t<\/div>\n\t\t\t\t\t<\/div>\n\t\t<\/section>\n\t\t\t\t\t\t\t\t\t<\/div>\n\t\t\t<\/div>\n\t\t\t\t\t<\/div>\n\t\t","protected":false},"excerpt":{"rendered":"<p>Gbf2021 Yeni Bir D\u00fcnya \u0130\u00e7in Yeni Bir Dil! Bir d\u00fcnya tasvir edin \u015fimdi; bu d\u00fcnya sadece sizin al\u0131\u015f\u0131k oldu\u011funuz \u00e7evreden, meselelerden ibaret de\u011fil. Sizinle ayn\u0131 g\u00f6r\u00fc\u015fe, dile, \u0131rka, co\u011frafyaya, ihtisasa, me\u015fguliyete, idrak ve eyleme sahip de\u011fil. Kimi bu d\u00fcnya ile ilk kez hemhal oluyor kimisi tecr\u00fcbeli kimisi r\u00fctbeli. Peki t\u00fcm bu farkl\u0131l\u0131klar aras\u0131ndaki ba\u011f nas\u0131l [&hellip;]<\/p>\n","protected":false},"author":15,"featured_media":0,"parent":0,"menu_order":0,"comment_status":"closed","ping_status":"closed","template":"elementor_header_footer","meta":[],"_links":{"self":[{"href":"https:\/\/forum.geleceginbilimi.com\/index.php?rest_route=\/wp\/v2\/pages\/4949"}],"collection":[{"href":"https:\/\/forum.geleceginbilimi.com\/index.php?rest_route=\/wp\/v2\/pages"}],"about":[{"href":"https:\/\/forum.geleceginbilimi.com\/index.php?rest_route=\/wp\/v2\/types\/page"}],"author":[{"embeddable":true,"href":"https:\/\/forum.geleceginbilimi.com\/index.php?rest_route=\/wp\/v2\/users\/15"}],"replies":[{"embeddable":true,"href":"https:\/\/forum.geleceginbilimi.com\/index.php?rest_route=%2Fwp%2Fv2%2Fcomments&post=4949"}],"version-history":[{"count":107,"href":"https:\/\/forum.geleceginbilimi.com\/index.php?rest_route=\/wp\/v2\/pages\/4949\/revisions"}],"predecessor-version":[{"id":10404,"href":"https:\/\/forum.geleceginbilimi.com\/index.php?rest_route=\/wp\/v2\/pages\/4949\/revisions\/10404"}],"wp:attachment":[{"href":"https:\/\/forum.geleceginbilimi.com\/index.php?rest_route=%2Fwp%2Fv2%2Fmedia&parent=4949"}],"curies":[{"name":"wp","href":"https:\/\/api.w.org\/{rel}","templated":true}]}}